{"id":5091,"date":"2025-02-05T13:27:46","date_gmt":"2025-02-05T13:27:46","guid":{"rendered":"http:\/\/harmonia.antiqua.si\/?page_id=5091"},"modified":"2026-07-03T17:04:04","modified_gmt":"2026-07-03T17:04:04","slug":"pretekli-dogodki","status":"publish","type":"page","link":"https:\/\/hc.zrc-sazu.si\/?page_id=5091","title":{"rendered":"PRETEKLI DOGODKI"},"content":{"rendered":"<div data-colibri-id=\"5091-c1\" class=\"style-753 style-local-5091-c1 position-relative\">\n  <!---->\n  <div data-colibri-component=\"section\" data-colibri-id=\"5091-c2\" id=\"custom\" class=\"h-section h-section-global-spacing d-flex align-items-lg-center align-items-md-center align-items-center style-884 style-local-5091-c2 position-relative\">\n    <!---->\n    <!---->\n    <div class=\"h-section-grid-container h-section-boxed-container\">\n      <!---->\n      <div data-colibri-id=\"5091-c3\" class=\"h-row-container gutters-row-lg-2 gutters-row-md-2 gutters-row-0 gutters-row-v-lg-2 gutters-row-v-md-2 gutters-row-v-2 style-1332 style-local-5091-c3 position-relative\">\n        <!---->\n        <div class=\"h-row justify-content-lg-center justify-content-md-center justify-content-center align-items-lg-stretch align-items-md-stretch align-items-stretch gutters-col-lg-2 gutters-col-md-2 gutters-col-0 gutters-col-v-lg-2 gutters-col-v-md-2 gutters-col-v-2\">\n          <!---->\n          <div class=\"h-column h-column-container d-flex h-col-lg-auto h-col-md-auto h-col-auto style-1333-outer style-local-5091-c4-outer\">\n            <div data-colibri-id=\"5091-c4\" class=\"d-flex h-flex-basis h-column__inner h-px-lg-2 h-px-md-2 h-px-2 v-inner-lg-2 v-inner-md-2 v-inner-2 style-1333 style-local-5091-c4 position-relative\">\n              <!---->\n              <!---->\n              <div class=\"w-100 h-y-container h-column__content h-column__v-align flex-basis-100 align-self-lg-start align-self-md-start align-self-start\">\n                <!---->\n                <div data-colibri-id=\"5091-c5\" class=\"style-1334 style-local-5091-c5 position-relative h-element\">\n                  <!---->\n                  <div class=\"\"><!-- EventON Calendar --><div id='evcal_calendar_546' class='list_cal ajde_evcal_calendar sev cev color esty_2 het ul etttc_custom ' data-cal=''><div id='evcal_head' class='calendar_header ' ><div class='evo_cal_above evodfx evofx_dr_r marb5 evofx_ww'><button class='cal_head_btn evo-gototoday-btn' style='' data-mo='1' data-yr='2024' data-dy='' aria-label='Go to today'>Current Month<\/button><\/div><div class='evo_cal_above_content'><\/div><div class='evo_header_title '><\/div><\/div><div class='evo_filter_bar evo_main_filter_bar eventon_sorting_section '><div class='evo_filter_container evodfx evo_fx_ai_c'><div class='evo_filter_container_in'><div class='eventon_filter_line' ><div class='evo_loading_bar_holder h100 loading_filters swipe' style='min-height:30px;'><div class='nesthold r g10'><div class='evo_loading_bar wid_100% hi_30px' style='width:100%; height:30px; margin-bottom:1px;'><\/div><div class='evo_loading_bar wid_100% hi_30px' style='width:100%; height:30px; margin-bottom:1px;'><\/div><div class='evo_loading_bar wid_100% hi_30px' style='width:100%; height:30px; margin-bottom:1px;'><\/div><div class='evo_loading_bar wid_100% hi_30px' style='width:100%; height:30px; margin-bottom:1px;'><\/div><div class='evo_loading_bar wid_100% hi_30px' style='width:100%; height:30px; margin-bottom:1px;'><\/div><\/div><\/div><\/div><\/div><div class='evo_filter_nav evo_filter_l'><i class='fa fa-chevron-left'><\/i><\/div><div class='evo_filter_nav evo_filter_r'><i class='fa fa-chevron-right'><\/i><\/div><\/div><div class='evo_filter_aply_btns'><\/div><div class='evo_filter_menu'><\/div><\/div><div id='eventon_loadbar_section'><div id='eventon_loadbar'><\/div><\/div><!-- Events List --><div class='evo_events_list_box'><div id='evcal_list' class='eventon_events_list sep_months evcal_list_month'><div class='evcal_month_line' data-d='eml_3_2025' data-su='1740783600'><p>marec 2025<\/p><\/div><div class='sep_month_events ' data-d='eml_3_2025' data-range='1740783600_1743458399'><div id=\"event_5011_0\" class=\"eventon_list_event evo_eventtop scheduled past_event event clrD no_et event_5011_0\" data-event_id=\"5011\" data-ri=\"0r\" data-time=\"1743188400-1743202740\" data-colr=\"#bc4c68\" itemscope itemtype='http:\/\/schema.org\/Event'><div class=\"evo_event_schema\" style=\"display:none\" ><a itemprop='url'  href='https:\/\/hc.zrc-sazu.si\/?ajde_events=lyra-viol-duo&var=ri-0.l-L2'><\/a><meta itemprop='image'  \/><meta itemprop='startDate' content=\"2025-3-28T20:00+0:00\" \/><meta itemprop='endDate' content=\"2025-3-28T23:59+0:00\" \/><meta itemprop='eventStatus' content=\"https:\/\/schema.org\/EventScheduled\" \/><meta itemprop='eventAttendanceMode'   itemscope itemtype=\"https:\/\/schema.org\/OfflineEventAttendanceMode\"\/><div style=\"display:none\" itemprop=\"location\" itemscope itemtype=\"http:\/\/schema.org\/Place\"><span itemprop=\"name\">Atrij ZRC<\/span><span itemprop=\"address\" itemscope itemtype=\"http:\/\/schema.org\/PostalAddress\"><item itemprop=\"streetAddress\">Novi trg 2<\/item><\/span><\/div><script type=\"application\/ld+json\">{\"@context\": \"http:\/\/schema.org\",\"@type\": \"Event\",\n\t\t\t\t\"@id\": \"event_5011_0\",\n\t\t\t\t\"eventAttendanceMode\":\"https:\/\/schema.org\/OfflineEventAttendanceMode\",\n\t\t\t\t\"eventStatus\":\"https:\/\/schema.org\/EventScheduled\",\n\t\t\t\t\"name\": \"Dvojni rojstni dan na 38 strunah\",\n\t\t\t\t\"url\": \"https:\/\/hc.zrc-sazu.si\/?ajde_events=lyra-viol-duo&var=ri-0.l-L2\",\n\t\t\t\t\"startDate\": \"2025-3-28T20:00+0:00\",\n\t\t\t\t\"endDate\": \"2025-3-28T23:59+0:00\",\n\t\t\t\t\"image\":\"\", \n\t\t\t\t\"description\":\"<p><!-- wp:paragraph --><\/p> <p>Angle\u0161ke tabulature za dve violi da gamba na rekonstruiranih glasbilih z resonan\u010dnimi strunami<\/p> <p><!-- \/wp:paragraph --><\/p> <p><!-- wp:paragraph {'placeholder':'Add Event Description...','lock':{'move':false,'remove':false}} --><\/p> <p><em>Spored<\/em>: William Byrd, Tobias Hume, Alfonso Ferrabosco, Simon Ives, John Jenkins<\/p> <p><!-- \/wp:paragraph --><\/p> <p><!-- wp:paragraph --><\/p> <p>D\u00e1vid Budai, lyra viol<br \/>Domen Marin\u010di\u010d, lyra viol<\/p> <p><!-- \/wp:paragraph --><\/p> <p><!-- wp:paragraph --><\/p> <p><!-- \/wp:paragraph --><\/p> <p><!-- wp:paragraph {'align':'center','style':{'elements':{'link':{'color':{'text':'var:preset|color|colibri-color-7'}}}},'backgroundColor':'colibri-color-8','textColor':'colibri-color-7','fontSize':'large'} --><\/p> <p class='has-text-align-center has-colibri-color-7-color has-colibri-color-8-background-color has-text-color has-background has-link-color has-large-font-size'><strong><em><a href='https:\/\/www.entrio.si\/event\/dvojni-rojstni-dan-na-38-strunah-harmonia-concertans-24179'>NAKUP VSTOPNIC<\/a><\/em><\/strong><\/p> <p><!-- \/wp:paragraph --><\/p> <p><!-- wp:image {'id':5754,'width':'134px','height':'auto','sizeSlug':'full','linkDestination':'none','align':'center'} --><\/p> <figure class='wp-block-image aligncenter size-full is-resized'><img src='https:\/\/hc.zrc-sazu.si\/wp-content\/uploads\/2025\/02\/image-2.png' alt='' class='wp-image-5754' style='width:134px;height:auto'\/><\/figure> <p><!-- \/wp:image --><\/p> \",\"location\":[{\"@type\":\"Place\",\"name\":\"Atrij ZRC\",\"address\":{\"@type\": \"PostalAddress\",\"streetAddress\":\"Novi trg 2\"}}]}<\/script><\/div>\r\n\t\t\t\t<p class=\"desc_trig_outter\" style=\"\"><a data-gmtrig=\"1\" data-exlk=\"0\" style=\"background-color: #bc4c68;\" id=\"evc_17431884005011\" href=\"#\" class=\"desc_trig sin_val evcal_list_a\" data-ux_val=\"1\" data-ux_val_mob=\"-\"  ><span class='evoet_in'><span class='evoet_c2 evoet_cx '><span class='evoet_dayblock evcal_cblock ' data-bgcolor='#bc4c68' data-smon='marec' data-syr='2025' data-bub=''><span class='evo_start  evofxdrc'><em class='day'>pet<\/em><em class='date'>28<\/em><em class='month'>mar<\/em><em class='time'>20:00<\/em><\/span><\/span><\/span><span class='evoet_c3 evoet_cx evcal_desc hide_eventtopdata '><span class='evoet_title evcal_desc2 evcal_event_title ' itemprop='name'>Dvojni rojstni dan na 38 strunah<\/span><span class='event_location_attrs evodni'  data-location_address=\"Novi trg 2\" data-location_type=\"lonlat\" data-location_name=\"Atrij ZRC\" data-location_url=\"https:\/\/hc.zrc-sazu.si\/?event_location=atrij-zrc\" data-location_status=\"true\" data-locid=\"17\" data-latlng=\"46.04752925365416,14.504789195751432\"><\/span><\/span><\/span><span class='evoet_data' style='display:none' data-d=\"{&quot;loc.n&quot;:&quot;Atrij ZRC&quot;,&quot;orgs&quot;:[],&quot;tags&quot;:[]}\" data-bgc=\"#bc4c68\" data-bggrad=\"\" ><\/span><\/a><\/p><div class='event_description evcal_eventcard ' style=\"display:none\"><div class='evocard_row'><div id='event_eventdetails' class='evocard_box eventdetails' data-c='' \n\t\t\t\t\tstyle=''><div class=\"evo_metarow_details evorow evcal_evdata_row evcal_event_details\">\n    <div class=\"event_excerpt\" style=\"display:none\"><h3 class=\"padb5 evo_h3\">Podrobnosti o dogodku<\/h3><p>Angle\u0161ke tabulature za dve violi da gamba na rekonstruiranih glasbilih z resonan\u010dnimi strunami\n\n\nSpored: William Byrd, Tobias Hume, Alfonso Ferrabosco, Simon Ives,<\/p><\/div><span class='evcal_evdata_icons'><i class='fa fa-align-justify'><\/i><\/span>    <div class=\"evcal_evdata_cell shorter_desc\">\n        <div class=\"eventon_full_description\">\n            <h3 class=\"padb5 evo_h3\"><span class='evcal_evdata_icons'><i class='fa fa-align-justify'><\/i><\/span>Podrobnosti o dogodku<\/h3>\n            <div class=\"eventon_desc_in\" itemprop=\"description\">\n                <p><!-- wp:paragraph --><\/p>\n<p>Angle\u0161ke tabulature za dve violi da gamba na rekonstruiranih glasbilih z resonan\u010dnimi strunami<\/p>\n<p><!-- \/wp:paragraph --><\/p>\n<p><!-- wp:paragraph {\"placeholder\":\"Add Event Description...\",\"lock\":{\"move\":false,\"remove\":false}} --><\/p>\n<p><em>Spored<\/em>: William Byrd, Tobias Hume, Alfonso Ferrabosco, Simon Ives, John Jenkins<\/p>\n<p><!-- \/wp:paragraph --><\/p>\n<p><!-- wp:paragraph --><\/p>\n<p>D\u00e1vid Budai, lyra viol<br \/>Domen Marin\u010di\u010d, lyra viol<\/p>\n<p><!-- \/wp:paragraph --><\/p>\n<p><!-- wp:paragraph --><\/p>\n<p><!-- \/wp:paragraph --><\/p>\n<p><!-- wp:paragraph {\"align\":\"center\",\"style\":{\"elements\":{\"link\":{\"color\":{\"text\":\"var:preset|color|colibri-color-7\"}}}},\"backgroundColor\":\"colibri-color-8\",\"textColor\":\"colibri-color-7\",\"fontSize\":\"large\"} --><\/p>\n<p class=\"has-text-align-center has-colibri-color-7-color has-colibri-color-8-background-color has-text-color has-background has-link-color has-large-font-size\"><strong><em><a href=\"https:\/\/www.entrio.si\/event\/dvojni-rojstni-dan-na-38-strunah-harmonia-concertans-24179\">NAKUP VSTOPNIC<\/a><\/em><\/strong><\/p>\n<p><!-- \/wp:paragraph --><\/p>\n<p><!-- wp:image {\"id\":5754,\"width\":\"134px\",\"height\":\"auto\",\"sizeSlug\":\"full\",\"linkDestination\":\"none\",\"align\":\"center\"} --><\/p>\n<figure class=\"wp-block-image aligncenter size-full is-resized\"><img loading=\"lazy\" decoding=\"async\" width=\"240\" height=\"240\" src=\"https:\/\/hc.zrc-sazu.si\/wp-content\/uploads\/2025\/02\/image-2.png\" alt=\"\" class=\"wp-image-5754\" style=\"width:134px;height:auto\" srcset=\"https:\/\/hc.zrc-sazu.si\/wp-content\/uploads\/2025\/02\/image-2.png 240w, https:\/\/hc.zrc-sazu.si\/wp-content\/uploads\/2025\/02\/image-2-150x150.png 150w\" sizes=\"auto, (max-width: 240px) 100vw, 240px\" \/><\/figure>\n<p><!-- \/wp:image --><\/p>\n            <\/div>\n            <p class='eventon_shad_p' style='padding:5px 0 0; margin:0'><button class='evcal_btn evo_btn_secondary evobtn_details_show_more' content='less' aria-label='VE\u010c' aria-expanded='false'><span class='ev_more_text' data-txt='Skrij'>VE\u010c<\/span><span class='ev_more_arrow ard'><\/span><\/button><\/p><div class='clear'><\/div>        <\/div>\n    <\/div>\n<\/div><\/div><\/div><!-- row close --><div class='evocard_row bx2 bx'><div id='event_time' class='evocard_box time' data-c='' \n\t\t\t\t\tstyle=''><div class='evo_metarow_time evorow evcal_evdata_row evcal_evrow_sm '>\n\t\t<span class='evcal_evdata_icons'><i class='fa fa-clock'><\/i><\/span>\n\t\t<div class='evcal_evdata_cell'>\t\t\t\t\t\t\t\n\t\t\t<h3 class='evo_h3'><span class='evcal_evdata_icons'><i class='fa fa-clock'><\/i><\/span>Ura<\/h3><div><span class='evo_eventcard_time_t evogap5 evofxww'><span class=\"start\">28. marec, 2025<\/span> <span class=\"stime\">20:00<\/span><\/span><span class='evo_tz marr5'>(GMT+01:00)<\/span><\/div>\n\t\t<\/div>\n\t<\/div><\/div><div id='event_location' class='evocard_box location' data-c='' \n\t\t\t\t\tstyle=''><div class='evcal_evdata_row evo_metarow_time_location evorow '>\n\t\t\n\t\t\t<span class='evcal_evdata_icons'><i class='fa fa-map-marker'><\/i><\/span>\n\t\t\t<div class='evcal_evdata_cell' data-loc_tax_id='17'><h3 class='evo_h3 evodfx'><span class='evcal_evdata_icons'><i class='fa fa-map-marker'><\/i><\/span>Lokacija<\/h3><p class='evo_location_name'>Atrij ZRC<\/p><p class='evo_location_address evodfxi evogap10'>Novi trg 2<\/p><\/div>\n\t\t\n\t<\/div><\/div><\/div><!-- row close --><div class='evocard_row'><div id='event_addtocal' class='evocard_box addtocal' data-c='' \n\t\t\t\t\tstyle=''><div class='evo_metarow_ICS evorow evcal_evdata_row'>\n\t\t\t<span class='evcal_evdata_icons'><i class='fa fa-calendar-o'><\/i><\/span>\n\t\t\t<div class='evcal_evdata_cell'>\n\t\t\t\t<p><a href='https:\/\/hc.zrc-sazu.si\/?export-events=single&event_id=5011&repeat_interval=0&key=2f0f130c16' rel='nofollow' class='evo_ics_nCal' title='Dodaj v svoj koledar'>Koledar<\/a><a href='https:\/\/www.google.com\/calendar\/event?action=TEMPLATE&text=Dvojni%20rojstni%20dan%20na%2038%20strunah&dates=20250328T190000Z\/20250328T225900Z&ctz=Europe%2FLjubljana&details=Dvojni%20rojstni%20dan%20na%2038%20strunah&location=Atrij%20ZRC%20Novi%20trg%202' target='_blank' rel='nofollow' class='evo_ics_gCal' title='Dodaj v Googlov Koledar'>Googlov Koledar<\/a><\/p>\t\n\t\t\t<\/div>\n\t\t<\/div><\/div><\/div><!-- row close --><div class='evocard_row'><div id='event_getdirection' class='evocard_box getdirection' data-c='' \n\t\t\t\t\tstyle=''><div class='evo_metarow_getDr evorow evcal_evdata_row evcal_evrow_sm getdirections'>\n\t\t<form action='https:\/\/maps.google.com\/maps' method='get' target='_blank'>\n\t\t\t<input type='hidden' name='daddr' value=\"46.04752925365416,14.504789195751432\"\/> \n\t\t\t<div class='evo_get_direction_content evo_fx_dr_r evogap10'>\n\t\t\t\t<span class='evogetdir_header evodfx evofxdrr evofxaic evogap10'>\n\t\t\t\t\t<i class='mainicon fa fa-route evofz24i' aria-hidden='true'><\/i> \n\t\t\t\t\t<h3 class='evo_h3 evopad0i' style='padding-bottom:5px;'>Pridobite navodila<\/h3>\n\t\t\t\t<\/span>\n\t\t\t\t<span class='evogetdir_field evodfx evofx_1_1 evow100p'>\t\n\t\t\t\t\t<label for='6a97078a4f4e0' class='evo_aria_ready sr-only'>Address - Dvojni rojstni dan na 38 strunah []<\/label>\t\t\t\t\n\t\t\t\t\t<input id='6a97078a4f4e0' class='evo_aria_ready_match evoInput2 evobr10 evow100p evopad10 evoff_2 evofz14i evobrdB1 evoboxbb' type='text' name='saddr' placeholder='Vnesite svoj naslov za navodila' value='' style='' aria-label='Address - Dvojni rojstni dan na 38 strunah []' \/>\n\t\t\t\t<\/span>\n\t\t\t\t<div class='evodfx evofxdrr evofxaic evogap10'>\n\t\t\t\t\t<i class='fa fa-location-dot'><\/i>\n\t\t\t\t\t<div class='evoposr evofx_1 evoh100p'><label for='6a97078a4f4e0' class='evo_aria_ready sr-only'>Destination Address - Dvojni rojstni dan na 38 strunah []<\/label>\t\t\n\t\t\t\t\t\t<input id='6a97078a4f4e0' class='evo_aria_ready_match evoInput2 evobr10 evow100p evopad5-10 evoff_2 evofz14i evobrdB1 evoop5 evoboxbb evoh100p' type='text' style='' readonly value='Novi trg 2' aria-label='Destination Address - Dvojni rojstni dan na 38 strunah []'\/><button class='evo_copy_address evobuttonA evocurp evohoop7 evoposa evopad5' style='right: 3px; top: 4px; background-color: #fff;' data-txt='46.04752925365416,14.504789195751432' data-t='Address copied to clipboard!'><i class='far fa-copy evofz16i' title='Copy Destination Address!' aria-label='Copy Destination Address!'><\/i><\/button>\n\t\t\t\t\t<\/div>\n\t\t\t\t\t<button type='submit' class='evo_get_direction_button evcal_btn dfx evofxaic evocurp evohoop7' title='Kliknite tukaj za navodila' aria-label='Kliknite tukaj za navodila' style='padding: 10px 15px !important;'><i class='fa fa-chevron-right'><\/i> <\/button>\n\t\t\t\t<\/div>\n\t\t\t<\/div>\n\t\t<\/form>\n\t<\/div><\/div><\/div><!-- row close --><button class='evo_card_row_end evcal_close' title='Close'><\/button><\/div><div class='clear end'><\/div><\/div><div id=\"event_5009_0\" class=\"eventon_list_event evo_eventtop scheduled past_event event clrD no_et event_5009_0\" data-event_id=\"5009\" data-ri=\"0r\" data-time=\"1741719600-1741733940\" data-colr=\"#bc4c68\" itemscope itemtype='http:\/\/schema.org\/Event'><div class=\"evo_event_schema\" style=\"display:none\" ><a itemprop='url'  href='https:\/\/hc.zrc-sazu.si\/?ajde_events=operni-junaki-goriskih-salonov&var=ri-0.l-L2'><\/a><meta itemprop='image'  \/><meta itemprop='startDate' content=\"2025-3-11T20:00+0:00\" \/><meta itemprop='endDate' content=\"2025-3-11T23:59+0:00\" \/><meta itemprop='eventStatus' content=\"https:\/\/schema.org\/EventScheduled\" \/><meta itemprop='eventAttendanceMode'   itemscope itemtype=\"https:\/\/schema.org\/OfflineEventAttendanceMode\"\/><div style=\"display:none\" itemprop=\"location\" itemscope itemtype=\"http:\/\/schema.org\/Place\"><span itemprop=\"name\">Atrij ZRC<\/span><span itemprop=\"address\" itemscope itemtype=\"http:\/\/schema.org\/PostalAddress\"><item itemprop=\"streetAddress\">Novi trg 2<\/item><\/span><\/div><script type=\"application\/ld+json\">{\"@context\": \"http:\/\/schema.org\",\"@type\": \"Event\",\n\t\t\t\t\"@id\": \"event_5009_0\",\n\t\t\t\t\"eventAttendanceMode\":\"https:\/\/schema.org\/OfflineEventAttendanceMode\",\n\t\t\t\t\"eventStatus\":\"https:\/\/schema.org\/EventScheduled\",\n\t\t\t\t\"name\": \"Operni junaki gori\u0161kih salonov\",\n\t\t\t\t\"url\": \"https:\/\/hc.zrc-sazu.si\/?ajde_events=operni-junaki-goriskih-salonov&var=ri-0.l-L2\",\n\t\t\t\t\"startDate\": \"2025-3-11T20:00+0:00\",\n\t\t\t\t\"endDate\": \"2025-3-11T23:59+0:00\",\n\t\t\t\t\"image\":\"\", \n\t\t\t\t\"description\":\"<p><!-- wp:paragraph {'placeholder':'Add Event Description...','lock':{'move':false,'remove':false}} --><\/p> <p>Prve sodobne izvedbe italijanskih baro\u010dnih arij iz Zgodovinskega pokrajinskega arhiva v Gorici<\/p> <p><!-- \/wp:paragraph --><\/p> <p><!-- wp:paragraph {'placeholder':'Add Event Description...','lock':{'move':false,'remove':false}} --><\/p> <p><em>Spored<\/em>: Giovanni Battista Pergolesi, Johann Adolph Hasse, Andrea Bernasconi, Leonardo Vinci<\/p> <p><!-- \/wp:paragraph --><\/p> <p><!-- wp:paragraph --><\/p> <p><strong>Ansambel&nbsp;<em>musica cubicularis<\/em><\/strong><br \/>Helena Bregar, sopran<br \/>Federico Guglielmo, Lorenzo Rosato, violini<br \/>Domen Marin\u010di\u010d, violon\u010delo<br \/>Toma\u017e Sev\u0161ek, \u010dembalo<\/p> <p><!-- \/wp:paragraph --><\/p> <p><!-- wp:group {'layout':{'type':'constrained'}} --><\/p> <div class='wp-block-group'><!-- wp:paragraph {'align':'center','style':{'elements':{'link':{'color':{'text':'var:preset|color|colibri-color-6'}}},'typography':{'letterSpacing':'9px','fontStyle':'italic','fontWeight':'500'}},'backgroundColor':'colibri-color-8','textColor':'colibri-color-6','fontSize':'large'} --><\/p> <p class='has-text-align-center has-colibri-color-6-color has-colibri-color-8-background-color has-text-color has-background has-link-color has-large-font-size' style='font-style:italic;font-weight:500;letter-spacing:9px'><a href='https:\/\/www.entrio.si\/event\/operni-junaki-goriskih-salonov-23737' data-type='link' data-id='https:\/\/www.entrio.si\/event\/operni-junaki-goriskih-salonov-23737'><strong>NAKUP VSTOPNIC<\/strong><\/a><\/p> <p><!-- \/wp:paragraph --><\/div> <p><!-- \/wp:group --><\/p> <p><!-- wp:image {'id':5751,'width':'129px','height':'auto','sizeSlug':'full','linkDestination':'none','align':'center'} --><\/p> <figure class='wp-block-image aligncenter size-full is-resized'><img src='https:\/\/hc.zrc-sazu.si\/wp-content\/uploads\/2025\/02\/image-1.png' alt='' class='wp-image-5751' style='width:129px;height:auto'\/><\/figure> <p><!-- \/wp:image --><\/p> \",\"location\":[{\"@type\":\"Place\",\"name\":\"Atrij ZRC\",\"address\":{\"@type\": \"PostalAddress\",\"streetAddress\":\"Novi trg 2\"}}]}<\/script><\/div>\r\n\t\t\t\t<p class=\"desc_trig_outter\" style=\"\"><a data-gmtrig=\"1\" data-exlk=\"0\" style=\"background-color: #bc4c68;\" id=\"evc_17417196005009\" href=\"#\" class=\"desc_trig sin_val evcal_list_a\" data-ux_val=\"1\" data-ux_val_mob=\"-\"  ><span class='evoet_in'><span class='evoet_c2 evoet_cx '><span class='evoet_dayblock evcal_cblock ' data-bgcolor='#bc4c68' data-smon='marec' data-syr='2025' data-bub=''><span class='evo_start  evofxdrc'><em class='day'>tor<\/em><em class='date'>11<\/em><em class='month'>mar<\/em><em class='time'>20:00<\/em><\/span><\/span><\/span><span class='evoet_c3 evoet_cx evcal_desc hide_eventtopdata '><span class='evoet_title evcal_desc2 evcal_event_title ' itemprop='name'>Operni junaki gori\u0161kih salonov<\/span><span class='event_location_attrs evodni'  data-location_address=\"Novi trg 2\" data-location_type=\"lonlat\" data-location_name=\"Atrij ZRC\" data-location_url=\"https:\/\/hc.zrc-sazu.si\/?event_location=atrij-zrc\" data-location_status=\"true\" data-locid=\"17\" data-latlng=\"46.04752925365416,14.504789195751432\"><\/span><span class='evoet_cy evoet_subtitle evo_below_title' ><span class='evcal_event_subtitle ' >Prve sodobne izvedbe<\/span><\/span><\/span><\/span><span class='evoet_data' style='display:none' data-d=\"{&quot;loc.n&quot;:&quot;Atrij ZRC&quot;,&quot;orgs&quot;:[],&quot;tags&quot;:[]}\" data-bgc=\"#bc4c68\" data-bggrad=\"\" ><\/span><\/a><\/p><div class='event_description evcal_eventcard ' style=\"display:none\"><div class='evocard_row'><div id='event_eventdetails' class='evocard_box eventdetails' data-c='' \n\t\t\t\t\tstyle=''><div class=\"evo_metarow_details evorow evcal_evdata_row evcal_event_details\">\n    <div class=\"event_excerpt\" style=\"display:none\"><h3 class=\"padb5 evo_h3\">Podrobnosti o dogodku<\/h3><p>Prve sodobne izvedbe italijanskih baro\u010dnih arij iz Zgodovinskega pokrajinskega arhiva v Gorici\n\n\nSpored: Giovanni Battista Pergolesi, Johann Adolph Hasse,<\/p><\/div><span class='evcal_evdata_icons'><i class='fa fa-align-justify'><\/i><\/span>    <div class=\"evcal_evdata_cell shorter_desc\">\n        <div class=\"eventon_full_description\">\n            <h3 class=\"padb5 evo_h3\"><span class='evcal_evdata_icons'><i class='fa fa-align-justify'><\/i><\/span>Podrobnosti o dogodku<\/h3>\n            <div class=\"eventon_desc_in\" itemprop=\"description\">\n                <p><!-- wp:paragraph {\"placeholder\":\"Add Event Description...\",\"lock\":{\"move\":false,\"remove\":false}} --><\/p>\n<p>Prve sodobne izvedbe italijanskih baro\u010dnih arij iz Zgodovinskega pokrajinskega arhiva v Gorici<\/p>\n<p><!-- \/wp:paragraph --><\/p>\n<p><!-- wp:paragraph {\"placeholder\":\"Add Event Description...\",\"lock\":{\"move\":false,\"remove\":false}} --><\/p>\n<p><em>Spored<\/em>: Giovanni Battista Pergolesi, Johann Adolph Hasse, Andrea Bernasconi, Leonardo Vinci<\/p>\n<p><!-- \/wp:paragraph --><\/p>\n<p><!-- wp:paragraph --><\/p>\n<p><strong>Ansambel&nbsp;<em>musica cubicularis<\/em><\/strong><br \/>Helena Bregar, sopran<br \/>Federico Guglielmo, Lorenzo Rosato, violini<br \/>Domen Marin\u010di\u010d, violon\u010delo<br \/>Toma\u017e Sev\u0161ek, \u010dembalo<\/p>\n<p><!-- \/wp:paragraph --><\/p>\n<p><!-- wp:group {\"layout\":{\"type\":\"constrained\"}} --><\/p>\n<div class=\"wp-block-group\"><!-- wp:paragraph {\"align\":\"center\",\"style\":{\"elements\":{\"link\":{\"color\":{\"text\":\"var:preset|color|colibri-color-6\"}}},\"typography\":{\"letterSpacing\":\"9px\",\"fontStyle\":\"italic\",\"fontWeight\":\"500\"}},\"backgroundColor\":\"colibri-color-8\",\"textColor\":\"colibri-color-6\",\"fontSize\":\"large\"} --><\/p>\n<p class=\"has-text-align-center has-colibri-color-6-color has-colibri-color-8-background-color has-text-color has-background has-link-color has-large-font-size\" style=\"font-style:italic;font-weight:500;letter-spacing:9px\"><a href=\"https:\/\/www.entrio.si\/event\/operni-junaki-goriskih-salonov-23737\" data-type=\"link\" data-id=\"https:\/\/www.entrio.si\/event\/operni-junaki-goriskih-salonov-23737\"><strong>NAKUP VSTOPNIC<\/strong><\/a><\/p>\n<p><!-- \/wp:paragraph --><\/div>\n<p><!-- \/wp:group --><\/p>\n<p><!-- wp:image {\"id\":5751,\"width\":\"129px\",\"height\":\"auto\",\"sizeSlug\":\"full\",\"linkDestination\":\"none\",\"align\":\"center\"} --><\/p>\n<figure class=\"wp-block-image aligncenter size-full is-resized\"><img loading=\"lazy\" decoding=\"async\" width=\"240\" height=\"240\" src=\"https:\/\/hc.zrc-sazu.si\/wp-content\/uploads\/2025\/02\/image-1.png\" alt=\"\" class=\"wp-image-5751\" style=\"width:129px;height:auto\" srcset=\"https:\/\/hc.zrc-sazu.si\/wp-content\/uploads\/2025\/02\/image-1.png 240w, https:\/\/hc.zrc-sazu.si\/wp-content\/uploads\/2025\/02\/image-1-150x150.png 150w\" sizes=\"auto, (max-width: 240px) 100vw, 240px\" \/><\/figure>\n<p><!-- \/wp:image --><\/p>\n            <\/div>\n            <p class='eventon_shad_p' style='padding:5px 0 0; margin:0'><button class='evcal_btn evo_btn_secondary evobtn_details_show_more' content='less' aria-label='VE\u010c' aria-expanded='false'><span class='ev_more_text' data-txt='Skrij'>VE\u010c<\/span><span class='ev_more_arrow ard'><\/span><\/button><\/p><div class='clear'><\/div>        <\/div>\n    <\/div>\n<\/div><\/div><\/div><!-- row close --><div class='evocard_row bx2 bx'><div id='event_time' class='evocard_box time' data-c='' \n\t\t\t\t\tstyle=''><div class='evo_metarow_time evorow evcal_evdata_row evcal_evrow_sm '>\n\t\t<span class='evcal_evdata_icons'><i class='fa fa-clock'><\/i><\/span>\n\t\t<div class='evcal_evdata_cell'>\t\t\t\t\t\t\t\n\t\t\t<h3 class='evo_h3'><span class='evcal_evdata_icons'><i class='fa fa-clock'><\/i><\/span>Ura<\/h3><div><span class='evo_eventcard_time_t evogap5 evofxww'><span class=\"start\">11. marec, 2025<\/span> <span class=\"stime\">20:00<\/span><\/span><span class='evo_tz marr5'>(GMT+01:00)<\/span><\/div>\n\t\t<\/div>\n\t<\/div><\/div><div id='event_location' class='evocard_box location' data-c='' \n\t\t\t\t\tstyle=''><div class='evcal_evdata_row evo_metarow_time_location evorow '>\n\t\t\n\t\t\t<span class='evcal_evdata_icons'><i class='fa fa-map-marker'><\/i><\/span>\n\t\t\t<div class='evcal_evdata_cell' data-loc_tax_id='17'><h3 class='evo_h3 evodfx'><span class='evcal_evdata_icons'><i class='fa fa-map-marker'><\/i><\/span>Lokacija<\/h3><p class='evo_location_name'>Atrij ZRC<\/p><p class='evo_location_address evodfxi evogap10'>Novi trg 2<\/p><\/div>\n\t\t\n\t<\/div><\/div><\/div><!-- row close --><div class='evocard_row'><div id='event_addtocal' class='evocard_box addtocal' data-c='' \n\t\t\t\t\tstyle=''><div class='evo_metarow_ICS evorow evcal_evdata_row'>\n\t\t\t<span class='evcal_evdata_icons'><i class='fa fa-calendar-o'><\/i><\/span>\n\t\t\t<div class='evcal_evdata_cell'>\n\t\t\t\t<p><a href='https:\/\/hc.zrc-sazu.si\/?export-events=single&event_id=5009&repeat_interval=0&key=2f0f130c16' rel='nofollow' class='evo_ics_nCal' title='Dodaj v svoj koledar'>Koledar<\/a><a href='https:\/\/www.google.com\/calendar\/event?action=TEMPLATE&text=Operni%20junaki%20gori%C5%A1kih%20salonov&dates=20250311T190000Z\/20250311T225900Z&ctz=Europe%2FLjubljana&details=Operni%20junaki%20gori%C5%A1kih%20salonov&location=Atrij%20ZRC%20Novi%20trg%202' target='_blank' rel='nofollow' class='evo_ics_gCal' title='Dodaj v Googlov Koledar'>Googlov Koledar<\/a><\/p>\t\n\t\t\t<\/div>\n\t\t<\/div><\/div><\/div><!-- row close --><div class='evocard_row'><div id='event_getdirection' class='evocard_box getdirection' data-c='' \n\t\t\t\t\tstyle=''><div class='evo_metarow_getDr evorow evcal_evdata_row evcal_evrow_sm getdirections'>\n\t\t<form action='https:\/\/maps.google.com\/maps' method='get' target='_blank'>\n\t\t\t<input type='hidden' name='daddr' value=\"46.04752925365416,14.504789195751432\"\/> \n\t\t\t<div class='evo_get_direction_content evo_fx_dr_r evogap10'>\n\t\t\t\t<span class='evogetdir_header evodfx evofxdrr evofxaic evogap10'>\n\t\t\t\t\t<i class='mainicon fa fa-route evofz24i' aria-hidden='true'><\/i> \n\t\t\t\t\t<h3 class='evo_h3 evopad0i' style='padding-bottom:5px;'>Pridobite navodila<\/h3>\n\t\t\t\t<\/span>\n\t\t\t\t<span class='evogetdir_field evodfx evofx_1_1 evow100p'>\t\n\t\t\t\t\t<label for='6a97078a50442' class='evo_aria_ready sr-only'>Address - Operni junaki gori\u0161kih salonov []<\/label>\t\t\t\t\n\t\t\t\t\t<input id='6a97078a50442' class='evo_aria_ready_match evoInput2 evobr10 evow100p evopad10 evoff_2 evofz14i evobrdB1 evoboxbb' type='text' name='saddr' placeholder='Vnesite svoj naslov za navodila' value='' style='' aria-label='Address - Operni junaki gori\u0161kih salonov []' \/>\n\t\t\t\t<\/span>\n\t\t\t\t<div class='evodfx evofxdrr evofxaic evogap10'>\n\t\t\t\t\t<i class='fa fa-location-dot'><\/i>\n\t\t\t\t\t<div class='evoposr evofx_1 evoh100p'><label for='6a97078a50442' class='evo_aria_ready sr-only'>Destination Address - Operni junaki gori\u0161kih salonov []<\/label>\t\t\n\t\t\t\t\t\t<input id='6a97078a50442' class='evo_aria_ready_match evoInput2 evobr10 evow100p evopad5-10 evoff_2 evofz14i evobrdB1 evoop5 evoboxbb evoh100p' type='text' style='' readonly value='Novi trg 2' aria-label='Destination Address - Operni junaki gori\u0161kih salonov []'\/><button class='evo_copy_address evobuttonA evocurp evohoop7 evoposa evopad5' style='right: 3px; top: 4px; background-color: #fff;' data-txt='46.04752925365416,14.504789195751432' data-t='Address copied to clipboard!'><i class='far fa-copy evofz16i' title='Copy Destination Address!' aria-label='Copy Destination Address!'><\/i><\/button>\n\t\t\t\t\t<\/div>\n\t\t\t\t\t<button type='submit' class='evo_get_direction_button evcal_btn dfx evofxaic evocurp evohoop7' title='Kliknite tukaj za navodila' aria-label='Kliknite tukaj za navodila' style='padding: 10px 15px !important;'><i class='fa fa-chevron-right'><\/i> <\/button>\n\t\t\t\t<\/div>\n\t\t\t<\/div>\n\t\t<\/form>\n\t<\/div><\/div><\/div><!-- row close --><button class='evo_card_row_end evcal_close' title='Close'><\/button><\/div><div class='clear end'><\/div><\/div><\/div><div class='evcal_month_line' data-d='eml_6_2025' data-su='1748728800'><p>junij 2025<\/p><\/div><div class='sep_month_events ' data-d='eml_6_2025' data-range='1748728800_1751320799'><div id=\"event_5854_0\" class=\"eventon_list_event evo_eventtop scheduled past_event event clrD event_5854_0\" data-event_id=\"5854\" data-ri=\"0r\" data-time=\"1750870800-1751223600\" data-colr=\"#bc4c68\" itemscope itemtype='http:\/\/schema.org\/Event'><div class=\"evo_event_schema\" style=\"display:none\" ><a itemprop='url'  href='https:\/\/hc.zrc-sazu.si\/?ajde_events=apparatus-musico-organisticus&var=ri-0.l-L2'><\/a><meta itemprop='image'  \/><meta itemprop='startDate' content=\"2025-6-25T19:00+0:00\" \/><meta itemprop='endDate' content=\"2025-6-29T21:00+0:00\" \/><meta itemprop='eventStatus' content=\"https:\/\/schema.org\/EventScheduled\" \/><meta itemprop='eventAttendanceMode'   itemscope itemtype=\"https:\/\/schema.org\/OfflineEventAttendanceMode\"\/><script type=\"application\/ld+json\">{\"@context\": \"http:\/\/schema.org\",\"@type\": \"Event\",\n\t\t\t\t\"@id\": \"event_5854_0\",\n\t\t\t\t\"eventAttendanceMode\":\"https:\/\/schema.org\/OfflineEventAttendanceMode\",\n\t\t\t\t\"eventStatus\":\"https:\/\/schema.org\/EventScheduled\",\n\t\t\t\t\"name\": \"Apparatus musico-organisticus\",\n\t\t\t\t\"url\": \"https:\/\/hc.zrc-sazu.si\/?ajde_events=apparatus-musico-organisticus&var=ri-0.l-L2\",\n\t\t\t\t\"startDate\": \"2025-6-25T19:00+0:00\",\n\t\t\t\t\"endDate\": \"2025-6-29T21:00+0:00\",\n\t\t\t\t\"image\":\"\", \n\t\t\t\t\"description\":\"<p><!-- wp:paragraph {'placeholder':'Add Event Description...','lock':{'move':false,'remove':false}} --><\/p> <p><strong>Georg Muffat: Apparatus musico-organisticus (1690)<\/strong><br \/>Domen Marin\u010di\u010d, Pavao Ma\u0161i\u0107, Luka Posavec, Toma\u017e Sev\u0161ek \u0160ramel, orgle in \u010dembalo<\/p> <p><!-- \/wp:paragraph --><\/p> <p><!-- wp:paragraph --><\/p> <p><strong>Koncerti:<\/strong><br \/>Zagreb, cerkev sv. Marka, 25. 6. 2025, ob 19.30 (celotna izvedba)<br \/>Velesovo (Adergas), cerkev Marijinega oznanjenja, 27. 6. 2025, ob 19.00 (celotna izvedba)<br \/>Novo mesto, fran\u010di\u0161kanska cerkev sv. Lenarta, 29. 6. 2025, ob 20:00 (izbor)<\/p> <p><!-- \/wp:paragraph --><\/p> <p><!-- wp:paragraph --><\/p> <p><strong>Delavnica baro\u010dne glasbe za orgle in \u010dembalo<\/strong><\/p> <p><!-- \/wp:paragraph --><\/p> <p><!-- wp:paragraph {'placeholder':'Add Event Description...','lock':{'move':false,'remove':false}} --><\/p> <p>Velesovo (Adergas), 26. \u2013 28. 6. 2025<\/p> <p><!-- \/wp:paragraph --><\/p> <p><!-- wp:paragraph {'align':'center','style':{'elements':{'link':{'color':{'text':'var:preset|color|colibri-color-1'}}}},'backgroundColor':'colibri-color-8','textColor':'colibri-color-1','fontSize':'large'} --><\/p> <p class='has-text-align-center has-colibri-color-1-color has-colibri-color-8-background-color has-text-color has-background has-link-color has-large-font-size'><em><strong><a href='https:\/\/hc.zrc-sazu.si\/?page_id=5855' data-type='link' data-id='https:\/\/hc.zrc-sazu.si\/?page_id=5855'>PRIJAVA \/ APPLICATION<\/a><\/strong><\/em><\/p> <p><!-- \/wp:paragraph --><\/p> <p><!-- wp:paragraph --><\/p> <p><!-- \/wp:paragraph --><\/p> \"}<\/script><\/div>\r\n\t\t\t\t<p class=\"desc_trig_outter\" style=\"\"><a data-gmap_status=\"null\" data-exlk=\"0\" style=\"background-color: #bc4c68;\" id=\"evc_17508708005854\" href=\"#\" class=\"desc_trig mul_val evcal_list_a\" data-ux_val=\"1\" data-ux_val_mob=\"-\"  ><span class='evoet_in'><span class='evoet_c2 evoet_cx '><span class='evoet_dayblock evcal_cblock ' data-bgcolor='#bc4c68' data-smon='junij' data-syr='2025' data-bub=''><span class='evo_start  evofxdrc'><em class='day'>sre<\/em><em class='date'>25<\/em><em class='month'>jun<\/em><em class='time'><i t=\"y\">(jun 25)<\/i>19:00<\/em><\/span><\/span><\/span><span class='evoet_c3 evoet_cx evcal_desc hide_eventtopdata '><span class='evoet_title evcal_desc2 evcal_event_title ' itemprop='name'>Apparatus musico-organisticus<\/span><\/span><\/span><span class='evoet_data' style='display:none' data-d=\"{&quot;loc.n&quot;:&quot;&quot;,&quot;orgs&quot;:[],&quot;tags&quot;:[]}\" data-bgc=\"#bc4c68\" data-bggrad=\"\" ><\/span><\/a><\/p><div class='event_description evcal_eventcard ' style=\"display:none\"><div class='evocard_row'><div id='event_eventdetails' class='evocard_box eventdetails' data-c='' \n\t\t\t\t\tstyle=''><div class=\"evo_metarow_details evorow evcal_evdata_row evcal_event_details\">\n    <div class=\"event_excerpt\" style=\"display:none\"><h3 class=\"padb5 evo_h3\">Podrobnosti o dogodku<\/h3><p>Georg Muffat: Apparatus musico-organisticus (1690)Domen Marin\u010di\u010d, Pavao Ma\u0161i\u0107, Luka Posavec, Toma\u017e Sev\u0161ek \u0160ramel, orgle in \u010dembalo\n\n\nKoncerti:Zagreb, cerkev sv. Marka,<\/p><\/div><span class='evcal_evdata_icons'><i class='fa fa-align-justify'><\/i><\/span>    <div class=\"evcal_evdata_cell shorter_desc\">\n        <div class=\"eventon_full_description\">\n            <h3 class=\"padb5 evo_h3\"><span class='evcal_evdata_icons'><i class='fa fa-align-justify'><\/i><\/span>Podrobnosti o dogodku<\/h3>\n            <div class=\"eventon_desc_in\" itemprop=\"description\">\n                <p><!-- wp:paragraph {\"placeholder\":\"Add Event Description...\",\"lock\":{\"move\":false,\"remove\":false}} --><\/p>\n<p><strong>Georg Muffat: Apparatus musico-organisticus (1690)<\/strong><br \/>Domen Marin\u010di\u010d, Pavao Ma\u0161i\u0107, Luka Posavec, Toma\u017e Sev\u0161ek \u0160ramel, orgle in \u010dembalo<\/p>\n<p><!-- \/wp:paragraph --><\/p>\n<p><!-- wp:paragraph --><\/p>\n<p><strong>Koncerti:<\/strong><br \/>Zagreb, cerkev sv. Marka, 25. 6. 2025, ob 19.30 (celotna izvedba)<br \/>Velesovo (Adergas), cerkev Marijinega oznanjenja, 27. 6. 2025, ob 19.00 (celotna izvedba)<br \/>Novo mesto, fran\u010di\u0161kanska cerkev sv. Lenarta, 29. 6. 2025, ob 20:00 (izbor)<\/p>\n<p><!-- \/wp:paragraph --><\/p>\n<p><!-- wp:paragraph --><\/p>\n<p><strong>Delavnica baro\u010dne glasbe za orgle in \u010dembalo<\/strong><\/p>\n<p><!-- \/wp:paragraph --><\/p>\n<p><!-- wp:paragraph {\"placeholder\":\"Add Event Description...\",\"lock\":{\"move\":false,\"remove\":false}} --><\/p>\n<p>Velesovo (Adergas), 26. \u2013 28. 6. 2025<\/p>\n<p><!-- \/wp:paragraph --><\/p>\n<p><!-- wp:paragraph {\"align\":\"center\",\"style\":{\"elements\":{\"link\":{\"color\":{\"text\":\"var:preset|color|colibri-color-1\"}}}},\"backgroundColor\":\"colibri-color-8\",\"textColor\":\"colibri-color-1\",\"fontSize\":\"large\"} --><\/p>\n<p class=\"has-text-align-center has-colibri-color-1-color has-colibri-color-8-background-color has-text-color has-background has-link-color has-large-font-size\"><em><strong><a href=\"https:\/\/hc.zrc-sazu.si\/?page_id=5855\" data-type=\"link\" data-id=\"https:\/\/hc.zrc-sazu.si\/?page_id=5855\">PRIJAVA \/ APPLICATION<\/a><\/strong><\/em><\/p>\n<p><!-- \/wp:paragraph --><\/p>\n<p><!-- wp:paragraph --><\/p>\n<p><!-- \/wp:paragraph --><\/p>\n            <\/div>\n            <p class='eventon_shad_p' style='padding:5px 0 0; margin:0'><button class='evcal_btn evo_btn_secondary evobtn_details_show_more' content='less' aria-label='VE\u010c' aria-expanded='false'><span class='ev_more_text' data-txt='Skrij'>VE\u010c<\/span><span class='ev_more_arrow ard'><\/span><\/button><\/p><div class='clear'><\/div>        <\/div>\n    <\/div>\n<\/div><\/div><\/div><!-- row close --><div class='evocard_row'><div id='event_time' class='evocard_box time' data-c='' \n\t\t\t\t\tstyle=''><div class='evo_metarow_time evorow evcal_evdata_row evcal_evrow_sm '>\n\t\t<span class='evcal_evdata_icons'><i class='fa fa-clock'><\/i><\/span>\n\t\t<div class='evcal_evdata_cell'>\t\t\t\t\t\t\t\n\t\t\t<h3 class='evo_h3'><span class='evcal_evdata_icons'><i class='fa fa-clock'><\/i><\/span>Ura<\/h3><div><span class='evo_eventcard_time_t evogap5 evofxww'><span class=\"start\">25. junij, 2025<\/span> <span class=\"stime\">19:00<\/span><\/span><span class='evo_tz marr5'>(GMT+02:00)<\/span><\/div>\n\t\t<\/div>\n\t<\/div><\/div><\/div><!-- row close --><div class='evocard_row'><div id='event_addtocal' class='evocard_box addtocal' data-c='' \n\t\t\t\t\tstyle=''><div class='evo_metarow_ICS evorow evcal_evdata_row'>\n\t\t\t<span class='evcal_evdata_icons'><i class='fa fa-calendar-o'><\/i><\/span>\n\t\t\t<div class='evcal_evdata_cell'>\n\t\t\t\t<p><a href='https:\/\/hc.zrc-sazu.si\/?export-events=single&event_id=5854&repeat_interval=0&key=2f0f130c16' rel='nofollow' class='evo_ics_nCal' title='Dodaj v svoj koledar'>Koledar<\/a><a href='https:\/\/www.google.com\/calendar\/event?action=TEMPLATE&text=Apparatus%20musico-organisticus&dates=20250625T170000Z\/20250629T190000Z&ctz=Europe%2FLjubljana&details=Apparatus%20musico-organisticus&location=' target='_blank' rel='nofollow' class='evo_ics_gCal' title='Dodaj v Googlov Koledar'>Googlov Koledar<\/a><\/p>\t\n\t\t\t<\/div>\n\t\t<\/div><\/div><\/div><!-- row close --><button class='evo_card_row_end evcal_close' title='Close'><\/button><\/div><div class='clear end'><\/div><\/div><div id=\"event_5020_0\" class=\"eventon_list_event evo_eventtop scheduled past_event event clrD no_et event_5020_0\" data-event_id=\"5020\" data-ri=\"0r\" data-time=\"1749060000-1749074340\" data-colr=\"#bc4c68\" itemscope itemtype='http:\/\/schema.org\/Event'><div class=\"evo_event_schema\" style=\"display:none\" ><a itemprop='url'  href='https:\/\/hc.zrc-sazu.si\/?ajde_events=stiri-flavte&var=ri-0.l-L2'><\/a><meta itemprop='image'  \/><meta itemprop='startDate' content=\"2025-6-4T20:00+0:00\" \/><meta itemprop='endDate' content=\"2025-6-4T23:59+0:00\" \/><meta itemprop='eventStatus' content=\"https:\/\/schema.org\/EventScheduled\" \/><meta itemprop='eventAttendanceMode'   itemscope itemtype=\"https:\/\/schema.org\/OfflineEventAttendanceMode\"\/><div style=\"display:none\" itemprop=\"location\" itemscope itemtype=\"http:\/\/schema.org\/Place\"><span itemprop=\"name\">Atrij ZRC<\/span><span itemprop=\"address\" itemscope itemtype=\"http:\/\/schema.org\/PostalAddress\"><item itemprop=\"streetAddress\">Novi trg 2<\/item><\/span><\/div><script type=\"application\/ld+json\">{\"@context\": \"http:\/\/schema.org\",\"@type\": \"Event\",\n\t\t\t\t\"@id\": \"event_5020_0\",\n\t\t\t\t\"eventAttendanceMode\":\"https:\/\/schema.org\/OfflineEventAttendanceMode\",\n\t\t\t\t\"eventStatus\":\"https:\/\/schema.org\/EventScheduled\",\n\t\t\t\t\"name\": \"Trio za sedem glasbenikov\",\n\t\t\t\t\"url\": \"https:\/\/hc.zrc-sazu.si\/?ajde_events=stiri-flavte&var=ri-0.l-L2\",\n\t\t\t\t\"startDate\": \"2025-6-4T20:00+0:00\",\n\t\t\t\t\"endDate\": \"2025-6-4T23:59+0:00\",\n\t\t\t\t\"image\":\"\", \n\t\t\t\t\"description\":\"<p><!-- wp:paragraph {'placeholder':'Add Event Description...','lock':{'move':false,'remove':false}} --><\/p> <p>Spregledana praksa francoske komorne glasbe s podvojenimi pre\u010dnimi flavtami<\/p> <p><!-- \/wp:paragraph --><\/p> <p><!-- wp:paragraph --><\/p> <p><em>Spored<\/em>: Michel de La Barre, Fran\u00e7ois Couperin, Pierre Danican Philidor, Joseph Bodin de Boismortier<\/p> <p><!-- \/wp:paragraph --><\/p> <p><!-- wp:paragraph --><\/p> <p><strong>Ansambel&nbsp;<em>musica cubicularis<\/em><\/strong><br \/>Anne Freitag, Eleonora Bi\u0161\u0107evi\u0107, Keiko Kino\u0161ita, Christine Rothe, baro\u010dne pre\u010dne flavte<br \/>Neo Gundermann, teorba<br \/>Domen Marin\u010di\u010d, viola da gamba<br \/>Toma\u017e Sev\u0161ek, \u010dembalo<\/p> <p><!-- \/wp:paragraph --><\/p> <p><!-- wp:paragraph --><\/p> <p><!-- \/wp:paragraph --><\/p> <p><!-- wp:paragraph {'align':'center','style':{'elements':{'link':{'color':{'text':'var:preset|color|colibri-color-7'}}}},'backgroundColor':'colibri-color-8','textColor':'colibri-color-7','fontSize':'large'} --><\/p> <p class='has-text-align-center has-colibri-color-7-color has-colibri-color-8-background-color has-text-color has-background has-link-color has-large-font-size'><strong><em><a href='https:\/\/www.entrio.si\/event\/trio-za-sedem-glasbenikov-harmonia-concertans-24194'>NAKUP VSTOPNIC<\/a><\/em><\/strong><\/p> <p><!-- \/wp:paragraph --><\/p> <p><!-- wp:image {'id':5757,'width':'150px','height':'auto','sizeSlug':'full','linkDestination':'none','align':'center'} --><\/p> <figure class='wp-block-image aligncenter size-full is-resized'><img src='https:\/\/hc.zrc-sazu.si\/wp-content\/uploads\/2025\/02\/image-3.png' alt='' class='wp-image-5757' style='width:150px;height:auto'\/><\/figure> <p><!-- \/wp:image --><\/p> \",\"location\":[{\"@type\":\"Place\",\"name\":\"Atrij ZRC\",\"address\":{\"@type\": \"PostalAddress\",\"streetAddress\":\"Novi trg 2\"}}]}<\/script><\/div>\r\n\t\t\t\t<p class=\"desc_trig_outter\" style=\"\"><a data-gmtrig=\"1\" data-exlk=\"0\" style=\"background-color: #bc4c68;\" id=\"evc_17490600005020\" href=\"#\" class=\"desc_trig sin_val evcal_list_a\" data-ux_val=\"1\" data-ux_val_mob=\"-\"  ><span class='evoet_in'><span class='evoet_c2 evoet_cx '><span class='evoet_dayblock evcal_cblock ' data-bgcolor='#bc4c68' data-smon='junij' data-syr='2025' data-bub=''><span class='evo_start  evofxdrc'><em class='day'>sre<\/em><em class='date'>04<\/em><em class='month'>jun<\/em><em class='time'>20:00<\/em><\/span><\/span><\/span><span class='evoet_c3 evoet_cx evcal_desc hide_eventtopdata '><span class='evoet_title evcal_desc2 evcal_event_title ' itemprop='name'>Trio za sedem glasbenikov<\/span><span class='event_location_attrs evodni'  data-location_address=\"Novi trg 2\" data-location_type=\"lonlat\" data-location_name=\"Atrij ZRC\" data-location_url=\"https:\/\/hc.zrc-sazu.si\/?event_location=atrij-zrc\" data-location_status=\"true\" data-locid=\"17\" data-latlng=\"46.04752925365416,14.504789195751432\"><\/span><\/span><\/span><span class='evoet_data' style='display:none' data-d=\"{&quot;loc.n&quot;:&quot;Atrij ZRC&quot;,&quot;orgs&quot;:[],&quot;tags&quot;:[]}\" data-bgc=\"#bc4c68\" data-bggrad=\"\" ><\/span><\/a><\/p><div class='event_description evcal_eventcard ' style=\"display:none\"><div class='evocard_row'><div id='event_eventdetails' class='evocard_box eventdetails' data-c='' \n\t\t\t\t\tstyle=''><div class=\"evo_metarow_details evorow evcal_evdata_row evcal_event_details\">\n    <div class=\"event_excerpt\" style=\"display:none\"><h3 class=\"padb5 evo_h3\">Podrobnosti o dogodku<\/h3><p>Spregledana praksa francoske komorne glasbe s podvojenimi pre\u010dnimi flavtami\n\n\nSpored: Michel de La Barre, Fran\u00e7ois Couperin, Pierre Danican Philidor, Joseph Bodin de<\/p><\/div><span class='evcal_evdata_icons'><i class='fa fa-align-justify'><\/i><\/span>    <div class=\"evcal_evdata_cell shorter_desc\">\n        <div class=\"eventon_full_description\">\n            <h3 class=\"padb5 evo_h3\"><span class='evcal_evdata_icons'><i class='fa fa-align-justify'><\/i><\/span>Podrobnosti o dogodku<\/h3>\n            <div class=\"eventon_desc_in\" itemprop=\"description\">\n                <p><!-- wp:paragraph {\"placeholder\":\"Add Event Description...\",\"lock\":{\"move\":false,\"remove\":false}} --><\/p>\n<p>Spregledana praksa francoske komorne glasbe s podvojenimi pre\u010dnimi flavtami<\/p>\n<p><!-- \/wp:paragraph --><\/p>\n<p><!-- wp:paragraph --><\/p>\n<p><em>Spored<\/em>: Michel de La Barre, Fran\u00e7ois Couperin, Pierre Danican Philidor, Joseph Bodin de Boismortier<\/p>\n<p><!-- \/wp:paragraph --><\/p>\n<p><!-- wp:paragraph --><\/p>\n<p><strong>Ansambel&nbsp;<em>musica cubicularis<\/em><\/strong><br \/>Anne Freitag, Eleonora Bi\u0161\u0107evi\u0107, Keiko Kino\u0161ita, Christine Rothe, baro\u010dne pre\u010dne flavte<br \/>Neo Gundermann, teorba<br \/>Domen Marin\u010di\u010d, viola da gamba<br \/>Toma\u017e Sev\u0161ek, \u010dembalo<\/p>\n<p><!-- \/wp:paragraph --><\/p>\n<p><!-- wp:paragraph --><\/p>\n<p><!-- \/wp:paragraph --><\/p>\n<p><!-- wp:paragraph {\"align\":\"center\",\"style\":{\"elements\":{\"link\":{\"color\":{\"text\":\"var:preset|color|colibri-color-7\"}}}},\"backgroundColor\":\"colibri-color-8\",\"textColor\":\"colibri-color-7\",\"fontSize\":\"large\"} --><\/p>\n<p class=\"has-text-align-center has-colibri-color-7-color has-colibri-color-8-background-color has-text-color has-background has-link-color has-large-font-size\"><strong><em><a href=\"https:\/\/www.entrio.si\/event\/trio-za-sedem-glasbenikov-harmonia-concertans-24194\">NAKUP VSTOPNIC<\/a><\/em><\/strong><\/p>\n<p><!-- \/wp:paragraph --><\/p>\n<p><!-- wp:image {\"id\":5757,\"width\":\"150px\",\"height\":\"auto\",\"sizeSlug\":\"full\",\"linkDestination\":\"none\",\"align\":\"center\"} --><\/p>\n<figure class=\"wp-block-image aligncenter size-full is-resized\"><img loading=\"lazy\" decoding=\"async\" width=\"240\" height=\"240\" src=\"https:\/\/hc.zrc-sazu.si\/wp-content\/uploads\/2025\/02\/image-3.png\" alt=\"\" class=\"wp-image-5757\" style=\"width:150px;height:auto\" srcset=\"https:\/\/hc.zrc-sazu.si\/wp-content\/uploads\/2025\/02\/image-3.png 240w, https:\/\/hc.zrc-sazu.si\/wp-content\/uploads\/2025\/02\/image-3-150x150.png 150w\" sizes=\"auto, (max-width: 240px) 100vw, 240px\" \/><\/figure>\n<p><!-- \/wp:image --><\/p>\n            <\/div>\n            <p class='eventon_shad_p' style='padding:5px 0 0; margin:0'><button class='evcal_btn evo_btn_secondary evobtn_details_show_more' content='less' aria-label='VE\u010c' aria-expanded='false'><span class='ev_more_text' data-txt='Skrij'>VE\u010c<\/span><span class='ev_more_arrow ard'><\/span><\/button><\/p><div class='clear'><\/div>        <\/div>\n    <\/div>\n<\/div><\/div><\/div><!-- row close --><div class='evocard_row bx2 bx'><div id='event_time' class='evocard_box time' data-c='' \n\t\t\t\t\tstyle=''><div class='evo_metarow_time evorow evcal_evdata_row evcal_evrow_sm '>\n\t\t<span class='evcal_evdata_icons'><i class='fa fa-clock'><\/i><\/span>\n\t\t<div class='evcal_evdata_cell'>\t\t\t\t\t\t\t\n\t\t\t<h3 class='evo_h3'><span class='evcal_evdata_icons'><i class='fa fa-clock'><\/i><\/span>Ura<\/h3><div><span class='evo_eventcard_time_t evogap5 evofxww'><span class=\"start\">4. junij, 2025<\/span> <span class=\"stime\">20:00<\/span><\/span><span class='evo_tz marr5'>(GMT+02:00)<\/span><\/div>\n\t\t<\/div>\n\t<\/div><\/div><div id='event_location' class='evocard_box location' data-c='' \n\t\t\t\t\tstyle=''><div class='evcal_evdata_row evo_metarow_time_location evorow '>\n\t\t\n\t\t\t<span class='evcal_evdata_icons'><i class='fa fa-map-marker'><\/i><\/span>\n\t\t\t<div class='evcal_evdata_cell' data-loc_tax_id='17'><h3 class='evo_h3 evodfx'><span class='evcal_evdata_icons'><i class='fa fa-map-marker'><\/i><\/span>Lokacija<\/h3><p class='evo_location_name'>Atrij ZRC<\/p><p class='evo_location_address evodfxi evogap10'>Novi trg 2<\/p><\/div>\n\t\t\n\t<\/div><\/div><\/div><!-- row close --><div class='evocard_row'><div id='event_addtocal' class='evocard_box addtocal' data-c='' \n\t\t\t\t\tstyle=''><div class='evo_metarow_ICS evorow evcal_evdata_row'>\n\t\t\t<span class='evcal_evdata_icons'><i class='fa fa-calendar-o'><\/i><\/span>\n\t\t\t<div class='evcal_evdata_cell'>\n\t\t\t\t<p><a href='https:\/\/hc.zrc-sazu.si\/?export-events=single&event_id=5020&repeat_interval=0&key=2f0f130c16' rel='nofollow' class='evo_ics_nCal' title='Dodaj v svoj koledar'>Koledar<\/a><a href='https:\/\/www.google.com\/calendar\/event?action=TEMPLATE&text=Trio%20za%20sedem%20glasbenikov&dates=20250604T180000Z\/20250604T215900Z&ctz=Europe%2FLjubljana&details=Trio%20za%20sedem%20glasbenikov&location=Atrij%20ZRC%20Novi%20trg%202' target='_blank' rel='nofollow' class='evo_ics_gCal' title='Dodaj v Googlov Koledar'>Googlov Koledar<\/a><\/p>\t\n\t\t\t<\/div>\n\t\t<\/div><\/div><\/div><!-- row close --><div class='evocard_row'><div id='event_getdirection' class='evocard_box getdirection' data-c='' \n\t\t\t\t\tstyle=''><div class='evo_metarow_getDr evorow evcal_evdata_row evcal_evrow_sm getdirections'>\n\t\t<form action='https:\/\/maps.google.com\/maps' method='get' target='_blank'>\n\t\t\t<input type='hidden' name='daddr' value=\"46.04752925365416,14.504789195751432\"\/> \n\t\t\t<div class='evo_get_direction_content evo_fx_dr_r evogap10'>\n\t\t\t\t<span class='evogetdir_header evodfx evofxdrr evofxaic evogap10'>\n\t\t\t\t\t<i class='mainicon fa fa-route evofz24i' aria-hidden='true'><\/i> \n\t\t\t\t\t<h3 class='evo_h3 evopad0i' style='padding-bottom:5px;'>Pridobite navodila<\/h3>\n\t\t\t\t<\/span>\n\t\t\t\t<span class='evogetdir_field evodfx evofx_1_1 evow100p'>\t\n\t\t\t\t\t<label for='6a97078a52091' class='evo_aria_ready sr-only'>Address - Trio za sedem glasbenikov []<\/label>\t\t\t\t\n\t\t\t\t\t<input id='6a97078a52091' class='evo_aria_ready_match evoInput2 evobr10 evow100p evopad10 evoff_2 evofz14i evobrdB1 evoboxbb' type='text' name='saddr' placeholder='Vnesite svoj naslov za navodila' value='' style='' aria-label='Address - Trio za sedem glasbenikov []' \/>\n\t\t\t\t<\/span>\n\t\t\t\t<div class='evodfx evofxdrr evofxaic evogap10'>\n\t\t\t\t\t<i class='fa fa-location-dot'><\/i>\n\t\t\t\t\t<div class='evoposr evofx_1 evoh100p'><label for='6a97078a52091' class='evo_aria_ready sr-only'>Destination Address - Trio za sedem glasbenikov []<\/label>\t\t\n\t\t\t\t\t\t<input id='6a97078a52091' class='evo_aria_ready_match evoInput2 evobr10 evow100p evopad5-10 evoff_2 evofz14i evobrdB1 evoop5 evoboxbb evoh100p' type='text' style='' readonly value='Novi trg 2' aria-label='Destination Address - Trio za sedem glasbenikov []'\/><button class='evo_copy_address evobuttonA evocurp evohoop7 evoposa evopad5' style='right: 3px; top: 4px; background-color: #fff;' data-txt='46.04752925365416,14.504789195751432' data-t='Address copied to clipboard!'><i class='far fa-copy evofz16i' title='Copy Destination Address!' aria-label='Copy Destination Address!'><\/i><\/button>\n\t\t\t\t\t<\/div>\n\t\t\t\t\t<button type='submit' class='evo_get_direction_button evcal_btn dfx evofxaic evocurp evohoop7' title='Kliknite tukaj za navodila' aria-label='Kliknite tukaj za navodila' style='padding: 10px 15px !important;'><i class='fa fa-chevron-right'><\/i> <\/button>\n\t\t\t\t<\/div>\n\t\t\t<\/div>\n\t\t<\/form>\n\t<\/div><\/div><\/div><!-- row close --><button class='evo_card_row_end evcal_close' title='Close'><\/button><\/div><div class='clear end'><\/div><\/div><\/div><div class='evcal_month_line' data-d='eml_9_2025' data-su='1756677600'><p>september 2025<\/p><\/div><div class='sep_month_events ' data-d='eml_9_2025' data-range='1756677600_1759269599'><div id=\"event_5188_0\" class=\"eventon_list_event evo_eventtop scheduled past_event event clrD no_et event_5188_0\" data-event_id=\"5188\" data-ri=\"0r\" data-time=\"1758909600-1758923940\" data-colr=\"#bc4c68\" itemscope itemtype='http:\/\/schema.org\/Event'><div class=\"evo_event_schema\" style=\"display:none\" ><a itemprop='url'  href='https:\/\/hc.zrc-sazu.si\/?ajde_events=po-vzoru-pticjega-petja&var=ri-0.l-L2'><\/a><meta itemprop='image'  \/><meta itemprop='startDate' content=\"2025-9-26T20:00+0:00\" \/><meta itemprop='endDate' content=\"2025-9-26T23:59+0:00\" \/><meta itemprop='eventStatus' content=\"https:\/\/schema.org\/EventScheduled\" \/><meta itemprop='eventAttendanceMode'   itemscope itemtype=\"https:\/\/schema.org\/OfflineEventAttendanceMode\"\/><div style=\"display:none\" itemprop=\"location\" itemscope itemtype=\"http:\/\/schema.org\/Place\"><span itemprop=\"name\">Atrij ZRC<\/span><span itemprop=\"address\" itemscope itemtype=\"http:\/\/schema.org\/PostalAddress\"><item itemprop=\"streetAddress\">Novi trg 2<\/item><\/span><\/div><script type=\"application\/ld+json\">{\"@context\": \"http:\/\/schema.org\",\"@type\": \"Event\",\n\t\t\t\t\"@id\": \"event_5188_0\",\n\t\t\t\t\"eventAttendanceMode\":\"https:\/\/schema.org\/OfflineEventAttendanceMode\",\n\t\t\t\t\"eventStatus\":\"https:\/\/schema.org\/EventScheduled\",\n\t\t\t\t\"name\": \"Kot pti\u010dji spev\",\n\t\t\t\t\"url\": \"https:\/\/hc.zrc-sazu.si\/?ajde_events=po-vzoru-pticjega-petja&var=ri-0.l-L2\",\n\t\t\t\t\"startDate\": \"2025-9-26T20:00+0:00\",\n\t\t\t\t\"endDate\": \"2025-9-26T23:59+0:00\",\n\t\t\t\t\"image\":\"\", \n\t\t\t\t\"description\":\"<p><!-- wp:paragraph {'placeholder':'Add Event Description...','lock':{'move':false,'remove':false}} --><\/p> <p>Izvirna angle\u0161ka glasba za dve kljunasti flavti in spremljevalni bas<\/p> <p><!-- \/wp:paragraph --><\/p> <p><!-- wp:paragraph --><\/p> <p><em>Spored<\/em>: Georg Friedrich H\u00e4ndel, Henry Purcell, William Williams, Johann Christoph Pepusch, Gottfried Finger<\/p> <p><!-- \/wp:paragraph --><\/p> <p><!-- wp:paragraph --><\/p> <p>Ur\u0161ka Cvetko, Maru\u0161a Brezav\u0161\u010dek, kljunasti flavti<br \/>Mauro Colantonio, viola da gamba<br \/>Anna Kiskachi, \u010dembalo<\/p> <p><!-- \/wp:paragraph --><\/p> <p><!-- wp:paragraph {'align':'center','style':{'elements':{'link':{'color':{'text':'var:preset|color|colibri-color-6'}}}},'backgroundColor':'colibri-color-8','textColor':'colibri-color-6','fontSize':'large'} --><\/p> <p class='has-text-align-center has-colibri-color-6-color has-colibri-color-8-background-color has-text-color has-background has-link-color has-large-font-size'><strong><em><a href='https:\/\/www.entrio.si\/event\/kot-pticji-spev-harmonia-concertans-27059' data-type='link' data-id='https:\/\/www.entrio.si\/event\/kot-pticji-spev-harmonia-concertans-27059'>NAKUP VSTOPNIC<\/a><\/em><\/strong><\/p> <p><!-- \/wp:paragraph --><\/p> \",\"location\":[{\"@type\":\"Place\",\"name\":\"Atrij ZRC\",\"address\":{\"@type\": \"PostalAddress\",\"streetAddress\":\"Novi trg 2\"}}]}<\/script><\/div>\r\n\t\t\t\t<p class=\"desc_trig_outter\" style=\"\"><a data-gmtrig=\"1\" data-exlk=\"0\" style=\"background-color: #bc4c68;\" id=\"evc_17589096005188\" href=\"#\" class=\"desc_trig sin_val evcal_list_a\" data-ux_val=\"1\" data-ux_val_mob=\"-\"  ><span class='evoet_in'><span class='evoet_c2 evoet_cx '><span class='evoet_dayblock evcal_cblock ' data-bgcolor='#bc4c68' data-smon='september' data-syr='2025' data-bub=''><span class='evo_start  evofxdrc'><em class='day'>pet<\/em><em class='date'>26<\/em><em class='month'>sep<\/em><em class='time'>20:00<\/em><\/span><\/span><\/span><span class='evoet_c3 evoet_cx evcal_desc hide_eventtopdata '><span class='evoet_title evcal_desc2 evcal_event_title ' itemprop='name'>Kot pti\u010dji spev<\/span><span class='event_location_attrs evodni'  data-location_address=\"Novi trg 2\" data-location_type=\"lonlat\" data-location_name=\"Atrij ZRC\" data-location_url=\"https:\/\/hc.zrc-sazu.si\/?event_location=atrij-zrc\" data-location_status=\"true\" data-locid=\"17\" data-latlng=\"46.04752925365416,14.504789195751432\"><\/span><\/span><\/span><span class='evoet_data' style='display:none' data-d=\"{&quot;loc.n&quot;:&quot;Atrij ZRC&quot;,&quot;orgs&quot;:[],&quot;tags&quot;:[]}\" data-bgc=\"#bc4c68\" data-bggrad=\"\" ><\/span><\/a><\/p><div class='event_description evcal_eventcard ' style=\"display:none\"><div class='evocard_row'><div id='event_eventdetails' class='evocard_box eventdetails' data-c='' \n\t\t\t\t\tstyle=''><div class=\"evo_metarow_details evorow evcal_evdata_row evcal_event_details\">\n    <div class=\"event_excerpt\" style=\"display:none\"><h3 class=\"padb5 evo_h3\">Podrobnosti o dogodku<\/h3><p>Izvirna angle\u0161ka glasba za dve kljunasti flavti in spremljevalni bas\n\n\nSpored: Georg Friedrich H\u00e4ndel, Henry Purcell, William Williams, Johann Christoph Pepusch, Gottfried<\/p><\/div><span class='evcal_evdata_icons'><i class='fa fa-align-justify'><\/i><\/span>    <div class=\"evcal_evdata_cell shorter_desc\">\n        <div class=\"eventon_full_description\">\n            <h3 class=\"padb5 evo_h3\"><span class='evcal_evdata_icons'><i class='fa fa-align-justify'><\/i><\/span>Podrobnosti o dogodku<\/h3>\n            <div class=\"eventon_desc_in\" itemprop=\"description\">\n                <p><!-- wp:paragraph {\"placeholder\":\"Add Event Description...\",\"lock\":{\"move\":false,\"remove\":false}} --><\/p>\n<p>Izvirna angle\u0161ka glasba za dve kljunasti flavti in spremljevalni bas<\/p>\n<p><!-- \/wp:paragraph --><\/p>\n<p><!-- wp:paragraph --><\/p>\n<p><em>Spored<\/em>: Georg Friedrich H\u00e4ndel, Henry Purcell, William Williams, Johann Christoph Pepusch, Gottfried Finger<\/p>\n<p><!-- \/wp:paragraph --><\/p>\n<p><!-- wp:paragraph --><\/p>\n<p>Ur\u0161ka Cvetko, Maru\u0161a Brezav\u0161\u010dek, kljunasti flavti<br \/>Mauro Colantonio, viola da gamba<br \/>Anna Kiskachi, \u010dembalo<\/p>\n<p><!-- \/wp:paragraph --><\/p>\n<p><!-- wp:paragraph {\"align\":\"center\",\"style\":{\"elements\":{\"link\":{\"color\":{\"text\":\"var:preset|color|colibri-color-6\"}}}},\"backgroundColor\":\"colibri-color-8\",\"textColor\":\"colibri-color-6\",\"fontSize\":\"large\"} --><\/p>\n<p class=\"has-text-align-center has-colibri-color-6-color has-colibri-color-8-background-color has-text-color has-background has-link-color has-large-font-size\"><strong><em><a href=\"https:\/\/www.entrio.si\/event\/kot-pticji-spev-harmonia-concertans-27059\" data-type=\"link\" data-id=\"https:\/\/www.entrio.si\/event\/kot-pticji-spev-harmonia-concertans-27059\">NAKUP VSTOPNIC<\/a><\/em><\/strong><\/p>\n<p><!-- \/wp:paragraph --><\/p>\n            <\/div>\n            <p class='eventon_shad_p' style='padding:5px 0 0; margin:0'><button class='evcal_btn evo_btn_secondary evobtn_details_show_more' content='less' aria-label='VE\u010c' aria-expanded='false'><span class='ev_more_text' data-txt='Skrij'>VE\u010c<\/span><span class='ev_more_arrow ard'><\/span><\/button><\/p><div class='clear'><\/div>        <\/div>\n    <\/div>\n<\/div><\/div><\/div><!-- row close --><div class='evocard_row bx2 bx'><div id='event_time' class='evocard_box time' data-c='' \n\t\t\t\t\tstyle=''><div class='evo_metarow_time evorow evcal_evdata_row evcal_evrow_sm '>\n\t\t<span class='evcal_evdata_icons'><i class='fa fa-clock'><\/i><\/span>\n\t\t<div class='evcal_evdata_cell'>\t\t\t\t\t\t\t\n\t\t\t<h3 class='evo_h3'><span class='evcal_evdata_icons'><i class='fa fa-clock'><\/i><\/span>Ura<\/h3><div><span class='evo_eventcard_time_t evogap5 evofxww'><span class=\"start\">26. september, 2025<\/span> <span class=\"stime\">20:00<\/span><\/span><span class='evo_tz marr5'>(GMT+02:00)<\/span><\/div>\n\t\t<\/div>\n\t<\/div><\/div><div id='event_location' class='evocard_box location' data-c='' \n\t\t\t\t\tstyle=''><div class='evcal_evdata_row evo_metarow_time_location evorow '>\n\t\t\n\t\t\t<span class='evcal_evdata_icons'><i class='fa fa-map-marker'><\/i><\/span>\n\t\t\t<div class='evcal_evdata_cell' data-loc_tax_id='17'><h3 class='evo_h3 evodfx'><span class='evcal_evdata_icons'><i class='fa fa-map-marker'><\/i><\/span>Lokacija<\/h3><p class='evo_location_name'>Atrij ZRC<\/p><p class='evo_location_address evodfxi evogap10'>Novi trg 2<\/p><\/div>\n\t\t\n\t<\/div><\/div><\/div><!-- row close --><div class='evocard_row'><div id='event_addtocal' class='evocard_box addtocal' data-c='' \n\t\t\t\t\tstyle=''><div class='evo_metarow_ICS evorow evcal_evdata_row'>\n\t\t\t<span class='evcal_evdata_icons'><i class='fa fa-calendar-o'><\/i><\/span>\n\t\t\t<div class='evcal_evdata_cell'>\n\t\t\t\t<p><a href='https:\/\/hc.zrc-sazu.si\/?export-events=single&event_id=5188&repeat_interval=0&key=2f0f130c16' rel='nofollow' class='evo_ics_nCal' title='Dodaj v svoj koledar'>Koledar<\/a><a href='https:\/\/www.google.com\/calendar\/event?action=TEMPLATE&text=Kot%20pti%C4%8Dji%20spev&dates=20250926T180000Z\/20250926T215900Z&ctz=Europe%2FLjubljana&details=Kot%20pti%C4%8Dji%20spev&location=Atrij%20ZRC%20Novi%20trg%202' target='_blank' rel='nofollow' class='evo_ics_gCal' title='Dodaj v Googlov Koledar'>Googlov Koledar<\/a><\/p>\t\n\t\t\t<\/div>\n\t\t<\/div><\/div><\/div><!-- row close --><div class='evocard_row'><div id='event_getdirection' class='evocard_box getdirection' data-c='' \n\t\t\t\t\tstyle=''><div class='evo_metarow_getDr evorow evcal_evdata_row evcal_evrow_sm getdirections'>\n\t\t<form action='https:\/\/maps.google.com\/maps' method='get' target='_blank'>\n\t\t\t<input type='hidden' name='daddr' value=\"46.04752925365416,14.504789195751432\"\/> \n\t\t\t<div class='evo_get_direction_content evo_fx_dr_r evogap10'>\n\t\t\t\t<span class='evogetdir_header evodfx evofxdrr evofxaic evogap10'>\n\t\t\t\t\t<i class='mainicon fa fa-route evofz24i' aria-hidden='true'><\/i> \n\t\t\t\t\t<h3 class='evo_h3 evopad0i' style='padding-bottom:5px;'>Pridobite navodila<\/h3>\n\t\t\t\t<\/span>\n\t\t\t\t<span class='evogetdir_field evodfx evofx_1_1 evow100p'>\t\n\t\t\t\t\t<label for='6a97078a52f8b' class='evo_aria_ready sr-only'>Address - Kot pti\u010dji spev []<\/label>\t\t\t\t\n\t\t\t\t\t<input id='6a97078a52f8b' class='evo_aria_ready_match evoInput2 evobr10 evow100p evopad10 evoff_2 evofz14i evobrdB1 evoboxbb' type='text' name='saddr' placeholder='Vnesite svoj naslov za navodila' value='' style='' aria-label='Address - Kot pti\u010dji spev []' \/>\n\t\t\t\t<\/span>\n\t\t\t\t<div class='evodfx evofxdrr evofxaic evogap10'>\n\t\t\t\t\t<i class='fa fa-location-dot'><\/i>\n\t\t\t\t\t<div class='evoposr evofx_1 evoh100p'><label for='6a97078a52f8b' class='evo_aria_ready sr-only'>Destination Address - Kot pti\u010dji spev []<\/label>\t\t\n\t\t\t\t\t\t<input id='6a97078a52f8b' class='evo_aria_ready_match evoInput2 evobr10 evow100p evopad5-10 evoff_2 evofz14i evobrdB1 evoop5 evoboxbb evoh100p' type='text' style='' readonly value='Novi trg 2' aria-label='Destination Address - Kot pti\u010dji spev []'\/><button class='evo_copy_address evobuttonA evocurp evohoop7 evoposa evopad5' style='right: 3px; top: 4px; background-color: #fff;' data-txt='46.04752925365416,14.504789195751432' data-t='Address copied to clipboard!'><i class='far fa-copy evofz16i' title='Copy Destination Address!' aria-label='Copy Destination Address!'><\/i><\/button>\n\t\t\t\t\t<\/div>\n\t\t\t\t\t<button type='submit' class='evo_get_direction_button evcal_btn dfx evofxaic evocurp evohoop7' title='Kliknite tukaj za navodila' aria-label='Kliknite tukaj za navodila' style='padding: 10px 15px !important;'><i class='fa fa-chevron-right'><\/i> <\/button>\n\t\t\t\t<\/div>\n\t\t\t<\/div>\n\t\t<\/form>\n\t<\/div><\/div><\/div><!-- row close --><button class='evo_card_row_end evcal_close' title='Close'><\/button><\/div><div class='clear end'><\/div><\/div><\/div><div class='evcal_month_line' data-d='eml_10_2025' data-su='1759269600'><p>oktober 2025<\/p><\/div><div class='sep_month_events ' data-d='eml_10_2025' data-range='1759269600_1761951599'><div id=\"event_5189_0\" class=\"eventon_list_event evo_eventtop scheduled past_event event clrD no_et event_5189_0\" data-event_id=\"5189\" data-ri=\"0r\" data-time=\"1760983200-1760997540\" data-colr=\"#bc4c68\" itemscope itemtype='http:\/\/schema.org\/Event'><div class=\"evo_event_schema\" style=\"display:none\" ><a itemprop='url'  href='https:\/\/hc.zrc-sazu.si\/?ajde_events=alessandro-scarlatti-stabat-mater&var=ri-0.l-L2'><\/a><meta itemprop='image'  \/><meta itemprop='startDate' content=\"2025-10-20T20:00+0:00\" \/><meta itemprop='endDate' content=\"2025-10-20T23:59+0:00\" \/><meta itemprop='eventStatus' content=\"https:\/\/schema.org\/EventScheduled\" \/><meta itemprop='eventAttendanceMode'   itemscope itemtype=\"https:\/\/schema.org\/OfflineEventAttendanceMode\"\/><div style=\"display:none\" itemprop=\"location\" itemscope itemtype=\"http:\/\/schema.org\/Place\"><span itemprop=\"name\">Atrij ZRC<\/span><span itemprop=\"address\" itemscope itemtype=\"http:\/\/schema.org\/PostalAddress\"><item itemprop=\"streetAddress\">Novi trg 2<\/item><\/span><\/div><script type=\"application\/ld+json\">{\"@context\": \"http:\/\/schema.org\",\"@type\": \"Event\",\n\t\t\t\t\"@id\": \"event_5189_0\",\n\t\t\t\t\"eventAttendanceMode\":\"https:\/\/schema.org\/OfflineEventAttendanceMode\",\n\t\t\t\t\"eventStatus\":\"https:\/\/schema.org\/EventScheduled\",\n\t\t\t\t\"name\": \"Alessandro Scarlatti: Stabat mater\",\n\t\t\t\t\"url\": \"https:\/\/hc.zrc-sazu.si\/?ajde_events=alessandro-scarlatti-stabat-mater&var=ri-0.l-L2\",\n\t\t\t\t\"startDate\": \"2025-10-20T20:00+0:00\",\n\t\t\t\t\"endDate\": \"2025-10-20T23:59+0:00\",\n\t\t\t\t\"image\":\"\", \n\t\t\t\t\"description\":\"<p><!-- wp:paragraph {'placeholder':'Add Event Description...','lock':{'move':false,'remove':false}} --><\/p> <p>Neapeljska uglasbitev iz leta 1724, po kateri se je pozneje zgledoval Giovanni Battista Pergolesi<\/p> <p><!-- \/wp:paragraph --><\/p> <p><!-- wp:paragraph {'placeholder':'Add Event Description...','lock':{'move':false,'remove':false}} --><\/p> <p><strong>Ansambel&nbsp;<em>musica cubicularis<\/em><\/strong><br \/>Kathrin Hottiger, sopran<br \/>Alex Potter, kontratenor<br \/>Helena Zemanov\u00e1, Lorenzo Rosato, violini<br \/>Domen Marin\u010di\u010d, violon\u010delo<br \/>Toma\u017e Sev\u0161ek, orgelski pozitiv<\/p> <p><!-- \/wp:paragraph --><\/p> <p><!-- wp:paragraph {'align':'center','backgroundColor':'colibri-color-8','fontSize':'large'} --><\/p> <p class='has-text-align-center has-colibri-color-8-background-color has-background has-large-font-size'><strong><em><a href='https:\/\/www.entrio.si\/event\/alessandro-scarlatti-stabat-mater-harmonia-concertans-27307' data-type='link' data-id='https:\/\/www.entrio.si\/event\/alessandro-scarlatti-stabat-mater-harmonia-concertans-27307'>NAKUP VSTOPNIC<\/a><\/em><\/strong><\/p> <p><!-- \/wp:paragraph --><\/p> \",\"location\":[{\"@type\":\"Place\",\"name\":\"Atrij ZRC\",\"address\":{\"@type\": \"PostalAddress\",\"streetAddress\":\"Novi trg 2\"}}]}<\/script><\/div>\r\n\t\t\t\t<p class=\"desc_trig_outter\" style=\"\"><a data-gmtrig=\"1\" data-exlk=\"0\" style=\"background-color: #bc4c68;\" id=\"evc_17609832005189\" href=\"#\" class=\"desc_trig sin_val evcal_list_a\" data-ux_val=\"1\" data-ux_val_mob=\"-\"  ><span class='evoet_in'><span class='evoet_c2 evoet_cx '><span class='evoet_dayblock evcal_cblock ' data-bgcolor='#bc4c68' data-smon='oktober' data-syr='2025' data-bub=''><span class='evo_start  evofxdrc'><em class='day'>pon<\/em><em class='date'>20<\/em><em class='month'>okt<\/em><em class='time'>20:00<\/em><\/span><\/span><\/span><span class='evoet_c3 evoet_cx evcal_desc hide_eventtopdata '><span class='evoet_title evcal_desc2 evcal_event_title ' itemprop='name'>Alessandro Scarlatti: Stabat mater<\/span><span class='event_location_attrs evodni'  data-location_address=\"Novi trg 2\" data-location_type=\"lonlat\" data-location_name=\"Atrij ZRC\" data-location_url=\"https:\/\/hc.zrc-sazu.si\/?event_location=atrij-zrc\" data-location_status=\"true\" data-locid=\"17\" data-latlng=\"46.04752925365416,14.504789195751432\"><\/span><\/span><\/span><span class='evoet_data' style='display:none' data-d=\"{&quot;loc.n&quot;:&quot;Atrij ZRC&quot;,&quot;orgs&quot;:[],&quot;tags&quot;:[]}\" data-bgc=\"#bc4c68\" data-bggrad=\"\" ><\/span><\/a><\/p><div class='event_description evcal_eventcard ' style=\"display:none\"><div class='evocard_row'><div id='event_eventdetails' class='evocard_box eventdetails' data-c='' \n\t\t\t\t\tstyle=''><div class=\"evo_metarow_details evorow evcal_evdata_row evcal_event_details\">\n    <div class=\"event_excerpt\" style=\"display:none\"><h3 class=\"padb5 evo_h3\">Podrobnosti o dogodku<\/h3><p>Neapeljska uglasbitev iz leta 1724, po kateri se je pozneje zgledoval Giovanni Battista Pergolesi\n\n\nAnsambel&nbsp;musica cubicularisKathrin Hottiger, sopran<\/p><\/div><span class='evcal_evdata_icons'><i class='fa fa-align-justify'><\/i><\/span>    <div class=\"evcal_evdata_cell shorter_desc\">\n        <div class=\"eventon_full_description\">\n            <h3 class=\"padb5 evo_h3\"><span class='evcal_evdata_icons'><i class='fa fa-align-justify'><\/i><\/span>Podrobnosti o dogodku<\/h3>\n            <div class=\"eventon_desc_in\" itemprop=\"description\">\n                <p><!-- wp:paragraph {\"placeholder\":\"Add Event Description...\",\"lock\":{\"move\":false,\"remove\":false}} --><\/p>\n<p>Neapeljska uglasbitev iz leta 1724, po kateri se je pozneje zgledoval Giovanni Battista Pergolesi<\/p>\n<p><!-- \/wp:paragraph --><\/p>\n<p><!-- wp:paragraph {\"placeholder\":\"Add Event Description...\",\"lock\":{\"move\":false,\"remove\":false}} --><\/p>\n<p><strong>Ansambel&nbsp;<em>musica cubicularis<\/em><\/strong><br \/>Kathrin Hottiger, sopran<br \/>Alex Potter, kontratenor<br \/>Helena Zemanov\u00e1, Lorenzo Rosato, violini<br \/>Domen Marin\u010di\u010d, violon\u010delo<br \/>Toma\u017e Sev\u0161ek, orgelski pozitiv<\/p>\n<p><!-- \/wp:paragraph --><\/p>\n<p><!-- wp:paragraph {\"align\":\"center\",\"backgroundColor\":\"colibri-color-8\",\"fontSize\":\"large\"} --><\/p>\n<p class=\"has-text-align-center has-colibri-color-8-background-color has-background has-large-font-size\"><strong><em><a href=\"https:\/\/www.entrio.si\/event\/alessandro-scarlatti-stabat-mater-harmonia-concertans-27307\" data-type=\"link\" data-id=\"https:\/\/www.entrio.si\/event\/alessandro-scarlatti-stabat-mater-harmonia-concertans-27307\">NAKUP VSTOPNIC<\/a><\/em><\/strong><\/p>\n<p><!-- \/wp:paragraph --><\/p>\n            <\/div>\n            <p class='eventon_shad_p' style='padding:5px 0 0; margin:0'><button class='evcal_btn evo_btn_secondary evobtn_details_show_more' content='less' aria-label='VE\u010c' aria-expanded='false'><span class='ev_more_text' data-txt='Skrij'>VE\u010c<\/span><span class='ev_more_arrow ard'><\/span><\/button><\/p><div class='clear'><\/div>        <\/div>\n    <\/div>\n<\/div><\/div><\/div><!-- row close --><div class='evocard_row bx2 bx'><div id='event_time' class='evocard_box time' data-c='' \n\t\t\t\t\tstyle=''><div class='evo_metarow_time evorow evcal_evdata_row evcal_evrow_sm '>\n\t\t<span class='evcal_evdata_icons'><i class='fa fa-clock'><\/i><\/span>\n\t\t<div class='evcal_evdata_cell'>\t\t\t\t\t\t\t\n\t\t\t<h3 class='evo_h3'><span class='evcal_evdata_icons'><i class='fa fa-clock'><\/i><\/span>Ura<\/h3><div><span class='evo_eventcard_time_t evogap5 evofxww'><span class=\"start\">20. oktober, 2025<\/span> <span class=\"stime\">20:00<\/span><\/span><span class='evo_tz marr5'>(GMT+02:00)<\/span><\/div>\n\t\t<\/div>\n\t<\/div><\/div><div id='event_location' class='evocard_box location' data-c='' \n\t\t\t\t\tstyle=''><div class='evcal_evdata_row evo_metarow_time_location evorow '>\n\t\t\n\t\t\t<span class='evcal_evdata_icons'><i class='fa fa-map-marker'><\/i><\/span>\n\t\t\t<div class='evcal_evdata_cell' data-loc_tax_id='17'><h3 class='evo_h3 evodfx'><span class='evcal_evdata_icons'><i class='fa fa-map-marker'><\/i><\/span>Lokacija<\/h3><p class='evo_location_name'>Atrij ZRC<\/p><p class='evo_location_address evodfxi evogap10'>Novi trg 2<\/p><\/div>\n\t\t\n\t<\/div><\/div><\/div><!-- row close --><div class='evocard_row'><div id='event_addtocal' class='evocard_box addtocal' data-c='' \n\t\t\t\t\tstyle=''><div class='evo_metarow_ICS evorow evcal_evdata_row'>\n\t\t\t<span class='evcal_evdata_icons'><i class='fa fa-calendar-o'><\/i><\/span>\n\t\t\t<div class='evcal_evdata_cell'>\n\t\t\t\t<p><a href='https:\/\/hc.zrc-sazu.si\/?export-events=single&event_id=5189&repeat_interval=0&key=2f0f130c16' rel='nofollow' class='evo_ics_nCal' title='Dodaj v svoj koledar'>Koledar<\/a><a href='https:\/\/www.google.com\/calendar\/event?action=TEMPLATE&text=Alessandro%20Scarlatti%3A%20Stabat%20mater&dates=20251020T180000Z\/20251020T215900Z&ctz=Europe%2FLjubljana&details=Alessandro%20Scarlatti%3A%20Stabat%20mater&location=Atrij%20ZRC%20Novi%20trg%202' target='_blank' rel='nofollow' class='evo_ics_gCal' title='Dodaj v Googlov Koledar'>Googlov Koledar<\/a><\/p>\t\n\t\t\t<\/div>\n\t\t<\/div><\/div><\/div><!-- row close --><div class='evocard_row'><div id='event_getdirection' class='evocard_box getdirection' data-c='' \n\t\t\t\t\tstyle=''><div class='evo_metarow_getDr evorow evcal_evdata_row evcal_evrow_sm getdirections'>\n\t\t<form action='https:\/\/maps.google.com\/maps' method='get' target='_blank'>\n\t\t\t<input type='hidden' name='daddr' value=\"46.04752925365416,14.504789195751432\"\/> \n\t\t\t<div class='evo_get_direction_content evo_fx_dr_r evogap10'>\n\t\t\t\t<span class='evogetdir_header evodfx evofxdrr evofxaic evogap10'>\n\t\t\t\t\t<i class='mainicon fa fa-route evofz24i' aria-hidden='true'><\/i> \n\t\t\t\t\t<h3 class='evo_h3 evopad0i' style='padding-bottom:5px;'>Pridobite navodila<\/h3>\n\t\t\t\t<\/span>\n\t\t\t\t<span class='evogetdir_field evodfx evofx_1_1 evow100p'>\t\n\t\t\t\t\t<label for='6a97078a53e61' class='evo_aria_ready sr-only'>Address - Alessandro Scarlatti: Stabat mater []<\/label>\t\t\t\t\n\t\t\t\t\t<input id='6a97078a53e61' class='evo_aria_ready_match evoInput2 evobr10 evow100p evopad10 evoff_2 evofz14i evobrdB1 evoboxbb' type='text' name='saddr' placeholder='Vnesite svoj naslov za navodila' value='' style='' aria-label='Address - Alessandro Scarlatti: Stabat mater []' \/>\n\t\t\t\t<\/span>\n\t\t\t\t<div class='evodfx evofxdrr evofxaic evogap10'>\n\t\t\t\t\t<i class='fa fa-location-dot'><\/i>\n\t\t\t\t\t<div class='evoposr evofx_1 evoh100p'><label for='6a97078a53e61' class='evo_aria_ready sr-only'>Destination Address - Alessandro Scarlatti: Stabat mater []<\/label>\t\t\n\t\t\t\t\t\t<input id='6a97078a53e61' class='evo_aria_ready_match evoInput2 evobr10 evow100p evopad5-10 evoff_2 evofz14i evobrdB1 evoop5 evoboxbb evoh100p' type='text' style='' readonly value='Novi trg 2' aria-label='Destination Address - Alessandro Scarlatti: Stabat mater []'\/><button class='evo_copy_address evobuttonA evocurp evohoop7 evoposa evopad5' style='right: 3px; top: 4px; background-color: #fff;' data-txt='46.04752925365416,14.504789195751432' data-t='Address copied to clipboard!'><i class='far fa-copy evofz16i' title='Copy Destination Address!' aria-label='Copy Destination Address!'><\/i><\/button>\n\t\t\t\t\t<\/div>\n\t\t\t\t\t<button type='submit' class='evo_get_direction_button evcal_btn dfx evofxaic evocurp evohoop7' title='Kliknite tukaj za navodila' aria-label='Kliknite tukaj za navodila' style='padding: 10px 15px !important;'><i class='fa fa-chevron-right'><\/i> <\/button>\n\t\t\t\t<\/div>\n\t\t\t<\/div>\n\t\t<\/form>\n\t<\/div><\/div><\/div><!-- row close --><button class='evo_card_row_end evcal_close' title='Close'><\/button><\/div><div class='clear end'><\/div><\/div><\/div><div class='evcal_month_line' data-d='eml_11_2025' data-su='1761951600'><p>november 2025<\/p><\/div><div class='sep_month_events ' data-d='eml_11_2025' data-range='1761951600_1764543599'><div id=\"event_5262_0\" class=\"eventon_list_event evo_eventtop scheduled past_event event clrD no_et event_5262_0\" data-event_id=\"5262\" data-ri=\"0r\" data-time=\"1764091800-1764111540\" data-colr=\"#bc4c68\" itemscope itemtype='http:\/\/schema.org\/Event'><div class=\"evo_event_schema\" style=\"display:none\" ><a itemprop='url'  href='https:\/\/hc.zrc-sazu.si\/?ajde_events=pesmi-norosti-drugi-koncert-in-okrogla-miza&var=ri-0.l-L2'><\/a><meta itemprop='image'  \/><meta itemprop='startDate' content=\"2025-11-25T18:30+0:00\" \/><meta itemprop='endDate' content=\"2025-11-25T23:59+0:00\" \/><meta itemprop='eventStatus' content=\"https:\/\/schema.org\/EventScheduled\" \/><meta itemprop='eventAttendanceMode'   itemscope itemtype=\"https:\/\/schema.org\/OfflineEventAttendanceMode\"\/><div style=\"display:none\" itemprop=\"location\" itemscope itemtype=\"http:\/\/schema.org\/Place\"><span itemprop=\"name\">Atrij ZRC<\/span><span itemprop=\"address\" itemscope itemtype=\"http:\/\/schema.org\/PostalAddress\"><item itemprop=\"streetAddress\">Novi trg 2<\/item><\/span><\/div><script type=\"application\/ld+json\">{\"@context\": \"http:\/\/schema.org\",\"@type\": \"Event\",\n\t\t\t\t\"@id\": \"event_5262_0\",\n\t\t\t\t\"eventAttendanceMode\":\"https:\/\/schema.org\/OfflineEventAttendanceMode\",\n\t\t\t\t\"eventStatus\":\"https:\/\/schema.org\/EventScheduled\",\n\t\t\t\t\"name\": \"Pesmi norosti\",\n\t\t\t\t\"url\": \"https:\/\/hc.zrc-sazu.si\/?ajde_events=pesmi-norosti-drugi-koncert-in-okrogla-miza&var=ri-0.l-L2\",\n\t\t\t\t\"startDate\": \"2025-11-25T18:30+0:00\",\n\t\t\t\t\"endDate\": \"2025-11-25T23:59+0:00\",\n\t\t\t\t\"image\":\"\", \n\t\t\t\t\"description\":\"<p><!-- wp:paragraph {'placeholder':'Add Event Description...','lock':{'move':false,'remove':false}} --><\/p> <p>Angle\u0161ke pesmi o ljubezni, izgubi, zavisti in norosti, fascinacija nad skrajnimi \u010dustvi in blaznostjo, brisanje meja med odrom in realnostjo<\/p> <p><!-- \/wp:paragraph --><\/p> <p><!-- wp:paragraph {'placeholder':'Add Event Description...','lock':{'move':false,'remove':false}} --><\/p> <p><em>Spored<\/em> <em>koncerta<\/em>: Henry Purcell, John Eccles, John Blow, neznani skladatelji<\/p> <p><!-- \/wp:paragraph --><\/p> <p><!-- wp:paragraph --><\/p> <p>18.30 \u2014 Okrogla miza z Mladenom Dolarjem in Matja\u017eem Luna\u010dkom<br \/>20:00 \u2014 Drugi koncert<\/p> <p><!-- \/wp:paragraph --><\/p> <p><!-- wp:paragraph --><\/p> <p><strong>Ansambel&nbsp;<em>musica cubicularis<\/em><\/strong><br \/>Helena Bregar, sopran<br \/>Sam Chapman, arhilutnja<br \/>Domen Marin\u010di\u010d, viola da gamba<br \/>Toma\u017e Sev\u0161ek, \u010dembalo<\/p> <p><!-- \/wp:paragraph --><\/p> <p><!-- wp:paragraph {'align':'center','backgroundColor':'colibri-color-8','fontSize':'large'} --><\/p> <p class='has-text-align-center has-colibri-color-8-background-color has-background has-large-font-size'><strong><em><a href='https:\/\/www.entrio.si\/event\/pesmi-norosti-drugi-koncert-harmonia-concertans-28061' data-type='link' data-id='https:\/\/www.entrio.si\/event\/pesmi-norosti-prvi-in-drugi-koncert-harmonia-concertans-27310'>NAKUP VSTOPNIC<\/a><\/em><\/strong><\/p> <p><!-- \/wp:paragraph --><\/p> \",\"location\":[{\"@type\":\"Place\",\"name\":\"Atrij ZRC\",\"address\":{\"@type\": \"PostalAddress\",\"streetAddress\":\"Novi trg 2\"}}]}<\/script><\/div>\r\n\t\t\t\t<p class=\"desc_trig_outter\" style=\"\"><a data-gmtrig=\"1\" data-exlk=\"0\" style=\"background-color: #bc4c68;\" id=\"evc_17640918005262\" href=\"#\" class=\"desc_trig sin_val evcal_list_a\" data-ux_val=\"1\" data-ux_val_mob=\"-\"  ><span class='evoet_in'><span class='evoet_c2 evoet_cx '><span class='evoet_dayblock evcal_cblock ' data-bgcolor='#bc4c68' data-smon='november' data-syr='2025' data-bub=''><span class='evo_start  evofxdrc'><em class='day'>tor<\/em><em class='date'>25<\/em><em class='month'>nov<\/em><em class='time'>18:30<\/em><\/span><\/span><\/span><span class='evoet_c3 evoet_cx evcal_desc hide_eventtopdata '><span class='evoet_title evcal_desc2 evcal_event_title ' itemprop='name'>Pesmi norosti<\/span><span class='event_location_attrs evodni'  data-location_address=\"Novi trg 2\" data-location_type=\"lonlat\" data-location_name=\"Atrij ZRC\" data-location_url=\"https:\/\/hc.zrc-sazu.si\/?event_location=atrij-zrc\" data-location_status=\"true\" data-locid=\"17\" data-latlng=\"46.04752925365416,14.504789195751432\"><\/span><span class='evoet_cy evoet_subtitle evo_below_title' ><span class='evcal_event_subtitle ' >Drugi koncert in okrogla miza<\/span><\/span><\/span><\/span><span class='evoet_data' style='display:none' data-d=\"{&quot;loc.n&quot;:&quot;Atrij ZRC&quot;,&quot;orgs&quot;:[],&quot;tags&quot;:[]}\" data-bgc=\"#bc4c68\" data-bggrad=\"\" ><\/span><\/a><\/p><div class='event_description evcal_eventcard ' style=\"display:none\"><div class='evocard_row'><div id='event_eventdetails' class='evocard_box eventdetails' data-c='' \n\t\t\t\t\tstyle=''><div class=\"evo_metarow_details evorow evcal_evdata_row evcal_event_details\">\n    <div class=\"event_excerpt\" style=\"display:none\"><h3 class=\"padb5 evo_h3\">Podrobnosti o dogodku<\/h3><p>Angle\u0161ke pesmi o ljubezni, izgubi, zavisti in norosti, fascinacija nad skrajnimi \u010dustvi in blaznostjo, brisanje meja med odrom in realnostjo<\/p><\/div><span class='evcal_evdata_icons'><i class='fa fa-align-justify'><\/i><\/span>    <div class=\"evcal_evdata_cell shorter_desc\">\n        <div class=\"eventon_full_description\">\n            <h3 class=\"padb5 evo_h3\"><span class='evcal_evdata_icons'><i class='fa fa-align-justify'><\/i><\/span>Podrobnosti o dogodku<\/h3>\n            <div class=\"eventon_desc_in\" itemprop=\"description\">\n                <p><!-- wp:paragraph {\"placeholder\":\"Add Event Description...\",\"lock\":{\"move\":false,\"remove\":false}} --><\/p>\n<p>Angle\u0161ke pesmi o ljubezni, izgubi, zavisti in norosti, fascinacija nad skrajnimi \u010dustvi in blaznostjo, brisanje meja med odrom in realnostjo<\/p>\n<p><!-- \/wp:paragraph --><\/p>\n<p><!-- wp:paragraph {\"placeholder\":\"Add Event Description...\",\"lock\":{\"move\":false,\"remove\":false}} --><\/p>\n<p><em>Spored<\/em> <em>koncerta<\/em>: Henry Purcell, John Eccles, John Blow, neznani skladatelji<\/p>\n<p><!-- \/wp:paragraph --><\/p>\n<p><!-- wp:paragraph --><\/p>\n<p>18.30 \u2014 Okrogla miza z Mladenom Dolarjem in Matja\u017eem Luna\u010dkom<br \/>20:00 \u2014 Drugi koncert<\/p>\n<p><!-- \/wp:paragraph --><\/p>\n<p><!-- wp:paragraph --><\/p>\n<p><strong>Ansambel&nbsp;<em>musica cubicularis<\/em><\/strong><br \/>Helena Bregar, sopran<br \/>Sam Chapman, arhilutnja<br \/>Domen Marin\u010di\u010d, viola da gamba<br \/>Toma\u017e Sev\u0161ek, \u010dembalo<\/p>\n<p><!-- \/wp:paragraph --><\/p>\n<p><!-- wp:paragraph {\"align\":\"center\",\"backgroundColor\":\"colibri-color-8\",\"fontSize\":\"large\"} --><\/p>\n<p class=\"has-text-align-center has-colibri-color-8-background-color has-background has-large-font-size\"><strong><em><a href=\"https:\/\/www.entrio.si\/event\/pesmi-norosti-drugi-koncert-harmonia-concertans-28061\" data-type=\"link\" data-id=\"https:\/\/www.entrio.si\/event\/pesmi-norosti-prvi-in-drugi-koncert-harmonia-concertans-27310\">NAKUP VSTOPNIC<\/a><\/em><\/strong><\/p>\n<p><!-- \/wp:paragraph --><\/p>\n            <\/div>\n            <p class='eventon_shad_p' style='padding:5px 0 0; margin:0'><button class='evcal_btn evo_btn_secondary evobtn_details_show_more' content='less' aria-label='VE\u010c' aria-expanded='false'><span class='ev_more_text' data-txt='Skrij'>VE\u010c<\/span><span class='ev_more_arrow ard'><\/span><\/button><\/p><div class='clear'><\/div>        <\/div>\n    <\/div>\n<\/div><\/div><\/div><!-- row close --><div class='evocard_row bx2 bx'><div id='event_time' class='evocard_box time' data-c='' \n\t\t\t\t\tstyle=''><div class='evo_metarow_time evorow evcal_evdata_row evcal_evrow_sm '>\n\t\t<span class='evcal_evdata_icons'><i class='fa fa-clock'><\/i><\/span>\n\t\t<div class='evcal_evdata_cell'>\t\t\t\t\t\t\t\n\t\t\t<h3 class='evo_h3'><span class='evcal_evdata_icons'><i class='fa fa-clock'><\/i><\/span>Ura<\/h3><div><span class='evo_eventcard_time_t evogap5 evofxww'><span class=\"start\">25. november, 2025<\/span> <span class=\"stime\">18:30<\/span><\/span><span class='evo_tz marr5'>(GMT+01:00)<\/span><\/div>\n\t\t<\/div>\n\t<\/div><\/div><div id='event_location' class='evocard_box location' data-c='' \n\t\t\t\t\tstyle=''><div class='evcal_evdata_row evo_metarow_time_location evorow '>\n\t\t\n\t\t\t<span class='evcal_evdata_icons'><i class='fa fa-map-marker'><\/i><\/span>\n\t\t\t<div class='evcal_evdata_cell' data-loc_tax_id='17'><h3 class='evo_h3 evodfx'><span class='evcal_evdata_icons'><i class='fa fa-map-marker'><\/i><\/span>Lokacija<\/h3><p class='evo_location_name'>Atrij ZRC<\/p><p class='evo_location_address evodfxi evogap10'>Novi trg 2<\/p><\/div>\n\t\t\n\t<\/div><\/div><\/div><!-- row close --><div class='evocard_row'><div id='event_addtocal' class='evocard_box addtocal' data-c='' \n\t\t\t\t\tstyle=''><div class='evo_metarow_ICS evorow evcal_evdata_row'>\n\t\t\t<span class='evcal_evdata_icons'><i class='fa fa-calendar-o'><\/i><\/span>\n\t\t\t<div class='evcal_evdata_cell'>\n\t\t\t\t<p><a href='https:\/\/hc.zrc-sazu.si\/?export-events=single&event_id=5262&repeat_interval=0&key=2f0f130c16' rel='nofollow' class='evo_ics_nCal' title='Dodaj v svoj koledar'>Koledar<\/a><a href='https:\/\/www.google.com\/calendar\/event?action=TEMPLATE&text=Pesmi%20norosti&dates=20251125T173000Z\/20251125T225900Z&ctz=Europe%2FLjubljana&details=Pesmi%20norosti&location=Atrij%20ZRC%20Novi%20trg%202' target='_blank' rel='nofollow' class='evo_ics_gCal' title='Dodaj v Googlov Koledar'>Googlov Koledar<\/a><\/p>\t\n\t\t\t<\/div>\n\t\t<\/div><\/div><\/div><!-- row close --><div class='evocard_row'><div id='event_getdirection' class='evocard_box getdirection' data-c='' \n\t\t\t\t\tstyle=''><div class='evo_metarow_getDr evorow evcal_evdata_row evcal_evrow_sm getdirections'>\n\t\t<form action='https:\/\/maps.google.com\/maps' method='get' target='_blank'>\n\t\t\t<input type='hidden' name='daddr' value=\"46.04752925365416,14.504789195751432\"\/> \n\t\t\t<div class='evo_get_direction_content evo_fx_dr_r evogap10'>\n\t\t\t\t<span class='evogetdir_header evodfx evofxdrr evofxaic evogap10'>\n\t\t\t\t\t<i class='mainicon fa fa-route evofz24i' aria-hidden='true'><\/i> \n\t\t\t\t\t<h3 class='evo_h3 evopad0i' style='padding-bottom:5px;'>Pridobite navodila<\/h3>\n\t\t\t\t<\/span>\n\t\t\t\t<span class='evogetdir_field evodfx evofx_1_1 evow100p'>\t\n\t\t\t\t\t<label for='6a97078a54dc5' class='evo_aria_ready sr-only'>Address - Pesmi norosti []<\/label>\t\t\t\t\n\t\t\t\t\t<input id='6a97078a54dc5' class='evo_aria_ready_match evoInput2 evobr10 evow100p evopad10 evoff_2 evofz14i evobrdB1 evoboxbb' type='text' name='saddr' placeholder='Vnesite svoj naslov za navodila' value='' style='' aria-label='Address - Pesmi norosti []' \/>\n\t\t\t\t<\/span>\n\t\t\t\t<div class='evodfx evofxdrr evofxaic evogap10'>\n\t\t\t\t\t<i class='fa fa-location-dot'><\/i>\n\t\t\t\t\t<div class='evoposr evofx_1 evoh100p'><label for='6a97078a54dc5' class='evo_aria_ready sr-only'>Destination Address - Pesmi norosti []<\/label>\t\t\n\t\t\t\t\t\t<input id='6a97078a54dc5' class='evo_aria_ready_match evoInput2 evobr10 evow100p evopad5-10 evoff_2 evofz14i evobrdB1 evoop5 evoboxbb evoh100p' type='text' style='' readonly value='Novi trg 2' aria-label='Destination Address - Pesmi norosti []'\/><button class='evo_copy_address evobuttonA evocurp evohoop7 evoposa evopad5' style='right: 3px; top: 4px; background-color: #fff;' data-txt='46.04752925365416,14.504789195751432' data-t='Address copied to clipboard!'><i class='far fa-copy evofz16i' title='Copy Destination Address!' aria-label='Copy Destination Address!'><\/i><\/button>\n\t\t\t\t\t<\/div>\n\t\t\t\t\t<button type='submit' class='evo_get_direction_button evcal_btn dfx evofxaic evocurp evohoop7' title='Kliknite tukaj za navodila' aria-label='Kliknite tukaj za navodila' style='padding: 10px 15px !important;'><i class='fa fa-chevron-right'><\/i> <\/button>\n\t\t\t\t<\/div>\n\t\t\t<\/div>\n\t\t<\/form>\n\t<\/div><\/div><\/div><!-- row close --><button class='evo_card_row_end evcal_close' title='Close'><\/button><\/div><div class='clear end'><\/div><\/div><div id=\"event_5190_0\" class=\"eventon_list_event evo_eventtop scheduled past_event event clrD no_et event_5190_0\" data-event_id=\"5190\" data-ri=\"0r\" data-time=\"1764010800-1764025140\" data-colr=\"#bc4c68\" itemscope itemtype='http:\/\/schema.org\/Event'><div class=\"evo_event_schema\" style=\"display:none\" ><a itemprop='url'  href='https:\/\/hc.zrc-sazu.si\/?ajde_events=pesmi-norosti-dvojni-koncert-in-okrogla-miza&var=ri-0.l-L2'><\/a><meta itemprop='image'  \/><meta itemprop='startDate' content=\"2025-11-24T20:00+0:00\" \/><meta itemprop='endDate' content=\"2025-11-24T23:59+0:00\" \/><meta itemprop='eventStatus' content=\"https:\/\/schema.org\/EventScheduled\" \/><meta itemprop='eventAttendanceMode'   itemscope itemtype=\"https:\/\/schema.org\/OfflineEventAttendanceMode\"\/><div style=\"display:none\" itemprop=\"location\" itemscope itemtype=\"http:\/\/schema.org\/Place\"><span itemprop=\"name\">Atrij ZRC<\/span><span itemprop=\"address\" itemscope itemtype=\"http:\/\/schema.org\/PostalAddress\"><item itemprop=\"streetAddress\">Novi trg 2<\/item><\/span><\/div><script type=\"application\/ld+json\">{\"@context\": \"http:\/\/schema.org\",\"@type\": \"Event\",\n\t\t\t\t\"@id\": \"event_5190_0\",\n\t\t\t\t\"eventAttendanceMode\":\"https:\/\/schema.org\/OfflineEventAttendanceMode\",\n\t\t\t\t\"eventStatus\":\"https:\/\/schema.org\/EventScheduled\",\n\t\t\t\t\"name\": \"Pesmi norosti\",\n\t\t\t\t\"url\": \"https:\/\/hc.zrc-sazu.si\/?ajde_events=pesmi-norosti-dvojni-koncert-in-okrogla-miza&var=ri-0.l-L2\",\n\t\t\t\t\"startDate\": \"2025-11-24T20:00+0:00\",\n\t\t\t\t\"endDate\": \"2025-11-24T23:59+0:00\",\n\t\t\t\t\"image\":\"\", \n\t\t\t\t\"description\":\"<p><!-- wp:paragraph {'placeholder':'Add Event Description...','lock':{'move':false,'remove':false}} --><\/p> <p>Angle\u0161ke pesmi o ljubezni, izgubi, zavisti in norosti, fascinacija nad skrajnimi \u010dustvi in blaznostjo<\/p> <p><!-- \/wp:paragraph --><\/p> <p><!-- wp:paragraph {'placeholder':'Add Event Description...','lock':{'move':false,'remove':false}} --><\/p> <p><!-- \/wp:paragraph --><\/p> <p><!-- wp:paragraph {'placeholder':'Add Event Description...','lock':{'move':false,'remove':false}} --><\/p> <p><em>Spored<\/em>: Henry Purcell, John Eccles, John Blow, neznani skladatelji<\/p> <p><!-- \/wp:paragraph --><\/p> <p><!-- wp:paragraph {'placeholder':'Add Event Description...','lock':{'move':false,'remove':false}} --><\/p> <p>Lisandro Abadie, bas<br \/>Monica Pustilnik, arhilutnja<\/p> <p><!-- \/wp:paragraph --><\/p> <p><!-- wp:paragraph {'align':'center','backgroundColor':'colibri-color-8','fontSize':'large'} --><\/p> <p class='has-text-align-center has-colibri-color-8-background-color has-background has-large-font-size'><strong><em><a href='https:\/\/www.entrio.si\/event\/pesmi-norosti-prvi-koncert-harmonia-concertans-27310' data-type='link' data-id='https:\/\/www.entrio.si\/event\/pesmi-norosti-prvi-in-drugi-koncert-harmonia-concertans-27310'>NAKUP VSTOPNIC<\/a><\/em><\/strong><\/p> <p><!-- \/wp:paragraph --><\/p> \",\"location\":[{\"@type\":\"Place\",\"name\":\"Atrij ZRC\",\"address\":{\"@type\": \"PostalAddress\",\"streetAddress\":\"Novi trg 2\"}}]}<\/script><\/div>\r\n\t\t\t\t<p class=\"desc_trig_outter\" style=\"\"><a data-gmtrig=\"1\" data-exlk=\"0\" style=\"background-color: #bc4c68;\" id=\"evc_17640108005190\" href=\"#\" class=\"desc_trig sin_val evcal_list_a\" data-ux_val=\"1\" data-ux_val_mob=\"-\"  ><span class='evoet_in'><span class='evoet_c2 evoet_cx '><span class='evoet_dayblock evcal_cblock ' data-bgcolor='#bc4c68' data-smon='november' data-syr='2025' data-bub=''><span class='evo_start  evofxdrc'><em class='day'>pon<\/em><em class='date'>24<\/em><em class='month'>nov<\/em><em class='time'>20:00<\/em><\/span><\/span><\/span><span class='evoet_c3 evoet_cx evcal_desc hide_eventtopdata '><span class='evoet_title evcal_desc2 evcal_event_title ' itemprop='name'>Pesmi norosti<\/span><span class='event_location_attrs evodni'  data-location_address=\"Novi trg 2\" data-location_type=\"lonlat\" data-location_name=\"Atrij ZRC\" data-location_url=\"https:\/\/hc.zrc-sazu.si\/?event_location=atrij-zrc\" data-location_status=\"true\" data-locid=\"17\" data-latlng=\"46.04752925365416,14.504789195751432\"><\/span><span class='evoet_cy evoet_subtitle evo_below_title' ><span class='evcal_event_subtitle ' >Prvi koncert<\/span><\/span><\/span><\/span><span class='evoet_data' style='display:none' data-d=\"{&quot;loc.n&quot;:&quot;Atrij ZRC&quot;,&quot;orgs&quot;:[],&quot;tags&quot;:[]}\" data-bgc=\"#bc4c68\" data-bggrad=\"\" ><\/span><\/a><\/p><div class='event_description evcal_eventcard ' style=\"display:none\"><div class='evocard_row'><div id='event_eventdetails' class='evocard_box eventdetails' data-c='' \n\t\t\t\t\tstyle=''><div class=\"evo_metarow_details evorow evcal_evdata_row evcal_event_details\">\n    <div class=\"event_excerpt\" style=\"display:none\"><h3 class=\"padb5 evo_h3\">Podrobnosti o dogodku<\/h3><p>Angle\u0161ke pesmi o ljubezni, izgubi, zavisti in norosti, fascinacija nad skrajnimi \u010dustvi in blaznostjo<\/p><\/div><span class='evcal_evdata_icons'><i class='fa fa-align-justify'><\/i><\/span>    <div class=\"evcal_evdata_cell shorter_desc\">\n        <div class=\"eventon_full_description\">\n            <h3 class=\"padb5 evo_h3\"><span class='evcal_evdata_icons'><i class='fa fa-align-justify'><\/i><\/span>Podrobnosti o dogodku<\/h3>\n            <div class=\"eventon_desc_in\" itemprop=\"description\">\n                <p><!-- wp:paragraph {\"placeholder\":\"Add Event Description...\",\"lock\":{\"move\":false,\"remove\":false}} --><\/p>\n<p>Angle\u0161ke pesmi o ljubezni, izgubi, zavisti in norosti, fascinacija nad skrajnimi \u010dustvi in blaznostjo<\/p>\n<p><!-- \/wp:paragraph --><\/p>\n<p><!-- wp:paragraph {\"placeholder\":\"Add Event Description...\",\"lock\":{\"move\":false,\"remove\":false}} --><\/p>\n<p><!-- \/wp:paragraph --><\/p>\n<p><!-- wp:paragraph {\"placeholder\":\"Add Event Description...\",\"lock\":{\"move\":false,\"remove\":false}} --><\/p>\n<p><em>Spored<\/em>: Henry Purcell, John Eccles, John Blow, neznani skladatelji<\/p>\n<p><!-- \/wp:paragraph --><\/p>\n<p><!-- wp:paragraph {\"placeholder\":\"Add Event Description...\",\"lock\":{\"move\":false,\"remove\":false}} --><\/p>\n<p>Lisandro Abadie, bas<br \/>Monica Pustilnik, arhilutnja<\/p>\n<p><!-- \/wp:paragraph --><\/p>\n<p><!-- wp:paragraph {\"align\":\"center\",\"backgroundColor\":\"colibri-color-8\",\"fontSize\":\"large\"} --><\/p>\n<p class=\"has-text-align-center has-colibri-color-8-background-color has-background has-large-font-size\"><strong><em><a href=\"https:\/\/www.entrio.si\/event\/pesmi-norosti-prvi-koncert-harmonia-concertans-27310\" data-type=\"link\" data-id=\"https:\/\/www.entrio.si\/event\/pesmi-norosti-prvi-in-drugi-koncert-harmonia-concertans-27310\">NAKUP VSTOPNIC<\/a><\/em><\/strong><\/p>\n<p><!-- \/wp:paragraph --><\/p>\n            <\/div>\n            <p class='eventon_shad_p' style='padding:5px 0 0; margin:0'><button class='evcal_btn evo_btn_secondary evobtn_details_show_more' content='less' aria-label='VE\u010c' aria-expanded='false'><span class='ev_more_text' data-txt='Skrij'>VE\u010c<\/span><span class='ev_more_arrow ard'><\/span><\/button><\/p><div class='clear'><\/div>        <\/div>\n    <\/div>\n<\/div><\/div><\/div><!-- row close --><div class='evocard_row bx2 bx'><div id='event_time' class='evocard_box time' data-c='' \n\t\t\t\t\tstyle=''><div class='evo_metarow_time evorow evcal_evdata_row evcal_evrow_sm '>\n\t\t<span class='evcal_evdata_icons'><i class='fa fa-clock'><\/i><\/span>\n\t\t<div class='evcal_evdata_cell'>\t\t\t\t\t\t\t\n\t\t\t<h3 class='evo_h3'><span class='evcal_evdata_icons'><i class='fa fa-clock'><\/i><\/span>Ura<\/h3><div><span class='evo_eventcard_time_t evogap5 evofxww'><span class=\"start\">24. november, 2025<\/span> <span class=\"stime\">20:00<\/span><\/span><span class='evo_tz marr5'>(GMT+01:00)<\/span><\/div>\n\t\t<\/div>\n\t<\/div><\/div><div id='event_location' class='evocard_box location' data-c='' \n\t\t\t\t\tstyle=''><div class='evcal_evdata_row evo_metarow_time_location evorow '>\n\t\t\n\t\t\t<span class='evcal_evdata_icons'><i class='fa fa-map-marker'><\/i><\/span>\n\t\t\t<div class='evcal_evdata_cell' data-loc_tax_id='17'><h3 class='evo_h3 evodfx'><span class='evcal_evdata_icons'><i class='fa fa-map-marker'><\/i><\/span>Lokacija<\/h3><p class='evo_location_name'>Atrij ZRC<\/p><p class='evo_location_address evodfxi evogap10'>Novi trg 2<\/p><\/div>\n\t\t\n\t<\/div><\/div><\/div><!-- row close --><div class='evocard_row'><div id='event_addtocal' class='evocard_box addtocal' data-c='' \n\t\t\t\t\tstyle=''><div class='evo_metarow_ICS evorow evcal_evdata_row'>\n\t\t\t<span class='evcal_evdata_icons'><i class='fa fa-calendar-o'><\/i><\/span>\n\t\t\t<div class='evcal_evdata_cell'>\n\t\t\t\t<p><a href='https:\/\/hc.zrc-sazu.si\/?export-events=single&event_id=5190&repeat_interval=0&key=2f0f130c16' rel='nofollow' class='evo_ics_nCal' title='Dodaj v svoj koledar'>Koledar<\/a><a href='https:\/\/www.google.com\/calendar\/event?action=TEMPLATE&text=Pesmi%20norosti&dates=20251124T190000Z\/20251124T225900Z&ctz=Europe%2FLjubljana&details=Pesmi%20norosti&location=Atrij%20ZRC%20Novi%20trg%202' target='_blank' rel='nofollow' class='evo_ics_gCal' title='Dodaj v Googlov Koledar'>Googlov Koledar<\/a><\/p>\t\n\t\t\t<\/div>\n\t\t<\/div><\/div><\/div><!-- row close --><div class='evocard_row'><div id='event_getdirection' class='evocard_box getdirection' data-c='' \n\t\t\t\t\tstyle=''><div class='evo_metarow_getDr evorow evcal_evdata_row evcal_evrow_sm getdirections'>\n\t\t<form action='https:\/\/maps.google.com\/maps' method='get' target='_blank'>\n\t\t\t<input type='hidden' name='daddr' value=\"46.04752925365416,14.504789195751432\"\/> \n\t\t\t<div class='evo_get_direction_content evo_fx_dr_r evogap10'>\n\t\t\t\t<span class='evogetdir_header evodfx evofxdrr evofxaic evogap10'>\n\t\t\t\t\t<i class='mainicon fa fa-route evofz24i' aria-hidden='true'><\/i> \n\t\t\t\t\t<h3 class='evo_h3 evopad0i' style='padding-bottom:5px;'>Pridobite navodila<\/h3>\n\t\t\t\t<\/span>\n\t\t\t\t<span class='evogetdir_field evodfx evofx_1_1 evow100p'>\t\n\t\t\t\t\t<label for='6a97078a55c97' class='evo_aria_ready sr-only'>Address - Pesmi norosti []<\/label>\t\t\t\t\n\t\t\t\t\t<input id='6a97078a55c97' class='evo_aria_ready_match evoInput2 evobr10 evow100p evopad10 evoff_2 evofz14i evobrdB1 evoboxbb' type='text' name='saddr' placeholder='Vnesite svoj naslov za navodila' value='' style='' aria-label='Address - Pesmi norosti []' \/>\n\t\t\t\t<\/span>\n\t\t\t\t<div class='evodfx evofxdrr evofxaic evogap10'>\n\t\t\t\t\t<i class='fa fa-location-dot'><\/i>\n\t\t\t\t\t<div class='evoposr evofx_1 evoh100p'><label for='6a97078a55c97' class='evo_aria_ready sr-only'>Destination Address - Pesmi norosti []<\/label>\t\t\n\t\t\t\t\t\t<input id='6a97078a55c97' class='evo_aria_ready_match evoInput2 evobr10 evow100p evopad5-10 evoff_2 evofz14i evobrdB1 evoop5 evoboxbb evoh100p' type='text' style='' readonly value='Novi trg 2' aria-label='Destination Address - Pesmi norosti []'\/><button class='evo_copy_address evobuttonA evocurp evohoop7 evoposa evopad5' style='right: 3px; top: 4px; background-color: #fff;' data-txt='46.04752925365416,14.504789195751432' data-t='Address copied to clipboard!'><i class='far fa-copy evofz16i' title='Copy Destination Address!' aria-label='Copy Destination Address!'><\/i><\/button>\n\t\t\t\t\t<\/div>\n\t\t\t\t\t<button type='submit' class='evo_get_direction_button evcal_btn dfx evofxaic evocurp evohoop7' title='Kliknite tukaj za navodila' aria-label='Kliknite tukaj za navodila' style='padding: 10px 15px !important;'><i class='fa fa-chevron-right'><\/i> <\/button>\n\t\t\t\t<\/div>\n\t\t\t<\/div>\n\t\t<\/form>\n\t<\/div><\/div><\/div><!-- row close --><button class='evo_card_row_end evcal_close' title='Close'><\/button><\/div><div class='clear end'><\/div><\/div><\/div><div class='evcal_month_line' data-d='eml_3_2026' data-su='1772319600'><p>marec 2026<\/p><\/div><div class='sep_month_events ' data-d='eml_3_2026' data-range='1772319600_1774994399'><div id=\"event_5927_0\" class=\"eventon_list_event evo_eventtop scheduled past_event event clrD event_5927_0\" data-event_id=\"5927\" data-ri=\"0r\" data-time=\"1774893600-1774900800\" data-colr=\"#bc4c68\" itemscope itemtype='http:\/\/schema.org\/Event'><div class=\"evo_event_schema\" style=\"display:none\" ><a itemprop='url'  href='https:\/\/hc.zrc-sazu.si\/?ajde_events=vrhunci-angleske-glasbe-za-ansambel-viol-da-gamba-john-jenkins-in-william-lawes&var=ri-0.l-L2'><\/a><meta itemprop='image'  \/><meta itemprop='startDate' content=\"2026-3-30T20:00+0:00\" \/><meta itemprop='endDate' content=\"2026-3-30T22:00+0:00\" \/><meta itemprop='eventStatus' content=\"https:\/\/schema.org\/EventScheduled\" \/><meta itemprop='eventAttendanceMode'   itemscope itemtype=\"https:\/\/schema.org\/OfflineEventAttendanceMode\"\/><script type=\"application\/ld+json\">{\"@context\": \"http:\/\/schema.org\",\"@type\": \"Event\",\n\t\t\t\t\"@id\": \"event_5927_0\",\n\t\t\t\t\"eventAttendanceMode\":\"https:\/\/schema.org\/OfflineEventAttendanceMode\",\n\t\t\t\t\"eventStatus\":\"https:\/\/schema.org\/EventScheduled\",\n\t\t\t\t\"name\": \"JENKINS IN LAWES\",\n\t\t\t\t\"url\": \"https:\/\/hc.zrc-sazu.si\/?ajde_events=vrhunci-angleske-glasbe-za-ansambel-viol-da-gamba-john-jenkins-in-william-lawes&var=ri-0.l-L2\",\n\t\t\t\t\"startDate\": \"2026-3-30T20:00+0:00\",\n\t\t\t\t\"endDate\": \"2026-3-30T22:00+0:00\",\n\t\t\t\t\"image\":\"\", \n\t\t\t\t\"description\":\"<p><!-- wp:paragraph --><\/p> <p>Vrhunci angle\u0161ke polifonije za ansambel viol da gamba<\/p> <p><!-- \/wp:paragraph --><\/p> <p><!-- wp:paragraph --><\/p> <p>Program: John Jenkins in William Lawes<\/p> <p><!-- \/wp:paragraph --><\/p> <p><!-- wp:paragraph {'placeholder':'Add Event Description...','lock':{'move':false,'remove':false}} --><\/p> <p>Ansambel viol da gamba&nbsp;<em>musica cubicularis<\/em><\/p> <p><!-- \/wp:paragraph --><\/p> <p><!-- wp:paragraph --><\/p> <p>Domen Marin\u010di\u010d, Cristiano Contadin, Christoph Prendl, Christoph Urbanetz, D\u00e1vid Budai<\/p> <p><!-- \/wp:paragraph --><\/p> <p><!-- wp:paragraph {'align':'center','backgroundColor':'colibri-color-8','fontSize':'x-large'} --><\/p> <p class='has-text-align-center has-colibri-color-8-background-color has-background has-x-large-font-size'><strong><a href='https:\/\/www.entrio.si\/event\/harmonia-concertans-stara-glasba-na-novem-trgu-jenkins-in-lawes-30988' data-type='link' data-id='https:\/\/www.entrio.si\/event\/harmonia-concertans-stara-glasba-na-novem-trgu-jenkins-in-lawes-30988'>VSTOPNICE<\/a><\/strong><\/p> <p><!-- \/wp:paragraph --><\/p> <p><!-- wp:paragraph {'placeholder':'Add Event Description...','lock':{'move':false,'remove':false}} --><\/p> <p><!-- \/wp:paragraph --><\/p> \"}<\/script><\/div>\r\n\t\t\t\t<p class=\"desc_trig_outter\" style=\"\"><a data-gmap_status=\"null\" data-exlk=\"0\" style=\"background-color: #bc4c68;\" id=\"evc_17748936005927\" href=\"#\" class=\"desc_trig sin_val evcal_list_a\" data-ux_val=\"1\" data-ux_val_mob=\"-\"  ><span class='evoet_in'><span class='evoet_c2 evoet_cx '><span class='evoet_dayblock evcal_cblock ' data-bgcolor='#bc4c68' data-smon='marec' data-syr='2026' data-bub=''><span class='evo_start  evofxdrc'><em class='day'>pon<\/em><em class='date'>30<\/em><em class='month'>mar<\/em><em class='time'>20:00<\/em><\/span><\/span><\/span><span class='evoet_c3 evoet_cx evcal_desc hide_eventtopdata '><span class='evoet_title evcal_desc2 evcal_event_title ' itemprop='name'>JENKINS IN LAWES<\/span><\/span><\/span><span class='evoet_data' style='display:none' data-d=\"{&quot;loc.n&quot;:&quot;&quot;,&quot;orgs&quot;:[],&quot;tags&quot;:[]}\" data-bgc=\"#bc4c68\" data-bggrad=\"\" ><\/span><\/a><\/p><div class='event_description evcal_eventcard ' style=\"display:none\"><div class='evocard_row'><div id='event_eventdetails' class='evocard_box eventdetails' data-c='' \n\t\t\t\t\tstyle=''><div class=\"evo_metarow_details evorow evcal_evdata_row evcal_event_details\">\n    <div class=\"event_excerpt\" style=\"display:none\"><h3 class=\"padb5 evo_h3\">Podrobnosti o dogodku<\/h3><p>Vrhunci angle\u0161ke polifonije za ansambel viol da gamba\n\n\nProgram: John Jenkins in William Lawes\n\n\nAnsambel viol da gamba&nbsp;musica cubicularis<\/p><\/div><span class='evcal_evdata_icons'><i class='fa fa-align-justify'><\/i><\/span>    <div class=\"evcal_evdata_cell shorter_desc\">\n        <div class=\"eventon_full_description\">\n            <h3 class=\"padb5 evo_h3\"><span class='evcal_evdata_icons'><i class='fa fa-align-justify'><\/i><\/span>Podrobnosti o dogodku<\/h3>\n            <div class=\"eventon_desc_in\" itemprop=\"description\">\n                <p><!-- wp:paragraph --><\/p>\n<p>Vrhunci angle\u0161ke polifonije za ansambel viol da gamba<\/p>\n<p><!-- \/wp:paragraph --><\/p>\n<p><!-- wp:paragraph --><\/p>\n<p>Program: John Jenkins in William Lawes<\/p>\n<p><!-- \/wp:paragraph --><\/p>\n<p><!-- wp:paragraph {\"placeholder\":\"Add Event Description...\",\"lock\":{\"move\":false,\"remove\":false}} --><\/p>\n<p>Ansambel viol da gamba&nbsp;<em>musica cubicularis<\/em><\/p>\n<p><!-- \/wp:paragraph --><\/p>\n<p><!-- wp:paragraph --><\/p>\n<p>Domen Marin\u010di\u010d, Cristiano Contadin, Christoph Prendl, Christoph Urbanetz, D\u00e1vid Budai<\/p>\n<p><!-- \/wp:paragraph --><\/p>\n<p><!-- wp:paragraph {\"align\":\"center\",\"backgroundColor\":\"colibri-color-8\",\"fontSize\":\"x-large\"} --><\/p>\n<p class=\"has-text-align-center has-colibri-color-8-background-color has-background has-x-large-font-size\"><strong><a href=\"https:\/\/www.entrio.si\/event\/harmonia-concertans-stara-glasba-na-novem-trgu-jenkins-in-lawes-30988\" data-type=\"link\" data-id=\"https:\/\/www.entrio.si\/event\/harmonia-concertans-stara-glasba-na-novem-trgu-jenkins-in-lawes-30988\">VSTOPNICE<\/a><\/strong><\/p>\n<p><!-- \/wp:paragraph --><\/p>\n<p><!-- wp:paragraph {\"placeholder\":\"Add Event Description...\",\"lock\":{\"move\":false,\"remove\":false}} --><\/p>\n<p><!-- \/wp:paragraph --><\/p>\n            <\/div>\n            <p class='eventon_shad_p' style='padding:5px 0 0; margin:0'><button class='evcal_btn evo_btn_secondary evobtn_details_show_more' content='less' aria-label='VE\u010c' aria-expanded='false'><span class='ev_more_text' data-txt='Skrij'>VE\u010c<\/span><span class='ev_more_arrow ard'><\/span><\/button><\/p><div class='clear'><\/div>        <\/div>\n    <\/div>\n<\/div><\/div><\/div><!-- row close --><div class='evocard_row'><div id='event_time' class='evocard_box time' data-c='' \n\t\t\t\t\tstyle=''><div class='evo_metarow_time evorow evcal_evdata_row evcal_evrow_sm '>\n\t\t<span class='evcal_evdata_icons'><i class='fa fa-clock'><\/i><\/span>\n\t\t<div class='evcal_evdata_cell'>\t\t\t\t\t\t\t\n\t\t\t<h3 class='evo_h3'><span class='evcal_evdata_icons'><i class='fa fa-clock'><\/i><\/span>Ura<\/h3><div><span class='evo_eventcard_time_t evogap5 evofxww'><span class=\"start\">30. marec, 2026<\/span> <span class=\"stime\">20:00<\/span><\/span><span class='evo_tz marr5'>(GMT+02:00)<\/span><\/div>\n\t\t<\/div>\n\t<\/div><\/div><\/div><!-- row close --><div class='evocard_row'><div id='event_addtocal' class='evocard_box addtocal' data-c='' \n\t\t\t\t\tstyle=''><div class='evo_metarow_ICS evorow evcal_evdata_row'>\n\t\t\t<span class='evcal_evdata_icons'><i class='fa fa-calendar-o'><\/i><\/span>\n\t\t\t<div class='evcal_evdata_cell'>\n\t\t\t\t<p><a href='https:\/\/hc.zrc-sazu.si\/?export-events=single&event_id=5927&repeat_interval=0&key=2f0f130c16' rel='nofollow' class='evo_ics_nCal' title='Dodaj v svoj koledar'>Koledar<\/a><a href='https:\/\/www.google.com\/calendar\/event?action=TEMPLATE&text=JENKINS%20IN%20LAWES&dates=20260330T180000Z\/20260330T200000Z&ctz=Europe%2FLjubljana&details=JENKINS%20IN%20LAWES&location=' target='_blank' rel='nofollow' class='evo_ics_gCal' title='Dodaj v Googlov Koledar'>Googlov Koledar<\/a><\/p>\t\n\t\t\t<\/div>\n\t\t<\/div><\/div><\/div><!-- row close --><button class='evo_card_row_end evcal_close' title='Close'><\/button><\/div><div class='clear end'><\/div><\/div><\/div><div class='evcal_month_line' data-d='eml_4_2026' data-su='1774994400'><p>april 2026<\/p><\/div><div class='sep_month_events ' data-d='eml_4_2026' data-range='1774994400_1777586399'><div id=\"event_5930_0\" class=\"eventon_list_event evo_eventtop scheduled past_event event clrD event_5930_0\" data-event_id=\"5930\" data-ri=\"0r\" data-time=\"1776708000-1776715200\" data-colr=\"#bc4c68\" itemscope itemtype='http:\/\/schema.org\/Event'><div class=\"evo_event_schema\" style=\"display:none\" ><a itemprop='url'  href='https:\/\/hc.zrc-sazu.si\/?ajde_events=couperin-in-batistin&var=ri-0.l-L2'><\/a><meta itemprop='image'  \/><meta itemprop='startDate' content=\"2026-4-20T20:00+0:00\" \/><meta itemprop='endDate' content=\"2026-4-20T22:00+0:00\" \/><meta itemprop='eventStatus' content=\"https:\/\/schema.org\/EventScheduled\" \/><meta itemprop='eventAttendanceMode'   itemscope itemtype=\"https:\/\/schema.org\/OfflineEventAttendanceMode\"\/><script type=\"application\/ld+json\">{\"@context\": \"http:\/\/schema.org\",\"@type\": \"Event\",\n\t\t\t\t\"@id\": \"event_5930_0\",\n\t\t\t\t\"eventAttendanceMode\":\"https:\/\/schema.org\/OfflineEventAttendanceMode\",\n\t\t\t\t\"eventStatus\":\"https:\/\/schema.org\/EventScheduled\",\n\t\t\t\t\"name\": \"COUPERIN IN BATISTIN\",\n\t\t\t\t\"url\": \"https:\/\/hc.zrc-sazu.si\/?ajde_events=couperin-in-batistin&var=ri-0.l-L2\",\n\t\t\t\t\"startDate\": \"2026-4-20T20:00+0:00\",\n\t\t\t\t\"endDate\": \"2026-4-20T22:00+0:00\",\n\t\t\t\t\"image\":\"\", \n\t\t\t\t\"description\":\"<p><!-- wp:paragraph {'placeholder':'Add Event Description...','lock':{'move':false,'remove':false}} --><\/p> <p>Kantati o ljubezni in hrepenenju in ples za dva violinista<strong><\/strong><\/p> <p><!-- \/wp:paragraph --><\/p> <p><!-- wp:paragraph --><\/p> <p><strong>Spored: Fran\u00e7ois Couperin, <\/strong><strong>Jean-Baptiste Stuck (Batistin), Michel Pignolet de Mont\u00e9clair, Michel-Richard de Lalande<\/strong><strong><\/strong><\/p> <p><!-- \/wp:paragraph --><\/p> <p><!-- wp:paragraph --><\/p> <p>Ansambel <em>musica cubicularis<\/em><\/p> <p><!-- \/wp:paragraph --><\/p> <p><!-- wp:paragraph --><\/p> <p>Helena Bregar, sopran<\/p> <p><!-- \/wp:paragraph --><\/p> <p><!-- wp:paragraph --><\/p> <p>Mojca Gal, violina, ples<\/p> <p><!-- \/wp:paragraph --><\/p> <p><!-- wp:paragraph --><\/p> <p>Yves Ytier, violina, ples<\/p> <p><!-- \/wp:paragraph --><\/p> <p><!-- wp:paragraph --><\/p> <p>Domen Marin\u010di\u010d, viola da gamba<\/p> <p><!-- \/wp:paragraph --><\/p> <p><!-- wp:paragraph {'placeholder':'Add Event Description...','lock':{'move':false,'remove':false}} --><\/p> <p>Toma\u017e Sev\u0161ek, \u010dembalo<\/p> <p><!-- \/wp:paragraph --><\/p> <p><!-- wp:paragraph {'align':'center','backgroundColor':'colibri-color-8','fontSize':'x-large'} --><\/p> <p class='has-text-align-center has-colibri-color-8-background-color has-background has-x-large-font-size'><strong><a href='https:\/\/www.entrio.si\/event\/harmonia-concertans-stara-glasba-na-novem-trgu-couperin-in-batistin-30989' data-type='link' data-id='https:\/\/www.entrio.si\/event\/harmonia-concertans-stara-glasba-na-novem-trgu-couperin-in-batistin-30989'>VSTOPNICE<\/a><\/strong><\/p> <p><!-- \/wp:paragraph --><\/p> \"}<\/script><\/div>\r\n\t\t\t\t<p class=\"desc_trig_outter\" style=\"\"><a data-gmap_status=\"null\" data-exlk=\"0\" style=\"background-color: #bc4c68;\" id=\"evc_17767080005930\" href=\"#\" class=\"desc_trig sin_val evcal_list_a\" data-ux_val=\"1\" data-ux_val_mob=\"-\"  ><span class='evoet_in'><span class='evoet_c2 evoet_cx '><span class='evoet_dayblock evcal_cblock ' data-bgcolor='#bc4c68' data-smon='april' data-syr='2026' data-bub=''><span class='evo_start  evofxdrc'><em class='day'>pon<\/em><em class='date'>20<\/em><em class='month'>apr<\/em><em class='time'>20:00<\/em><\/span><\/span><\/span><span class='evoet_c3 evoet_cx evcal_desc hide_eventtopdata '><span class='evoet_title evcal_desc2 evcal_event_title ' itemprop='name'>COUPERIN IN BATISTIN<\/span><\/span><\/span><span class='evoet_data' style='display:none' data-d=\"{&quot;loc.n&quot;:&quot;&quot;,&quot;orgs&quot;:[],&quot;tags&quot;:[]}\" data-bgc=\"#bc4c68\" data-bggrad=\"\" ><\/span><\/a><\/p><div class='event_description evcal_eventcard ' style=\"display:none\"><div class='evocard_row'><div id='event_eventdetails' class='evocard_box eventdetails' data-c='' \n\t\t\t\t\tstyle=''><div class=\"evo_metarow_details evorow evcal_evdata_row evcal_event_details\">\n    <div class=\"event_excerpt\" style=\"display:none\"><h3 class=\"padb5 evo_h3\">Podrobnosti o dogodku<\/h3><p>Kantati o ljubezni in hrepenenju in ples za dva violinista\n\n\nSpored: Fran\u00e7ois Couperin, Jean-Baptiste Stuck (Batistin), Michel Pignolet de Mont\u00e9clair, Michel-Richard de<\/p><\/div><span class='evcal_evdata_icons'><i class='fa fa-align-justify'><\/i><\/span>    <div class=\"evcal_evdata_cell shorter_desc\">\n        <div class=\"eventon_full_description\">\n            <h3 class=\"padb5 evo_h3\"><span class='evcal_evdata_icons'><i class='fa fa-align-justify'><\/i><\/span>Podrobnosti o dogodku<\/h3>\n            <div class=\"eventon_desc_in\" itemprop=\"description\">\n                <p><!-- wp:paragraph {\"placeholder\":\"Add Event Description...\",\"lock\":{\"move\":false,\"remove\":false}} --><\/p>\n<p>Kantati o ljubezni in hrepenenju in ples za dva violinista<strong><\/strong><\/p>\n<p><!-- \/wp:paragraph --><\/p>\n<p><!-- wp:paragraph --><\/p>\n<p><strong>Spored: Fran\u00e7ois Couperin, <\/strong><strong>Jean-Baptiste Stuck (Batistin), Michel Pignolet de Mont\u00e9clair, Michel-Richard de Lalande<\/strong><strong><\/strong><\/p>\n<p><!-- \/wp:paragraph --><\/p>\n<p><!-- wp:paragraph --><\/p>\n<p>Ansambel <em>musica cubicularis<\/em><\/p>\n<p><!-- \/wp:paragraph --><\/p>\n<p><!-- wp:paragraph --><\/p>\n<p>Helena Bregar, sopran<\/p>\n<p><!-- \/wp:paragraph --><\/p>\n<p><!-- wp:paragraph --><\/p>\n<p>Mojca Gal, violina, ples<\/p>\n<p><!-- \/wp:paragraph --><\/p>\n<p><!-- wp:paragraph --><\/p>\n<p>Yves Ytier, violina, ples<\/p>\n<p><!-- \/wp:paragraph --><\/p>\n<p><!-- wp:paragraph --><\/p>\n<p>Domen Marin\u010di\u010d, viola da gamba<\/p>\n<p><!-- \/wp:paragraph --><\/p>\n<p><!-- wp:paragraph {\"placeholder\":\"Add Event Description...\",\"lock\":{\"move\":false,\"remove\":false}} --><\/p>\n<p>Toma\u017e Sev\u0161ek, \u010dembalo<\/p>\n<p><!-- \/wp:paragraph --><\/p>\n<p><!-- wp:paragraph {\"align\":\"center\",\"backgroundColor\":\"colibri-color-8\",\"fontSize\":\"x-large\"} --><\/p>\n<p class=\"has-text-align-center has-colibri-color-8-background-color has-background has-x-large-font-size\"><strong><a href=\"https:\/\/www.entrio.si\/event\/harmonia-concertans-stara-glasba-na-novem-trgu-couperin-in-batistin-30989\" data-type=\"link\" data-id=\"https:\/\/www.entrio.si\/event\/harmonia-concertans-stara-glasba-na-novem-trgu-couperin-in-batistin-30989\">VSTOPNICE<\/a><\/strong><\/p>\n<p><!-- \/wp:paragraph --><\/p>\n            <\/div>\n            <p class='eventon_shad_p' style='padding:5px 0 0; margin:0'><button class='evcal_btn evo_btn_secondary evobtn_details_show_more' content='less' aria-label='VE\u010c' aria-expanded='false'><span class='ev_more_text' data-txt='Skrij'>VE\u010c<\/span><span class='ev_more_arrow ard'><\/span><\/button><\/p><div class='clear'><\/div>        <\/div>\n    <\/div>\n<\/div><\/div><\/div><!-- row close --><div class='evocard_row'><div id='event_time' class='evocard_box time' data-c='' \n\t\t\t\t\tstyle=''><div class='evo_metarow_time evorow evcal_evdata_row evcal_evrow_sm '>\n\t\t<span class='evcal_evdata_icons'><i class='fa fa-clock'><\/i><\/span>\n\t\t<div class='evcal_evdata_cell'>\t\t\t\t\t\t\t\n\t\t\t<h3 class='evo_h3'><span class='evcal_evdata_icons'><i class='fa fa-clock'><\/i><\/span>Ura<\/h3><div><span class='evo_eventcard_time_t evogap5 evofxww'><span class=\"start\">20. april, 2026<\/span> <span class=\"stime\">20:00<\/span><\/span><span class='evo_tz marr5'>(GMT+02:00)<\/span><\/div>\n\t\t<\/div>\n\t<\/div><\/div><\/div><!-- row close --><div class='evocard_row'><div id='event_addtocal' class='evocard_box addtocal' data-c='' \n\t\t\t\t\tstyle=''><div class='evo_metarow_ICS evorow evcal_evdata_row'>\n\t\t\t<span class='evcal_evdata_icons'><i class='fa fa-calendar-o'><\/i><\/span>\n\t\t\t<div class='evcal_evdata_cell'>\n\t\t\t\t<p><a href='https:\/\/hc.zrc-sazu.si\/?export-events=single&event_id=5930&repeat_interval=0&key=2f0f130c16' rel='nofollow' class='evo_ics_nCal' title='Dodaj v svoj koledar'>Koledar<\/a><a href='https:\/\/www.google.com\/calendar\/event?action=TEMPLATE&text=COUPERIN%20IN%20BATISTIN&dates=20260420T180000Z\/20260420T200000Z&ctz=Europe%2FLjubljana&details=COUPERIN%20IN%20BATISTIN&location=' target='_blank' rel='nofollow' class='evo_ics_gCal' title='Dodaj v Googlov Koledar'>Googlov Koledar<\/a><\/p>\t\n\t\t\t<\/div>\n\t\t<\/div><\/div><\/div><!-- row close --><button class='evo_card_row_end evcal_close' title='Close'><\/button><\/div><div class='clear end'><\/div><\/div><\/div><div class='evcal_month_line' data-d='eml_6_2026' data-su='1780264800'><p>junij 2026<\/p><\/div><div class='sep_month_events ' data-d='eml_6_2026' data-range='1780264800_1782856799'><div id=\"event_5931_0\" class=\"eventon_list_event evo_eventtop scheduled past_event event clrD event_5931_0\" data-event_id=\"5931\" data-ri=\"0r\" data-time=\"1780423200-1780430400\" data-colr=\"#bc4c68\" itemscope itemtype='http:\/\/schema.org\/Event'><div class=\"evo_event_schema\" style=\"display:none\" ><a itemprop='url'  href='https:\/\/hc.zrc-sazu.si\/?ajde_events=paisiello-v-ljubljani&var=ri-0.l-L2'><\/a><meta itemprop='image'  \/><meta itemprop='startDate' content=\"2026-6-2T20:00+0:00\" \/><meta itemprop='endDate' content=\"2026-6-2T22:00+0:00\" \/><meta itemprop='eventStatus' content=\"https:\/\/schema.org\/EventScheduled\" \/><meta itemprop='eventAttendanceMode'   itemscope itemtype=\"https:\/\/schema.org\/OfflineEventAttendanceMode\"\/><script type=\"application\/ld+json\">{\"@context\": \"http:\/\/schema.org\",\"@type\": \"Event\",\n\t\t\t\t\"@id\": \"event_5931_0\",\n\t\t\t\t\"eventAttendanceMode\":\"https:\/\/schema.org\/OfflineEventAttendanceMode\",\n\t\t\t\t\"eventStatus\":\"https:\/\/schema.org\/EventScheduled\",\n\t\t\t\t\"name\": \"PAISIELLO V LJUBLJANI\",\n\t\t\t\t\"url\": \"https:\/\/hc.zrc-sazu.si\/?ajde_events=paisiello-v-ljubljani&var=ri-0.l-L2\",\n\t\t\t\t\"startDate\": \"2026-6-2T20:00+0:00\",\n\t\t\t\t\"endDate\": \"2026-6-2T22:00+0:00\",\n\t\t\t\t\"image\":\"\", \n\t\t\t\t\"description\":\"<p><!-- wp:paragraph {'placeholder':'Add Event Description...','lock':{'move':false,'remove':false}} --><\/p> <p>Operne arije, ki so jih poslu\u0161ali Linhart, Japelj in Zois<\/p> <p><!-- \/wp:paragraph --><\/p> <p><!-- wp:paragraph --><\/p> <p><strong>Spored: Giovanni Paisiello, Vincente Mart\u00edn y Soler, Josephine Auernhammer, Francesco Pollini<\/strong><\/p> <p><!-- \/wp:paragraph --><\/p> <p><!-- wp:paragraph {'placeholder':'Add Event Description...','lock':{'move':false,'remove':false}} --><\/p> <p>Edoardo Torbianelli, zgodovinski klavir<\/p> <p><!-- \/wp:paragraph --><\/p> <p><!-- wp:paragraph {'align':'center','backgroundColor':'colibri-color-8','fontSize':'x-large'} --><\/p> <p class='has-text-align-center has-colibri-color-8-background-color has-background has-x-large-font-size'><strong><a href='https:\/\/www.entrio.si\/event\/harmonia-concertansstara-glasba-na-novem-trgu-paisiello-v-ljubljani-31159' data-type='link' data-id='https:\/\/www.entrio.si\/event\/harmonia-concertansstara-glasba-na-novem-trgu-paisiello-v-ljubljani-31159'>VSTOPNICE<\/a><\/strong><\/p> <p><!-- \/wp:paragraph --><\/p> <p><!-- wp:paragraph --><\/p> <p>Bastien Rimondi, tenor<\/p> <p><!-- \/wp:paragraph --><\/p> \"}<\/script><\/div>\r\n\t\t\t\t<p class=\"desc_trig_outter\" style=\"\"><a data-gmap_status=\"null\" data-exlk=\"0\" style=\"background-color: #bc4c68;\" id=\"evc_17804232005931\" href=\"#\" class=\"desc_trig sin_val evcal_list_a\" data-ux_val=\"1\" data-ux_val_mob=\"-\"  ><span class='evoet_in'><span class='evoet_c2 evoet_cx '><span class='evoet_dayblock evcal_cblock ' data-bgcolor='#bc4c68' data-smon='junij' data-syr='2026' data-bub=''><span class='evo_start  evofxdrc'><em class='day'>tor<\/em><em class='date'>02<\/em><em class='month'>jun<\/em><em class='time'>20:00<\/em><\/span><\/span><\/span><span class='evoet_c3 evoet_cx evcal_desc hide_eventtopdata '><span class='evoet_title evcal_desc2 evcal_event_title ' itemprop='name'>PAISIELLO V LJUBLJANI<\/span><\/span><\/span><span class='evoet_data' style='display:none' data-d=\"{&quot;loc.n&quot;:&quot;&quot;,&quot;orgs&quot;:[],&quot;tags&quot;:[]}\" data-bgc=\"#bc4c68\" data-bggrad=\"\" ><\/span><\/a><\/p><div class='event_description evcal_eventcard ' style=\"display:none\"><div class='evocard_row'><div id='event_eventdetails' class='evocard_box eventdetails' data-c='' \n\t\t\t\t\tstyle=''><div class=\"evo_metarow_details evorow evcal_evdata_row evcal_event_details\">\n    <div class=\"event_excerpt\" style=\"display:none\"><h3 class=\"padb5 evo_h3\">Podrobnosti o dogodku<\/h3><p>Operne arije, ki so jih poslu\u0161ali Linhart, Japelj in Zois\n\n\nSpored: Giovanni Paisiello, Vincente Mart\u00edn y Soler, Josephine Auernhammer, Francesco Pollini<\/p><\/div><span class='evcal_evdata_icons'><i class='fa fa-align-justify'><\/i><\/span>    <div class=\"evcal_evdata_cell shorter_desc\">\n        <div class=\"eventon_full_description\">\n            <h3 class=\"padb5 evo_h3\"><span class='evcal_evdata_icons'><i class='fa fa-align-justify'><\/i><\/span>Podrobnosti o dogodku<\/h3>\n            <div class=\"eventon_desc_in\" itemprop=\"description\">\n                <p><!-- wp:paragraph {\"placeholder\":\"Add Event Description...\",\"lock\":{\"move\":false,\"remove\":false}} --><\/p>\n<p>Operne arije, ki so jih poslu\u0161ali Linhart, Japelj in Zois<\/p>\n<p><!-- \/wp:paragraph --><\/p>\n<p><!-- wp:paragraph --><\/p>\n<p><strong>Spored: Giovanni Paisiello, Vincente Mart\u00edn y Soler, Josephine Auernhammer, Francesco Pollini<\/strong><\/p>\n<p><!-- \/wp:paragraph --><\/p>\n<p><!-- wp:paragraph {\"placeholder\":\"Add Event Description...\",\"lock\":{\"move\":false,\"remove\":false}} --><\/p>\n<p>Edoardo Torbianelli, zgodovinski klavir<\/p>\n<p><!-- \/wp:paragraph --><\/p>\n<p><!-- wp:paragraph {\"align\":\"center\",\"backgroundColor\":\"colibri-color-8\",\"fontSize\":\"x-large\"} --><\/p>\n<p class=\"has-text-align-center has-colibri-color-8-background-color has-background has-x-large-font-size\"><strong><a href=\"https:\/\/www.entrio.si\/event\/harmonia-concertansstara-glasba-na-novem-trgu-paisiello-v-ljubljani-31159\" data-type=\"link\" data-id=\"https:\/\/www.entrio.si\/event\/harmonia-concertansstara-glasba-na-novem-trgu-paisiello-v-ljubljani-31159\">VSTOPNICE<\/a><\/strong><\/p>\n<p><!-- \/wp:paragraph --><\/p>\n<p><!-- wp:paragraph --><\/p>\n<p>Bastien Rimondi, tenor<\/p>\n<p><!-- \/wp:paragraph --><\/p>\n            <\/div>\n            <p class='eventon_shad_p' style='padding:5px 0 0; margin:0'><button class='evcal_btn evo_btn_secondary evobtn_details_show_more' content='less' aria-label='VE\u010c' aria-expanded='false'><span class='ev_more_text' data-txt='Skrij'>VE\u010c<\/span><span class='ev_more_arrow ard'><\/span><\/button><\/p><div class='clear'><\/div>        <\/div>\n    <\/div>\n<\/div><\/div><\/div><!-- row close --><div class='evocard_row'><div id='event_time' class='evocard_box time' data-c='' \n\t\t\t\t\tstyle=''><div class='evo_metarow_time evorow evcal_evdata_row evcal_evrow_sm '>\n\t\t<span class='evcal_evdata_icons'><i class='fa fa-clock'><\/i><\/span>\n\t\t<div class='evcal_evdata_cell'>\t\t\t\t\t\t\t\n\t\t\t<h3 class='evo_h3'><span class='evcal_evdata_icons'><i class='fa fa-clock'><\/i><\/span>Ura<\/h3><div><span class='evo_eventcard_time_t evogap5 evofxww'><span class=\"start\">2. junij, 2026<\/span> <span class=\"stime\">20:00<\/span><\/span><span class='evo_tz marr5'>(GMT+02:00)<\/span><\/div>\n\t\t<\/div>\n\t<\/div><\/div><\/div><!-- row close --><div class='evocard_row'><div id='event_addtocal' class='evocard_box addtocal' data-c='' \n\t\t\t\t\tstyle=''><div class='evo_metarow_ICS evorow evcal_evdata_row'>\n\t\t\t<span class='evcal_evdata_icons'><i class='fa fa-calendar-o'><\/i><\/span>\n\t\t\t<div class='evcal_evdata_cell'>\n\t\t\t\t<p><a href='https:\/\/hc.zrc-sazu.si\/?export-events=single&event_id=5931&repeat_interval=0&key=2f0f130c16' rel='nofollow' class='evo_ics_nCal' title='Dodaj v svoj koledar'>Koledar<\/a><a href='https:\/\/www.google.com\/calendar\/event?action=TEMPLATE&text=PAISIELLO%20V%20LJUBLJANI&dates=20260602T180000Z\/20260602T200000Z&ctz=Europe%2FLjubljana&details=PAISIELLO%20V%20LJUBLJANI&location=' target='_blank' rel='nofollow' class='evo_ics_gCal' title='Dodaj v Googlov Koledar'>Googlov Koledar<\/a><\/p>\t\n\t\t\t<\/div>\n\t\t<\/div><\/div><\/div><!-- row close --><button class='evo_card_row_end evcal_close' title='Close'><\/button><\/div><div class='clear end'><\/div><\/div><\/div>\t\t\t<\/div>\r\n\t\t\t<\/div><!-- evo_events_list_box -->\t\r\n\t\t\t<div class='clear'><\/div>\r\n\t\t\t\t\t \t<div id='evcal_footer' class='evo_bottom' style='display:none'>\r\n\t\t \t\t<div class='evo_cal_data' data-sc=\"{&quot;accord&quot;:&quot;yes&quot;,&quot;bottom_nav&quot;:&quot;no&quot;,&quot;cal_id&quot;:&quot;&quot;,&quot;cal_init_nonajax&quot;:&quot;no&quot;,&quot;calendar_type&quot;:&quot;list&quot;,&quot;ep_fields&quot;:&quot;&quot;,&quot;etc_override&quot;:&quot;no&quot;,&quot;evc_open&quot;:&quot;no&quot;,&quot;event_count&quot;:&quot;300&quot;,&quot;event_location&quot;:&quot;all&quot;,&quot;event_order&quot;:&quot;DESC&quot;,&quot;event_organizer&quot;:&quot;all&quot;,&quot;event_parts&quot;:&quot;no&quot;,&quot;event_past_future&quot;:&quot;past&quot;,&quot;event_status&quot;:&quot;all&quot;,&quot;event_tag&quot;:&quot;all&quot;,&quot;event_type&quot;:&quot;all&quot;,&quot;event_type_2&quot;:&quot;all&quot;,&quot;event_virtual&quot;:&quot;all&quot;,&quot;eventtop_date_style&quot;:0,&quot;eventtop_style&quot;:&quot;2&quot;,&quot;exp_jumper&quot;:&quot;no&quot;,&quot;exp_so&quot;:&quot;no&quot;,&quot;filter_relationship&quot;:&quot;AND&quot;,&quot;filter_show_set_only&quot;:&quot;no&quot;,&quot;filter_style&quot;:&quot;default&quot;,&quot;filter_type&quot;:&quot;default&quot;,&quot;filters&quot;:&quot;yes&quot;,&quot;fixed_month&quot;:&quot;1&quot;,&quot;fixed_year&quot;:&quot;2024&quot;,&quot;focus_end_date_range&quot;:&quot;2493068399&quot;,&quot;focus_start_date_range&quot;:&quot;1704063600&quot;,&quot;ft_event_priority&quot;:&quot;no&quot;,&quot;hide_arrows&quot;:&quot;no&quot;,&quot;hide_cancels&quot;:&quot;no&quot;,&quot;hide_empty_months&quot;:&quot;yes&quot;,&quot;hide_end_time&quot;:&quot;yes&quot;,&quot;hide_et_dn&quot;:&quot;no&quot;,&quot;hide_et_extra&quot;:&quot;no&quot;,&quot;hide_et_tags&quot;:&quot;no&quot;,&quot;hide_et_tl&quot;:&quot;no&quot;,&quot;hide_ft&quot;:&quot;no&quot;,&quot;hide_ft_img&quot;:&quot;no&quot;,&quot;hide_month_headers&quot;:&quot;no&quot;,&quot;hide_mult_occur&quot;:&quot;no&quot;,&quot;hide_past&quot;:&quot;no&quot;,&quot;hide_past_by&quot;:&quot;ee&quot;,&quot;hide_so&quot;:&quot;no&quot;,&quot;ics&quot;:&quot;no&quot;,&quot;jumper&quot;:&quot;no&quot;,&quot;jumper_count&quot;:5,&quot;jumper_offset&quot;:&quot;0&quot;,&quot;lang&quot;:&quot;L2&quot;,&quot;layout_changer&quot;:&quot;no&quot;,&quot;livenow_bar&quot;:&quot;yes&quot;,&quot;mapformat&quot;:&quot;roadmap&quot;,&quot;mapiconurl&quot;:&quot;&quot;,&quot;maps_load&quot;:&quot;yes&quot;,&quot;mapscroll&quot;:&quot;true&quot;,&quot;mapzoom&quot;:&quot;18&quot;,&quot;members_only&quot;:&quot;no&quot;,&quot;ml_priority&quot;:&quot;no&quot;,&quot;ml_toend&quot;:&quot;no&quot;,&quot;month_incre&quot;:&quot;-300&quot;,&quot;number_of_months&quot;:&quot;300&quot;,&quot;only_ft&quot;:&quot;no&quot;,&quot;pec&quot;:&quot;&quot;,&quot;s&quot;:&quot;&quot;,&quot;search&quot;:&quot;&quot;,&quot;search_all&quot;:&quot;no&quot;,&quot;sep_month&quot;:&quot;yes&quot;,&quot;show_et_ft_img&quot;:&quot;no&quot;,&quot;show_limit&quot;:&quot;no&quot;,&quot;show_limit_ajax&quot;:&quot;no&quot;,&quot;show_limit_paged&quot;:1,&quot;show_limit_redir&quot;:&quot;&quot;,&quot;show_repeats&quot;:&quot;no&quot;,&quot;show_search&quot;:&quot;no&quot;,&quot;show_upcoming&quot;:0,&quot;show_year&quot;:&quot;yes&quot;,&quot;social_share&quot;:&quot;no&quot;,&quot;sort_by&quot;:&quot;sort_date&quot;,&quot;tile_bg&quot;:0,&quot;tile_bg_size&quot;:&quot;full&quot;,&quot;tile_count&quot;:2,&quot;tile_height&quot;:0,&quot;tile_style&quot;:0,&quot;tiles&quot;:&quot;no&quot;,&quot;ux_val&quot;:&quot;1&quot;,&quot;view_switcher&quot;:&quot;no&quot;,&quot;wpml_l1&quot;:&quot;&quot;,&quot;wpml_l2&quot;:&quot;&quot;,&quot;wpml_l3&quot;:&quot;&quot;,&quot;x_ids&quot;:&quot;&quot;,&quot;yl_priority&quot;:&quot;no&quot;,&quot;yl_toend&quot;:&quot;no&quot;,&quot;month_order&quot;:&quot;DESC&quot;,&quot;fixed_day&quot;:&quot;1&quot;,&quot;_cver&quot;:&quot;5.0.12&quot;}\" data-filter_data=\"[]\" data-nav_data=\"{&quot;month_title&quot;:&quot;&lt;p id=&#039;evcal_cur&#039; class=&#039;evo_month_title padr10&#039;&gt; januar, 2024&lt;\\\/p&gt;&quot;,&quot;arrows&quot;:&quot;&lt;p class=&#039;evo_arrows&#039;&gt;\\r\\n\\t\\t\\t\\t\\t&lt;button id=&#039;evcal_prev&#039; class=&#039;evcal_arrows evcal_btn_prev evodfx evofx_jc_c evofx_ai_c&#039; aria-label=&#039;Previous Month&#039;&gt;&lt;i class=&#039;fa fa-chevron-left&#039; aria-hidden=&#039;true&#039;&gt;&lt;\\\/i&gt;&lt;\\\/button&gt;\\r\\n\\t\\t\\t\\t\\t&lt;button id=&#039;evcal_next&#039; class=&#039;evcal_arrows evo_arrow_next evcal_btn_next evodfx evofx_jc_c evofx_ai_c&#039; aria-label=&#039;Next Month&#039;&gt;&lt;i class=&#039;fa fa-chevron-right&#039; aria-hidden=&#039;true&#039;&gt;&lt;\\\/i&gt;&lt;\\\/button&gt;\\r\\n\\t\\t\\t\\t\\t&lt;\\\/p&gt;&quot;}\" data-od=\"{&quot;lang_no_events&quot;:&quot;ni dogodkov&quot;,&quot;cal_tz_offset&quot;:120,&quot;cal_tz&quot;:&quot;Europe\\\/Ljubljana&quot;}\" ><\/div>\r\n\t\t \t\t<div class='evo_cal_events' data-events=\"\"><\/div>\r\n\t\t \t<\/div>\r\n\t\t\t\t\r\n\t\t\t\r\n\t\t\t\t\t\t<\/div><!-- EventON End -->\r\n\t\t\t<\/div>\n                <\/div>\n              <\/div>\n            <\/div>\n          <\/div>\n        <\/div>\n      <\/div>\n      <div data-colibri-id=\"5091-c6\" class=\"h-row-container gutters-row-lg-2 gutters-row-md-2 gutters-row-0 gutters-row-v-lg-2 gutters-row-v-md-2 gutters-row-v-2 style-1091 style-local-5091-c6 position-relative\">\n        <!---->\n        <div class=\"h-row justify-content-lg-center justify-content-md-center justify-content-center align-items-lg-stretch align-items-md-stretch align-items-stretch gutters-col-lg-2 gutters-col-md-2 gutters-col-0 gutters-col-v-lg-2 gutters-col-v-md-2 gutters-col-v-2\">\n          <!---->\n          <div class=\"h-column h-column-container d-flex h-col-lg-auto h-col-md-auto h-col-auto style-1092-outer style-local-5091-c7-outer\">\n            <div data-colibri-id=\"5091-c7\" class=\"d-flex h-flex-basis h-column__inner h-px-lg-2 h-px-md-2 h-px-2 v-inner-lg-2 v-inner-md-2 v-inner-2 style-1092 style-local-5091-c7 position-relative\">\n              <!---->\n              <!---->\n              <div class=\"w-100 h-y-container h-column__content h-column__v-align flex-basis-100 align-self-lg-start align-self-md-start align-self-start\">\n                <!---->\n                <div data-colibri-id=\"5091-c8\" class=\"h-divider style-1090 style-local-5091-c8 position-relative h-element\">\n                  <!----><span class=\"h-divider__line style-1090-line style-local-5091-c8-line style-1090-line style-local-5091-c8-line\"><\/span> <span class=\"h-svg-icon h-divider__icon style-1090-icon style-local-5091-c8-icon\"><!--Icon by Font Awesome (https:\/\/fontawesome.com)-->\n    <svg version=\"1.1\" xmlns=\"http:\/\/www.w3.org\/2000\/svg\" xmlns:xlink=\"http:\/\/www.w3.org\/1999\/xlink\" id=\"music\" viewBox=\"0 0 1536 1896.0833\">\n      <path d=\"M1536 224v1120q0 50-34 89t-86 60.5-103.5 32-96.5 10.5-96.5-10.5-103.5-32-86-60.5-34-89 34-89 86-60.5 103.5-32 96.5-10.5q105 0 192 39V654L640 891v709q0 50-34 89t-86 60.5-103.5 32T320 1792t-96.5-10.5-103.5-32-86-60.5-34-89 34-89 86-60.5 103.5-32T320 1408q105 0 192 39V480q0-31 19-56.5t49-35.5l832-256q12-4 28-4 40 0 68 28t28 68z\"><\/path>\n    <\/svg><\/span> <span class=\"h-divider__line style-1090-line style-local-5091-c8-line style-1090-line style-local-5091-c8-line\"><\/span><\/div>\n                <div data-colibri-id=\"5091-c9\" class=\"h-text h-text-component style-1108 style-local-5091-c9 position-relative h-element\">\n                  <!---->\n                  <!---->\n                  <div class=\"\">\n                    <p>2024<\/p>\n                  <\/div>\n                <\/div>\n                <div data-toggle=\"true\" data-is-preview=\"true\" data-colibri-component=\"accordion\" data-colibri-id=\"5091-c10\" id=\"acc-1\" class=\"h-accordion style-1109 style-local-5091-c10 position-relative h-element\">\n                  <!---->\n                  <div data-colibri-id=\"5091-c11\" class=\"h-accordion-item h-accordion-item-first-child style-1120 style-local-5091-c11 position-relative h-element\">\n                    <!---->\n                    <a data-open-by-default=\"false\" href=\"#5091-c11\" class=\"h-accordion-item-title d-flex align-items-center h-global-transition\">\n                      <!----><span>5. marec JOHANN SEBASTIANI: PASIJON PO MATEJU<\/span>\n                      <div class=\"h-accordion-item-title-normal-icon h-accordion-item-title-icon h-accordion-item-title-icon-right\"><span class=\"h-svg-icon\"><!--Icon by Icons8 Line Awesome (https:\/\/icons8.com\/line-awesome)--><svg version=\"1.1\" xmlns=\"http:\/\/www.w3.org\/2000\/svg\" xmlns:xlink=\"http:\/\/www.w3.org\/1999\/xlink\" id=\"plus\" viewBox=\"0 0 512 545.5\"><path d=\"M240 112h32v160h160v32H272v160h-32V304H80v-32h160V112z\"><\/path><\/svg><\/span><\/div>\n                      <div class=\"h-accordion-item-title-active-icon h-accordion-item-title-icon h-accordion-item-title-icon-right\"><span class=\"h-svg-icon\"><!--Icon by Icons8 Line Awesome (https:\/\/icons8.com\/line-awesome)--><svg version=\"1.1\" xmlns=\"http:\/\/www.w3.org\/2000\/svg\" xmlns:xlink=\"http:\/\/www.w3.org\/1999\/xlink\" id=\"minus\" viewBox=\"0 0 512 545.5\"><path d=\"M80 272h352v32H80v-32z\"><\/path><\/svg><\/span><\/div>\n                    <\/a>\n                    <div id=\"5091-c11\" class=\"h-accordion-item-content__container\">\n                      <div class=\"w-100 h-y-container h-accordion-item-content\">\n                        <!---->\n                        <div data-colibri-id=\"5091-c12\" class=\"h-text h-text-component style-1121 style-local-5091-c12 position-relative h-element\">\n                          <!---->\n                          <!---->\n                          <div class=\"\">\n                            <p><span style=\"font-weight: 400; font-size: 16px; font-family: &quot;Open Sans&quot;; color: rgb(0, 0, 0);\">Daniel Johannsen, tenor (Evangelist)<\/span>\n                              <br><span style=\"font-weight: 400; font-size: 16px; font-family: &quot;Open Sans&quot;; color: rgb(0, 0, 0);\">Joel Frederiksen, bas (Jezus)<\/span>\n                              <br><span style=\"font-weight: 400; font-size: 16px; font-family: &quot;Open Sans&quot;; color: rgb(0, 0, 0);\">B\u00e9n\u00e9dicte Tauran, sopran<\/span>\n                              <br><span style=\"font-weight: 400; font-size: 16px; font-family: &quot;Open Sans&quot;; color: rgb(0, 0, 0);\">Aco Aleksander Bi\u0161\u0107evi\u0107, tenor<\/span>\n                              <br><span style=\"font-weight: 400; font-size: 16px; font-family: &quot;Open Sans&quot;; color: rgb(0, 0, 0);\">Martin Logar, tenor<\/span><\/p>\n                            <p><span style=\"font-weight: 400; font-size: 16px; font-family: &quot;Open Sans&quot;; color: rgb(0, 0, 0);\"><span class=\"ql-cursor\">\ufeff<\/span>Ansambel <\/span><em style=\"font-weight: 400; font-size: 16px; font-family: &quot;Open Sans&quot;; color: rgb(0, 0, 0);\">musica cubicularis<\/em>\n                              <br><span style=\"font-weight: 400; font-size: 16px; font-family: &quot;Open Sans&quot;; color: rgb(0, 0, 0);\">Veronica B\u00f6hm, Mojca Jerman, baro\u010dni violini<\/span>\n                              <br><span style=\"font-weight: 400; font-size: 16px; font-family: &quot;Open Sans&quot;; color: rgb(0, 0, 0);\">Domen Marin\u010di\u010d, Christoph Prendl, D\u00e1vid Budai, Cristiano Contadin, viole da gamba<\/span>\n                              <br><span style=\"font-weight: 400; font-size: 16px; font-family: &quot;Open Sans&quot;; color: rgb(0, 0, 0);\">Toma\u017e Sev\u0161ek, orgelski pozitiv, \u010dembalo<\/span><\/p>\n                          <\/div>\n                        <\/div>\n                        <div data-colibri-id=\"5091-c13\" class=\"h-divider style-1123 style-local-5091-c13 position-relative h-element\">\n                          <!----><span class=\"h-divider__line style-1123-line style-local-5091-c13-line style-1123-line style-local-5091-c13-line\"><\/span> <span class=\"h-svg-icon h-divider__icon style-1123-icon style-local-5091-c13-icon\"><!--Icon by Font Awesome (https:\/\/fontawesome.com)-->\n    <svg version=\"1.1\" xmlns=\"http:\/\/www.w3.org\/2000\/svg\" xmlns:xlink=\"http:\/\/www.w3.org\/1999\/xlink\" id=\"music\" viewBox=\"0 0 1536 1896.0833\">\n      <path d=\"M1536 224v1120q0 50-34 89t-86 60.5-103.5 32-96.5 10.5-96.5-10.5-103.5-32-86-60.5-34-89 34-89 86-60.5 103.5-32 96.5-10.5q105 0 192 39V654L640 891v709q0 50-34 89t-86 60.5-103.5 32T320 1792t-96.5-10.5-103.5-32-86-60.5-34-89 34-89 86-60.5 103.5-32T320 1408q105 0 192 39V480q0-31 19-56.5t49-35.5l832-256q12-4 28-4 40 0 68 28t28 68z\"><\/path>\n    <\/svg><\/span> <span class=\"h-divider__line style-1123-line style-local-5091-c13-line style-1123-line style-local-5091-c13-line\"><\/span><\/div>\n                        <div data-colibri-id=\"5091-c14\" class=\"h-text h-text-component style-1124 style-local-5091-c14 position-relative h-element\">\n                          <!---->\n                          <!---->\n                          <div class=\"\">\n                            <p>2023<\/p>\n                          <\/div>\n                        <\/div>\n                        <div data-toggle=\"true\" data-is-preview=\"true\" data-colibri-component=\"accordion\" data-colibri-id=\"5091-c15\" class=\"h-accordion style-1125 style-local-5091-c15 position-relative h-element\">\n                          <!---->\n                          <div data-colibri-id=\"5091-c16\" class=\"h-accordion-item h-accordion-item-first-child style-1136 style-local-5091-c16 position-relative h-element\">\n                            <!---->\n                            <a data-open-by-default=\"false\" href=\"#5091-c16\" class=\"h-accordion-item-title d-flex align-items-center h-global-transition\">\n                              <!----><span>27. februar LACHRIMAE ALI SEDEM SOLZ (1604 )<\/span>\n                              <div class=\"h-accordion-item-title-normal-icon h-accordion-item-title-icon h-accordion-item-title-icon-right\"><span class=\"h-svg-icon\"><!--Icon by Icons8 Line Awesome (https:\/\/icons8.com\/line-awesome)--><svg version=\"1.1\" xmlns=\"http:\/\/www.w3.org\/2000\/svg\" xmlns:xlink=\"http:\/\/www.w3.org\/1999\/xlink\" id=\"plus\" viewBox=\"0 0 512 545.5\"><path d=\"M240 112h32v160h160v32H272v160h-32V304H80v-32h160V112z\"><\/path><\/svg><\/span><\/div>\n                              <div class=\"h-accordion-item-title-active-icon h-accordion-item-title-icon h-accordion-item-title-icon-right\"><span class=\"h-svg-icon\"><!--Icon by Icons8 Line Awesome (https:\/\/icons8.com\/line-awesome)--><svg version=\"1.1\" xmlns=\"http:\/\/www.w3.org\/2000\/svg\" xmlns:xlink=\"http:\/\/www.w3.org\/1999\/xlink\" id=\"minus\" viewBox=\"0 0 512 545.5\"><path d=\"M80 272h352v32H80v-32z\"><\/path><\/svg><\/span><\/div>\n                            <\/a>\n                            <div id=\"5091-c16\" class=\"h-accordion-item-content__container\">\n                              <div class=\"w-100 h-y-container h-accordion-item-content\">\n                                <!---->\n                                <div data-colibri-id=\"5091-c17\" class=\"h-text h-text-component style-1137 style-local-5091-c17 position-relative h-element\">\n                                  <!---->\n                                  <!---->\n                                  <div class=\"\">\n                                    <p>Neque porro quisquam est, qui dolorem ipsum quia dolor sit amet, consectetur, adipisci velit, sed quia non numquam eius modi tempora incidunt ut labore et dolore magnam aliquam quaerat voluptatem. Ut enim ad minima\n                                      veniam, quis nostrum exercitationem ullam corporis suscipit.<\/p>\n                                  <\/div>\n                                <\/div>\n                              <\/div>\n                            <\/div>\n                          <\/div>\n                          <div data-colibri-id=\"5091-c18\" class=\"h-accordion-item style-1134 style-local-5091-c18 position-relative h-element\">\n                            <!---->\n                            <a data-open-by-default=\"true\" href=\"#5091-c18\" class=\"h-accordion-item-title d-flex align-items-center h-global-transition\">\n                              <!----><span>27. februar Angle\u0161ki virginalisti<\/span>\n                              <div class=\"h-accordion-item-title-normal-icon h-accordion-item-title-icon h-accordion-item-title-icon-right\"><span class=\"h-svg-icon\"><!--Icon by Icons8 Line Awesome (https:\/\/icons8.com\/line-awesome)--><svg version=\"1.1\" xmlns=\"http:\/\/www.w3.org\/2000\/svg\" xmlns:xlink=\"http:\/\/www.w3.org\/1999\/xlink\" id=\"plus\" viewBox=\"0 0 512 545.5\"><path d=\"M240 112h32v160h160v32H272v160h-32V304H80v-32h160V112z\"><\/path><\/svg><\/span><\/div>\n                              <div class=\"h-accordion-item-title-active-icon h-accordion-item-title-icon h-accordion-item-title-icon-right\"><span class=\"h-svg-icon\"><!--Icon by Icons8 Line Awesome (https:\/\/icons8.com\/line-awesome)--><svg version=\"1.1\" xmlns=\"http:\/\/www.w3.org\/2000\/svg\" xmlns:xlink=\"http:\/\/www.w3.org\/1999\/xlink\" id=\"minus\" viewBox=\"0 0 512 545.5\"><path d=\"M80 272h352v32H80v-32z\"><\/path><\/svg><\/span><\/div>\n                            <\/a>\n                            <div id=\"5091-c18\" class=\"h-accordion-item-content__container\">\n                              <div class=\"w-100 h-y-container h-accordion-item-content\">\n                                <!---->\n                                <div data-colibri-id=\"5091-c19\" class=\"h-text h-text-component style-1135 style-local-5091-c19 position-relative h-element\">\n                                  <!---->\n                                  <!---->\n                                  <div class=\"\">\n                                    <p>John Bull\n                                      <br>Giles Farnaby\n                                      <br>William Byrd\n                                      <br>John Bull\n                                      <br>John Blitheman<\/p>\n                                    <p>Pierre Hanta\u00ef, \u010dembalo<\/p>\n                                  <\/div>\n                                <\/div>\n                              <\/div>\n                            <\/div>\n                          <\/div>\n                          <div data-colibri-id=\"5091-c20\" class=\"h-accordion-item style-1132 style-local-5091-c20 position-relative h-element\">\n                            <!---->\n                            <a data-open-by-default=\"false\" href=\"#5091-c20\" class=\"h-accordion-item-title d-flex align-items-center h-global-transition\">\n                              <!----><span>8. maj CARL FRIEDRICH ABEL<\/span>\n                              <div class=\"h-accordion-item-title-normal-icon h-accordion-item-title-icon h-accordion-item-title-icon-right\"><span class=\"h-svg-icon\"><!--Icon by Icons8 Line Awesome (https:\/\/icons8.com\/line-awesome)--><svg version=\"1.1\" xmlns=\"http:\/\/www.w3.org\/2000\/svg\" xmlns:xlink=\"http:\/\/www.w3.org\/1999\/xlink\" id=\"plus\" viewBox=\"0 0 512 545.5\"><path d=\"M240 112h32v160h160v32H272v160h-32V304H80v-32h160V112z\"><\/path><\/svg><\/span><\/div>\n                              <div class=\"h-accordion-item-title-active-icon h-accordion-item-title-icon h-accordion-item-title-icon-right\"><span class=\"h-svg-icon\"><!--Icon by Icons8 Line Awesome (https:\/\/icons8.com\/line-awesome)--><svg version=\"1.1\" xmlns=\"http:\/\/www.w3.org\/2000\/svg\" xmlns:xlink=\"http:\/\/www.w3.org\/1999\/xlink\" id=\"minus\" viewBox=\"0 0 512 545.5\"><path d=\"M80 272h352v32H80v-32z\"><\/path><\/svg><\/span><\/div>\n                            <\/a>\n                            <div id=\"5091-c20\" class=\"h-accordion-item-content__container\">\n                              <div class=\"w-100 h-y-container h-accordion-item-content\">\n                                <!---->\n                                <div data-colibri-id=\"5091-c21\" class=\"h-text h-text-component style-1133 style-local-5091-c21 position-relative h-element\">\n                                  <!---->\n                                  <!---->\n                                  <div class=\"\">\n                                    <p><span style=\"font-weight: 400; font-size: 16px; font-family: &quot;Open Sans&quot;; color: rgb(0, 0, 0);\">Ansambel <\/span><em style=\"font-weight: 400; font-size: 16px; font-family: &quot;Open Sans&quot;; color: rgb(0, 0, 0);\">musica cubicularis<\/em>\n                                      <br><span style=\"font-weight: 400; font-size: 16px; font-family: &quot;Open Sans&quot;; color: rgb(0, 0, 0);\">Anne Freitag, baro\u010dna pre\u010dna flavta<\/span>\n                                      <br><span style=\"font-weight: 400; font-size: 16px; font-family: &quot;Open Sans&quot;; color: rgb(0, 0, 0);\">Domen Marin\u010di\u010d, viola da gamba, petstrunski violon\u010delo<\/span>\n                                      <br><span style=\"font-weight: 400; font-size: 16px; font-family: &quot;Open Sans&quot;; color: rgb(0, 0, 0);\">Gregor Fele, baro\u010dni violon\u010delo<\/span>\n                                      <br><span style=\"font-weight: 400; font-size: 16px; font-family: &quot;Open Sans&quot;; color: rgb(0, 0, 0);\">Toma\u017e Sev\u0161ek, \u010dembalo<\/span><\/p>\n                                  <\/div>\n                                <\/div>\n                              <\/div>\n                            <\/div>\n                          <\/div>\n                          <div data-colibri-id=\"5091-c22\" class=\"h-accordion-item style-1130 style-local-5091-c22 position-relative h-element\">\n                            <!---->\n                            <a data-open-by-default=\"false\" href=\"#5091-c22\" class=\"h-accordion-item-title d-flex align-items-center h-global-transition\">\n                              <!----><span>4. september Motecta bona &amp; favorabilia priljubljeni moteti iz ljubljanske stolnice<\/span>\n                              <div class=\"h-accordion-item-title-normal-icon h-accordion-item-title-icon h-accordion-item-title-icon-right\"><span class=\"h-svg-icon\"><!--Icon by Icons8 Line Awesome (https:\/\/icons8.com\/line-awesome)--><svg version=\"1.1\" xmlns=\"http:\/\/www.w3.org\/2000\/svg\" xmlns:xlink=\"http:\/\/www.w3.org\/1999\/xlink\" id=\"plus\" viewBox=\"0 0 512 545.5\"><path d=\"M240 112h32v160h160v32H272v160h-32V304H80v-32h160V112z\"><\/path><\/svg><\/span><\/div>\n                              <div class=\"h-accordion-item-title-active-icon h-accordion-item-title-icon h-accordion-item-title-icon-right\"><span class=\"h-svg-icon\"><!--Icon by Icons8 Line Awesome (https:\/\/icons8.com\/line-awesome)--><svg version=\"1.1\" xmlns=\"http:\/\/www.w3.org\/2000\/svg\" xmlns:xlink=\"http:\/\/www.w3.org\/1999\/xlink\" id=\"minus\" viewBox=\"0 0 512 545.5\"><path d=\"M80 272h352v32H80v-32z\"><\/path><\/svg><\/span><\/div>\n                            <\/a>\n                            <div id=\"5091-c22\" class=\"h-accordion-item-content__container\">\n                              <div class=\"w-100 h-y-container h-accordion-item-content\">\n                                <!---->\n                                <div data-colibri-id=\"5091-c23\" class=\"h-text h-text-component style-1131 style-local-5091-c23 position-relative h-element\">\n                                  <!---->\n                                  <!---->\n                                  <div class=\"\">\n                                    <p>Jacques Arcadelt\n                                      <br>Johannes Lupi\n                                      <br>Josquin des Prez\n                                      <br>Jacques Du Pont\n                                      <br>Nicolas Gombert\n                                      <br>Antoine de F\u00e9vin\n                                      <br>Jacques Brunel\n                                      <br>Dominique Phinot\n                                      <br>Dulos Couillart\n                                      <br>Josquin des Prez\n                                      <br>Mathieu Gascongne\n                                      <br>Jacobus Clemens<\/p>\n                                    <p>Vokalni ansambel <em>musica cubicularis<\/em>\n                                      <br>Tanja Vogrin, sopran\n                                      <br>Bernd Oliver Fr\u00f6hlich, alt\n                                      <br>Manuel Warwitz, tenor\n                                      <br>Raitis Grigalis, bariton\n                                      <br>Joel Frederiksen, bas in glasbeno vodstvo\n                                      <br>Toma\u017e Sev\u0161ek, orgle<\/p>\n                                  <\/div>\n                                <\/div>\n                              <\/div>\n                            <\/div>\n                          <\/div>\n                          <div data-colibri-id=\"5091-c24\" class=\"h-accordion-item style-1128 style-local-5091-c24 position-relative h-element\">\n                            <!---->\n                            <a data-open-by-default=\"false\" href=\"#5091-c24\" class=\"h-accordion-item-title d-flex align-items-center h-global-transition\">\n                              <!----><span>6. september Zgovoren in ganljiv govor violinski zvok Giuseppa Tartinija<\/span>\n                              <div class=\"h-accordion-item-title-normal-icon h-accordion-item-title-icon h-accordion-item-title-icon-right\"><span class=\"h-svg-icon\"><!--Icon by Icons8 Line Awesome (https:\/\/icons8.com\/line-awesome)--><svg version=\"1.1\" xmlns=\"http:\/\/www.w3.org\/2000\/svg\" xmlns:xlink=\"http:\/\/www.w3.org\/1999\/xlink\" id=\"plus\" viewBox=\"0 0 512 545.5\"><path d=\"M240 112h32v160h160v32H272v160h-32V304H80v-32h160V112z\"><\/path><\/svg><\/span><\/div>\n                              <div class=\"h-accordion-item-title-active-icon h-accordion-item-title-icon h-accordion-item-title-icon-right\"><span class=\"h-svg-icon\"><!--Icon by Icons8 Line Awesome (https:\/\/icons8.com\/line-awesome)--><svg version=\"1.1\" xmlns=\"http:\/\/www.w3.org\/2000\/svg\" xmlns:xlink=\"http:\/\/www.w3.org\/1999\/xlink\" id=\"minus\" viewBox=\"0 0 512 545.5\"><path d=\"M80 272h352v32H80v-32z\"><\/path><\/svg><\/span><\/div>\n                            <\/a>\n                            <div id=\"5091-c24\" class=\"h-accordion-item-content__container\">\n                              <div class=\"w-100 h-y-container h-accordion-item-content\">\n                                <!---->\n                                <div data-colibri-id=\"5091-c25\" class=\"h-text h-text-component style-1129 style-local-5091-c25 position-relative h-element\">\n                                  <!---->\n                                  <!---->\n                                  <div class=\"\">\n                                    <p>Giuseppe Tartini<\/p>\n                                    <p>Ansambel <em>musica cubicularis<\/em>\n                                      <br>Bojan \u010ci\u010di\u0107, baro\u010dna violina\n                                      <br>Mojca Jerman, baro\u010dna violina\n                                      <br>Domen Marin\u010di\u010d, baro\u010dni violon\u010delo, viola da gamba\n                                      <br>Toma\u017e Sev\u0161ek, \u010dembalo<\/p>\n                                  <\/div>\n                                <\/div>\n                              <\/div>\n                            <\/div>\n                          <\/div>\n                          <div data-colibri-id=\"5091-c26\" class=\"h-accordion-item style-1126 style-local-5091-c26 position-relative h-element\">\n                            <!---->\n                            <a data-open-by-default=\"false\" href=\"#5091-c26\" class=\"h-accordion-item-title d-flex align-items-center h-global-transition\">\n                              <!----><span>11. december SOLISTI\u010cNI MOTET I IZ KOPRSKE STOLNICE glasba 17. stoletja za sopran, dve violini in continuo<\/span>\n                              <div class=\"h-accordion-item-title-normal-icon h-accordion-item-title-icon h-accordion-item-title-icon-right\"><span class=\"h-svg-icon\"><!--Icon by Icons8 Line Awesome (https:\/\/icons8.com\/line-awesome)--><svg version=\"1.1\" xmlns=\"http:\/\/www.w3.org\/2000\/svg\" xmlns:xlink=\"http:\/\/www.w3.org\/1999\/xlink\" id=\"plus\" viewBox=\"0 0 512 545.5\"><path d=\"M240 112h32v160h160v32H272v160h-32V304H80v-32h160V112z\"><\/path><\/svg><\/span><\/div>\n                              <div class=\"h-accordion-item-title-active-icon h-accordion-item-title-icon h-accordion-item-title-icon-right\"><span class=\"h-svg-icon\"><!--Icon by Icons8 Line Awesome (https:\/\/icons8.com\/line-awesome)--><svg version=\"1.1\" xmlns=\"http:\/\/www.w3.org\/2000\/svg\" xmlns:xlink=\"http:\/\/www.w3.org\/1999\/xlink\" id=\"minus\" viewBox=\"0 0 512 545.5\"><path d=\"M80 272h352v32H80v-32z\"><\/path><\/svg><\/span><\/div>\n                            <\/a>\n                            <div id=\"5091-c26\" class=\"h-accordion-item-content__container\">\n                              <div class=\"w-100 h-y-container h-accordion-item-content\">\n                                <!---->\n                                <div data-colibri-id=\"5091-c27\" class=\"h-text h-text-component style-1127 style-local-5091-c27 position-relative h-element\">\n                                  <!---->\n                                  <!---->\n                                  <div class=\"\">\n                                    <p>Bonifazio Graziani\n                                      <br>Giovanni Battista Bassani\n                                      <br>Giovanni Antonio Rigatti\n                                      <br>Francesco Antonio Bonporti<\/p>\n                                    <p>Ansambel <em>musica cubicularis<\/em>\n                                      <br>Stefanie True, sopran\n                                      <br>Helena Zemanov\u00e1, baro\u010dna violina\n                                      <br>Veronica B\u00f6hm, baro\u010dna violina\n                                      <br>Domen Marin\u010di\u010d, baro\u010dni violon\u010delo\n                                      <br>Toma\u017e Sev\u0161ek, orgelski pozitiv<\/p>\n                                  <\/div>\n                                <\/div>\n                              <\/div>\n                            <\/div>\n                          <\/div>\n                        <\/div>\n                      <\/div>\n                    <\/div>\n                  <\/div>\n                  <div data-colibri-id=\"5091-c28\" class=\"h-accordion-item style-1118 style-local-5091-c28 position-relative h-element\">\n                    <!---->\n                    <a data-open-by-default=\"false\" href=\"#5091-c28\" class=\"h-accordion-item-title d-flex align-items-center h-global-transition\">\n                      <!----><span>22. april MATTHIAS WECKMANN IN NAJBOLJ\u0160E STVARI <\/span>\n                      <div class=\"h-accordion-item-title-normal-icon h-accordion-item-title-icon h-accordion-item-title-icon-right\"><span class=\"h-svg-icon\"><!--Icon by Icons8 Line Awesome (https:\/\/icons8.com\/line-awesome)--><svg version=\"1.1\" xmlns=\"http:\/\/www.w3.org\/2000\/svg\" xmlns:xlink=\"http:\/\/www.w3.org\/1999\/xlink\" id=\"plus\" viewBox=\"0 0 512 545.5\"><path d=\"M240 112h32v160h160v32H272v160h-32V304H80v-32h160V112z\"><\/path><\/svg><\/span><\/div>\n                      <div class=\"h-accordion-item-title-active-icon h-accordion-item-title-icon h-accordion-item-title-icon-right\"><span class=\"h-svg-icon\"><!--Icon by Icons8 Line Awesome (https:\/\/icons8.com\/line-awesome)--><svg version=\"1.1\" xmlns=\"http:\/\/www.w3.org\/2000\/svg\" xmlns:xlink=\"http:\/\/www.w3.org\/1999\/xlink\" id=\"minus\" viewBox=\"0 0 512 545.5\"><path d=\"M80 272h352v32H80v-32z\"><\/path><\/svg><\/span><\/div>\n                    <\/a>\n                    <div id=\"5091-c28\" class=\"h-accordion-item-content__container\">\n                      <div class=\"w-100 h-y-container h-accordion-item-content\">\n                        <!---->\n                        <div data-colibri-id=\"5091-c29\" class=\"h-text h-text-component style-1119 style-local-5091-c29 position-relative h-element\">\n                          <!---->\n                          <!---->\n                          <div class=\"\">\n                            <p>Matthias Weckmann in najbolj\u0161e stvari iz L\u00fcbecka, Innsbrucka, Milana in Ljubljane ob 350. obletnici smrti Matthiasa Weckmanna.<\/p>\n                            <p>Matthias Weckmann\n                              <br>Ignazio Albertini\n                              <br>Nicola Matteis\n                              <br>Giuseppe Colombi\n                              <br>Carlo Ambrogio Lonati\n                              <br>Matthias Weckmann\n                              <br>Dieterich Buxtehude<\/p>\n                            <p>Ana Benedi\u010di\u010d, orgle\n                              <br>Ansambel <em>musica cubicularis<\/em>\n                              <br>Domen Marin\u010di\u010d, viola da gamba\n                              <br>Sam Chapman, teorba\n                              <br>Toma\u017e Sev\u0161ek, orgelski pozitiv, orgle<\/p>\n                          <\/div>\n                        <\/div>\n                      <\/div>\n                    <\/div>\n                  <\/div>\n                  <div data-colibri-id=\"5091-c30\" class=\"h-accordion-item style-1116 style-local-5091-c30 position-relative h-element\">\n                    <!---->\n                    <a data-open-by-default=\"false\" href=\"#5091-c30\" class=\"h-accordion-item-title d-flex align-items-center h-global-transition\">\n                      <!----><span>3. maj OPERNE ARIJE PRI ATTEMSOVIH<\/span>\n                      <div class=\"h-accordion-item-title-normal-icon h-accordion-item-title-icon h-accordion-item-title-icon-right\"><span class=\"h-svg-icon\"><!--Icon by Icons8 Line Awesome (https:\/\/icons8.com\/line-awesome)--><svg version=\"1.1\" xmlns=\"http:\/\/www.w3.org\/2000\/svg\" xmlns:xlink=\"http:\/\/www.w3.org\/1999\/xlink\" id=\"plus\" viewBox=\"0 0 512 545.5\"><path d=\"M240 112h32v160h160v32H272v160h-32V304H80v-32h160V112z\"><\/path><\/svg><\/span><\/div>\n                      <div class=\"h-accordion-item-title-active-icon h-accordion-item-title-icon h-accordion-item-title-icon-right\"><span class=\"h-svg-icon\"><!--Icon by Icons8 Line Awesome (https:\/\/icons8.com\/line-awesome)--><svg version=\"1.1\" xmlns=\"http:\/\/www.w3.org\/2000\/svg\" xmlns:xlink=\"http:\/\/www.w3.org\/1999\/xlink\" id=\"minus\" viewBox=\"0 0 512 545.5\"><path d=\"M80 272h352v32H80v-32z\"><\/path><\/svg><\/span><\/div>\n                    <\/a>\n                    <div id=\"5091-c30\" class=\"h-accordion-item-content__container\">\n                      <div class=\"w-100 h-y-container h-accordion-item-content\">\n                        <!---->\n                        <div data-colibri-id=\"5091-c31\" class=\"h-text h-text-component style-1117 style-local-5091-c31 position-relative h-element\">\n                          <!---->\n                          <!---->\n                          <div class=\"\">\n                            <p>Andrea Bernasconi\n                              <br>Leonardo Vinci\n                              <br>Baldassare Galuppi\n                              <br>Johann Adolf Hasse\n                              <br>Domenico Dall\u2019Oglio\n                              <br>Giovanni Porta\n                              <br>Domenico Gallo\n                              <br>Geminiano Giacomelli<\/p>\n                            <p>B\u00e9n\u00e9dicte Tauran, sopran\n                              <br>Ansambel <em>musica cubicularis<\/em>\n                              <br>Federico Guglielmo, baro\u010dna violina\n                              <br>Mojca Jerman, baro\u010dna violina\n                              <br>Alessia Pazzaglia, baro\u010dna viola\n                              <br>Domen Marin\u010di\u010d, baro\u010dni violon\u010delo\n                              <br>Toma\u017e Sev\u0161ek, orgle<\/p>\n                          <\/div>\n                        <\/div>\n                      <\/div>\n                    <\/div>\n                  <\/div>\n                  <div data-colibri-id=\"5091-c32\" class=\"h-accordion-item style-1114 style-local-5091-c32 position-relative h-element\">\n                    <!---->\n                    <a data-open-by-default=\"false\" href=\"#5091-c32\" class=\"h-accordion-item-title d-flex align-items-center h-global-transition\">\n                      <!----><span>4. september KOMI\u010cNE KANTATE 17. STOLETJA<\/span>\n                      <div class=\"h-accordion-item-title-normal-icon h-accordion-item-title-icon h-accordion-item-title-icon-right\"><span class=\"h-svg-icon\"><!--Icon by Icons8 Line Awesome (https:\/\/icons8.com\/line-awesome)--><svg version=\"1.1\" xmlns=\"http:\/\/www.w3.org\/2000\/svg\" xmlns:xlink=\"http:\/\/www.w3.org\/1999\/xlink\" id=\"plus\" viewBox=\"0 0 512 545.5\"><path d=\"M240 112h32v160h160v32H272v160h-32V304H80v-32h160V112z\"><\/path><\/svg><\/span><\/div>\n                      <div class=\"h-accordion-item-title-active-icon h-accordion-item-title-icon h-accordion-item-title-icon-right\"><span class=\"h-svg-icon\"><!--Icon by Icons8 Line Awesome (https:\/\/icons8.com\/line-awesome)--><svg version=\"1.1\" xmlns=\"http:\/\/www.w3.org\/2000\/svg\" xmlns:xlink=\"http:\/\/www.w3.org\/1999\/xlink\" id=\"minus\" viewBox=\"0 0 512 545.5\"><path d=\"M80 272h352v32H80v-32z\"><\/path><\/svg><\/span><\/div>\n                    <\/a>\n                    <div id=\"5091-c32\" class=\"h-accordion-item-content__container\">\n                      <div class=\"w-100 h-y-container h-accordion-item-content\">\n                        <!---->\n                        <div data-colibri-id=\"5091-c33\" class=\"h-text h-text-component style-1115 style-local-5091-c33 position-relative h-element\">\n                          <!---->\n                          <!---->\n                          <div class=\"\">\n                            <p>Antonio Cesti\n                              <br>Girolamo Frescobaldi\n                              <br>Bernardo Storace\n                              <br>Claudio Monteverdi\n                              <br>Girolamo Frescobaldi\n                              <br>Luigi Rossi\n                              <br>Bernardo Storace\n                              <br>Pietro Antonio Giramo\n                              <br>Girolamo Frescobaldi\n                              <br>Benedetto Ferrari<\/p>\n                            <p>Ansambel <em>musica cubicularis<\/em>\n                              <br>Helena Bregar, sopran\n                              <br>Domen Marin\u010di\u010d, \u010dembalo, viola da gamba\n                              <br>Toma\u017e Sev\u0161ek, orgelski pozitiv, \u010dembalo<\/p>\n                          <\/div>\n                        <\/div>\n                      <\/div>\n                    <\/div>\n                  <\/div>\n                  <div data-colibri-id=\"5091-c34\" class=\"h-accordion-item style-1112 style-local-5091-c34 position-relative h-element\">\n                    <!---->\n                    <a data-open-by-default=\"false\" href=\"#5091-c34\" class=\"h-accordion-item-title d-flex align-items-center h-global-transition\">\n                      <!----><span>11. oktober  EDOARDO TORBIANELLI<\/span>\n                      <div class=\"h-accordion-item-title-normal-icon h-accordion-item-title-icon h-accordion-item-title-icon-right\"><span class=\"h-svg-icon\"><!--Icon by Icons8 Line Awesome (https:\/\/icons8.com\/line-awesome)--><svg version=\"1.1\" xmlns=\"http:\/\/www.w3.org\/2000\/svg\" xmlns:xlink=\"http:\/\/www.w3.org\/1999\/xlink\" id=\"plus\" viewBox=\"0 0 512 545.5\"><path d=\"M240 112h32v160h160v32H272v160h-32V304H80v-32h160V112z\"><\/path><\/svg><\/span><\/div>\n                      <div class=\"h-accordion-item-title-active-icon h-accordion-item-title-icon h-accordion-item-title-icon-right\"><span class=\"h-svg-icon\"><!--Icon by Icons8 Line Awesome (https:\/\/icons8.com\/line-awesome)--><svg version=\"1.1\" xmlns=\"http:\/\/www.w3.org\/2000\/svg\" xmlns:xlink=\"http:\/\/www.w3.org\/1999\/xlink\" id=\"minus\" viewBox=\"0 0 512 545.5\"><path d=\"M80 272h352v32H80v-32z\"><\/path><\/svg><\/span><\/div>\n                    <\/a>\n                    <div id=\"5091-c34\" class=\"h-accordion-item-content__container\">\n                      <div class=\"w-100 h-y-container h-accordion-item-content\">\n                        <!---->\n                        <div data-colibri-id=\"5091-c35\" class=\"h-text h-text-component style-1113 style-local-5091-c35 position-relative h-element\">\n                          <!---->\n                          <!---->\n                          <div class=\"\">\n                            <p>Recital na zgodovinskem klavirju <\/p>\n                            <p>Fr\u00e9d\u00e9ric Chopin\n                              <br>Edvard Grieg\n                              <br>Robert Schumann\n                              <br>Johannes Brahms<\/p>\n                            <p>Edoardo Torbianelli, zgodovinski klavir Bl\u00fcthner (1856)<\/p>\n                          <\/div>\n                        <\/div>\n                      <\/div>\n                    <\/div>\n                  <\/div>\n                  <div data-colibri-id=\"5091-c36\" class=\"h-accordion-item style-1110 style-local-5091-c36 position-relative h-element\">\n                    <!---->\n                    <a data-open-by-default=\"false\" href=\"#5091-c36\" class=\"h-accordion-item-title d-flex align-items-center h-global-transition\">\n                      <!----><span>24. november VRISKAJTE BOGU VSE DE\u017dELE!<\/span>\n                      <div class=\"h-accordion-item-title-normal-icon h-accordion-item-title-icon h-accordion-item-title-icon-right\"><span class=\"h-svg-icon\"><!--Icon by Icons8 Line Awesome (https:\/\/icons8.com\/line-awesome)--><svg version=\"1.1\" xmlns=\"http:\/\/www.w3.org\/2000\/svg\" xmlns:xlink=\"http:\/\/www.w3.org\/1999\/xlink\" id=\"plus\" viewBox=\"0 0 512 545.5\"><path d=\"M240 112h32v160h160v32H272v160h-32V304H80v-32h160V112z\"><\/path><\/svg><\/span><\/div>\n                      <div class=\"h-accordion-item-title-active-icon h-accordion-item-title-icon h-accordion-item-title-icon-right\"><span class=\"h-svg-icon\"><!--Icon by Icons8 Line Awesome (https:\/\/icons8.com\/line-awesome)--><svg version=\"1.1\" xmlns=\"http:\/\/www.w3.org\/2000\/svg\" xmlns:xlink=\"http:\/\/www.w3.org\/1999\/xlink\" id=\"minus\" viewBox=\"0 0 512 545.5\"><path d=\"M80 272h352v32H80v-32z\"><\/path><\/svg><\/span><\/div>\n                    <\/a>\n                    <div id=\"5091-c36\" class=\"h-accordion-item-content__container\">\n                      <div class=\"w-100 h-y-container h-accordion-item-content\">\n                        <!---->\n                        <div data-colibri-id=\"5091-c37\" class=\"h-text h-text-component style-1111 style-local-5091-c37 position-relative h-element\">\n                          <!---->\n                          <!---->\n                          <div class=\"\">\n                            <p>Christoph Graupner\n                              <br>Georg Philipp Telemann\n                              <br>Johann Sebastian Bach\n                              <br>Johann Sebastian Bach<\/p>\n                            <p>Ansambel <em>musica cubicularis<\/em>\n                              <br>Nikolina Hrka\u0107, sopran\n                              <br>Miha Petek, baro\u010dna trobenta\n                              <br>Federico Guglielmo, baro\u010dna violina\n                              <br>Laura Vadjon, baro\u010dna violina\n                              <br>Hiwote Tadesse, baro\u010dna viola\n                              <br>Domen Marin\u010di\u010d, baro\u010dni violon\u010delo\n                              <br>Toma\u017e Sev\u0161ek, orgelski pozitiv, \u010dembalo<\/p>\n                          <\/div>\n                        <\/div>\n                      <\/div>\n                    <\/div>\n                  <\/div>\n                <\/div>\n              <\/div>\n            <\/div>\n          <\/div>\n        <\/div>\n      <\/div>\n      <div data-colibri-id=\"5091-c38\" class=\"h-row-container gutters-row-lg-2 gutters-row-md-2 gutters-row-0 gutters-row-v-lg-2 gutters-row-v-md-2 gutters-row-v-2 style-1358 style-local-5091-c38 position-relative\">\n        <!---->\n        <div class=\"h-row justify-content-lg-center justify-content-md-center justify-content-center align-items-lg-stretch align-items-md-stretch align-items-stretch gutters-col-lg-2 gutters-col-md-2 gutters-col-0 gutters-col-v-lg-2 gutters-col-v-md-2 gutters-col-v-2\">\n          <!---->\n          <div class=\"h-column h-column-container d-flex h-col-lg-auto h-col-md-auto h-col-auto style-1359-outer style-local-5091-c39-outer\">\n            <div data-colibri-id=\"5091-c39\" class=\"d-flex h-flex-basis h-column__inner h-px-lg-2 h-px-md-2 h-px-2 v-inner-lg-2 v-inner-md-2 v-inner-2 style-1359 style-local-5091-c39 position-relative\">\n              <!---->\n              <!---->\n              <div class=\"w-100 h-y-container h-column__content h-column__v-align flex-basis-100 align-self-lg-start align-self-md-start align-self-start\">\n                <!---->\n                <div data-colibri-id=\"5091-c40\" class=\"h-divider style-1357 style-local-5091-c40 position-relative h-element\">\n                  <!----><span class=\"h-divider__line style-1357-line style-local-5091-c40-line style-1357-line style-local-5091-c40-line\"><\/span> <span class=\"h-svg-icon h-divider__icon style-1357-icon style-local-5091-c40-icon\"><!--Icon by Font Awesome (https:\/\/fontawesome.com)-->\n    <svg version=\"1.1\" xmlns=\"http:\/\/www.w3.org\/2000\/svg\" xmlns:xlink=\"http:\/\/www.w3.org\/1999\/xlink\" id=\"music\" viewBox=\"0 0 1536 1896.0833\">\n      <path d=\"M1536 224v1120q0 50-34 89t-86 60.5-103.5 32-96.5 10.5-96.5-10.5-103.5-32-86-60.5-34-89 34-89 86-60.5 103.5-32 96.5-10.5q105 0 192 39V654L640 891v709q0 50-34 89t-86 60.5-103.5 32T320 1792t-96.5-10.5-103.5-32-86-60.5-34-89 34-89 86-60.5 103.5-32T320 1408q105 0 192 39V480q0-31 19-56.5t49-35.5l832-256q12-4 28-4 40 0 68 28t28 68z\"><\/path>\n    <\/svg><\/span> <span class=\"h-divider__line style-1357-line style-local-5091-c40-line style-1357-line style-local-5091-c40-line\"><\/span><\/div>\n                <div data-colibri-id=\"5091-c41\" class=\"h-text h-text-component style-1360 style-local-5091-c41 position-relative h-element\">\n                  <!---->\n                  <!---->\n                  <div class=\"\">\n                    <p>2023<\/p>\n                  <\/div>\n                <\/div>\n              <\/div>\n            <\/div>\n          <\/div>\n        <\/div>\n      <\/div>\n      <div data-colibri-id=\"5091-c42\" class=\"h-row-container gutters-row-lg-2 gutters-row-md-2 gutters-row-0 gutters-row-v-lg-2 gutters-row-v-md-2 gutters-row-v-2 style-1368 style-local-5091-c42 position-relative\">\n        <!---->\n        <div class=\"h-row justify-content-lg-center justify-content-md-center justify-content-center align-items-lg-stretch align-items-md-stretch align-items-stretch gutters-col-lg-2 gutters-col-md-2 gutters-col-0 gutters-col-v-lg-2 gutters-col-v-md-2 gutters-col-v-2\">\n          <!---->\n          <div class=\"h-column h-column-container d-flex h-col-lg-auto h-col-md-auto h-col-auto style-1369-outer style-local-5091-c43-outer\">\n            <div data-colibri-id=\"5091-c43\" class=\"d-flex h-flex-basis h-column__inner h-px-lg-2 h-px-md-2 h-px-2 v-inner-lg-2 v-inner-md-2 v-inner-2 style-1369 style-local-5091-c43 position-relative\">\n              <!---->\n              <!---->\n              <div class=\"w-100 h-y-container h-column__content h-column__v-align flex-basis-100 align-self-lg-start align-self-md-start align-self-start\">\n                <!---->\n                <div data-toggle=\"true\" data-is-preview=\"true\" data-colibri-component=\"accordion\" data-colibri-id=\"5091-c44\" class=\"h-accordion style-1361 style-local-5091-c44 position-relative h-element\">\n                  <!---->\n                  <div data-colibri-id=\"5091-c45\" class=\"h-accordion-item h-accordion-item-first-child style-1362 style-local-5091-c45 position-relative h-element\">\n                    <!---->\n                    <a data-open-by-default=\"false\" href=\"#5091-c45\" class=\"h-accordion-item-title d-flex align-items-center h-global-transition\">\n                      <!----><span>27. februar LACHRIMAE ALI SEDEM SOLZ <\/span>\n                      <div class=\"h-accordion-item-title-normal-icon h-accordion-item-title-icon h-accordion-item-title-icon-right\"><span class=\"h-svg-icon\"><!--Icon by Icons8 Line Awesome (https:\/\/icons8.com\/line-awesome)--><svg version=\"1.1\" xmlns=\"http:\/\/www.w3.org\/2000\/svg\" xmlns:xlink=\"http:\/\/www.w3.org\/1999\/xlink\" id=\"plus\" viewBox=\"0 0 512 545.5\"><path d=\"M240 112h32v160h160v32H272v160h-32V304H80v-32h160V112z\"><\/path><\/svg><\/span><\/div>\n                      <div class=\"h-accordion-item-title-active-icon h-accordion-item-title-icon h-accordion-item-title-icon-right\"><span class=\"h-svg-icon\"><!--Icon by Icons8 Line Awesome (https:\/\/icons8.com\/line-awesome)--><svg version=\"1.1\" xmlns=\"http:\/\/www.w3.org\/2000\/svg\" xmlns:xlink=\"http:\/\/www.w3.org\/1999\/xlink\" id=\"minus\" viewBox=\"0 0 512 545.5\"><path d=\"M80 272h352v32H80v-32z\"><\/path><\/svg><\/span><\/div>\n                    <\/a>\n                    <div id=\"5091-c45\" class=\"h-accordion-item-content__container\">\n                      <div class=\"w-100 h-y-container h-accordion-item-content\">\n                        <!---->\n                        <div data-colibri-id=\"5091-c46\" class=\"h-text h-text-component style-1363 style-local-5091-c46 position-relative h-element\">\n                          <!---->\n                          <!---->\n                          <div class=\"\">\n                            <p>John Dowland: Lachrimae Antiquae\n                              <br> <\/p>\n                            <p>Ansambel viol da gamba <em>musica cubicularis<\/em>\n                              <br> Domen Marin\u010di\u010d <\/p>\n                            <p>Christoph Prendl <\/p>\n                            <p>Christoph Urbanetz<\/p>\n                            <p> D\u00e1vid Budai <\/p>\n                            <p>Cristiano Contadin\n                              <br> Bor Zuljan, renesan\u010dna lutnja, orfarion<\/p>\n                          <\/div>\n                        <\/div>\n                      <\/div>\n                    <\/div>\n                  <\/div>\n                  <div data-colibri-id=\"5091-c47\" class=\"h-accordion-item style-1364 style-local-5091-c47 position-relative h-element\">\n                    <!---->\n                    <a data-open-by-default=\"false\" href=\"#5091-c47\" class=\"h-accordion-item-title d-flex align-items-center h-global-transition\">\n                      <!----><span>27. februar ANGLE\u0160KI VIRGINALISTI<\/span>\n                      <div class=\"h-accordion-item-title-normal-icon h-accordion-item-title-icon h-accordion-item-title-icon-right\"><span class=\"h-svg-icon\"><!--Icon by Icons8 Line Awesome (https:\/\/icons8.com\/line-awesome)--><svg version=\"1.1\" xmlns=\"http:\/\/www.w3.org\/2000\/svg\" xmlns:xlink=\"http:\/\/www.w3.org\/1999\/xlink\" id=\"plus\" viewBox=\"0 0 512 545.5\"><path d=\"M240 112h32v160h160v32H272v160h-32V304H80v-32h160V112z\"><\/path><\/svg><\/span><\/div>\n                      <div class=\"h-accordion-item-title-active-icon h-accordion-item-title-icon h-accordion-item-title-icon-right\"><span class=\"h-svg-icon\"><!--Icon by Icons8 Line Awesome (https:\/\/icons8.com\/line-awesome)--><svg version=\"1.1\" xmlns=\"http:\/\/www.w3.org\/2000\/svg\" xmlns:xlink=\"http:\/\/www.w3.org\/1999\/xlink\" id=\"minus\" viewBox=\"0 0 512 545.5\"><path d=\"M80 272h352v32H80v-32z\"><\/path><\/svg><\/span><\/div>\n                    <\/a>\n                    <div id=\"5091-c47\" class=\"h-accordion-item-content__container\">\n                      <div class=\"w-100 h-y-container h-accordion-item-content\">\n                        <!---->\n                        <div data-colibri-id=\"5091-c48\" class=\"h-text h-text-component style-1365 style-local-5091-c48 position-relative h-element\">\n                          <!---->\n                          <!---->\n                          <div class=\"\">\n                            <p>John Bull\n                              <br> Giles Farnaby\n                              <br> William Byrd\n                              <br> John Bull\n                              <br> John Blitheman<\/p>\n                            <p>Pierre Hanta\u00ef, \u010dembalo<\/p>\n                          <\/div>\n                        <\/div>\n                      <\/div>\n                    <\/div>\n                  <\/div>\n                  <div data-colibri-id=\"5091-c49\" class=\"h-accordion-item style-1366 style-local-5091-c49 position-relative h-element\">\n                    <!---->\n                    <a data-open-by-default=\"false\" href=\"#5091-c49\" class=\"h-accordion-item-title d-flex align-items-center h-global-transition\">\n                      <!----><span>8. maj CARL FRIEDRICH ABEL<\/span>\n                      <div class=\"h-accordion-item-title-normal-icon h-accordion-item-title-icon h-accordion-item-title-icon-right\"><span class=\"h-svg-icon\"><!--Icon by Icons8 Line Awesome (https:\/\/icons8.com\/line-awesome)--><svg version=\"1.1\" xmlns=\"http:\/\/www.w3.org\/2000\/svg\" xmlns:xlink=\"http:\/\/www.w3.org\/1999\/xlink\" id=\"plus\" viewBox=\"0 0 512 545.5\"><path d=\"M240 112h32v160h160v32H272v160h-32V304H80v-32h160V112z\"><\/path><\/svg><\/span><\/div>\n                      <div class=\"h-accordion-item-title-active-icon h-accordion-item-title-icon h-accordion-item-title-icon-right\"><span class=\"h-svg-icon\"><!--Icon by Icons8 Line Awesome (https:\/\/icons8.com\/line-awesome)--><svg version=\"1.1\" xmlns=\"http:\/\/www.w3.org\/2000\/svg\" xmlns:xlink=\"http:\/\/www.w3.org\/1999\/xlink\" id=\"minus\" viewBox=\"0 0 512 545.5\"><path d=\"M80 272h352v32H80v-32z\"><\/path><\/svg><\/span><\/div>\n                    <\/a>\n                    <div id=\"5091-c49\" class=\"h-accordion-item-content__container\">\n                      <div class=\"w-100 h-y-container h-accordion-item-content\">\n                        <!---->\n                        <div data-colibri-id=\"5091-c50\" class=\"h-text h-text-component style-1367 style-local-5091-c50 position-relative h-element\">\n                          <!---->\n                          <!---->\n                          <div class=\"\">\n                            <p>Ansambel<em> musica cubicularis<\/em>\n                              <br> Anne Freitag, baro\u010dna pre\u010dna flavta\n                              <br> Domen Marin\u010di\u010d, viola da gamba, petstrunski violon\u010delo\n                              <br> Gregor Fele, baro\u010dni violon\u010delo\n                              <br> Toma\u017e Sev\u0161ek, \u010dembalo<\/p>\n                          <\/div>\n                        <\/div>\n                      <\/div>\n                    <\/div>\n                  <\/div>\n                  <div data-colibri-id=\"5091-c51\" class=\"h-accordion-item style-1370 style-local-5091-c51 position-relative h-element\">\n                    <!---->\n                    <a data-open-by-default=\"false\" href=\"#5091-c51\" class=\"h-accordion-item-title d-flex align-items-center h-global-transition\">\n                      <!----><span>4. september MOTECTA BONA &amp; FAVORABILIA<\/span>\n                      <div class=\"h-accordion-item-title-normal-icon h-accordion-item-title-icon h-accordion-item-title-icon-right\"><span class=\"h-svg-icon\"><!--Icon by Icons8 Line Awesome (https:\/\/icons8.com\/line-awesome)--><svg version=\"1.1\" xmlns=\"http:\/\/www.w3.org\/2000\/svg\" xmlns:xlink=\"http:\/\/www.w3.org\/1999\/xlink\" id=\"plus\" viewBox=\"0 0 512 545.5\"><path d=\"M240 112h32v160h160v32H272v160h-32V304H80v-32h160V112z\"><\/path><\/svg><\/span><\/div>\n                      <div class=\"h-accordion-item-title-active-icon h-accordion-item-title-icon h-accordion-item-title-icon-right\"><span class=\"h-svg-icon\"><!--Icon by Icons8 Line Awesome (https:\/\/icons8.com\/line-awesome)--><svg version=\"1.1\" xmlns=\"http:\/\/www.w3.org\/2000\/svg\" xmlns:xlink=\"http:\/\/www.w3.org\/1999\/xlink\" id=\"minus\" viewBox=\"0 0 512 545.5\"><path d=\"M80 272h352v32H80v-32z\"><\/path><\/svg><\/span><\/div>\n                    <\/a>\n                    <div id=\"5091-c51\" class=\"h-accordion-item-content__container\">\n                      <div class=\"w-100 h-y-container h-accordion-item-content\">\n                        <!---->\n                        <div data-colibri-id=\"5091-c52\" class=\"h-text h-text-component style-1371 style-local-5091-c52 position-relative h-element\">\n                          <!---->\n                          <!---->\n                          <div class=\"\">\n                            <p>Priljubljeni moteti iz ljubljanske stolnice<\/p>\n                            <p> Jacques Arcadelt\n                              <br> Johannes Lupi\n                              <br> Josquin des Prez\n                              <br> Jacques Du Pont\n                              <br> Nicolas Gombert\n                              <br> Antoine de F\u00e9vin\n                              <br> Jacques Brunel\n                              <br> Dominique Phinot\n                              <br> Dulos Couillart\n                              <br> Josquin des Prez\n                              <br> Mathieu Gascongne\n                              <br> Jacobus Clemens<\/p>\n                            <p>Vokalni ansambel <em>musica cubicularis<\/em>\n                              <br> Tanja Vogrin, sopran\n                              <br> Bernd Oliver Fr\u00f6hlich, alt\n                              <br> Manuel Warwitz, tenor\n                              <br> Raitis Grigalis, bariton\n                              <br> Joel Frederiksen, bas in glasbeno vodstvo\n                              <br> Toma\u017e Sev\u0161ek, orgle<\/p>\n                          <\/div>\n                        <\/div>\n                      <\/div>\n                    <\/div>\n                  <\/div>\n                  <div data-colibri-id=\"5091-c53\" class=\"h-accordion-item style-1372 style-local-5091-c53 position-relative h-element\">\n                    <!---->\n                    <a data-open-by-default=\"false\" href=\"#5091-c53\" class=\"h-accordion-item-title d-flex align-items-center h-global-transition\">\n                      <!----><span>6. september ZGOVOREN IN GANLJIV GOVOR VIOLINSKI ZVOK GIUSEPPA TARTINIJA<\/span>\n                      <div class=\"h-accordion-item-title-normal-icon h-accordion-item-title-icon h-accordion-item-title-icon-right\"><span class=\"h-svg-icon\"><!--Icon by Icons8 Line Awesome (https:\/\/icons8.com\/line-awesome)--><svg version=\"1.1\" xmlns=\"http:\/\/www.w3.org\/2000\/svg\" xmlns:xlink=\"http:\/\/www.w3.org\/1999\/xlink\" id=\"plus\" viewBox=\"0 0 512 545.5\"><path d=\"M240 112h32v160h160v32H272v160h-32V304H80v-32h160V112z\"><\/path><\/svg><\/span><\/div>\n                      <div class=\"h-accordion-item-title-active-icon h-accordion-item-title-icon h-accordion-item-title-icon-right\"><span class=\"h-svg-icon\"><!--Icon by Icons8 Line Awesome (https:\/\/icons8.com\/line-awesome)--><svg version=\"1.1\" xmlns=\"http:\/\/www.w3.org\/2000\/svg\" xmlns:xlink=\"http:\/\/www.w3.org\/1999\/xlink\" id=\"minus\" viewBox=\"0 0 512 545.5\"><path d=\"M80 272h352v32H80v-32z\"><\/path><\/svg><\/span><\/div>\n                    <\/a>\n                    <div id=\"5091-c53\" class=\"h-accordion-item-content__container\">\n                      <div class=\"w-100 h-y-container h-accordion-item-content\">\n                        <!---->\n                        <div data-colibri-id=\"5091-c54\" class=\"h-text h-text-component style-1373 style-local-5091-c54 position-relative h-element\">\n                          <!---->\n                          <!---->\n                          <div class=\"\">\n                            <p>Giuseppe Tartini<\/p>\n                            <p>Ansambel<em> musica cubicularis<\/em>\n                              <br> Bojan \u010ci\u010di\u0107, baro\u010dna violina\n                              <br> Mojca Jerman, baro\u010dna violina\n                              <br> Domen Marin\u010di\u010d, baro\u010dni violon\u010delo, viola da gamba\n                              <br> Toma\u017e Sev\u0161ek, \u010dembalo<\/p>\n                          <\/div>\n                        <\/div>\n                      <\/div>\n                    <\/div>\n                  <\/div>\n                  <div data-colibri-id=\"5091-c55\" class=\"h-accordion-item style-1374 style-local-5091-c55 position-relative h-element\">\n                    <!---->\n                    <a data-open-by-default=\"false\" href=\"#5091-c55\" class=\"h-accordion-item-title d-flex align-items-center h-global-transition\">\n                      <!----><span>11. december SOLISTI\u010cNI MOTETI IZ KOPRSKE STOLNICE<\/span>\n                      <div class=\"h-accordion-item-title-normal-icon h-accordion-item-title-icon h-accordion-item-title-icon-right\"><span class=\"h-svg-icon\"><!--Icon by Icons8 Line Awesome (https:\/\/icons8.com\/line-awesome)--><svg version=\"1.1\" xmlns=\"http:\/\/www.w3.org\/2000\/svg\" xmlns:xlink=\"http:\/\/www.w3.org\/1999\/xlink\" id=\"plus\" viewBox=\"0 0 512 545.5\"><path d=\"M240 112h32v160h160v32H272v160h-32V304H80v-32h160V112z\"><\/path><\/svg><\/span><\/div>\n                      <div class=\"h-accordion-item-title-active-icon h-accordion-item-title-icon h-accordion-item-title-icon-right\"><span class=\"h-svg-icon\"><!--Icon by Icons8 Line Awesome (https:\/\/icons8.com\/line-awesome)--><svg version=\"1.1\" xmlns=\"http:\/\/www.w3.org\/2000\/svg\" xmlns:xlink=\"http:\/\/www.w3.org\/1999\/xlink\" id=\"minus\" viewBox=\"0 0 512 545.5\"><path d=\"M80 272h352v32H80v-32z\"><\/path><\/svg><\/span><\/div>\n                    <\/a>\n                    <div id=\"5091-c55\" class=\"h-accordion-item-content__container\">\n                      <div class=\"w-100 h-y-container h-accordion-item-content\">\n                        <!---->\n                        <div data-colibri-id=\"5091-c56\" class=\"h-text h-text-component style-1375 style-local-5091-c56 position-relative h-element\">\n                          <!---->\n                          <!---->\n                          <div class=\"\">\n                            <p>Glasba 17. stoletja za sopran, dve violini in continuo<\/p>\n                            <p>Bonifazio Graziani\n                              <br> Giovanni Battista Bassani\n                              <br> Giovanni Antonio Rigatti\n                              <br> Francesco Antonio Bonporti<\/p>\n                            <p>Ansambel <em>musica cubicularis<\/em>\n                              <br> Stefanie True, sopran\n                              <br> Helena Zemanov\u00e1, baro\u010dna violina\n                              <br> Veronica B\u00f6hm, baro\u010dna violina\n                              <br> Domen Marin\u010di\u010d, baro\u010dni violon\u010delo\n                              <br> Toma\u017e Sev\u0161ek, orgelski pozitiv<\/p>\n                          <\/div>\n                        <\/div>\n                      <\/div>\n                    <\/div>\n                  <\/div>\n                <\/div>\n              <\/div>\n            <\/div>\n          <\/div>\n        <\/div>\n      <\/div>\n      <div data-colibri-id=\"5091-c57\" class=\"h-row-container gutters-row-lg-2 gutters-row-md-2 gutters-row-0 gutters-row-v-lg-2 gutters-row-v-md-2 gutters-row-v-2 style-1140 style-local-5091-c57 position-relative\">\n        <!---->\n        <div class=\"h-row justify-content-lg-center justify-content-md-center justify-content-center align-items-lg-stretch align-items-md-stretch align-items-stretch gutters-col-lg-2 gutters-col-md-2 gutters-col-0 gutters-col-v-lg-2 gutters-col-v-md-2 gutters-col-v-2\">\n          <!---->\n          <div class=\"h-column h-column-container d-flex h-col-lg-auto h-col-md-auto h-col-auto style-1141-outer style-local-5091-c58-outer\">\n            <div data-colibri-id=\"5091-c58\" class=\"d-flex h-flex-basis h-column__inner h-px-lg-2 h-px-md-2 h-px-2 v-inner-lg-2 v-inner-md-2 v-inner-2 style-1141 style-local-5091-c58 position-relative\">\n              <!---->\n              <!---->\n              <div class=\"w-100 h-y-container h-column__content h-column__v-align flex-basis-100 align-self-lg-start align-self-md-start align-self-start\">\n                <!---->\n                <div data-colibri-id=\"5091-c59\" class=\"h-divider style-1139 style-local-5091-c59 position-relative h-element\">\n                  <!----><span class=\"h-divider__line style-1139-line style-local-5091-c59-line style-1139-line style-local-5091-c59-line\"><\/span> <span class=\"h-svg-icon h-divider__icon style-1139-icon style-local-5091-c59-icon\"><!--Icon by Font Awesome (https:\/\/fontawesome.com)-->\n    <svg version=\"1.1\" xmlns=\"http:\/\/www.w3.org\/2000\/svg\" xmlns:xlink=\"http:\/\/www.w3.org\/1999\/xlink\" id=\"music\" viewBox=\"0 0 1536 1896.0833\">\n      <path d=\"M1536 224v1120q0 50-34 89t-86 60.5-103.5 32-96.5 10.5-96.5-10.5-103.5-32-86-60.5-34-89 34-89 86-60.5 103.5-32 96.5-10.5q105 0 192 39V654L640 891v709q0 50-34 89t-86 60.5-103.5 32T320 1792t-96.5-10.5-103.5-32-86-60.5-34-89 34-89 86-60.5 103.5-32T320 1408q105 0 192 39V480q0-31 19-56.5t49-35.5l832-256q12-4 28-4 40 0 68 28t28 68z\"><\/path>\n    <\/svg><\/span> <span class=\"h-divider__line style-1139-line style-local-5091-c59-line style-1139-line style-local-5091-c59-line\"><\/span><\/div>\n                <div data-colibri-id=\"5091-c60\" class=\"h-text h-text-component style-1142 style-local-5091-c60 position-relative h-element\">\n                  <!---->\n                  <!---->\n                  <div class=\"\">\n                    <p>2022<\/p>\n                  <\/div>\n                <\/div>\n              <\/div>\n            <\/div>\n          <\/div>\n        <\/div>\n      <\/div>\n      <div data-colibri-id=\"5091-c61\" class=\"h-row-container gutters-row-lg-2 gutters-row-md-2 gutters-row-0 gutters-row-v-lg-2 gutters-row-v-md-2 gutters-row-v-2 style-1150 style-local-5091-c61 position-relative\">\n        <!---->\n        <div class=\"h-row justify-content-lg-center justify-content-md-center justify-content-center align-items-lg-stretch align-items-md-stretch align-items-stretch gutters-col-lg-2 gutters-col-md-2 gutters-col-0 gutters-col-v-lg-2 gutters-col-v-md-2 gutters-col-v-2\">\n          <!---->\n          <div class=\"h-column h-column-container d-flex h-col-lg-auto h-col-md-auto h-col-auto style-1151-outer style-local-5091-c62-outer\">\n            <div data-colibri-id=\"5091-c62\" class=\"d-flex h-flex-basis h-column__inner h-px-lg-2 h-px-md-2 h-px-2 v-inner-lg-2 v-inner-md-2 v-inner-2 style-1151 style-local-5091-c62 position-relative\">\n              <!---->\n              <!---->\n              <div class=\"w-100 h-y-container h-column__content h-column__v-align flex-basis-100 align-self-lg-start align-self-md-start align-self-start\">\n                <!---->\n                <div data-toggle=\"true\" data-is-preview=\"true\" data-colibri-component=\"accordion\" data-colibri-id=\"5091-c63\" class=\"h-accordion style-1143 style-local-5091-c63 position-relative h-element\">\n                  <!---->\n                  <div data-colibri-id=\"5091-c64\" class=\"h-accordion-item h-accordion-item-first-child style-1144 style-local-5091-c64 position-relative h-element\">\n                    <!---->\n                    <a data-open-by-default=\"false\" href=\"#5091-c64\" class=\"h-accordion-item-title d-flex align-items-center h-global-transition\">\n                      <!----><span>13. marec PLES Z VERSAJSKIH ODROV<\/span>\n                      <div class=\"h-accordion-item-title-normal-icon h-accordion-item-title-icon h-accordion-item-title-icon-right\"><span class=\"h-svg-icon\"><!--Icon by Icons8 Line Awesome (https:\/\/icons8.com\/line-awesome)--><svg version=\"1.1\" xmlns=\"http:\/\/www.w3.org\/2000\/svg\" xmlns:xlink=\"http:\/\/www.w3.org\/1999\/xlink\" id=\"plus\" viewBox=\"0 0 512 545.5\"><path d=\"M240 112h32v160h160v32H272v160h-32V304H80v-32h160V112z\"><\/path><\/svg><\/span><\/div>\n                      <div class=\"h-accordion-item-title-active-icon h-accordion-item-title-icon h-accordion-item-title-icon-right\"><span class=\"h-svg-icon\"><!--Icon by Icons8 Line Awesome (https:\/\/icons8.com\/line-awesome)--><svg version=\"1.1\" xmlns=\"http:\/\/www.w3.org\/2000\/svg\" xmlns:xlink=\"http:\/\/www.w3.org\/1999\/xlink\" id=\"minus\" viewBox=\"0 0 512 545.5\"><path d=\"M80 272h352v32H80v-32z\"><\/path><\/svg><\/span><\/div>\n                    <\/a>\n                    <div id=\"5091-c64\" class=\"h-accordion-item-content__container\">\n                      <div class=\"w-100 h-y-container h-accordion-item-content\">\n                        <!---->\n                        <div data-colibri-id=\"5091-c65\" class=\"h-text h-text-component style-1145 style-local-5091-c65 position-relative h-element\">\n                          <!---->\n                          <!---->\n                          <div class=\"\">\n                            <p>Jean-Baptiste Lully <\/p>\n                            <p>Jean-F\u00e9ry Rebel <\/p>\n                            <p>Marin Marais <\/p>\n                            <p>Louis-Antoine Dornel <\/p>\n                            <p>Louis-Nicolas Cl\u00e9rambault<\/p>\n                            <p>Fran\u00e7ois Couperin <\/p>\n                            <p>\n                              <br>\n                            <\/p>\n                            <p>Ansambel <em>musica cubicularis<\/em><\/p>\n                            <p>Mojca Gal, baro\u010dni ples, baro\u010dna violina<\/p>\n                            <p>Stjepan Nodilo, baro\u010dna oboa, kljunasta flavta<\/p>\n                            <p>Domen Marin\u010di\u010d, viola da gamba<\/p>\n                            <p>Toma\u017e Sev\u0161ek, orgelski pozitiv<\/p>\n                          <\/div>\n                        <\/div>\n                      <\/div>\n                    <\/div>\n                  <\/div>\n                  <div data-colibri-id=\"5091-c66\" class=\"h-accordion-item style-1146 style-local-5091-c66 position-relative h-element\">\n                    <!---->\n                    <a data-open-by-default=\"false\" href=\"#5091-c66\" class=\"h-accordion-item-title d-flex align-items-center h-global-transition\">\n                      <!----><span>16. maj HE PUELLE REGIE<\/span>\n                      <div class=\"h-accordion-item-title-normal-icon h-accordion-item-title-icon h-accordion-item-title-icon-right\"><span class=\"h-svg-icon\"><!--Icon by Icons8 Line Awesome (https:\/\/icons8.com\/line-awesome)--><svg version=\"1.1\" xmlns=\"http:\/\/www.w3.org\/2000\/svg\" xmlns:xlink=\"http:\/\/www.w3.org\/1999\/xlink\" id=\"plus\" viewBox=\"0 0 512 545.5\"><path d=\"M240 112h32v160h160v32H272v160h-32V304H80v-32h160V112z\"><\/path><\/svg><\/span><\/div>\n                      <div class=\"h-accordion-item-title-active-icon h-accordion-item-title-icon h-accordion-item-title-icon-right\"><span class=\"h-svg-icon\"><!--Icon by Icons8 Line Awesome (https:\/\/icons8.com\/line-awesome)--><svg version=\"1.1\" xmlns=\"http:\/\/www.w3.org\/2000\/svg\" xmlns:xlink=\"http:\/\/www.w3.org\/1999\/xlink\" id=\"minus\" viewBox=\"0 0 512 545.5\"><path d=\"M80 272h352v32H80v-32z\"><\/path><\/svg><\/span><\/div>\n                    <\/a>\n                    <div id=\"5091-c66\" class=\"h-accordion-item-content__container\">\n                      <div class=\"w-100 h-y-container h-accordion-item-content\">\n                        <!---->\n                        <div data-colibri-id=\"5091-c67\" class=\"h-text h-text-component style-1147 style-local-5091-c67 position-relative h-element\">\n                          <!---->\n                          <!---->\n                          <div class=\"\">\n                            <p><span style=\"font-weight: 400;\">HE PUELLE REGIE glasbene sledi \u017eenskih samostanov na slovenskem<\/span><\/p>\n                            <p><strong style=\"font-weight: 400;\">I. he puelle regie \u2014 K\u00f6lnski dragulji: mu\u010denica sveta Ur\u0161ula in kraljevske mladenke<\/strong><\/p>\n                            <p><strong style=\"font-weight: 400;\">II. amator et sponsus virginum \u2014 Jezus, nebe\u0161ki \u017eenin, ostaja z nami po svojih obljubah<\/strong><\/p>\n                            <p><strong style=\"font-weight: 400;\">III. media vita in morte sumus \u2014 Ne zapusti nas, sirot, v \u010dasu stisk in preizku\u0161enj!<\/strong><\/p>\n                            <p><strong style=\"font-weight: 400;\">IV. maxima est gloria catharinae senensis \u2014 Slava dominikanskega reda: \u010dude\u017ei sv. Katarine Sienske in sv. Dominik<\/strong><\/p>\n                            <p>\n                              <br>\n                            <\/p>\n                            <p>Ana Kodelja, glas<\/p>\n                            <p>Christina Thaler, glas<\/p>\n                            <p>Katarina \u0160ter, glas in umetni\u0161ko vodstvo<\/p>\n                            <p>Barbara Ti\u0161ler, glas<\/p>\n                            <p>Tanja Vogrin, glas in harfa<\/p>\n                            <p>Klara Kastelec, pripovedovalka<\/p>\n                          <\/div>\n                        <\/div>\n                      <\/div>\n                    <\/div>\n                  <\/div>\n                  <div data-colibri-id=\"5091-c68\" class=\"h-accordion-item style-1148 style-local-5091-c68 position-relative h-element\">\n                    <!---->\n                    <a data-open-by-default=\"false\" href=\"#5091-c68\" class=\"h-accordion-item-title d-flex align-items-center h-global-transition\">\n                      <!----><span>24. junij KONCERTI IZ PTUJSKE ZBIRKE<\/span>\n                      <div class=\"h-accordion-item-title-normal-icon h-accordion-item-title-icon h-accordion-item-title-icon-right\"><span class=\"h-svg-icon\"><!--Icon by Icons8 Line Awesome (https:\/\/icons8.com\/line-awesome)--><svg version=\"1.1\" xmlns=\"http:\/\/www.w3.org\/2000\/svg\" xmlns:xlink=\"http:\/\/www.w3.org\/1999\/xlink\" id=\"plus\" viewBox=\"0 0 512 545.5\"><path d=\"M240 112h32v160h160v32H272v160h-32V304H80v-32h160V112z\"><\/path><\/svg><\/span><\/div>\n                      <div class=\"h-accordion-item-title-active-icon h-accordion-item-title-icon h-accordion-item-title-icon-right\"><span class=\"h-svg-icon\"><!--Icon by Icons8 Line Awesome (https:\/\/icons8.com\/line-awesome)--><svg version=\"1.1\" xmlns=\"http:\/\/www.w3.org\/2000\/svg\" xmlns:xlink=\"http:\/\/www.w3.org\/1999\/xlink\" id=\"minus\" viewBox=\"0 0 512 545.5\"><path d=\"M80 272h352v32H80v-32z\"><\/path><\/svg><\/span><\/div>\n                    <\/a>\n                    <div id=\"5091-c68\" class=\"h-accordion-item-content__container\">\n                      <div class=\"w-100 h-y-container h-accordion-item-content\">\n                        <!---->\n                        <div data-colibri-id=\"5091-c69\" class=\"h-text h-text-component style-1149 style-local-5091-c69 position-relative h-element\">\n                          <!---->\n                          <!---->\n                          <div class=\"\">\n                            <p><strong style=\"font-weight: 400;\">Johann Georg Zechner<\/strong><\/p>\n                            <p><strong style=\"font-weight: 400;\">Georg Christoph Wagenseil&nbsp;<\/strong><\/p>\n                            <p><strong style=\"font-weight: 400;\">Johann Adolph Hasse&nbsp;<\/strong><\/p>\n                            <p><strong style=\"font-weight: 400;\">Georg Christoph Wagenseil&nbsp;<\/strong><\/p>\n                            <p><strong style=\"font-weight: 400;\">Johann Georg Zechner<\/strong><\/p>\n                            <p><strong style=\"font-weight: 400;\">Johann Adam Scheibl&nbsp;<\/strong><\/p>\n                            <p>\n                              <br>\n                            <\/p>\n                            <p>Ansambel<em>&nbsp;musica cubicularis<\/em><\/p>\n                            <p>Zsuzsanna Czentnar, baro\u010dna violina<\/p>\n                            <p>Mojca Jerman, baro\u010dna violina<\/p>\n                            <p>Domen Marin\u010di\u010d, baro\u010dni violon\u010delo<\/p>\n                            <p>Miha Petek, baro\u010dna trobenta<\/p>\n                            <p>Jan Gr\u010dar, baro\u010dna trobenta<\/p>\n                            <p>Toma\u017e Sev\u0161ek, orgle (Janez Fran\u010di\u0161ek Jane\u010dek, 1748)<\/p>\n                            <p>Stjepan Nodilo, baro\u010dna oboa, kljunasta flavta<\/p>\n                            <p>Domen Marin\u010di\u010d \u2013 viola da gamba<\/p>\n                            <p>Toma\u017e Sev\u0161ek \u2013 orgelski pozitiv<\/p>\n                          <\/div>\n                        <\/div>\n                      <\/div>\n                    <\/div>\n                  <\/div>\n                  <div data-colibri-id=\"5091-c70\" class=\"h-accordion-item style-1152 style-local-5091-c70 position-relative h-element\">\n                    <!---->\n                    <a data-open-by-default=\"false\" href=\"#5091-c70\" class=\"h-accordion-item-title d-flex align-items-center h-global-transition\">\n                      <!----><span>16. september JURIJ SLATKONJA IN DUNAJSKA DVORNA KAPELA<\/span>\n                      <div class=\"h-accordion-item-title-normal-icon h-accordion-item-title-icon h-accordion-item-title-icon-right\"><span class=\"h-svg-icon\"><!--Icon by Icons8 Line Awesome (https:\/\/icons8.com\/line-awesome)--><svg version=\"1.1\" xmlns=\"http:\/\/www.w3.org\/2000\/svg\" xmlns:xlink=\"http:\/\/www.w3.org\/1999\/xlink\" id=\"plus\" viewBox=\"0 0 512 545.5\"><path d=\"M240 112h32v160h160v32H272v160h-32V304H80v-32h160V112z\"><\/path><\/svg><\/span><\/div>\n                      <div class=\"h-accordion-item-title-active-icon h-accordion-item-title-icon h-accordion-item-title-icon-right\"><span class=\"h-svg-icon\"><!--Icon by Icons8 Line Awesome (https:\/\/icons8.com\/line-awesome)--><svg version=\"1.1\" xmlns=\"http:\/\/www.w3.org\/2000\/svg\" xmlns:xlink=\"http:\/\/www.w3.org\/1999\/xlink\" id=\"minus\" viewBox=\"0 0 512 545.5\"><path d=\"M80 272h352v32H80v-32z\"><\/path><\/svg><\/span><\/div>\n                    <\/a>\n                    <div id=\"5091-c70\" class=\"h-accordion-item-content__container\">\n                      <div class=\"w-100 h-y-container h-accordion-item-content\">\n                        <!---->\n                        <div data-colibri-id=\"5091-c71\" class=\"h-text h-text-component style-1153 style-local-5091-c71 position-relative h-element\">\n                          <!---->\n                          <!---->\n                          <div class=\"\">\n                            <p><strong style=\"font-weight: 400;\">Ludwig Senfl&nbsp;<\/strong><\/p>\n                            <p><strong style=\"font-weight: 400;\">Paul Hofhaimer&nbsp;<\/strong><\/p>\n                            <p><strong style=\"font-weight: 400;\">Heinrich Isaac&nbsp;<\/strong><\/p>\n                            <p><strong style=\"font-weight: 400;\">Paul Hofhaimer&nbsp;<\/strong><\/p>\n                            <p><strong style=\"font-weight: 400;\">Heinrich Isaac&nbsp;<\/strong><\/p>\n                            <p><strong style=\"font-weight: 400;\">Jurij Slatkonja&nbsp;<\/strong><\/p>\n                            <p><strong style=\"font-weight: 400;\">Paul Hofhaimer&nbsp;<\/strong><\/p>\n                            <p><strong style=\"font-weight: 400;\">Paul Hofhaimer&nbsp;<\/strong><\/p>\n                            <p><strong style=\"font-weight: 400;\">Jurij Slatkonja<\/strong><\/p>\n                            <p><strong style=\"font-weight: 400;\">Ludwig Senfl&nbsp;<\/strong><\/p>\n                            <p>\n                              <br>\n                            <\/p>\n                            <p><strong style=\"font-weight: 400;\"><em>Singer Pur<\/em><\/strong><\/p>\n                            <p>Claudia Reinhard, sopran<\/p>\n                            <p>Christian Meister, tenor<\/p>\n                            <p>Markus Zapp, tenor<\/p>\n                            <p>Manuel Warwitz, tenor<\/p>\n                            <p>Felix Meybier, bas<\/p>\n                            <p>Domen Marin\u010di\u010d, viola da gamba<\/p>\n                            <p>Toma\u017e Sev\u0161ek, orgelski pozitiv<\/p>\n                          <\/div>\n                        <\/div>\n                      <\/div>\n                    <\/div>\n                  <\/div>\n                  <div data-colibri-id=\"5091-c72\" class=\"h-accordion-item style-1154 style-local-5091-c72 position-relative h-element\">\n                    <!---->\n                    <a data-open-by-default=\"false\" href=\"#5091-c72\" class=\"h-accordion-item-title d-flex align-items-center h-global-transition\">\n                      <!----><span>24. oktober ZVONOVI, LABIRINT IN LESTVICA<\/span>\n                      <div class=\"h-accordion-item-title-normal-icon h-accordion-item-title-icon h-accordion-item-title-icon-right\"><span class=\"h-svg-icon\"><!--Icon by Icons8 Line Awesome (https:\/\/icons8.com\/line-awesome)--><svg version=\"1.1\" xmlns=\"http:\/\/www.w3.org\/2000\/svg\" xmlns:xlink=\"http:\/\/www.w3.org\/1999\/xlink\" id=\"plus\" viewBox=\"0 0 512 545.5\"><path d=\"M240 112h32v160h160v32H272v160h-32V304H80v-32h160V112z\"><\/path><\/svg><\/span><\/div>\n                      <div class=\"h-accordion-item-title-active-icon h-accordion-item-title-icon h-accordion-item-title-icon-right\"><span class=\"h-svg-icon\"><!--Icon by Icons8 Line Awesome (https:\/\/icons8.com\/line-awesome)--><svg version=\"1.1\" xmlns=\"http:\/\/www.w3.org\/2000\/svg\" xmlns:xlink=\"http:\/\/www.w3.org\/1999\/xlink\" id=\"minus\" viewBox=\"0 0 512 545.5\"><path d=\"M80 272h352v32H80v-32z\"><\/path><\/svg><\/span><\/div>\n                    <\/a>\n                    <div id=\"5091-c72\" class=\"h-accordion-item-content__container\">\n                      <div class=\"w-100 h-y-container h-accordion-item-content\">\n                        <!---->\n                        <div data-colibri-id=\"5091-c73\" class=\"h-text h-text-component style-1155 style-local-5091-c73 position-relative h-element\">\n                          <!---->\n                          <!---->\n                          <div class=\"\">\n                            <p><strong style=\"font-weight: 400;\">Marin Marais<\/strong><\/p>\n                            <p>\n                              <br>\n                            <\/p>\n                            <p>Ansambel<em>&nbsp;musica cubicularis<\/em><\/p>\n                            <p>Alice Julien-Laferriere, baro\u010dna violina<\/p>\n                            <p>Taja Meznari\u010d, baro\u010dna pre\u010dna flavta<\/p>\n                            <p>Domen Marin\u010di\u010d, viola da gamba<\/p>\n                            <p>Toma\u017e Sev\u0161ek, \u010dembalo<\/p>\n                          <\/div>\n                        <\/div>\n                      <\/div>\n                    <\/div>\n                  <\/div>\n                  <div data-colibri-id=\"5091-c74\" class=\"h-accordion-item style-1156 style-local-5091-c74 position-relative h-element\">\n                    <!---->\n                    <a data-open-by-default=\"false\" href=\"#5091-c74\" class=\"h-accordion-item-title d-flex align-items-center h-global-transition\">\n                      <!----><span>21. november TOMASO ALBINONI: VESPETTA E PIMPINONE<\/span>\n                      <div class=\"h-accordion-item-title-normal-icon h-accordion-item-title-icon h-accordion-item-title-icon-right\"><span class=\"h-svg-icon\"><!--Icon by Icons8 Line Awesome (https:\/\/icons8.com\/line-awesome)--><svg version=\"1.1\" xmlns=\"http:\/\/www.w3.org\/2000\/svg\" xmlns:xlink=\"http:\/\/www.w3.org\/1999\/xlink\" id=\"plus\" viewBox=\"0 0 512 545.5\"><path d=\"M240 112h32v160h160v32H272v160h-32V304H80v-32h160V112z\"><\/path><\/svg><\/span><\/div>\n                      <div class=\"h-accordion-item-title-active-icon h-accordion-item-title-icon h-accordion-item-title-icon-right\"><span class=\"h-svg-icon\"><!--Icon by Icons8 Line Awesome (https:\/\/icons8.com\/line-awesome)--><svg version=\"1.1\" xmlns=\"http:\/\/www.w3.org\/2000\/svg\" xmlns:xlink=\"http:\/\/www.w3.org\/1999\/xlink\" id=\"minus\" viewBox=\"0 0 512 545.5\"><path d=\"M80 272h352v32H80v-32z\"><\/path><\/svg><\/span><\/div>\n                    <\/a>\n                    <div id=\"5091-c74\" class=\"h-accordion-item-content__container\">\n                      <div class=\"w-100 h-y-container h-accordion-item-content\">\n                        <!---->\n                        <div data-colibri-id=\"5091-c75\" class=\"h-text h-text-component style-1157 style-local-5091-c75 position-relative h-element\">\n                          <!---->\n                          <!---->\n                          <div class=\"\">\n                            <p><strong style=\"font-weight: 400;\">Tomaso Albinoni&nbsp;<\/strong><\/p>\n                            <p>\n                              <br>\n                            <\/p>\n                            <p>Helena Bregar, Vespetta (sopran)<\/p>\n                            <p>Toma\u0161 Kral, Pimpinone (bariton)<\/p>\n                            <p>Ansambel<em>&nbsp;musica cubicularis<\/em><\/p>\n                            <p>Federico Guglielmo, violina<\/p>\n                            <p>Alessia Pazzaglia, violina<\/p>\n                            <p>Raquel Massadas, viola<\/p>\n                            <p>Domen Marin\u010di\u010d, violon\u010delo<\/p>\n                            <p>Toma\u017e Sev\u0161ek, \u010dembalo<\/p>\n                          <\/div>\n                        <\/div>\n                      <\/div>\n                    <\/div>\n                  <\/div>\n                <\/div>\n              <\/div>\n            <\/div>\n          <\/div>\n        <\/div>\n      <\/div>\n      <div data-colibri-id=\"5091-c76\" class=\"h-row-container gutters-row-lg-2 gutters-row-md-2 gutters-row-0 gutters-row-v-lg-2 gutters-row-v-md-2 gutters-row-v-2 style-1337 style-local-5091-c76 position-relative\">\n        <!---->\n        <div class=\"h-row justify-content-lg-center justify-content-md-center justify-content-center align-items-lg-stretch align-items-md-stretch align-items-stretch gutters-col-lg-2 gutters-col-md-2 gutters-col-0 gutters-col-v-lg-2 gutters-col-v-md-2 gutters-col-v-2\">\n          <!---->\n          <div class=\"h-column h-column-container d-flex h-col-lg-auto h-col-md-auto h-col-auto style-1338-outer style-local-5091-c77-outer\">\n            <div data-colibri-id=\"5091-c77\" class=\"d-flex h-flex-basis h-column__inner h-px-lg-2 h-px-md-2 h-px-2 v-inner-lg-2 v-inner-md-2 v-inner-2 style-1338 style-local-5091-c77 position-relative\">\n              <!---->\n              <!---->\n              <div class=\"w-100 h-y-container h-column__content h-column__v-align flex-basis-100 align-self-lg-start align-self-md-start align-self-start\">\n                <!---->\n                <div data-colibri-id=\"5091-c78\" class=\"h-divider style-1341 style-local-5091-c78 position-relative h-element\">\n                  <!----><span class=\"h-divider__line style-1341-line style-local-5091-c78-line style-1341-line style-local-5091-c78-line\"><\/span> <span class=\"h-svg-icon h-divider__icon style-1341-icon style-local-5091-c78-icon\"><!--Icon by Font Awesome (https:\/\/fontawesome.com)-->\n    <svg version=\"1.1\" xmlns=\"http:\/\/www.w3.org\/2000\/svg\" xmlns:xlink=\"http:\/\/www.w3.org\/1999\/xlink\" id=\"music\" viewBox=\"0 0 1536 1896.0833\">\n      <path d=\"M1536 224v1120q0 50-34 89t-86 60.5-103.5 32-96.5 10.5-96.5-10.5-103.5-32-86-60.5-34-89 34-89 86-60.5 103.5-32 96.5-10.5q105 0 192 39V654L640 891v709q0 50-34 89t-86 60.5-103.5 32T320 1792t-96.5-10.5-103.5-32-86-60.5-34-89 34-89 86-60.5 103.5-32T320 1408q105 0 192 39V480q0-31 19-56.5t49-35.5l832-256q12-4 28-4 40 0 68 28t28 68z\"><\/path>\n    <\/svg><\/span> <span class=\"h-divider__line style-1341-line style-local-5091-c78-line style-1341-line style-local-5091-c78-line\"><\/span><\/div>\n                <div data-colibri-id=\"5091-c79\" class=\"h-text h-text-component style-1342 style-local-5091-c79 position-relative h-element\">\n                  <!---->\n                  <!---->\n                  <div class=\"\">\n                    <p>2021<\/p>\n                  <\/div>\n                <\/div>\n                <div data-toggle=\"true\" data-is-preview=\"true\" data-colibri-component=\"accordion\" data-colibri-id=\"5091-c80\" class=\"h-accordion style-1343 style-local-5091-c80 position-relative h-element\">\n                  <!---->\n                  <div data-colibri-id=\"5091-c81\" class=\"h-accordion-item h-accordion-item-first-child style-1344 style-local-5091-c81 position-relative h-element\">\n                    <!---->\n                    <a data-open-by-default=\"false\" href=\"#5091-c81\" class=\"h-accordion-item-title d-flex align-items-center h-global-transition\">\n                      <!----><span>29. marec TRIO ZA \u0160TIRI<\/span>\n                      <div class=\"h-accordion-item-title-normal-icon h-accordion-item-title-icon h-accordion-item-title-icon-right\"><span class=\"h-svg-icon\"><!--Icon by Icons8 Line Awesome (https:\/\/icons8.com\/line-awesome)--><svg version=\"1.1\" xmlns=\"http:\/\/www.w3.org\/2000\/svg\" xmlns:xlink=\"http:\/\/www.w3.org\/1999\/xlink\" id=\"plus\" viewBox=\"0 0 512 545.5\"><path d=\"M240 112h32v160h160v32H272v160h-32V304H80v-32h160V112z\"><\/path><\/svg><\/span><\/div>\n                      <div class=\"h-accordion-item-title-active-icon h-accordion-item-title-icon h-accordion-item-title-icon-right\"><span class=\"h-svg-icon\"><!--Icon by Icons8 Line Awesome (https:\/\/icons8.com\/line-awesome)--><svg version=\"1.1\" xmlns=\"http:\/\/www.w3.org\/2000\/svg\" xmlns:xlink=\"http:\/\/www.w3.org\/1999\/xlink\" id=\"minus\" viewBox=\"0 0 512 545.5\"><path d=\"M80 272h352v32H80v-32z\"><\/path><\/svg><\/span><\/div>\n                    <\/a>\n                    <div id=\"5091-c81\" class=\"h-accordion-item-content__container\">\n                      <div class=\"w-100 h-y-container h-accordion-item-content\">\n                        <!---->\n                        <div data-colibri-id=\"5091-c82\" class=\"h-text h-text-component style-1345 style-local-5091-c82 position-relative h-element\">\n                          <!---->\n                          <!---->\n                          <div class=\"\">\n                            <p><span>Johann Georg Linike<\/span><\/p>\n                            <p><span>Georg Philipp Telemann<\/span><\/p>\n                            <p><span>Pierre Prowo<\/span><\/p>\n                            <p>Georg Friedrich H\u00e4ndel<\/p>\n                            <p>\n                              <br>\n                            <\/p>\n                            <p>\n                              <br>\n                            <\/p>\n                            <p>Ansambel&nbsp;<em>musica cubicularis<\/em><\/p>\n                            <p>Sheng-Fang Chiu, kljunasta flavta<\/p>\n                            <p>Domen Marin\u010di\u010d, viola da gamba, \u010dembalo<\/p>\n                            <p>Gregor Fele, baro\u010dni violon\u010delo<\/p>\n                            <p>Toma\u017e Sev\u0161ek, \u010dembalo<\/p>\n                            <p>\n                              <br>\n                            <\/p>\n                          <\/div>\n                        <\/div>\n                      <\/div>\n                    <\/div>\n                  <\/div>\n                  <div data-colibri-id=\"5091-c83\" class=\"h-accordion-item style-1346 style-local-5091-c83 position-relative h-element\">\n                    <!---->\n                    <a data-open-by-default=\"false\" href=\"#5091-c83\" class=\"h-accordion-item-title d-flex align-items-center h-global-transition\">\n                      <!----><span>31. avgust AVE MUNDI SPES<\/span>\n                      <div class=\"h-accordion-item-title-normal-icon h-accordion-item-title-icon h-accordion-item-title-icon-right\"><span class=\"h-svg-icon\"><!--Icon by Icons8 Line Awesome (https:\/\/icons8.com\/line-awesome)--><svg version=\"1.1\" xmlns=\"http:\/\/www.w3.org\/2000\/svg\" xmlns:xlink=\"http:\/\/www.w3.org\/1999\/xlink\" id=\"plus\" viewBox=\"0 0 512 545.5\"><path d=\"M240 112h32v160h160v32H272v160h-32V304H80v-32h160V112z\"><\/path><\/svg><\/span><\/div>\n                      <div class=\"h-accordion-item-title-active-icon h-accordion-item-title-icon h-accordion-item-title-icon-right\"><span class=\"h-svg-icon\"><!--Icon by Icons8 Line Awesome (https:\/\/icons8.com\/line-awesome)--><svg version=\"1.1\" xmlns=\"http:\/\/www.w3.org\/2000\/svg\" xmlns:xlink=\"http:\/\/www.w3.org\/1999\/xlink\" id=\"minus\" viewBox=\"0 0 512 545.5\"><path d=\"M80 272h352v32H80v-32z\"><\/path><\/svg><\/span><\/div>\n                    <\/a>\n                    <div id=\"5091-c83\" class=\"h-accordion-item-content__container\">\n                      <div class=\"w-100 h-y-container h-accordion-item-content\">\n                        <!---->\n                        <div data-colibri-id=\"5091-c84\" class=\"h-text h-text-component style-1347 style-local-5091-c84 position-relative h-element\">\n                          <!---->\n                          <!---->\n                          <div class=\"\">\n                            <p><span><span class=\"ql-cursor\">\ufeff<\/span>Moteti Gabriela Plavca in Isaaca Poscha<\/span>\n                            <\/p>\n                            <p><span>Gabriel Plavec<\/span><\/p>\n                            <p><span>Isaac Posch<\/span><\/p>\n                            <p><span>Jacobus Handl \u2013 Gallus<\/span><\/p>\n                            <p><span>Georg Prenner<\/span><\/p>\n                            <p>\n                              <br>\n                            <\/p>\n                            <p>Ingenium Ensemble<\/p>\n                            <p>Blanka \u010cak\u0161, sopran<\/p>\n                            <p>Petra Frece, sopran<\/p>\n                            <p>Bla\u017e Strmole, tenor<\/p>\n                            <p>Domen An\u017elovar, tenor<\/p>\n                            <p>Matja\u017e Strmole, bariton<\/p>\n                            <p>Ambro\u017e Rener, bas<\/p>\n                            <p>Domen Marin\u010di\u010d, viola da gamba, \u010dembalo<\/p>\n                            <p>Toma\u017e Sev\u0161ek, orgelski pozitiv<\/p>\n                            <p>\n                              <br>\n                            <\/p>\n                          <\/div>\n                        <\/div>\n                      <\/div>\n                    <\/div>\n                  <\/div>\n                  <div data-colibri-id=\"5091-c85\" class=\"h-accordion-item style-1348 style-local-5091-c85 position-relative h-element\">\n                    <!---->\n                    <a data-open-by-default=\"false\" href=\"#5091-c85\" class=\"h-accordion-item-title d-flex align-items-center h-global-transition\">\n                      <!----><span>15. september EVTERPA,TERPSIHORA IN ERATO<\/span>\n                      <div class=\"h-accordion-item-title-normal-icon h-accordion-item-title-icon h-accordion-item-title-icon-right\"><span class=\"h-svg-icon\"><!--Icon by Icons8 Line Awesome (https:\/\/icons8.com\/line-awesome)--><svg version=\"1.1\" xmlns=\"http:\/\/www.w3.org\/2000\/svg\" xmlns:xlink=\"http:\/\/www.w3.org\/1999\/xlink\" id=\"plus\" viewBox=\"0 0 512 545.5\"><path d=\"M240 112h32v160h160v32H272v160h-32V304H80v-32h160V112z\"><\/path><\/svg><\/span><\/div>\n                      <div class=\"h-accordion-item-title-active-icon h-accordion-item-title-icon h-accordion-item-title-icon-right\"><span class=\"h-svg-icon\"><!--Icon by Icons8 Line Awesome (https:\/\/icons8.com\/line-awesome)--><svg version=\"1.1\" xmlns=\"http:\/\/www.w3.org\/2000\/svg\" xmlns:xlink=\"http:\/\/www.w3.org\/1999\/xlink\" id=\"minus\" viewBox=\"0 0 512 545.5\"><path d=\"M80 272h352v32H80v-32z\"><\/path><\/svg><\/span><\/div>\n                    <\/a>\n                    <div id=\"5091-c85\" class=\"h-accordion-item-content__container\">\n                      <div class=\"w-100 h-y-container h-accordion-item-content\">\n                        <!---->\n                        <div data-colibri-id=\"5091-c86\" class=\"h-text h-text-component style-1349 style-local-5091-c86 position-relative h-element\">\n                          <!---->\n                          <!---->\n                          <div class=\"\">\n                            <p><span><span class=\"ql-cursor\">\ufeff<\/span>Jean-Baptiste Lully<\/span>\n                            <\/p>\n                            <p><span>Georg Friedrich H\u00e4ndel<\/span><\/p>\n                            <p><span>Antonio Vivaldi<\/span><\/p>\n                            <p><span>Jean-F\u00e9ry Rebel<\/span><\/p>\n                            <p>\n                              <br>\n                            <\/p>\n                            <p>Ivana Lazar, sopran<\/p>\n                            <p>Aco Aleksander Bi\u0161\u0107evi\u0107, tenor<\/p>\n                            <p>Maru\u0161a Brezav\u0161\u010dek, kljunasta flavta<\/p>\n                            <p>Tanja Skok, Sebasti\u00e0 Bover, baro\u010dni ples<\/p>\n                            <p>Orkester&nbsp;<em>musica cubicularis<\/em><\/p>\n                            <p>Domen Marin\u010di\u010d, glasbeno vodstvo<\/p>\n                            <p>Bo\u017eena Angelova, Ne\u017ea Klinar, Sara Miti\u0107, Ana Vasi\u0107, Mojca Jerman, Ana Se\u0161ek, violine<\/p>\n                            <p>Jonathan Ponet, viola<\/p>\n                            <p>Domen Marin\u010di\u010d, Martin Sikur, violon\u010delo<\/p>\n                            <p>Urban \u010cefarin, kontrabas<\/p>\n                            <p>Stjepan Nodilo, Stanislav Zhukovsky, baro\u010dna oboa<\/p>\n                            <p>Maru\u0161a Brezav\u0161\u010dek, kljunasta flavta, baro\u010dni fagot<\/p>\n                            <p>Kre\u0161imir Fabijani\u0107, baro\u010dna trobenta<\/p>\n                            <p>Toma\u017e Sev\u0161ek, \u010dembalo<\/p>\n                            <p>Sam Chapman, teorba, baro\u010dna kitara<\/p>\n                            <p>\n                              <br>\n                            <\/p>\n                          <\/div>\n                        <\/div>\n                      <\/div>\n                    <\/div>\n                  <\/div>\n                  <div data-colibri-id=\"5091-c87\" class=\"h-accordion-item style-1350 style-local-5091-c87 position-relative h-element\">\n                    <!---->\n                    <a data-open-by-default=\"false\" href=\"#5091-c87\" class=\"h-accordion-item-title d-flex align-items-center h-global-transition\">\n                      <!----><span>21. oktober NOVO MESTO IN KLANJEC<\/span>\n                      <div class=\"h-accordion-item-title-normal-icon h-accordion-item-title-icon h-accordion-item-title-icon-right\"><span class=\"h-svg-icon\"><!--Icon by Icons8 Line Awesome (https:\/\/icons8.com\/line-awesome)--><svg version=\"1.1\" xmlns=\"http:\/\/www.w3.org\/2000\/svg\" xmlns:xlink=\"http:\/\/www.w3.org\/1999\/xlink\" id=\"plus\" viewBox=\"0 0 512 545.5\"><path d=\"M240 112h32v160h160v32H272v160h-32V304H80v-32h160V112z\"><\/path><\/svg><\/span><\/div>\n                      <div class=\"h-accordion-item-title-active-icon h-accordion-item-title-icon h-accordion-item-title-icon-right\"><span class=\"h-svg-icon\"><!--Icon by Icons8 Line Awesome (https:\/\/icons8.com\/line-awesome)--><svg version=\"1.1\" xmlns=\"http:\/\/www.w3.org\/2000\/svg\" xmlns:xlink=\"http:\/\/www.w3.org\/1999\/xlink\" id=\"minus\" viewBox=\"0 0 512 545.5\"><path d=\"M80 272h352v32H80v-32z\"><\/path><\/svg><\/span><\/div>\n                    <\/a>\n                    <div id=\"5091-c87\" class=\"h-accordion-item-content__container\">\n                      <div class=\"w-100 h-y-container h-accordion-item-content\">\n                        <!---->\n                        <div data-colibri-id=\"5091-c88\" class=\"h-text h-text-component style-1351 style-local-5091-c88 position-relative h-element\">\n                          <!---->\n                          <!---->\n                          <div class=\"\">\n                            <p><em>musica cubicularis<\/em><\/p>\n                            <p>Nele Gram\u00df \u2013 sopran<\/p>\n                            <p>Marta Mo\u010dnik Pirc \u2013 sopran<\/p>\n                            <p>Domen Marin\u010di\u010d \u2013 viola da gamba<\/p>\n                            <p>Toma\u017e Sev\u0161ek \u2013 orgelski pozitiv<\/p>\n                            <p>\n                              <br>\n                            <\/p>\n                          <\/div>\n                        <\/div>\n                      <\/div>\n                    <\/div>\n                  <\/div>\n                  <div data-colibri-id=\"5091-c89\" class=\"h-accordion-item style-1352 style-local-5091-c89 position-relative h-element\">\n                    <!---->\n                    <a data-open-by-default=\"false\" href=\"#5091-c89\" class=\"h-accordion-item-title d-flex align-items-center h-global-transition\">\n                      <!----><span>27. december ANGLE\u0160KE PESMI ZA GLAS IN ANSAMBEL VIOL DA GAMBA<\/span>\n                      <div class=\"h-accordion-item-title-normal-icon h-accordion-item-title-icon h-accordion-item-title-icon-right\"><span class=\"h-svg-icon\"><!--Icon by Icons8 Line Awesome (https:\/\/icons8.com\/line-awesome)--><svg version=\"1.1\" xmlns=\"http:\/\/www.w3.org\/2000\/svg\" xmlns:xlink=\"http:\/\/www.w3.org\/1999\/xlink\" id=\"plus\" viewBox=\"0 0 512 545.5\"><path d=\"M240 112h32v160h160v32H272v160h-32V304H80v-32h160V112z\"><\/path><\/svg><\/span><\/div>\n                      <div class=\"h-accordion-item-title-active-icon h-accordion-item-title-icon h-accordion-item-title-icon-right\"><span class=\"h-svg-icon\"><!--Icon by Icons8 Line Awesome (https:\/\/icons8.com\/line-awesome)--><svg version=\"1.1\" xmlns=\"http:\/\/www.w3.org\/2000\/svg\" xmlns:xlink=\"http:\/\/www.w3.org\/1999\/xlink\" id=\"minus\" viewBox=\"0 0 512 545.5\"><path d=\"M80 272h352v32H80v-32z\"><\/path><\/svg><\/span><\/div>\n                    <\/a>\n                    <div id=\"5091-c89\" class=\"h-accordion-item-content__container\">\n                      <div class=\"w-100 h-y-container h-accordion-item-content\">\n                        <!---->\n                        <div data-colibri-id=\"5091-c90\" class=\"h-text h-text-component style-1353 style-local-5091-c90 position-relative h-element\">\n                          <!---->\n                          <!---->\n                          <div class=\"\">\n                            <p><em>musica cubicularis<\/em><\/p>\n                            <p>Nele Gram\u00df \u2013 sopran<\/p>\n                            <p>Marta Mo\u010dnik Pirc \u2013 sopran<\/p>\n                            <p>Domen Marin\u010di\u010d \u2013 viola da gamba<\/p>\n                            <p>Toma\u017e Sev\u0161ek \u2013 orgelski pozitiv<\/p>\n                            <p>\n                              <br>\n                            <\/p>\n                          <\/div>\n                        <\/div>\n                      <\/div>\n                    <\/div>\n                  <\/div>\n                <\/div>\n                <div data-colibri-id=\"5091-c91\" class=\"style-1339 style-local-5091-c91 position-relative h-element\">\n                  <!---->\n                <\/div>\n              <\/div>\n            <\/div>\n          <\/div>\n        <\/div>\n      <\/div>\n      <div data-colibri-id=\"5091-c92\" class=\"h-row-container gutters-row-lg-2 gutters-row-md-2 gutters-row-0 gutters-row-v-lg-2 gutters-row-v-md-2 gutters-row-v-2 style-1176 style-local-5091-c92 position-relative\">\n        <!---->\n        <div class=\"h-row justify-content-lg-center justify-content-md-center justify-content-center align-items-lg-stretch align-items-md-stretch align-items-stretch gutters-col-lg-2 gutters-col-md-2 gutters-col-0 gutters-col-v-lg-2 gutters-col-v-md-2 gutters-col-v-2\">\n          <!---->\n          <div class=\"h-column h-column-container d-flex h-col-lg-auto h-col-md-auto h-col-auto style-1177-outer style-local-5091-c93-outer\">\n            <div data-colibri-id=\"5091-c93\" class=\"d-flex h-flex-basis h-column__inner h-px-lg-2 h-px-md-2 h-px-2 v-inner-lg-2 v-inner-md-2 v-inner-2 style-1177 style-local-5091-c93 position-relative\">\n              <!---->\n              <!---->\n              <div class=\"w-100 h-y-container h-column__content h-column__v-align flex-basis-100 align-self-lg-start align-self-md-start align-self-start\">\n                <!---->\n                <div data-colibri-id=\"5091-c94\" class=\"h-divider style-1175 style-local-5091-c94 position-relative h-element\">\n                  <!----><span class=\"h-divider__line style-1175-line style-local-5091-c94-line style-1175-line style-local-5091-c94-line\"><\/span> <span class=\"h-svg-icon h-divider__icon style-1175-icon style-local-5091-c94-icon\"><!--Icon by Font Awesome (https:\/\/fontawesome.com)-->\n    <svg version=\"1.1\" xmlns=\"http:\/\/www.w3.org\/2000\/svg\" xmlns:xlink=\"http:\/\/www.w3.org\/1999\/xlink\" id=\"music\" viewBox=\"0 0 1536 1896.0833\">\n      <path d=\"M1536 224v1120q0 50-34 89t-86 60.5-103.5 32-96.5 10.5-96.5-10.5-103.5-32-86-60.5-34-89 34-89 86-60.5 103.5-32 96.5-10.5q105 0 192 39V654L640 891v709q0 50-34 89t-86 60.5-103.5 32T320 1792t-96.5-10.5-103.5-32-86-60.5-34-89 34-89 86-60.5 103.5-32T320 1408q105 0 192 39V480q0-31 19-56.5t49-35.5l832-256q12-4 28-4 40 0 68 28t28 68z\"><\/path>\n    <\/svg><\/span> <span class=\"h-divider__line style-1175-line style-local-5091-c94-line style-1175-line style-local-5091-c94-line\"><\/span><\/div>\n                <div data-colibri-id=\"5091-c95\" class=\"h-text h-text-component style-1178 style-local-5091-c95 position-relative h-element\">\n                  <!---->\n                  <!---->\n                  <div class=\"\">\n                    <p>2020<\/p>\n                  <\/div>\n                <\/div>\n              <\/div>\n            <\/div>\n          <\/div>\n        <\/div>\n      <\/div>\n      <div data-colibri-id=\"5091-c96\" class=\"h-row-container gutters-row-lg-2 gutters-row-md-2 gutters-row-0 gutters-row-v-lg-2 gutters-row-v-md-2 gutters-row-v-2 style-1186 style-local-5091-c96 position-relative\">\n        <!---->\n        <div class=\"h-row justify-content-lg-center justify-content-md-center justify-content-center align-items-lg-stretch align-items-md-stretch align-items-stretch gutters-col-lg-2 gutters-col-md-2 gutters-col-0 gutters-col-v-lg-2 gutters-col-v-md-2 gutters-col-v-2\">\n          <!---->\n          <div class=\"h-column h-column-container d-flex h-col-lg-auto h-col-md-auto h-col-auto style-1187-outer style-local-5091-c97-outer\">\n            <div data-colibri-id=\"5091-c97\" class=\"d-flex h-flex-basis h-column__inner h-px-lg-2 h-px-md-2 h-px-2 v-inner-lg-2 v-inner-md-2 v-inner-2 style-1187 style-local-5091-c97 position-relative\">\n              <!---->\n              <!---->\n              <div class=\"w-100 h-y-container h-column__content h-column__v-align flex-basis-100 align-self-lg-start align-self-md-start align-self-start\">\n                <!---->\n                <div data-toggle=\"true\" data-is-preview=\"true\" data-colibri-component=\"accordion\" data-colibri-id=\"5091-c98\" class=\"h-accordion style-1179 style-local-5091-c98 position-relative h-element\">\n                  <!---->\n                  <div data-colibri-id=\"5091-c99\" class=\"h-accordion-item h-accordion-item-first-child style-1180 style-local-5091-c99 position-relative h-element\">\n                    <!---->\n                    <a data-open-by-default=\"false\" href=\"#5091-c99\" class=\"h-accordion-item-title d-flex align-items-center h-global-transition\">\n                      <!----><span>1. februar LJUBLJANA<\/span>\n                      <div class=\"h-accordion-item-title-normal-icon h-accordion-item-title-icon h-accordion-item-title-icon-right\"><span class=\"h-svg-icon\"><!--Icon by Icons8 Line Awesome (https:\/\/icons8.com\/line-awesome)--><svg version=\"1.1\" xmlns=\"http:\/\/www.w3.org\/2000\/svg\" xmlns:xlink=\"http:\/\/www.w3.org\/1999\/xlink\" id=\"plus\" viewBox=\"0 0 512 545.5\"><path d=\"M240 112h32v160h160v32H272v160h-32V304H80v-32h160V112z\"><\/path><\/svg><\/span><\/div>\n                      <div class=\"h-accordion-item-title-active-icon h-accordion-item-title-icon h-accordion-item-title-icon-right\"><span class=\"h-svg-icon\"><!--Icon by Icons8 Line Awesome (https:\/\/icons8.com\/line-awesome)--><svg version=\"1.1\" xmlns=\"http:\/\/www.w3.org\/2000\/svg\" xmlns:xlink=\"http:\/\/www.w3.org\/1999\/xlink\" id=\"minus\" viewBox=\"0 0 512 545.5\"><path d=\"M80 272h352v32H80v-32z\"><\/path><\/svg><\/span><\/div>\n                    <\/a>\n                    <div id=\"5091-c99\" class=\"h-accordion-item-content__container\">\n                      <div class=\"w-100 h-y-container h-accordion-item-content\">\n                        <!---->\n                        <div data-colibri-id=\"5091-c100\" class=\"h-text h-text-component style-1181 style-local-5091-c100 position-relative h-element\">\n                          <!---->\n                          <!---->\n                          <div class=\"\">\n                            <p><span style=\"font-weight: 400;\">STARA GLASBA PO SLOVENIJI: LJUBLJANA<\/span><\/p>\n                            <p><span style=\"font-weight: 400;\">Isaac Posch in instrumentalna glasba iz arhiva ljubljanske stolnice<\/span><\/p>\n                            <p><span style=\"font-weight: 400;\">Cesario Gussago<\/span><\/p>\n                            <p><span style=\"font-weight: 400;\">Claudio Merulo<\/span><\/p>\n                            <p><span style=\"font-weight: 400;\">Johann Christenius<\/span><\/p>\n                            <p><span style=\"font-weight: 400;\">Annibale Zuccaro<\/span><\/p>\n                            <p><span style=\"font-weight: 400;\">Antonio Mortaro<\/span><\/p>\n                            <p><span style=\"font-weight: 400;\">Johann Steffens<\/span><\/p>\n                            <p><span style=\"font-weight: 400;\">Cesario Gussago<\/span><\/p>\n                            <p><span style=\"font-weight: 400;\">Isaac Posch<\/span><\/p>\n                            <p>\n                              <br>\n                            <\/p>\n                            <p><span style=\"font-weight: 400;\">Ansambel viol da gamba&nbsp;<\/span><em style=\"font-weight: 400;\">musica cubicularis<\/em><\/p>\n                            <p><span style=\"font-weight: 400;\">Domen Marin\u010di\u010d, Christoph Prendl, Christoph Urbanetz, D\u00e1vid Budai, Cristiano Contadin<\/span><\/p>\n                          <\/div>\n                        <\/div>\n                      <\/div>\n                    <\/div>\n                  <\/div>\n                  <div data-colibri-id=\"5091-c101\" class=\"h-accordion-item style-1182 style-local-5091-c101 position-relative h-element\">\n                    <!---->\n                    <a data-open-by-default=\"false\" href=\"#5091-c101\" class=\"h-accordion-item-title d-flex align-items-center h-global-transition\">\n                      <!----><span>1.  junij K\u00d6THEN \u2013 LONDON \u2013 HAMBURG<\/span>\n                      <div class=\"h-accordion-item-title-normal-icon h-accordion-item-title-icon h-accordion-item-title-icon-right\"><span class=\"h-svg-icon\"><!--Icon by Icons8 Line Awesome (https:\/\/icons8.com\/line-awesome)--><svg version=\"1.1\" xmlns=\"http:\/\/www.w3.org\/2000\/svg\" xmlns:xlink=\"http:\/\/www.w3.org\/1999\/xlink\" id=\"plus\" viewBox=\"0 0 512 545.5\"><path d=\"M240 112h32v160h160v32H272v160h-32V304H80v-32h160V112z\"><\/path><\/svg><\/span><\/div>\n                      <div class=\"h-accordion-item-title-active-icon h-accordion-item-title-icon h-accordion-item-title-icon-right\"><span class=\"h-svg-icon\"><!--Icon by Icons8 Line Awesome (https:\/\/icons8.com\/line-awesome)--><svg version=\"1.1\" xmlns=\"http:\/\/www.w3.org\/2000\/svg\" xmlns:xlink=\"http:\/\/www.w3.org\/1999\/xlink\" id=\"minus\" viewBox=\"0 0 512 545.5\"><path d=\"M80 272h352v32H80v-32z\"><\/path><\/svg><\/span><\/div>\n                    <\/a>\n                    <div id=\"5091-c101\" class=\"h-accordion-item-content__container\">\n                      <div class=\"w-100 h-y-container h-accordion-item-content\">\n                        <!---->\n                        <div data-colibri-id=\"5091-c102\" class=\"h-text h-text-component style-1183 style-local-5091-c102 position-relative h-element\">\n                          <!---->\n                          <!---->\n                          <div class=\"\">\n                            <p>Johann Georg Linike<\/p>\n                            <p>Georg Friedrich H\u00e4ndel<\/p>\n                            <p>Johann Heinrich Freytag<\/p>\n                            <p>Georg Philipp Telemann<\/p>\n                            <p>\n                              <br>\n                            <\/p>\n                            <p>Ansambel&nbsp;<em>musica cubicularis<\/em><\/p>\n                            <p>Anne Freitag, baro\u010dna pre\u010dna flavta, kljunasta flavta<\/p>\n                            <p>Domen Marin\u010di\u010d, viola da gamba<\/p>\n                          <\/div>\n                        <\/div>\n                      <\/div>\n                    <\/div>\n                  <\/div>\n                  <div data-colibri-id=\"5091-c103\" class=\"h-accordion-item style-1184 style-local-5091-c103 position-relative h-element\">\n                    <!---->\n                    <a data-open-by-default=\"false\" href=\"#5091-c103\" class=\"h-accordion-item-title d-flex align-items-center h-global-transition\">\n                      <!----><span>1. avgust PIRAN \u2013 NOVO MESTO \u2013 KOPER \u2013 LJUBLJANA<\/span>\n                      <div class=\"h-accordion-item-title-normal-icon h-accordion-item-title-icon h-accordion-item-title-icon-right\"><span class=\"h-svg-icon\"><!--Icon by Icons8 Line Awesome (https:\/\/icons8.com\/line-awesome)--><svg version=\"1.1\" xmlns=\"http:\/\/www.w3.org\/2000\/svg\" xmlns:xlink=\"http:\/\/www.w3.org\/1999\/xlink\" id=\"plus\" viewBox=\"0 0 512 545.5\"><path d=\"M240 112h32v160h160v32H272v160h-32V304H80v-32h160V112z\"><\/path><\/svg><\/span><\/div>\n                      <div class=\"h-accordion-item-title-active-icon h-accordion-item-title-icon h-accordion-item-title-icon-right\"><span class=\"h-svg-icon\"><!--Icon by Icons8 Line Awesome (https:\/\/icons8.com\/line-awesome)--><svg version=\"1.1\" xmlns=\"http:\/\/www.w3.org\/2000\/svg\" xmlns:xlink=\"http:\/\/www.w3.org\/1999\/xlink\" id=\"minus\" viewBox=\"0 0 512 545.5\"><path d=\"M80 272h352v32H80v-32z\"><\/path><\/svg><\/span><\/div>\n                    <\/a>\n                    <div id=\"5091-c103\" class=\"h-accordion-item-content__container\">\n                      <div class=\"w-100 h-y-container h-accordion-item-content\">\n                        <!---->\n                        <div data-colibri-id=\"5091-c104\" class=\"h-text h-text-component style-1185 style-local-5091-c104 position-relative h-element\">\n                          <!---->\n                          <!---->\n                          <div class=\"\">\n                            <p>Giuseppe Tartini<\/p>\n                            <p>neznani skladatelj Festino primo (1678, Antonio Tarsia Nodaro)<\/p>\n                            <p>[izgubljena violinska parta rekonstruiral Domen Marin\u010di\u010d]<\/p>\n                            <p>Arcangelo Corelli<\/p>\n                            <p>Francesco Antonio Bonporti<\/p>\n                            <p>neznani skladatelj Aria piano in Pastorella allegro<\/p>\n                            <p>[iz knji\u017enice fran\u010di\u0161kanskega samostana Novo mesto]<\/p>\n                            <p>Johann Christian Bach<\/p>\n                            <p>\n                              <br>\n                            <\/p>\n                            <p>Ansambel&nbsp;<em>musica cubicularis<\/em><\/p>\n                            <p>Bo\u017eena Angelova, baro\u010dna violina<\/p>\n                            <p>Mojca Jerman, baro\u010dna violina<\/p>\n                            <p>Domen Marin\u010di\u010d, baro\u010dni violon\u010delo<\/p>\n                          <\/div>\n                        <\/div>\n                      <\/div>\n                    <\/div>\n                  <\/div>\n                  <div data-colibri-id=\"5091-c105\" class=\"h-accordion-item style-1188 style-local-5091-c105 position-relative h-element\">\n                    <!---->\n                    <a data-open-by-default=\"false\" href=\"#5091-c105\" class=\"h-accordion-item-title d-flex align-items-center h-global-transition\">\n                      <!----><span>1. september SLOVENSKA BISTRICA<\/span>\n                      <div class=\"h-accordion-item-title-normal-icon h-accordion-item-title-icon h-accordion-item-title-icon-right\"><span class=\"h-svg-icon\"><!--Icon by Icons8 Line Awesome (https:\/\/icons8.com\/line-awesome)--><svg version=\"1.1\" xmlns=\"http:\/\/www.w3.org\/2000\/svg\" xmlns:xlink=\"http:\/\/www.w3.org\/1999\/xlink\" id=\"plus\" viewBox=\"0 0 512 545.5\"><path d=\"M240 112h32v160h160v32H272v160h-32V304H80v-32h160V112z\"><\/path><\/svg><\/span><\/div>\n                      <div class=\"h-accordion-item-title-active-icon h-accordion-item-title-icon h-accordion-item-title-icon-right\"><span class=\"h-svg-icon\"><!--Icon by Icons8 Line Awesome (https:\/\/icons8.com\/line-awesome)--><svg version=\"1.1\" xmlns=\"http:\/\/www.w3.org\/2000\/svg\" xmlns:xlink=\"http:\/\/www.w3.org\/1999\/xlink\" id=\"minus\" viewBox=\"0 0 512 545.5\"><path d=\"M80 272h352v32H80v-32z\"><\/path><\/svg><\/span><\/div>\n                    <\/a>\n                    <div id=\"5091-c105\" class=\"h-accordion-item-content__container\">\n                      <div class=\"w-100 h-y-container h-accordion-item-content\">\n                        <!---->\n                        <div data-colibri-id=\"5091-c106\" class=\"h-text h-text-component style-1189 style-local-5091-c106 position-relative h-element\">\n                          <!---->\n                          <!---->\n                          <div class=\"\">\n                            <p>STARA GLASBA PO SLOVENIJI: SLOVENSKA BISTRICA<\/p>\n                            <p>Pietro Vincenzo Ciocchetti<\/p>\n                            <p>Giovanni Battista Lampugnani<\/p>\n                            <p>Johann Adolf Hasse<\/p>\n                            <p>Andrea Bernasconi<\/p>\n                            <p>Giuseppe Arena<\/p>\n                            <p>Rinaldo di Capua<\/p>\n                            <p>\n                              <br>\n                            <\/p>\n                            <p>Ansambel&nbsp;<em>musica cubicularis<\/em><\/p>\n                            <p>Bernarda Bobro, sopran<\/p>\n                            <p>Anne Freitag, baro\u010dna pre\u010dna flavta<\/p>\n                            <p>Federico Guglielmo, baro\u010dna violina<\/p>\n                            <p>Mojca Jerman, baro\u010dna violina<\/p>\n                            <p>Domen Marin\u010di\u010d, baro\u010dni violon\u010delo<\/p>\n                            <p>Toma\u017e Sev\u0161ek, \u010dembalo<\/p>\n                          <\/div>\n                        <\/div>\n                      <\/div>\n                    <\/div>\n                  <\/div>\n                <\/div>\n              <\/div>\n            <\/div>\n          <\/div>\n        <\/div>\n      <\/div>\n      <div data-colibri-id=\"5091-c107\" class=\"h-row-container gutters-row-lg-2 gutters-row-md-2 gutters-row-0 gutters-row-v-lg-2 gutters-row-v-md-2 gutters-row-v-2 style-1192 style-local-5091-c107 position-relative\">\n        <!---->\n        <div class=\"h-row justify-content-lg-center justify-content-md-center justify-content-center align-items-lg-stretch align-items-md-stretch align-items-stretch gutters-col-lg-2 gutters-col-md-2 gutters-col-0 gutters-col-v-lg-2 gutters-col-v-md-2 gutters-col-v-2\">\n          <!---->\n          <div class=\"h-column h-column-container d-flex h-col-lg-auto h-col-md-auto h-col-auto style-1193-outer style-local-5091-c108-outer\">\n            <div data-colibri-id=\"5091-c108\" class=\"d-flex h-flex-basis h-column__inner h-px-lg-2 h-px-md-2 h-px-2 v-inner-lg-2 v-inner-md-2 v-inner-2 style-1193 style-local-5091-c108 position-relative\">\n              <!---->\n              <!---->\n              <div class=\"w-100 h-y-container h-column__content h-column__v-align flex-basis-100 align-self-lg-start align-self-md-start align-self-start\">\n                <!---->\n                <div data-colibri-id=\"5091-c109\" class=\"h-divider style-1191 style-local-5091-c109 position-relative h-element\">\n                  <!----><span class=\"h-divider__line style-1191-line style-local-5091-c109-line style-1191-line style-local-5091-c109-line\"><\/span> <span class=\"h-svg-icon h-divider__icon style-1191-icon style-local-5091-c109-icon\"><!--Icon by Font Awesome (https:\/\/fontawesome.com)-->\n    <svg version=\"1.1\" xmlns=\"http:\/\/www.w3.org\/2000\/svg\" xmlns:xlink=\"http:\/\/www.w3.org\/1999\/xlink\" id=\"music\" viewBox=\"0 0 1536 1896.0833\">\n      <path d=\"M1536 224v1120q0 50-34 89t-86 60.5-103.5 32-96.5 10.5-96.5-10.5-103.5-32-86-60.5-34-89 34-89 86-60.5 103.5-32 96.5-10.5q105 0 192 39V654L640 891v709q0 50-34 89t-86 60.5-103.5 32T320 1792t-96.5-10.5-103.5-32-86-60.5-34-89 34-89 86-60.5 103.5-32T320 1408q105 0 192 39V480q0-31 19-56.5t49-35.5l832-256q12-4 28-4 40 0 68 28t28 68z\"><\/path>\n    <\/svg><\/span> <span class=\"h-divider__line style-1191-line style-local-5091-c109-line style-1191-line style-local-5091-c109-line\"><\/span><\/div>\n                <div data-colibri-id=\"5091-c110\" class=\"h-text h-text-component style-1194 style-local-5091-c110 position-relative h-element\">\n                  <!---->\n                  <!---->\n                  <div class=\"\">\n                    <p>2019<\/p>\n                  <\/div>\n                <\/div>\n                <div data-toggle=\"true\" data-is-preview=\"true\" data-colibri-component=\"accordion\" data-colibri-id=\"5091-c111\" class=\"h-accordion style-1195 style-local-5091-c111 position-relative h-element\">\n                  <!---->\n                  <div data-colibri-id=\"5091-c112\" class=\"h-accordion-item h-accordion-item-first-child style-1196 style-local-5091-c112 position-relative h-element\">\n                    <!---->\n                    <a data-open-by-default=\"false\" href=\"#5091-c112\" class=\"h-accordion-item-title d-flex align-items-center h-global-transition\">\n                      <!----><span>12. februar DIETERICH BUXTEHUDE \u2013 Triosonate in duhovni koncerti<\/span>\n                      <div class=\"h-accordion-item-title-normal-icon h-accordion-item-title-icon h-accordion-item-title-icon-right\"><span class=\"h-svg-icon\"><!--Icon by Icons8 Line Awesome (https:\/\/icons8.com\/line-awesome)--><svg version=\"1.1\" xmlns=\"http:\/\/www.w3.org\/2000\/svg\" xmlns:xlink=\"http:\/\/www.w3.org\/1999\/xlink\" id=\"plus\" viewBox=\"0 0 512 545.5\"><path d=\"M240 112h32v160h160v32H272v160h-32V304H80v-32h160V112z\"><\/path><\/svg><\/span><\/div>\n                      <div class=\"h-accordion-item-title-active-icon h-accordion-item-title-icon h-accordion-item-title-icon-right\"><span class=\"h-svg-icon\"><!--Icon by Icons8 Line Awesome (https:\/\/icons8.com\/line-awesome)--><svg version=\"1.1\" xmlns=\"http:\/\/www.w3.org\/2000\/svg\" xmlns:xlink=\"http:\/\/www.w3.org\/1999\/xlink\" id=\"minus\" viewBox=\"0 0 512 545.5\"><path d=\"M80 272h352v32H80v-32z\"><\/path><\/svg><\/span><\/div>\n                    <\/a>\n                    <div id=\"5091-c112\" class=\"h-accordion-item-content__container\">\n                      <div class=\"w-100 h-y-container h-accordion-item-content\">\n                        <!---->\n                        <div data-colibri-id=\"5091-c113\" class=\"h-text h-text-component style-1197 style-local-5091-c113 position-relative h-element\">\n                          <!---->\n                          <!---->\n                          <div class=\"\">\n                            <p>Ansambel&nbsp;<em>musica cubicularis<\/em><\/p>\n                            <p>Mar\u00eda Cristina Kiehr, sopran<\/p>\n                            <p>Alice Julien-Laferri\u00e8re, baro\u010dna violina<\/p>\n                            <p>Domen Marin\u010di\u010d, viola da gamba<\/p>\n                            <p>Toma\u017e Sev\u0161ek, \u010dembalo, orgelski pozitiv<\/p>\n                          <\/div>\n                        <\/div>\n                      <\/div>\n                    <\/div>\n                  <\/div>\n                  <div data-colibri-id=\"5091-c114\" class=\"h-accordion-item style-1198 style-local-5091-c114 position-relative h-element\">\n                    <!---->\n                    <a data-open-by-default=\"false\" href=\"#5091-c114\" class=\"h-accordion-item-title d-flex align-items-center h-global-transition\">\n                      <!----><span>8. april MICHAEL PRAETORIUS in glasba za \u010dlane dru\u017eine Khisl<\/span>\n                      <div class=\"h-accordion-item-title-normal-icon h-accordion-item-title-icon h-accordion-item-title-icon-right\"><span class=\"h-svg-icon\"><!--Icon by Icons8 Line Awesome (https:\/\/icons8.com\/line-awesome)--><svg version=\"1.1\" xmlns=\"http:\/\/www.w3.org\/2000\/svg\" xmlns:xlink=\"http:\/\/www.w3.org\/1999\/xlink\" id=\"plus\" viewBox=\"0 0 512 545.5\"><path d=\"M240 112h32v160h160v32H272v160h-32V304H80v-32h160V112z\"><\/path><\/svg><\/span><\/div>\n                      <div class=\"h-accordion-item-title-active-icon h-accordion-item-title-icon h-accordion-item-title-icon-right\"><span class=\"h-svg-icon\"><!--Icon by Icons8 Line Awesome (https:\/\/icons8.com\/line-awesome)--><svg version=\"1.1\" xmlns=\"http:\/\/www.w3.org\/2000\/svg\" xmlns:xlink=\"http:\/\/www.w3.org\/1999\/xlink\" id=\"minus\" viewBox=\"0 0 512 545.5\"><path d=\"M80 272h352v32H80v-32z\"><\/path><\/svg><\/span><\/div>\n                    <\/a>\n                    <div id=\"5091-c114\" class=\"h-accordion-item-content__container\">\n                      <div class=\"w-100 h-y-container h-accordion-item-content\">\n                        <!---->\n                        <div data-colibri-id=\"5091-c115\" class=\"h-text h-text-component style-1199 style-local-5091-c115 position-relative h-element\">\n                          <!---->\n                          <!---->\n                          <div class=\"\">\n                            <p>Ansambel viol da gamba&nbsp;<em>musica cubicularis<\/em><\/p>\n                            <p>Domen Marin\u010di\u010d, Christoph Prendl, Teodoro Ba\u00f9, Christoph Urbanetz, Cristiano Contadin<\/p>\n                          <\/div>\n                        <\/div>\n                      <\/div>\n                    <\/div>\n                  <\/div>\n                  <div data-colibri-id=\"5091-c116\" class=\"h-accordion-item style-1200 style-local-5091-c116 position-relative h-element\">\n                    <!---->\n                    <a data-open-by-default=\"false\" href=\"#5091-c116\" class=\"h-accordion-item-title d-flex align-items-center h-global-transition\">\n                      <!----><span>9. maj JOHANN SEBASTIAN BACH \u2013 Kantata o kavi<\/span>\n                      <div class=\"h-accordion-item-title-normal-icon h-accordion-item-title-icon h-accordion-item-title-icon-right\"><span class=\"h-svg-icon\"><!--Icon by Icons8 Line Awesome (https:\/\/icons8.com\/line-awesome)--><svg version=\"1.1\" xmlns=\"http:\/\/www.w3.org\/2000\/svg\" xmlns:xlink=\"http:\/\/www.w3.org\/1999\/xlink\" id=\"plus\" viewBox=\"0 0 512 545.5\"><path d=\"M240 112h32v160h160v32H272v160h-32V304H80v-32h160V112z\"><\/path><\/svg><\/span><\/div>\n                      <div class=\"h-accordion-item-title-active-icon h-accordion-item-title-icon h-accordion-item-title-icon-right\"><span class=\"h-svg-icon\"><!--Icon by Icons8 Line Awesome (https:\/\/icons8.com\/line-awesome)--><svg version=\"1.1\" xmlns=\"http:\/\/www.w3.org\/2000\/svg\" xmlns:xlink=\"http:\/\/www.w3.org\/1999\/xlink\" id=\"minus\" viewBox=\"0 0 512 545.5\"><path d=\"M80 272h352v32H80v-32z\"><\/path><\/svg><\/span><\/div>\n                    <\/a>\n                    <div id=\"5091-c116\" class=\"h-accordion-item-content__container\">\n                      <div class=\"w-100 h-y-container h-accordion-item-content\">\n                        <!---->\n                        <div data-colibri-id=\"5091-c117\" class=\"h-text h-text-component style-1201 style-local-5091-c117 position-relative h-element\">\n                          <!---->\n                          <!---->\n                          <div class=\"\">\n                            <p>Ansambel&nbsp;<em>musica cubicularis<\/em>&nbsp;<\/p>\n                            <p>Clara Brunet Villa, sopran (Lieschen)<\/p>\n                            <p>Lisandro Abadie, bas (gospod Schlendrian)<\/p>\n                            <p>Aco Aleksander Bi\u0161\u0107evi\u0107, tenor<\/p>\n                            <p>Anne Freitag, baro\u010dna pre\u010dna flavta<\/p>\n                            <p>St\u00e9phanie Paulet, baro\u010dna violina<\/p>\n                            <p>Mojca Jerman, baro\u010dna violina<\/p>\n                            <p>Sonoko Asabuki, baro\u010dna viola<\/p>\n                            <p>Domen Marin\u010di\u010d, baro\u010dni violon\u010delo<\/p>\n                            <p>Toma\u017e Sev\u0161ek, \u010dembalo<\/p>\n                          <\/div>\n                        <\/div>\n                      <\/div>\n                    <\/div>\n                  <\/div>\n                  <div data-colibri-id=\"5091-c118\" class=\"h-accordion-item style-1202 style-local-5091-c118 position-relative h-element\">\n                    <!---->\n                    <a data-open-by-default=\"false\" href=\"#5091-c118\" class=\"h-accordion-item-title d-flex align-items-center h-global-transition\">\n                      <!----><span>17. september RICHARD WAGNER v priredbah za duo klavirja in harmonija<\/span>\n                      <div class=\"h-accordion-item-title-normal-icon h-accordion-item-title-icon h-accordion-item-title-icon-right\"><span class=\"h-svg-icon\"><!--Icon by Icons8 Line Awesome (https:\/\/icons8.com\/line-awesome)--><svg version=\"1.1\" xmlns=\"http:\/\/www.w3.org\/2000\/svg\" xmlns:xlink=\"http:\/\/www.w3.org\/1999\/xlink\" id=\"plus\" viewBox=\"0 0 512 545.5\"><path d=\"M240 112h32v160h160v32H272v160h-32V304H80v-32h160V112z\"><\/path><\/svg><\/span><\/div>\n                      <div class=\"h-accordion-item-title-active-icon h-accordion-item-title-icon h-accordion-item-title-icon-right\"><span class=\"h-svg-icon\"><!--Icon by Icons8 Line Awesome (https:\/\/icons8.com\/line-awesome)--><svg version=\"1.1\" xmlns=\"http:\/\/www.w3.org\/2000\/svg\" xmlns:xlink=\"http:\/\/www.w3.org\/1999\/xlink\" id=\"minus\" viewBox=\"0 0 512 545.5\"><path d=\"M80 272h352v32H80v-32z\"><\/path><\/svg><\/span><\/div>\n                    <\/a>\n                    <div id=\"5091-c118\" class=\"h-accordion-item-content__container\">\n                      <div class=\"w-100 h-y-container h-accordion-item-content\">\n                        <!---->\n                        <div data-colibri-id=\"5091-c119\" class=\"h-text h-text-component style-1203 style-local-5091-c119 position-relative h-element\">\n                          <!---->\n                          <!---->\n                          <div class=\"\">\n                            <p>Mikayel Balyan, zgodovinski klavir<\/p>\n                            <p>Toma\u017e Sev\u0161ek, umetni\u0161ki harmonij<\/p>\n                          <\/div>\n                        <\/div>\n                      <\/div>\n                    <\/div>\n                  <\/div>\n                  <div data-colibri-id=\"5091-c120\" class=\"h-accordion-item style-1204 style-local-5091-c120 position-relative h-element\">\n                    <!---->\n                    <a data-open-by-default=\"false\" href=\"#5091-c120\" class=\"h-accordion-item-title d-flex align-items-center h-global-transition\">\n                      <!----><span>17. oktober SILVIUS LEOPOLD WEISS \u2013 Trii z baro\u010dno lutnjo<\/span>\n                      <div class=\"h-accordion-item-title-normal-icon h-accordion-item-title-icon h-accordion-item-title-icon-right\"><span class=\"h-svg-icon\"><!--Icon by Icons8 Line Awesome (https:\/\/icons8.com\/line-awesome)--><svg version=\"1.1\" xmlns=\"http:\/\/www.w3.org\/2000\/svg\" xmlns:xlink=\"http:\/\/www.w3.org\/1999\/xlink\" id=\"plus\" viewBox=\"0 0 512 545.5\"><path d=\"M240 112h32v160h160v32H272v160h-32V304H80v-32h160V112z\"><\/path><\/svg><\/span><\/div>\n                      <div class=\"h-accordion-item-title-active-icon h-accordion-item-title-icon h-accordion-item-title-icon-right\"><span class=\"h-svg-icon\"><!--Icon by Icons8 Line Awesome (https:\/\/icons8.com\/line-awesome)--><svg version=\"1.1\" xmlns=\"http:\/\/www.w3.org\/2000\/svg\" xmlns:xlink=\"http:\/\/www.w3.org\/1999\/xlink\" id=\"minus\" viewBox=\"0 0 512 545.5\"><path d=\"M80 272h352v32H80v-32z\"><\/path><\/svg><\/span><\/div>\n                    <\/a>\n                    <div id=\"5091-c120\" class=\"h-accordion-item-content__container\">\n                      <div class=\"w-100 h-y-container h-accordion-item-content\">\n                        <!---->\n                        <div data-colibri-id=\"5091-c121\" class=\"h-text h-text-component style-1205 style-local-5091-c121 position-relative h-element\">\n                          <!---->\n                          <!---->\n                          <div class=\"\">\n                            <p>Robert Barto, baro\u010dna lutnja<\/p>\n                            <p>Anne Freitag, baro\u010dna pre\u010dna flavta<\/p>\n                            <p>Domen Marin\u010di\u010d, baro\u010dni violon\u010delo<\/p>\n                          <\/div>\n                        <\/div>\n                      <\/div>\n                    <\/div>\n                  <\/div>\n                  <div data-colibri-id=\"5091-c122\" class=\"h-accordion-item style-1206 style-local-5091-c122 position-relative h-element\">\n                    <!---->\n                    <a data-open-by-default=\"false\" href=\"#5091-c122\" class=\"h-accordion-item-title d-flex align-items-center h-global-transition\">\n                      <!----><span>20. november FRANCESCO POLLINI in glasba pri Zoisovih v Ljubljani<\/span>\n                      <div class=\"h-accordion-item-title-normal-icon h-accordion-item-title-icon h-accordion-item-title-icon-right\"><span class=\"h-svg-icon\"><!--Icon by Icons8 Line Awesome (https:\/\/icons8.com\/line-awesome)--><svg version=\"1.1\" xmlns=\"http:\/\/www.w3.org\/2000\/svg\" xmlns:xlink=\"http:\/\/www.w3.org\/1999\/xlink\" id=\"plus\" viewBox=\"0 0 512 545.5\"><path d=\"M240 112h32v160h160v32H272v160h-32V304H80v-32h160V112z\"><\/path><\/svg><\/span><\/div>\n                      <div class=\"h-accordion-item-title-active-icon h-accordion-item-title-icon h-accordion-item-title-icon-right\"><span class=\"h-svg-icon\"><!--Icon by Icons8 Line Awesome (https:\/\/icons8.com\/line-awesome)--><svg version=\"1.1\" xmlns=\"http:\/\/www.w3.org\/2000\/svg\" xmlns:xlink=\"http:\/\/www.w3.org\/1999\/xlink\" id=\"minus\" viewBox=\"0 0 512 545.5\"><path d=\"M80 272h352v32H80v-32z\"><\/path><\/svg><\/span><\/div>\n                    <\/a>\n                    <div id=\"5091-c122\" class=\"h-accordion-item-content__container\">\n                      <div class=\"w-100 h-y-container h-accordion-item-content\">\n                        <!---->\n                        <div data-colibri-id=\"5091-c123\" class=\"h-text h-text-component style-1207 style-local-5091-c123 position-relative h-element\">\n                          <!---->\n                          <!---->\n                          <div class=\"\">\n                            <p>Aco Aleksander Bi\u0161\u0107evi\u0107, tenor<\/p>\n                            <p>Wolfgang Brunner, zgodovinski klavir<\/p>\n                          <\/div>\n                        <\/div>\n                      <\/div>\n                    <\/div>\n                  <\/div>\n                <\/div>\n              <\/div>\n            <\/div>\n          <\/div>\n        <\/div>\n      <\/div>\n      <div data-colibri-id=\"5091-c124\" class=\"h-row-container gutters-row-lg-2 gutters-row-md-2 gutters-row-0 gutters-row-v-lg-2 gutters-row-v-md-2 gutters-row-v-2 style-1210 style-local-5091-c124 position-relative\">\n        <!---->\n        <div class=\"h-row justify-content-lg-center justify-content-md-center justify-content-center align-items-lg-stretch align-items-md-stretch align-items-stretch gutters-col-lg-2 gutters-col-md-2 gutters-col-0 gutters-col-v-lg-2 gutters-col-v-md-2 gutters-col-v-2\">\n          <!---->\n          <div class=\"h-column h-column-container d-flex h-col-lg-auto h-col-md-auto h-col-auto style-1211-outer style-local-5091-c125-outer\">\n            <div data-colibri-id=\"5091-c125\" class=\"d-flex h-flex-basis h-column__inner h-px-lg-2 h-px-md-2 h-px-2 v-inner-lg-2 v-inner-md-2 v-inner-2 style-1211 style-local-5091-c125 position-relative\">\n              <!---->\n              <!---->\n              <div class=\"w-100 h-y-container h-column__content h-column__v-align flex-basis-100 align-self-lg-start align-self-md-start align-self-start\">\n                <!---->\n                <div data-colibri-id=\"5091-c126\" class=\"h-divider style-1209 style-local-5091-c126 position-relative h-element\">\n                  <!----><span class=\"h-divider__line style-1209-line style-local-5091-c126-line style-1209-line style-local-5091-c126-line\"><\/span> <span class=\"h-svg-icon h-divider__icon style-1209-icon style-local-5091-c126-icon\"><!--Icon by Font Awesome (https:\/\/fontawesome.com)-->\n    <svg version=\"1.1\" xmlns=\"http:\/\/www.w3.org\/2000\/svg\" xmlns:xlink=\"http:\/\/www.w3.org\/1999\/xlink\" id=\"music\" viewBox=\"0 0 1536 1896.0833\">\n      <path d=\"M1536 224v1120q0 50-34 89t-86 60.5-103.5 32-96.5 10.5-96.5-10.5-103.5-32-86-60.5-34-89 34-89 86-60.5 103.5-32 96.5-10.5q105 0 192 39V654L640 891v709q0 50-34 89t-86 60.5-103.5 32T320 1792t-96.5-10.5-103.5-32-86-60.5-34-89 34-89 86-60.5 103.5-32T320 1408q105 0 192 39V480q0-31 19-56.5t49-35.5l832-256q12-4 28-4 40 0 68 28t28 68z\"><\/path>\n    <\/svg><\/span> <span class=\"h-divider__line style-1209-line style-local-5091-c126-line style-1209-line style-local-5091-c126-line\"><\/span><\/div>\n                <div data-colibri-id=\"5091-c127\" class=\"h-text h-text-component style-1212 style-local-5091-c127 position-relative h-element\">\n                  <!---->\n                  <!---->\n                  <div class=\"\">\n                    <p>2018<\/p>\n                  <\/div>\n                <\/div>\n                <div data-toggle=\"true\" data-is-preview=\"true\" data-colibri-component=\"accordion\" data-colibri-id=\"5091-c128\" class=\"h-accordion style-1213 style-local-5091-c128 position-relative h-element\">\n                  <!---->\n                  <div data-colibri-id=\"5091-c129\" class=\"h-accordion-item h-accordion-item-first-child style-1214 style-local-5091-c129 position-relative h-element\">\n                    <!---->\n                    <a data-open-by-default=\"false\" href=\"#5091-c129\" class=\"h-accordion-item-title d-flex align-items-center h-global-transition\">\n                      <!----><span>21. februar BOJ TANKREDA IN KLORINDE<\/span>\n                      <div class=\"h-accordion-item-title-normal-icon h-accordion-item-title-icon h-accordion-item-title-icon-right\"><span class=\"h-svg-icon\"><!--Icon by Icons8 Line Awesome (https:\/\/icons8.com\/line-awesome)--><svg version=\"1.1\" xmlns=\"http:\/\/www.w3.org\/2000\/svg\" xmlns:xlink=\"http:\/\/www.w3.org\/1999\/xlink\" id=\"plus\" viewBox=\"0 0 512 545.5\"><path d=\"M240 112h32v160h160v32H272v160h-32V304H80v-32h160V112z\"><\/path><\/svg><\/span><\/div>\n                      <div class=\"h-accordion-item-title-active-icon h-accordion-item-title-icon h-accordion-item-title-icon-right\"><span class=\"h-svg-icon\"><!--Icon by Icons8 Line Awesome (https:\/\/icons8.com\/line-awesome)--><svg version=\"1.1\" xmlns=\"http:\/\/www.w3.org\/2000\/svg\" xmlns:xlink=\"http:\/\/www.w3.org\/1999\/xlink\" id=\"minus\" viewBox=\"0 0 512 545.5\"><path d=\"M80 272h352v32H80v-32z\"><\/path><\/svg><\/span><\/div>\n                    <\/a>\n                    <div id=\"5091-c129\" class=\"h-accordion-item-content__container\">\n                      <div class=\"w-100 h-y-container h-accordion-item-content\">\n                        <!---->\n                        <div data-colibri-id=\"5091-c130\" class=\"h-text h-text-component style-1215 style-local-5091-c130 position-relative h-element\">\n                          <!---->\n                          <!---->\n                          <div class=\"\">\n                            <p>Claudio Monteverdi in sodobniki<\/p>\n                            <p>Ansambel&nbsp;<em>musica cubicularis<\/em>&nbsp;<\/p>\n                            <p>\n                              <br>\n                            <\/p>\n                            <p>Giovanni Cantarini, tenor (pripovedovalec) <\/p>\n                            <p>Gwendolen Martin, sopran (Klorinda) <\/p>\n                            <p>Manuel Warwitz, tenor (Tankred)<\/p>\n                            <p>Oliver Webber, violina<\/p>\n                            <p> <\/p>\n                            <p>&nbsp;Lucia Froihofer, violina, viola <\/p>\n                            <p>Zsuzsanna Czentn\u00e1r, viola <\/p>\n                            <p>Gregor Fele, violon\u010delo <\/p>\n                            <p>Domen Marin\u010di\u010d, violon <\/p>\n                            <p>Toma\u017e Sev\u0161ek, \u010dembalo <\/p>\n                            <p>Sam Chapman, teorba<\/p>\n                          <\/div>\n                        <\/div>\n                      <\/div>\n                    <\/div>\n                  <\/div>\n                  <div data-colibri-id=\"5091-c131\" class=\"h-accordion-item style-1216 style-local-5091-c131 position-relative h-element\">\n                    <!---->\n                    <a data-open-by-default=\"false\" href=\"#5091-c131\" class=\"h-accordion-item-title d-flex align-items-center h-global-transition\">\n                      <!----><span>25. februar LUTENJSKE SKLADBE ZA KRANJSKE PLEMI\u010cE<\/span>\n                      <div class=\"h-accordion-item-title-normal-icon h-accordion-item-title-icon h-accordion-item-title-icon-right\"><span class=\"h-svg-icon\"><!--Icon by Icons8 Line Awesome (https:\/\/icons8.com\/line-awesome)--><svg version=\"1.1\" xmlns=\"http:\/\/www.w3.org\/2000\/svg\" xmlns:xlink=\"http:\/\/www.w3.org\/1999\/xlink\" id=\"plus\" viewBox=\"0 0 512 545.5\"><path d=\"M240 112h32v160h160v32H272v160h-32V304H80v-32h160V112z\"><\/path><\/svg><\/span><\/div>\n                      <div class=\"h-accordion-item-title-active-icon h-accordion-item-title-icon h-accordion-item-title-icon-right\"><span class=\"h-svg-icon\"><!--Icon by Icons8 Line Awesome (https:\/\/icons8.com\/line-awesome)--><svg version=\"1.1\" xmlns=\"http:\/\/www.w3.org\/2000\/svg\" xmlns:xlink=\"http:\/\/www.w3.org\/1999\/xlink\" id=\"minus\" viewBox=\"0 0 512 545.5\"><path d=\"M80 272h352v32H80v-32z\"><\/path><\/svg><\/span><\/div>\n                    <\/a>\n                    <div id=\"5091-c131\" class=\"h-accordion-item-content__container\">\n                      <div class=\"w-100 h-y-container h-accordion-item-content\">\n                        <!---->\n                        <div data-colibri-id=\"5091-c132\" class=\"h-text h-text-component style-1217 style-local-5091-c132 position-relative h-element\">\n                          <!---->\n                          <!---->\n                          <div class=\"\">\n                            <p>Giacomo Gorzanis<\/p>\n                            <p>Michele Carreca, renesan\u010dna lutnja<\/p>\n                          <\/div>\n                        <\/div>\n                      <\/div>\n                    <\/div>\n                  <\/div>\n                  <div data-colibri-id=\"5091-c133\" class=\"h-accordion-item style-1218 style-local-5091-c133 position-relative h-element\">\n                    <!---->\n                    <a data-open-by-default=\"false\" href=\"#5091-c133\" class=\"h-accordion-item-title d-flex align-items-center h-global-transition\">\n                      <!----><span>10. april BENE\u0160KA GLASBA ZA ANSAMBEL VIOL DA GAMBA<\/span>\n                      <div class=\"h-accordion-item-title-normal-icon h-accordion-item-title-icon h-accordion-item-title-icon-right\"><span class=\"h-svg-icon\"><!--Icon by Icons8 Line Awesome (https:\/\/icons8.com\/line-awesome)--><svg version=\"1.1\" xmlns=\"http:\/\/www.w3.org\/2000\/svg\" xmlns:xlink=\"http:\/\/www.w3.org\/1999\/xlink\" id=\"plus\" viewBox=\"0 0 512 545.5\"><path d=\"M240 112h32v160h160v32H272v160h-32V304H80v-32h160V112z\"><\/path><\/svg><\/span><\/div>\n                      <div class=\"h-accordion-item-title-active-icon h-accordion-item-title-icon h-accordion-item-title-icon-right\"><span class=\"h-svg-icon\"><!--Icon by Icons8 Line Awesome (https:\/\/icons8.com\/line-awesome)--><svg version=\"1.1\" xmlns=\"http:\/\/www.w3.org\/2000\/svg\" xmlns:xlink=\"http:\/\/www.w3.org\/1999\/xlink\" id=\"minus\" viewBox=\"0 0 512 545.5\"><path d=\"M80 272h352v32H80v-32z\"><\/path><\/svg><\/span><\/div>\n                    <\/a>\n                    <div id=\"5091-c133\" class=\"h-accordion-item-content__container\">\n                      <div class=\"w-100 h-y-container h-accordion-item-content\">\n                        <!---->\n                        <div data-colibri-id=\"5091-c134\" class=\"h-text h-text-component style-1219 style-local-5091-c134 position-relative h-element\">\n                          <!---->\n                          <!---->\n                          <div class=\"\">\n                            <p>Adrian Willaert<\/p>\n                            <p>Girolamo Parabosco<\/p>\n                            <p>Claudio Merulo<\/p>\n                            <p>Gioseffo Guami<\/p>\n                            <p>Giovanni Bassano<\/p>\n                            <p>Giovanni Gabrieli<\/p>\n                            <p>Giovanni Battista Buonamente<\/p>\n                            <p>Giovanni Legrenzi<\/p>\n                            <p>\n                              <br>\n                            <\/p>\n                            <p>Ansambel&nbsp;<em>musica&nbsp;cubicularis<\/em><\/p>\n                            <p>Domen Marin\u010di\u010d, viola da gamba<\/p>\n                            <p>Christoph Prendl, viola da gamba<\/p>\n                            <p>Christoph Urbanetz, viola da gamba<\/p>\n                            <p>Cristiano Contadin, viola da gamba<\/p>\n                            <p>Toma\u017e Sev\u0161ek, orgle<\/p>\n                          <\/div>\n                        <\/div>\n                      <\/div>\n                    <\/div>\n                  <\/div>\n                  <div data-colibri-id=\"5091-c135\" class=\"h-accordion-item style-1220 style-local-5091-c135 position-relative h-element\">\n                    <!---->\n                    <a data-open-by-default=\"false\" href=\"#5091-c135\" class=\"h-accordion-item-title d-flex align-items-center h-global-transition\">\n                      <!----><span>19. junij MADRIGALI IN \u0160ANSONE 16. STOLETJA<\/span>\n                      <div class=\"h-accordion-item-title-normal-icon h-accordion-item-title-icon h-accordion-item-title-icon-right\"><span class=\"h-svg-icon\"><!--Icon by Icons8 Line Awesome (https:\/\/icons8.com\/line-awesome)--><svg version=\"1.1\" xmlns=\"http:\/\/www.w3.org\/2000\/svg\" xmlns:xlink=\"http:\/\/www.w3.org\/1999\/xlink\" id=\"plus\" viewBox=\"0 0 512 545.5\"><path d=\"M240 112h32v160h160v32H272v160h-32V304H80v-32h160V112z\"><\/path><\/svg><\/span><\/div>\n                      <div class=\"h-accordion-item-title-active-icon h-accordion-item-title-icon h-accordion-item-title-icon-right\"><span class=\"h-svg-icon\"><!--Icon by Icons8 Line Awesome (https:\/\/icons8.com\/line-awesome)--><svg version=\"1.1\" xmlns=\"http:\/\/www.w3.org\/2000\/svg\" xmlns:xlink=\"http:\/\/www.w3.org\/1999\/xlink\" id=\"minus\" viewBox=\"0 0 512 545.5\"><path d=\"M80 272h352v32H80v-32z\"><\/path><\/svg><\/span><\/div>\n                    <\/a>\n                    <div id=\"5091-c135\" class=\"h-accordion-item-content__container\">\n                      <div class=\"w-100 h-y-container h-accordion-item-content\">\n                        <!---->\n                        <div data-colibri-id=\"5091-c136\" class=\"h-text h-text-component style-1221 style-local-5091-c136 position-relative h-element\">\n                          <!---->\n                          <!---->\n                          <div class=\"\">\n                            <p>Orlando di Lasso, Cipriano de Rore, Giovanni Pierluigi da Palestrina<\/p>\n                            <p>Ansambel&nbsp;<em>musica cubicularis<\/em><\/p>\n                            <p>Anne Freitag, renesan\u010dna pre\u010dna flavta<\/p>\n                            <p>Claire Piganiol, renesan\u010dna harfa<\/p>\n                            <p>Domen Marin\u010di\u010d, viola da gamba<\/p>\n                            <p>Toma\u017e Sev\u0161ek, \u010dembalo, orgelski pozitiv<\/p>\n                          <\/div>\n                        <\/div>\n                      <\/div>\n                    <\/div>\n                  <\/div>\n                  <div data-colibri-id=\"5091-c137\" class=\"h-accordion-item style-1224 style-local-5091-c137 position-relative h-element\">\n                    <!---->\n                    <a data-open-by-default=\"false\" href=\"#5091-c137\" class=\"h-accordion-item-title d-flex align-items-center h-global-transition\">\n                      <!----><span>10. oktober NEAPELJSKA GALIARDA<\/span>\n                      <div class=\"h-accordion-item-title-normal-icon h-accordion-item-title-icon h-accordion-item-title-icon-right\"><span class=\"h-svg-icon\"><!--Icon by Icons8 Line Awesome (https:\/\/icons8.com\/line-awesome)--><svg version=\"1.1\" xmlns=\"http:\/\/www.w3.org\/2000\/svg\" xmlns:xlink=\"http:\/\/www.w3.org\/1999\/xlink\" id=\"plus\" viewBox=\"0 0 512 545.5\"><path d=\"M240 112h32v160h160v32H272v160h-32V304H80v-32h160V112z\"><\/path><\/svg><\/span><\/div>\n                      <div class=\"h-accordion-item-title-active-icon h-accordion-item-title-icon h-accordion-item-title-icon-right\"><span class=\"h-svg-icon\"><!--Icon by Icons8 Line Awesome (https:\/\/icons8.com\/line-awesome)--><svg version=\"1.1\" xmlns=\"http:\/\/www.w3.org\/2000\/svg\" xmlns:xlink=\"http:\/\/www.w3.org\/1999\/xlink\" id=\"minus\" viewBox=\"0 0 512 545.5\"><path d=\"M80 272h352v32H80v-32z\"><\/path><\/svg><\/span><\/div>\n                    <\/a>\n                    <div id=\"5091-c137\" class=\"h-accordion-item-content__container\">\n                      <div class=\"w-100 h-y-container h-accordion-item-content\">\n                        <!---->\n                        <div data-colibri-id=\"5091-c138\" class=\"h-text h-text-component style-1225 style-local-5091-c138 position-relative h-element\">\n                          <!---->\n                          <!---->\n                          <div class=\"\">\n                            <p>Las Huelgas<\/p>\n                            <p>Kodeks Rossi<\/p>\n                            <p>Antonio Valente<\/p>\n                            <p>Antonio de Cabez\u00f3n<\/p>\n                            <p>\n                              <br>\n                            <\/p>\n                            <p>Catalina Vicens, \u010dembalo, portativ<\/p>\n                          <\/div>\n                        <\/div>\n                      <\/div>\n                    <\/div>\n                  <\/div>\n                  <div data-colibri-id=\"5091-c139\" class=\"h-accordion-item style-1222 style-local-5091-c139 position-relative h-element\">\n                    <!---->\n                    <a data-open-by-default=\"false\" href=\"#5091-c139\" class=\"h-accordion-item-title d-flex align-items-center h-global-transition\">\n                      <!----><span>6. november MOTETI IZ ARHIVA KOPRSKE STOLNICE<\/span>\n                      <div class=\"h-accordion-item-title-normal-icon h-accordion-item-title-icon h-accordion-item-title-icon-right\"><span class=\"h-svg-icon\"><!--Icon by Icons8 Line Awesome (https:\/\/icons8.com\/line-awesome)--><svg version=\"1.1\" xmlns=\"http:\/\/www.w3.org\/2000\/svg\" xmlns:xlink=\"http:\/\/www.w3.org\/1999\/xlink\" id=\"plus\" viewBox=\"0 0 512 545.5\"><path d=\"M240 112h32v160h160v32H272v160h-32V304H80v-32h160V112z\"><\/path><\/svg><\/span><\/div>\n                      <div class=\"h-accordion-item-title-active-icon h-accordion-item-title-icon h-accordion-item-title-icon-right\"><span class=\"h-svg-icon\"><!--Icon by Icons8 Line Awesome (https:\/\/icons8.com\/line-awesome)--><svg version=\"1.1\" xmlns=\"http:\/\/www.w3.org\/2000\/svg\" xmlns:xlink=\"http:\/\/www.w3.org\/1999\/xlink\" id=\"minus\" viewBox=\"0 0 512 545.5\"><path d=\"M80 272h352v32H80v-32z\"><\/path><\/svg><\/span><\/div>\n                    <\/a>\n                    <div id=\"5091-c139\" class=\"h-accordion-item-content__container\">\n                      <div class=\"w-100 h-y-container h-accordion-item-content\">\n                        <!---->\n                        <div data-colibri-id=\"5091-c140\" class=\"h-text h-text-component style-1223 style-local-5091-c140 position-relative h-element\">\n                          <!---->\n                          <!---->\n                          <div class=\"\">\n                            <p>Antonio Tarsia<\/p>\n                            <p>\n                              <br>\n                            <\/p>\n                            <p>Ansambel&nbsp;<em>musica cubicularis<\/em>&nbsp;<\/p>\n                            <p>Kamila Mazalov\u00e1, mezzosopran<\/p>\n                            <p>Siri Karoline Thornhill, sopran<\/p>\n                            <p>Matthew Baker, bas<\/p>\n                            <p>Alice Julien-Laferriere, baro\u010dna violina<\/p>\n                            <p>Mojca Jerman, baro\u010dna violina<\/p>\n                            <p>Domen Marin\u010di\u010d, viola da gamba<\/p>\n                            <p>Toma\u017e Sev\u0161ek, orgelski pozitiv<\/p>\n                          <\/div>\n                        <\/div>\n                      <\/div>\n                    <\/div>\n                  <\/div>\n                <\/div>\n              <\/div>\n            <\/div>\n          <\/div>\n        <\/div>\n      <\/div>\n      <div data-colibri-id=\"5091-c141\" class=\"h-row-container gutters-row-lg-2 gutters-row-md-2 gutters-row-0 gutters-row-v-lg-2 gutters-row-v-md-2 gutters-row-v-2 style-1228 style-local-5091-c141 position-relative\">\n        <!---->\n        <div class=\"h-row justify-content-lg-center justify-content-md-center justify-content-center align-items-lg-stretch align-items-md-stretch align-items-stretch gutters-col-lg-2 gutters-col-md-2 gutters-col-0 gutters-col-v-lg-2 gutters-col-v-md-2 gutters-col-v-2\">\n          <!---->\n          <div class=\"h-column h-column-container d-flex h-col-lg-auto h-col-md-auto h-col-auto style-1229-outer style-local-5091-c142-outer\">\n            <div data-colibri-id=\"5091-c142\" class=\"d-flex h-flex-basis h-column__inner h-px-lg-2 h-px-md-2 h-px-2 v-inner-lg-2 v-inner-md-2 v-inner-2 style-1229 style-local-5091-c142 position-relative\">\n              <!---->\n              <!---->\n              <div class=\"w-100 h-y-container h-column__content h-column__v-align flex-basis-100 align-self-lg-start align-self-md-start align-self-start\">\n                <!---->\n                <div data-colibri-id=\"5091-c143\" class=\"h-divider style-1227 style-local-5091-c143 position-relative h-element\">\n                  <!----><span class=\"h-divider__line style-1227-line style-local-5091-c143-line style-1227-line style-local-5091-c143-line\"><\/span> <span class=\"h-svg-icon h-divider__icon style-1227-icon style-local-5091-c143-icon\"><!--Icon by Font Awesome (https:\/\/fontawesome.com)-->\n    <svg version=\"1.1\" xmlns=\"http:\/\/www.w3.org\/2000\/svg\" xmlns:xlink=\"http:\/\/www.w3.org\/1999\/xlink\" id=\"music\" viewBox=\"0 0 1536 1896.0833\">\n      <path d=\"M1536 224v1120q0 50-34 89t-86 60.5-103.5 32-96.5 10.5-96.5-10.5-103.5-32-86-60.5-34-89 34-89 86-60.5 103.5-32 96.5-10.5q105 0 192 39V654L640 891v709q0 50-34 89t-86 60.5-103.5 32T320 1792t-96.5-10.5-103.5-32-86-60.5-34-89 34-89 86-60.5 103.5-32T320 1408q105 0 192 39V480q0-31 19-56.5t49-35.5l832-256q12-4 28-4 40 0 68 28t28 68z\"><\/path>\n    <\/svg><\/span> <span class=\"h-divider__line style-1227-line style-local-5091-c143-line style-1227-line style-local-5091-c143-line\"><\/span><\/div>\n                <div data-colibri-id=\"5091-c144\" class=\"h-text h-text-component style-1230 style-local-5091-c144 position-relative h-element\">\n                  <!---->\n                  <!---->\n                  <div class=\"\">\n                    <p>2017<\/p>\n                  <\/div>\n                <\/div>\n                <div data-toggle=\"true\" data-is-preview=\"true\" data-colibri-component=\"accordion\" data-colibri-id=\"5091-c145\" class=\"h-accordion style-1231 style-local-5091-c145 position-relative h-element\">\n                  <!---->\n                  <div data-colibri-id=\"5091-c146\" class=\"h-accordion-item h-accordion-item-first-child style-1232 style-local-5091-c146 position-relative h-element\">\n                    <!---->\n                    <a data-open-by-default=\"false\" href=\"#5091-c146\" class=\"h-accordion-item-title d-flex align-items-center h-global-transition\">\n                      <!----><span>9. februar ZA DVE PRE\u010cNI FLAVTI<\/span>\n                      <div class=\"h-accordion-item-title-normal-icon h-accordion-item-title-icon h-accordion-item-title-icon-right\"><span class=\"h-svg-icon\"><!--Icon by Icons8 Line Awesome (https:\/\/icons8.com\/line-awesome)--><svg version=\"1.1\" xmlns=\"http:\/\/www.w3.org\/2000\/svg\" xmlns:xlink=\"http:\/\/www.w3.org\/1999\/xlink\" id=\"plus\" viewBox=\"0 0 512 545.5\"><path d=\"M240 112h32v160h160v32H272v160h-32V304H80v-32h160V112z\"><\/path><\/svg><\/span><\/div>\n                      <div class=\"h-accordion-item-title-active-icon h-accordion-item-title-icon h-accordion-item-title-icon-right\"><span class=\"h-svg-icon\"><!--Icon by Icons8 Line Awesome (https:\/\/icons8.com\/line-awesome)--><svg version=\"1.1\" xmlns=\"http:\/\/www.w3.org\/2000\/svg\" xmlns:xlink=\"http:\/\/www.w3.org\/1999\/xlink\" id=\"minus\" viewBox=\"0 0 512 545.5\"><path d=\"M80 272h352v32H80v-32z\"><\/path><\/svg><\/span><\/div>\n                    <\/a>\n                    <div id=\"5091-c146\" class=\"h-accordion-item-content__container\">\n                      <div class=\"w-100 h-y-container h-accordion-item-content\">\n                        <!---->\n                        <div data-colibri-id=\"5091-c147\" class=\"h-text h-text-component style-1233 style-local-5091-c147 position-relative h-element\">\n                          <!---->\n                          <!---->\n                          <div class=\"\">\n                            <p>La Barre<\/p>\n                            <p>Marais<\/p>\n                            <p>Bach<\/p>\n                            <p>Telemann<\/p>\n                            <p>\n                              <br>\n                            <\/p>\n                            <p>Ansambel&nbsp;<em>musica cubiculari<\/em>s<\/p>\n                            <p>Anne Freitag, baro\u010dna pre\u010dna flavta<\/p>\n                            <p>Keiko Kino\u0161ita, baro\u010dna pre\u010dna flavta<\/p>\n                            <p>Domen Marin\u010di\u010d, viola da gamba, baro\u010dni violon\u010delo<\/p>\n                            <p>Toma\u017e Sev\u0161ek, \u010dembalo<\/p>\n                          <\/div>\n                        <\/div>\n                      <\/div>\n                    <\/div>\n                  <\/div>\n                  <div data-colibri-id=\"5091-c148\" class=\"h-accordion-item style-1234 style-local-5091-c148 position-relative h-element\">\n                    <!---->\n                    <a data-open-by-default=\"false\" href=\"#5091-c148\" class=\"h-accordion-item-title d-flex align-items-center h-global-transition\">\n                      <!----><span>9. april MISERERE MEI DEUS<\/span>\n                      <div class=\"h-accordion-item-title-normal-icon h-accordion-item-title-icon h-accordion-item-title-icon-right\"><span class=\"h-svg-icon\"><!--Icon by Icons8 Line Awesome (https:\/\/icons8.com\/line-awesome)--><svg version=\"1.1\" xmlns=\"http:\/\/www.w3.org\/2000\/svg\" xmlns:xlink=\"http:\/\/www.w3.org\/1999\/xlink\" id=\"plus\" viewBox=\"0 0 512 545.5\"><path d=\"M240 112h32v160h160v32H272v160h-32V304H80v-32h160V112z\"><\/path><\/svg><\/span><\/div>\n                      <div class=\"h-accordion-item-title-active-icon h-accordion-item-title-icon h-accordion-item-title-icon-right\"><span class=\"h-svg-icon\"><!--Icon by Icons8 Line Awesome (https:\/\/icons8.com\/line-awesome)--><svg version=\"1.1\" xmlns=\"http:\/\/www.w3.org\/2000\/svg\" xmlns:xlink=\"http:\/\/www.w3.org\/1999\/xlink\" id=\"minus\" viewBox=\"0 0 512 545.5\"><path d=\"M80 272h352v32H80v-32z\"><\/path><\/svg><\/span><\/div>\n                    <\/a>\n                    <div id=\"5091-c148\" class=\"h-accordion-item-content__container\">\n                      <div class=\"w-100 h-y-container h-accordion-item-content\">\n                        <!---->\n                        <div data-colibri-id=\"5091-c149\" class=\"h-text h-text-component style-1235 style-local-5091-c149 position-relative h-element\">\n                          <!---->\n                          <!---->\n                          <div class=\"\">\n                            <p>Dolar<\/p>\n                            <p>Posch<\/p>\n                            <p>Biber<\/p>\n                            <p>Schmelzer<\/p>\n                            <p>\n                              <br>\n                            <\/p>\n                            <p>Ansambel&nbsp;<em>musica cubicularis<\/em><\/p>\n                            <p>Theresa Dlouhy, sopran<\/p>\n                            <p>Daniel Auchincloss, tenor<\/p>\n                            <p>Manuel Warwitz, tenor<\/p>\n                            <p>Matthew Baker, bas<\/p>\n                            <p>Manfredo Kraemer, baro\u010dna violina in glasbeno vodstvo<\/p>\n                          <\/div>\n                        <\/div>\n                      <\/div>\n                    <\/div>\n                  <\/div>\n                  <div data-colibri-id=\"5091-c150\" class=\"h-accordion-item style-1236 style-local-5091-c150 position-relative h-element\">\n                    <!---->\n                    <a data-open-by-default=\"false\" href=\"#5091-c150\" class=\"h-accordion-item-title d-flex align-items-center h-global-transition\">\n                      <!----><span>7. junij GLASBA ZA MARIJO TEREZIJO<\/span>\n                      <div class=\"h-accordion-item-title-normal-icon h-accordion-item-title-icon h-accordion-item-title-icon-right\"><span class=\"h-svg-icon\"><!--Icon by Icons8 Line Awesome (https:\/\/icons8.com\/line-awesome)--><svg version=\"1.1\" xmlns=\"http:\/\/www.w3.org\/2000\/svg\" xmlns:xlink=\"http:\/\/www.w3.org\/1999\/xlink\" id=\"plus\" viewBox=\"0 0 512 545.5\"><path d=\"M240 112h32v160h160v32H272v160h-32V304H80v-32h160V112z\"><\/path><\/svg><\/span><\/div>\n                      <div class=\"h-accordion-item-title-active-icon h-accordion-item-title-icon h-accordion-item-title-icon-right\"><span class=\"h-svg-icon\"><!--Icon by Icons8 Line Awesome (https:\/\/icons8.com\/line-awesome)--><svg version=\"1.1\" xmlns=\"http:\/\/www.w3.org\/2000\/svg\" xmlns:xlink=\"http:\/\/www.w3.org\/1999\/xlink\" id=\"minus\" viewBox=\"0 0 512 545.5\"><path d=\"M80 272h352v32H80v-32z\"><\/path><\/svg><\/span><\/div>\n                    <\/a>\n                    <div id=\"5091-c150\" class=\"h-accordion-item-content__container\">\n                      <div class=\"w-100 h-y-container h-accordion-item-content\">\n                        <!---->\n                        <div data-colibri-id=\"5091-c151\" class=\"h-text h-text-component style-1237 style-local-5091-c151 position-relative h-element\">\n                          <!---->\n                          <!---->\n                          <div class=\"\">\n                            <p>Antonio Caldara <\/p>\n                            <p>Casteli (Jo\u017eef Kastelic?) <\/p>\n                            <p>Georg Reutter <\/p>\n                            <p>Georg Christoph Wagenseil <\/p>\n                            <p>Johann Georg Zechner <\/p>\n                            <p>Florian Leopold Gassmann<\/p>\n                            <p>\n                              <br>\n                            <\/p>\n                            <p> <\/p>\n                            <p>Ansambel <em>musica cubicularis<\/em><\/p>\n                            <p>Alessandro Ciccolini, baro\u010dna violina <\/p>\n                            <p>Patrizio Focardi, baro\u010dna violina <\/p>\n                            <p>\u017diga Faganel, baro\u010dna violina <\/p>\n                            <p>Zsuzsanna Czentn\u00e1r, baro\u010dna viola<\/p>\n                            <p>Domen Marin\u010di\u010d, baro\u010dni violon\u010delo <\/p>\n                            <p>Toma\u017e Sev\u0161ek, \u010dembalo<\/p>\n                          <\/div>\n                        <\/div>\n                      <\/div>\n                    <\/div>\n                  <\/div>\n                  <div data-colibri-id=\"5091-c152\" class=\"h-accordion-item style-1238 style-local-5091-c152 position-relative h-element\">\n                    <!---->\n                    <a data-open-by-default=\"false\" href=\"#5091-c152\" class=\"h-accordion-item-title d-flex align-items-center h-global-transition\">\n                      <!----><span>3. oktober MIT O ARKADIJI<\/span>\n                      <div class=\"h-accordion-item-title-normal-icon h-accordion-item-title-icon h-accordion-item-title-icon-right\"><span class=\"h-svg-icon\"><!--Icon by Icons8 Line Awesome (https:\/\/icons8.com\/line-awesome)--><svg version=\"1.1\" xmlns=\"http:\/\/www.w3.org\/2000\/svg\" xmlns:xlink=\"http:\/\/www.w3.org\/1999\/xlink\" id=\"plus\" viewBox=\"0 0 512 545.5\"><path d=\"M240 112h32v160h160v32H272v160h-32V304H80v-32h160V112z\"><\/path><\/svg><\/span><\/div>\n                      <div class=\"h-accordion-item-title-active-icon h-accordion-item-title-icon h-accordion-item-title-icon-right\"><span class=\"h-svg-icon\"><!--Icon by Icons8 Line Awesome (https:\/\/icons8.com\/line-awesome)--><svg version=\"1.1\" xmlns=\"http:\/\/www.w3.org\/2000\/svg\" xmlns:xlink=\"http:\/\/www.w3.org\/1999\/xlink\" id=\"minus\" viewBox=\"0 0 512 545.5\"><path d=\"M80 272h352v32H80v-32z\"><\/path><\/svg><\/span><\/div>\n                    <\/a>\n                    <div id=\"5091-c152\" class=\"h-accordion-item-content__container\">\n                      <div class=\"w-100 h-y-container h-accordion-item-content\">\n                        <!---->\n                        <div data-colibri-id=\"5091-c153\" class=\"h-text h-text-component style-1239 style-local-5091-c153 position-relative h-element\">\n                          <!---->\n                          <!---->\n                          <div class=\"\">\n                            <p>Italijanske kantate s konca 17. in za\u010detka 18. stoletja<\/p>\n                            <p><strong style=\"font-weight: 400;\">Alessandro&nbsp;Scarlatti&nbsp;&nbsp;&nbsp;&nbsp;&nbsp;&nbsp;&nbsp;&nbsp;&nbsp;&nbsp;&nbsp;&nbsp;&nbsp;<\/strong><\/p>\n                            <p><strong style=\"font-weight: 400;\">Gaetano Boni&nbsp;&nbsp;&nbsp;&nbsp;&nbsp;&nbsp;&nbsp;&nbsp;&nbsp;&nbsp;&nbsp;&nbsp;&nbsp;&nbsp;&nbsp;&nbsp;&nbsp;&nbsp;&nbsp;&nbsp;&nbsp;&nbsp;&nbsp;&nbsp;&nbsp;<\/strong><\/p>\n                            <p><strong style=\"font-weight: 400;\">Bernardo&nbsp;Pasquini&nbsp;&nbsp;&nbsp;&nbsp;&nbsp;&nbsp;&nbsp;&nbsp;&nbsp;&nbsp;&nbsp;&nbsp;&nbsp;&nbsp;&nbsp;&nbsp;&nbsp;<\/strong><\/p>\n                            <p><strong style=\"font-weight: 400;\">Giovanni Zamboni&nbsp;&nbsp;&nbsp;&nbsp;&nbsp;&nbsp;&nbsp;&nbsp;&nbsp;&nbsp;&nbsp;&nbsp;&nbsp;&nbsp;&nbsp;&nbsp;&nbsp;<\/strong><\/p>\n                            <p><strong style=\"font-weight: 400;\">Georg&nbsp;Friedrich&nbsp;H\u00e4ndel<\/strong><\/p>\n                            <p>\n                              <br>\n                            <\/p>\n                            <p>Ansambel&nbsp;<em>musica cubicularis<\/em>&nbsp;<\/p>\n                            <p>Barbara Kozelj, mezzosopran<\/p>\n                            <p>Domen Marin\u010di\u010d, baro\u010dni violon\u010delo<\/p>\n                            <p>Sam Chapman, arhilutnja<\/p>\n                            <p>Toma\u017e Sev\u0161ek, \u010dembalo<\/p>\n                          <\/div>\n                        <\/div>\n                      <\/div>\n                    <\/div>\n                  <\/div>\n                  <div data-colibri-id=\"5091-c154\" class=\"h-accordion-item style-1240 style-local-5091-c154 position-relative h-element\">\n                    <!---->\n                    <a data-open-by-default=\"false\" href=\"#5091-c154\" class=\"h-accordion-item-title d-flex align-items-center h-global-transition\">\n                      <!----><span>19. december MORJE IN MELANHOLIJA<\/span>\n                      <div class=\"h-accordion-item-title-normal-icon h-accordion-item-title-icon h-accordion-item-title-icon-right\"><span class=\"h-svg-icon\"><!--Icon by Icons8 Line Awesome (https:\/\/icons8.com\/line-awesome)--><svg version=\"1.1\" xmlns=\"http:\/\/www.w3.org\/2000\/svg\" xmlns:xlink=\"http:\/\/www.w3.org\/1999\/xlink\" id=\"plus\" viewBox=\"0 0 512 545.5\"><path d=\"M240 112h32v160h160v32H272v160h-32V304H80v-32h160V112z\"><\/path><\/svg><\/span><\/div>\n                      <div class=\"h-accordion-item-title-active-icon h-accordion-item-title-icon h-accordion-item-title-icon-right\"><span class=\"h-svg-icon\"><!--Icon by Icons8 Line Awesome (https:\/\/icons8.com\/line-awesome)--><svg version=\"1.1\" xmlns=\"http:\/\/www.w3.org\/2000\/svg\" xmlns:xlink=\"http:\/\/www.w3.org\/1999\/xlink\" id=\"minus\" viewBox=\"0 0 512 545.5\"><path d=\"M80 272h352v32H80v-32z\"><\/path><\/svg><\/span><\/div>\n                    <\/a>\n                    <div id=\"5091-c154\" class=\"h-accordion-item-content__container\">\n                      <div class=\"w-100 h-y-container h-accordion-item-content\">\n                        <!---->\n                        <div data-colibri-id=\"5091-c155\" class=\"h-text h-text-component style-1241 style-local-5091-c155 position-relative h-element\">\n                          <!---->\n                          <!---->\n                          <div class=\"\">\n                            <p>Niels Gade<\/p>\n                            <p>Felix Mendelssohn<\/p>\n                            <p>\n                              <br>\n                            <\/p>\n                            <p>Wietse Beels, violina<\/p>\n                            <p>Edoardo Torbianelli, zgodovinski klavir<\/p>\n                          <\/div>\n                        <\/div>\n                      <\/div>\n                    <\/div>\n                  <\/div>\n                <\/div>\n                <div data-colibri-id=\"5091-c156\" class=\"h-divider style-1243 style-local-5091-c156 position-relative h-element\">\n                  <!----><span class=\"h-divider__line style-1243-line style-local-5091-c156-line style-1243-line style-local-5091-c156-line\"><\/span> <span class=\"h-svg-icon h-divider__icon style-1243-icon style-local-5091-c156-icon\"><!--Icon by Font Awesome (https:\/\/fontawesome.com)-->\n    <svg version=\"1.1\" xmlns=\"http:\/\/www.w3.org\/2000\/svg\" xmlns:xlink=\"http:\/\/www.w3.org\/1999\/xlink\" id=\"music\" viewBox=\"0 0 1536 1896.0833\">\n      <path d=\"M1536 224v1120q0 50-34 89t-86 60.5-103.5 32-96.5 10.5-96.5-10.5-103.5-32-86-60.5-34-89 34-89 86-60.5 103.5-32 96.5-10.5q105 0 192 39V654L640 891v709q0 50-34 89t-86 60.5-103.5 32T320 1792t-96.5-10.5-103.5-32-86-60.5-34-89 34-89 86-60.5 103.5-32T320 1408q105 0 192 39V480q0-31 19-56.5t49-35.5l832-256q12-4 28-4 40 0 68 28t28 68z\"><\/path>\n    <\/svg><\/span> <span class=\"h-divider__line style-1243-line style-local-5091-c156-line style-1243-line style-local-5091-c156-line\"><\/span><\/div>\n                <div data-colibri-id=\"5091-c157\" class=\"h-text h-text-component style-1244 style-local-5091-c157 position-relative h-element\">\n                  <!---->\n                  <!---->\n                  <div class=\"\">\n                    <p>2016<\/p>\n                  <\/div>\n                <\/div>\n              <\/div>\n            <\/div>\n          <\/div>\n        <\/div>\n      <\/div>\n      <div data-colibri-id=\"5091-c158\" class=\"h-row-container gutters-row-lg-2 gutters-row-md-2 gutters-row-0 gutters-row-v-lg-2 gutters-row-v-md-2 gutters-row-v-2 style-1252 style-local-5091-c158 position-relative\">\n        <!---->\n        <div class=\"h-row justify-content-lg-center justify-content-md-center justify-content-center align-items-lg-stretch align-items-md-stretch align-items-stretch gutters-col-lg-2 gutters-col-md-2 gutters-col-0 gutters-col-v-lg-2 gutters-col-v-md-2 gutters-col-v-2\">\n          <!---->\n          <div class=\"h-column h-column-container d-flex h-col-lg-auto h-col-md-auto h-col-auto style-1253-outer style-local-5091-c159-outer\">\n            <div data-colibri-id=\"5091-c159\" class=\"d-flex h-flex-basis h-column__inner h-px-lg-2 h-px-md-2 h-px-2 v-inner-lg-2 v-inner-md-2 v-inner-2 style-1253 style-local-5091-c159 position-relative\">\n              <!---->\n              <!---->\n              <div class=\"w-100 h-y-container h-column__content h-column__v-align flex-basis-100 align-self-lg-start align-self-md-start align-self-start\">\n                <!---->\n                <div data-toggle=\"true\" data-is-preview=\"true\" data-colibri-component=\"accordion\" data-colibri-id=\"5091-c160\" class=\"h-accordion style-1245 style-local-5091-c160 position-relative h-element\">\n                  <!---->\n                  <div data-colibri-id=\"5091-c161\" class=\"h-accordion-item h-accordion-item-first-child style-1246 style-local-5091-c161 position-relative h-element\">\n                    <!---->\n                    <a data-open-by-default=\"false\" href=\"#5091-c161\" class=\"h-accordion-item-title d-flex align-items-center h-global-transition\">\n                      <!----><span>3. marec ZMAGOSLAVJE LJUBEZNI<\/span>\n                      <div class=\"h-accordion-item-title-normal-icon h-accordion-item-title-icon h-accordion-item-title-icon-right\"><span class=\"h-svg-icon\"><!--Icon by Icons8 Line Awesome (https:\/\/icons8.com\/line-awesome)--><svg version=\"1.1\" xmlns=\"http:\/\/www.w3.org\/2000\/svg\" xmlns:xlink=\"http:\/\/www.w3.org\/1999\/xlink\" id=\"plus\" viewBox=\"0 0 512 545.5\"><path d=\"M240 112h32v160h160v32H272v160h-32V304H80v-32h160V112z\"><\/path><\/svg><\/span><\/div>\n                      <div class=\"h-accordion-item-title-active-icon h-accordion-item-title-icon h-accordion-item-title-icon-right\"><span class=\"h-svg-icon\"><!--Icon by Icons8 Line Awesome (https:\/\/icons8.com\/line-awesome)--><svg version=\"1.1\" xmlns=\"http:\/\/www.w3.org\/2000\/svg\" xmlns:xlink=\"http:\/\/www.w3.org\/1999\/xlink\" id=\"minus\" viewBox=\"0 0 512 545.5\"><path d=\"M80 272h352v32H80v-32z\"><\/path><\/svg><\/span><\/div>\n                    <\/a>\n                    <div id=\"5091-c161\" class=\"h-accordion-item-content__container\">\n                      <div class=\"w-100 h-y-container h-accordion-item-content\">\n                        <!---->\n                        <div data-colibri-id=\"5091-c162\" class=\"h-text h-text-component style-1247 style-local-5091-c162 position-relative h-element\">\n                          <!---->\n                          <!---->\n                          <div class=\"\">\n                            <p><span style=\"color: rgb(0, 0, 0);\">Mont\u00e9clair<\/span><\/p>\n                            <p><span style=\"color: rgb(0, 0, 0);\">Campra<\/span><\/p>\n                            <p><span style=\"color: rgb(0, 0, 0);\">Couperin<\/span><\/p>\n                            <p>\n                              <br>\n                            <\/p>\n                            <p><span style=\"font-weight: 400; font-size: 16px; font-family: &quot;Open Sans&quot;; color: rgb(0, 0, 0);\">Ansambel&nbsp;<\/span><em style=\"font-weight: 400; font-size: 16px; font-family: &quot;Open Sans&quot;; color: rgb(0, 0, 0);\">musica cubicularis<\/em>\n                              <span\n                                style=\"font-weight: 400; font-size: 16px; font-family: &quot;Open Sans&quot;; color: rgb(0, 0, 0);\"> <\/span>\n                            <\/p>\n                            <p><span style=\"font-weight: 400; font-size: 16px; font-family: &quot;Open Sans&quot;; color: rgb(0, 0, 0);\">Aco Aleksander Bi\u0161\u0107evi\u0107, tenor<\/span><\/p>\n                            <p><span style=\"font-weight: 400; font-size: 16px; font-family: &quot;Open Sans&quot;; color: rgb(0, 0, 0);\">Benedek Csalog, baro\u010dna pre\u010dna flavta<\/span><\/p>\n                            <p><span style=\"font-weight: 400; font-size: 16px; font-family: &quot;Open Sans&quot;; color: rgb(0, 0, 0);\">Domen Marin\u010di\u010d, viola da gamba<\/span><\/p>\n                            <p><span style=\"font-weight: 400; font-size: 16px; font-family: &quot;Open Sans&quot;; color: rgb(0, 0, 0);\">Sam Chapman, teorba<\/span><\/p>\n                            <p><span style=\"font-weight: 400; font-size: 16px; font-family: &quot;Open Sans&quot;; color: rgb(0, 0, 0);\">Toma\u017e Sev\u0161ek, \u010dembalo<\/span><\/p>\n                          <\/div>\n                        <\/div>\n                      <\/div>\n                    <\/div>\n                  <\/div>\n                  <div data-colibri-id=\"5091-c163\" class=\"h-accordion-item style-1248 style-local-5091-c163 position-relative h-element\">\n                    <!---->\n                    <a data-open-by-default=\"false\" href=\"#5091-c163\" class=\"h-accordion-item-title d-flex align-items-center h-global-transition\">\n                      <!----><span> 19.april GIUSEPPE ARENA: AHIL NA SKIROSU<\/span>\n                      <div class=\"h-accordion-item-title-normal-icon h-accordion-item-title-icon h-accordion-item-title-icon-right\"><span class=\"h-svg-icon\"><!--Icon by Icons8 Line Awesome (https:\/\/icons8.com\/line-awesome)--><svg version=\"1.1\" xmlns=\"http:\/\/www.w3.org\/2000\/svg\" xmlns:xlink=\"http:\/\/www.w3.org\/1999\/xlink\" id=\"plus\" viewBox=\"0 0 512 545.5\"><path d=\"M240 112h32v160h160v32H272v160h-32V304H80v-32h160V112z\"><\/path><\/svg><\/span><\/div>\n                      <div class=\"h-accordion-item-title-active-icon h-accordion-item-title-icon h-accordion-item-title-icon-right\"><span class=\"h-svg-icon\"><!--Icon by Icons8 Line Awesome (https:\/\/icons8.com\/line-awesome)--><svg version=\"1.1\" xmlns=\"http:\/\/www.w3.org\/2000\/svg\" xmlns:xlink=\"http:\/\/www.w3.org\/1999\/xlink\" id=\"minus\" viewBox=\"0 0 512 545.5\"><path d=\"M80 272h352v32H80v-32z\"><\/path><\/svg><\/span><\/div>\n                    <\/a>\n                    <div id=\"5091-c163\" class=\"h-accordion-item-content__container\">\n                      <div class=\"w-100 h-y-container h-accordion-item-content\">\n                        <!---->\n                        <div data-colibri-id=\"5091-c164\" class=\"h-text h-text-component style-1249 style-local-5091-c164 position-relative h-element\">\n                          <!---->\n                          <!---->\n                          <div class=\"\">\n                            <p>V sklopu projekta HERA MusMig.<\/p>\n                            <p>Giuseppe Arena: arije iz arhiva grofov Attems iz Slovenske Bistrice<\/p>\n                            <p>\n                              <br>\n                            <\/p>\n                            <p>Ansambel&nbsp;<em>musica cubicularis<\/em><\/p>\n                            <p>Bernarda Bobro, sopran (Ahil)<\/p>\n                            <p>Gwendolen Martin, sopran (Dejdameja)<\/p>\n                            <p>Bojan \u010ci\u0107i\u0107, baro\u010dna violina<\/p>\n                            <p>James Toll, baro\u010dna violina<\/p>\n                            <p>Erika Emans, baro\u010dna viola<\/p>\n                            <p>Domen Marin\u010di\u010d, baro\u010dni violon\u010delo<\/p>\n                            <p>Toma\u017e Sev\u0161ek, \u010dembalo<\/p>\n                          <\/div>\n                        <\/div>\n                      <\/div>\n                    <\/div>\n                  <\/div>\n                  <div data-colibri-id=\"5091-c165\" class=\"h-accordion-item style-1250 style-local-5091-c165 position-relative h-element\">\n                    <!---->\n                    <a data-open-by-default=\"true\" href=\"#5091-c165\" class=\"h-accordion-item-title d-flex align-items-center h-global-transition\">\n                      <!----><span> 20. maj ZA DVE BASOVSKI VIOLI<\/span>\n                      <div class=\"h-accordion-item-title-normal-icon h-accordion-item-title-icon h-accordion-item-title-icon-right\"><span class=\"h-svg-icon\"><!--Icon by Icons8 Line Awesome (https:\/\/icons8.com\/line-awesome)--><svg version=\"1.1\" xmlns=\"http:\/\/www.w3.org\/2000\/svg\" xmlns:xlink=\"http:\/\/www.w3.org\/1999\/xlink\" id=\"plus\" viewBox=\"0 0 512 545.5\"><path d=\"M240 112h32v160h160v32H272v160h-32V304H80v-32h160V112z\"><\/path><\/svg><\/span><\/div>\n                      <div class=\"h-accordion-item-title-active-icon h-accordion-item-title-icon h-accordion-item-title-icon-right\"><span class=\"h-svg-icon\"><!--Icon by Icons8 Line Awesome (https:\/\/icons8.com\/line-awesome)--><svg version=\"1.1\" xmlns=\"http:\/\/www.w3.org\/2000\/svg\" xmlns:xlink=\"http:\/\/www.w3.org\/1999\/xlink\" id=\"minus\" viewBox=\"0 0 512 545.5\"><path d=\"M80 272h352v32H80v-32z\"><\/path><\/svg><\/span><\/div>\n                    <\/a>\n                    <div id=\"5091-c165\" class=\"h-accordion-item-content__container\">\n                      <div class=\"w-100 h-y-container h-accordion-item-content\">\n                        <!---->\n                        <div data-colibri-id=\"5091-c166\" class=\"h-text h-text-component style-1251 style-local-5091-c166 position-relative h-element\">\n                          <!---->\n                          <!---->\n                          <div class=\"\">\n                            <p><span style=\"color: rgb(0, 0, 0);\">John Jenkins<\/span><\/p>\n                            <p><span style=\"color: rgb(0, 0, 0);\">William Lawes<\/span><\/p>\n                            <p><span style=\"color: rgb(0, 0, 0);\">Christopher Simpson<\/span><\/p>\n                            <p><span style=\"color: rgb(0, 0, 0);\">John Coprario<\/span><\/p>\n                            <p><span style=\"color: rgb(0, 0, 0);\">Matthew Locke<\/span><\/p>\n                            <p><span style=\"color: rgb(0, 0, 0);\">Thomas Tomkins<\/span><\/p>\n                            <p><span style=\"color: rgb(0, 0, 0);\">William White<\/span><\/p>\n                            <p>\n                              <br>\n                            <\/p>\n                            <p><span style=\"color: rgb(0, 0, 0); font-family: &quot;Open Sans&quot;; font-size: 16px; font-weight: 400;\">Ansambel&nbsp;<\/span><em style=\"color: rgb(0, 0, 0); font-family: &quot;Open Sans&quot;; font-size: 16px; font-weight: 400;\">musica cubicularis<\/em>\n                              <span\n                                style=\"color: rgb(0, 0, 0); font-family: &quot;Open Sans&quot;; font-size: 16px; font-weight: 400;\"> <\/span>\n                            <\/p>\n                            <p><span style=\"color: rgb(0, 0, 0); font-family: &quot;Open Sans&quot;; font-size: 16px; font-weight: 400;\">Christoph Urbanetz, viola da gamba <\/span><\/p>\n                            <p><span style=\"color: rgb(0, 0, 0); font-family: &quot;Open Sans&quot;; font-size: 16px; font-weight: 400;\">Domen Marin\u010di\u010d, viola da gamba <\/span><\/p>\n                            <p><span style=\"color: rgb(0, 0, 0); font-family: &quot;Open Sans&quot;; font-size: 16px; font-weight: 400;\">Toma\u017e Sev\u0161ek, orgelski pozitiv<\/span><\/p>\n                          <\/div>\n                        <\/div>\n                      <\/div>\n                    <\/div>\n                  <\/div>\n                  <div data-colibri-id=\"5091-c167\" class=\"h-accordion-item style-1254 style-local-5091-c167 position-relative h-element\">\n                    <!---->\n                    <a data-open-by-default=\"false\" href=\"#5091-c167\" class=\"h-accordion-item-title d-flex align-items-center h-global-transition\">\n                      <!----><span> 18. oktober Solisti\u010dni recital ene vodilnih izvajalk srednjeve\u0161ke glasbe na svetu Sabine Lutzenberger je bil posve\u010den pesmim svete Hildegarde iz Bingna (1098\u20131179).<\/span>\n                      <div class=\"h-accordion-item-title-normal-icon h-accordion-item-title-icon h-accordion-item-title-icon-right\"><span class=\"h-svg-icon\"><!--Icon by Icons8 Line Awesome (https:\/\/icons8.com\/line-awesome)--><svg version=\"1.1\" xmlns=\"http:\/\/www.w3.org\/2000\/svg\" xmlns:xlink=\"http:\/\/www.w3.org\/1999\/xlink\" id=\"plus\" viewBox=\"0 0 512 545.5\"><path d=\"M240 112h32v160h160v32H272v160h-32V304H80v-32h160V112z\"><\/path><\/svg><\/span><\/div>\n                      <div class=\"h-accordion-item-title-active-icon h-accordion-item-title-icon h-accordion-item-title-icon-right\"><span class=\"h-svg-icon\"><!--Icon by Icons8 Line Awesome (https:\/\/icons8.com\/line-awesome)--><svg version=\"1.1\" xmlns=\"http:\/\/www.w3.org\/2000\/svg\" xmlns:xlink=\"http:\/\/www.w3.org\/1999\/xlink\" id=\"minus\" viewBox=\"0 0 512 545.5\"><path d=\"M80 272h352v32H80v-32z\"><\/path><\/svg><\/span><\/div>\n                    <\/a>\n                    <div id=\"5091-c167\" class=\"h-accordion-item-content__container\">\n                      <div class=\"w-100 h-y-container h-accordion-item-content\">\n                        <!---->\n                        <div data-colibri-id=\"5091-c168\" class=\"h-text h-text-component style-1255 style-local-5091-c168 position-relative h-element\">\n                          <!---->\n                          <!---->\n                          <div class=\"\">\n                            <p><span style=\"font-weight: 400; font-size: 16px; font-family: &quot;Open Sans&quot;; color: rgb(0, 0, 0);\">Sabine Lutzenberger, glas in zvon\u010dki<\/span><\/p>\n                          <\/div>\n                        <\/div>\n                      <\/div>\n                    <\/div>\n                  <\/div>\n                  <div data-colibri-id=\"5091-c169\" class=\"h-accordion-item style-1256 style-local-5091-c169 position-relative h-element\">\n                    <!---->\n                    <a data-open-by-default=\"false\" href=\"#5091-c169\" class=\"h-accordion-item-title d-flex align-items-center h-global-transition\">\n                      <!----><span>15. november Na koncertu so zazvenele koncertantne in solisti\u010dne sonate italijanskih mojstrov prve polovice 17. stoletja.<\/span>\n                      <div class=\"h-accordion-item-title-normal-icon h-accordion-item-title-icon h-accordion-item-title-icon-right\"><span class=\"h-svg-icon\"><!--Icon by Icons8 Line Awesome (https:\/\/icons8.com\/line-awesome)--><svg version=\"1.1\" xmlns=\"http:\/\/www.w3.org\/2000\/svg\" xmlns:xlink=\"http:\/\/www.w3.org\/1999\/xlink\" id=\"plus\" viewBox=\"0 0 512 545.5\"><path d=\"M240 112h32v160h160v32H272v160h-32V304H80v-32h160V112z\"><\/path><\/svg><\/span><\/div>\n                      <div class=\"h-accordion-item-title-active-icon h-accordion-item-title-icon h-accordion-item-title-icon-right\"><span class=\"h-svg-icon\"><!--Icon by Icons8 Line Awesome (https:\/\/icons8.com\/line-awesome)--><svg version=\"1.1\" xmlns=\"http:\/\/www.w3.org\/2000\/svg\" xmlns:xlink=\"http:\/\/www.w3.org\/1999\/xlink\" id=\"minus\" viewBox=\"0 0 512 545.5\"><path d=\"M80 272h352v32H80v-32z\"><\/path><\/svg><\/span><\/div>\n                    <\/a>\n                    <div id=\"5091-c169\" class=\"h-accordion-item-content__container\">\n                      <div class=\"w-100 h-y-container h-accordion-item-content\">\n                        <!---->\n                        <div data-colibri-id=\"5091-c170\" class=\"h-text h-text-component style-1257 style-local-5091-c170 position-relative h-element\">\n                          <!---->\n                          <!---->\n                          <div class=\"\">\n                            <p><strong>Castello, Fontana, Buonamente<\/strong><\/p>\n                            <p>Ansambel&nbsp;<em>musica cubicularis<\/em>: <\/p>\n                            <p>William Dongois, cink; Alice Julien-Laferri\u00e8re, violina; Stefan Leg\u00e9e, pozavna; Domen Marin\u010di\u010d, \u010dembalo; Toma\u017e Sev\u0161ek, orgelski pozitiv<\/p>\n                            <p>\n                              <br>\n                            <\/p>\n                          <\/div>\n                        <\/div>\n                      <\/div>\n                    <\/div>\n                  <\/div>\n                <\/div>\n                <div data-colibri-id=\"5091-c171\" class=\"h-divider style-1259 style-local-5091-c171 position-relative h-element\">\n                  <!----><span class=\"h-divider__line style-1259-line style-local-5091-c171-line style-1259-line style-local-5091-c171-line\"><\/span> <span class=\"h-svg-icon h-divider__icon style-1259-icon style-local-5091-c171-icon\"><!--Icon by Font Awesome (https:\/\/fontawesome.com)-->\n    <svg version=\"1.1\" xmlns=\"http:\/\/www.w3.org\/2000\/svg\" xmlns:xlink=\"http:\/\/www.w3.org\/1999\/xlink\" id=\"music\" viewBox=\"0 0 1536 1896.0833\">\n      <path d=\"M1536 224v1120q0 50-34 89t-86 60.5-103.5 32-96.5 10.5-96.5-10.5-103.5-32-86-60.5-34-89 34-89 86-60.5 103.5-32 96.5-10.5q105 0 192 39V654L640 891v709q0 50-34 89t-86 60.5-103.5 32T320 1792t-96.5-10.5-103.5-32-86-60.5-34-89 34-89 86-60.5 103.5-32T320 1408q105 0 192 39V480q0-31 19-56.5t49-35.5l832-256q12-4 28-4 40 0 68 28t28 68z\"><\/path>\n    <\/svg><\/span> <span class=\"h-divider__line style-1259-line style-local-5091-c171-line style-1259-line style-local-5091-c171-line\"><\/span><\/div>\n                <div data-colibri-id=\"5091-c172\" class=\"h-text h-text-component style-1260 style-local-5091-c172 position-relative h-element\">\n                  <!---->\n                  <!---->\n                  <div class=\"\">\n                    <p>2015<\/p>\n                  <\/div>\n                <\/div>\n              <\/div>\n            <\/div>\n          <\/div>\n        <\/div>\n      <\/div>\n      <div data-colibri-id=\"5091-c173\" class=\"h-row-container gutters-row-lg-2 gutters-row-md-2 gutters-row-0 gutters-row-v-lg-2 gutters-row-v-md-2 gutters-row-v-2 style-1268 style-local-5091-c173 position-relative\">\n        <!---->\n        <div class=\"h-row justify-content-lg-center justify-content-md-center justify-content-center align-items-lg-stretch align-items-md-stretch align-items-stretch gutters-col-lg-2 gutters-col-md-2 gutters-col-0 gutters-col-v-lg-2 gutters-col-v-md-2 gutters-col-v-2\">\n          <!---->\n          <div class=\"h-column h-column-container d-flex h-col-lg-auto h-col-md-auto h-col-auto style-1269-outer style-local-5091-c174-outer\">\n            <div data-colibri-id=\"5091-c174\" class=\"d-flex h-flex-basis h-column__inner h-px-lg-2 h-px-md-2 h-px-2 v-inner-lg-2 v-inner-md-2 v-inner-2 style-1269 style-local-5091-c174 position-relative\">\n              <!---->\n              <!---->\n              <div class=\"w-100 h-y-container h-column__content h-column__v-align flex-basis-100 align-self-lg-start align-self-md-start align-self-start\">\n                <!---->\n                <div data-toggle=\"true\" data-is-preview=\"true\" data-colibri-component=\"accordion\" data-colibri-id=\"5091-c175\" class=\"h-accordion style-1261 style-local-5091-c175 position-relative h-element\">\n                  <!---->\n                  <div data-colibri-id=\"5091-c176\" class=\"h-accordion-item h-accordion-item-first-child style-1262 style-local-5091-c176 position-relative h-element\">\n                    <!---->\n                    <a data-open-by-default=\"false\" href=\"#5091-c176\" class=\"h-accordion-item-title d-flex align-items-center h-global-transition\">\n                      <!----><span>13. februar PURCELL IN BLOW<\/span>\n                      <div class=\"h-accordion-item-title-normal-icon h-accordion-item-title-icon h-accordion-item-title-icon-right\"><span class=\"h-svg-icon\"><!--Icon by Icons8 Line Awesome (https:\/\/icons8.com\/line-awesome)--><svg version=\"1.1\" xmlns=\"http:\/\/www.w3.org\/2000\/svg\" xmlns:xlink=\"http:\/\/www.w3.org\/1999\/xlink\" id=\"plus\" viewBox=\"0 0 512 545.5\"><path d=\"M240 112h32v160h160v32H272v160h-32V304H80v-32h160V112z\"><\/path><\/svg><\/span><\/div>\n                      <div class=\"h-accordion-item-title-active-icon h-accordion-item-title-icon h-accordion-item-title-icon-right\"><span class=\"h-svg-icon\"><!--Icon by Icons8 Line Awesome (https:\/\/icons8.com\/line-awesome)--><svg version=\"1.1\" xmlns=\"http:\/\/www.w3.org\/2000\/svg\" xmlns:xlink=\"http:\/\/www.w3.org\/1999\/xlink\" id=\"minus\" viewBox=\"0 0 512 545.5\"><path d=\"M80 272h352v32H80v-32z\"><\/path><\/svg><\/span><\/div>\n                    <\/a>\n                    <div id=\"5091-c176\" class=\"h-accordion-item-content__container\">\n                      <div class=\"w-100 h-y-container h-accordion-item-content\">\n                        <!---->\n                        <div data-colibri-id=\"5091-c177\" class=\"h-text h-text-component style-1263 style-local-5091-c177 position-relative h-element\">\n                          <!---->\n                          <!---->\n                          <div class=\"\">\n                            <p>Britanski Orfej in angle\u0161ki Ampfion<\/p>\n                            <p>\n                              <br>\n                            <\/p>\n                            <p>Henry Purcell<\/p>\n                            <p>John Blow<\/p>\n                            <p>&nbsp;<\/p>\n                            <p>Emma Kirkby, sopran<\/p>\n                            <p>Joel Frederiksen, bas, arhilutnja<\/p>\n                            <p>Axel Wolf, teorba, arhilutnja<\/p>\n                            <p>Domen Marin\u010di\u010d, viola da gamba<\/p>\n                          <\/div>\n                        <\/div>\n                      <\/div>\n                    <\/div>\n                  <\/div>\n                  <div data-colibri-id=\"5091-c178\" class=\"h-accordion-item style-1264 style-local-5091-c178 position-relative h-element\">\n                    <!---->\n                    <a data-open-by-default=\"false\" href=\"#5091-c178\" class=\"h-accordion-item-title d-flex align-items-center h-global-transition\">\n                      <!----><span>20. april MARAIS IN SAINTE-COLOMBE<\/span>\n                      <div class=\"h-accordion-item-title-normal-icon h-accordion-item-title-icon h-accordion-item-title-icon-right\"><span class=\"h-svg-icon\"><!--Icon by Icons8 Line Awesome (https:\/\/icons8.com\/line-awesome)--><svg version=\"1.1\" xmlns=\"http:\/\/www.w3.org\/2000\/svg\" xmlns:xlink=\"http:\/\/www.w3.org\/1999\/xlink\" id=\"plus\" viewBox=\"0 0 512 545.5\"><path d=\"M240 112h32v160h160v32H272v160h-32V304H80v-32h160V112z\"><\/path><\/svg><\/span><\/div>\n                      <div class=\"h-accordion-item-title-active-icon h-accordion-item-title-icon h-accordion-item-title-icon-right\"><span class=\"h-svg-icon\"><!--Icon by Icons8 Line Awesome (https:\/\/icons8.com\/line-awesome)--><svg version=\"1.1\" xmlns=\"http:\/\/www.w3.org\/2000\/svg\" xmlns:xlink=\"http:\/\/www.w3.org\/1999\/xlink\" id=\"minus\" viewBox=\"0 0 512 545.5\"><path d=\"M80 272h352v32H80v-32z\"><\/path><\/svg><\/span><\/div>\n                    <\/a>\n                    <div id=\"5091-c178\" class=\"h-accordion-item-content__container\">\n                      <div class=\"w-100 h-y-container h-accordion-item-content\">\n                        <!---->\n                        <div data-colibri-id=\"5091-c179\" class=\"h-text h-text-component style-1265 style-local-5091-c179 position-relative h-element\">\n                          <!---->\n                          <!---->\n                          <div class=\"\">\n                            <p><span style=\"color: rgb(0, 0, 0);\">Za dve enaki violi da gamba<\/span><\/p>\n                            <p>\n                              <br>\n                            <\/p>\n                            <p>Britanski Orfej in angle\u0161ki Ampfion<\/p>\n                            <p>\n                              <br>\n                            <\/p>\n                            <p>Henry Purcell<\/p>\n                            <p>John Blow<\/p>\n                            <p>&nbsp;<\/p>\n                            <p>Emma Kirkby, sopran<\/p>\n                            <p>Joel Frederiksen, bas, arhilutnja<\/p>\n                            <p>Axel Wolf, teorba, arhilutnja<\/p>\n                            <p>Domen Marin\u010di\u010d, viola da gamba<\/p>\n                          <\/div>\n                        <\/div>\n                      <\/div>\n                    <\/div>\n                  <\/div>\n                  <div data-colibri-id=\"5091-c180\" class=\"h-accordion-item style-1266 style-local-5091-c180 position-relative h-element\">\n                    <!---->\n                    <a data-open-by-default=\"false\" href=\"#5091-c180\" class=\"h-accordion-item-title d-flex align-items-center h-global-transition\">\n                      <!----><span>27. maj POLLINI IN DUS\u00cdK: Migranta na Slovenskem<\/span>\n                      <div class=\"h-accordion-item-title-normal-icon h-accordion-item-title-icon h-accordion-item-title-icon-right\"><span class=\"h-svg-icon\"><!--Icon by Icons8 Line Awesome (https:\/\/icons8.com\/line-awesome)--><svg version=\"1.1\" xmlns=\"http:\/\/www.w3.org\/2000\/svg\" xmlns:xlink=\"http:\/\/www.w3.org\/1999\/xlink\" id=\"plus\" viewBox=\"0 0 512 545.5\"><path d=\"M240 112h32v160h160v32H272v160h-32V304H80v-32h160V112z\"><\/path><\/svg><\/span><\/div>\n                      <div class=\"h-accordion-item-title-active-icon h-accordion-item-title-icon h-accordion-item-title-icon-right\"><span class=\"h-svg-icon\"><!--Icon by Icons8 Line Awesome (https:\/\/icons8.com\/line-awesome)--><svg version=\"1.1\" xmlns=\"http:\/\/www.w3.org\/2000\/svg\" xmlns:xlink=\"http:\/\/www.w3.org\/1999\/xlink\" id=\"minus\" viewBox=\"0 0 512 545.5\"><path d=\"M80 272h352v32H80v-32z\"><\/path><\/svg><\/span><\/div>\n                    <\/a>\n                    <div id=\"5091-c180\" class=\"h-accordion-item-content__container\">\n                      <div class=\"w-100 h-y-container h-accordion-item-content\">\n                        <!---->\n                        <div data-colibri-id=\"5091-c181\" class=\"h-text h-text-component style-1267 style-local-5091-c181 position-relative h-element\">\n                          <!---->\n                          <!---->\n                          <div class=\"\">\n                            <p>Migranta na Slovenskem<\/p>\n                            <p>\n                              <br>\n                            <\/p>\n                            <p>Francesco Pollini<\/p>\n                            <p>Josef Benedikt Dus\u00edk<\/p>\n                            <p>&nbsp;<\/p>\n                            <p>Mikayel Balyan, zgodovinski klavir <\/p>\n                          <\/div>\n                        <\/div>\n                      <\/div>\n                    <\/div>\n                  <\/div>\n                  <div data-colibri-id=\"5091-c182\" class=\"h-accordion-item style-1270 style-local-5091-c182 position-relative h-element\">\n                    <!---->\n                    <a data-open-by-default=\"false\" href=\"#5091-c182\" class=\"h-accordion-item-title d-flex align-items-center h-global-transition\">\n                      <!----><span>15. oktober PARNASSUS MUSICUS FERDINANDAEUS: Moteti za avstrijskega nadvojvodo Ferdinanda (1615)<\/span>\n                      <div class=\"h-accordion-item-title-normal-icon h-accordion-item-title-icon h-accordion-item-title-icon-right\"><span class=\"h-svg-icon\"><!--Icon by Icons8 Line Awesome (https:\/\/icons8.com\/line-awesome)--><svg version=\"1.1\" xmlns=\"http:\/\/www.w3.org\/2000\/svg\" xmlns:xlink=\"http:\/\/www.w3.org\/1999\/xlink\" id=\"plus\" viewBox=\"0 0 512 545.5\"><path d=\"M240 112h32v160h160v32H272v160h-32V304H80v-32h160V112z\"><\/path><\/svg><\/span><\/div>\n                      <div class=\"h-accordion-item-title-active-icon h-accordion-item-title-icon h-accordion-item-title-icon-right\"><span class=\"h-svg-icon\"><!--Icon by Icons8 Line Awesome (https:\/\/icons8.com\/line-awesome)--><svg version=\"1.1\" xmlns=\"http:\/\/www.w3.org\/2000\/svg\" xmlns:xlink=\"http:\/\/www.w3.org\/1999\/xlink\" id=\"minus\" viewBox=\"0 0 512 545.5\"><path d=\"M80 272h352v32H80v-32z\"><\/path><\/svg><\/span><\/div>\n                    <\/a>\n                    <div id=\"5091-c182\" class=\"h-accordion-item-content__container\">\n                      <div class=\"w-100 h-y-container h-accordion-item-content\">\n                        <!---->\n                        <div data-colibri-id=\"5091-c183\" class=\"h-text h-text-component style-1271 style-local-5091-c183 position-relative h-element\">\n                          <!---->\n                          <!---->\n                          <div class=\"\">\n                            <p>Moteti za avstrijskega nadvojvodo Ferdinanda<\/p>\n                            <p>\n                              <br>\n                            <\/p>\n                            <p>Reimundo Ballestra<\/p>\n                            <p>Bartolomeo Barbarino<\/p>\n                            <p>Giacomo Brignoli<\/p>\n                            <p>Francesco Casati<\/p>\n                            <p>Giovanni Cavaccio<\/p>\n                            <p>Andrea Cima<\/p>\n                            <p>Federico Coda<\/p>\n                            <p>Flaminio Comanedo<\/p>\n                            <p>Bartolomeo Mutis<\/p>\n                            <p>Vincenzo Pellegrini<\/p>\n                            <p>Georg Poss<\/p>\n                            <p>Francesco Turini<\/p>\n                            <p>Giovanni Valentini<\/p>\n                            <p>&nbsp;<\/p>\n                            <p>Ansambel&nbsp;<em>musica cubicularis<\/em><\/p>\n                            <p>Perrine Devillers, sopran<\/p>\n                            <p>Bernhard Landauer, kontratenor<\/p>\n                            <p>Christopher O&#8217;Gorman, tenor<\/p>\n                            <p>Matthew Baker, bas<\/p>\n                            <p>Domen Marin\u010di\u010d, \u010dembalo<\/p>\n                            <p>Toma\u017e Sev\u0161ek, orgelski pozitiv<\/p>\n                          <\/div>\n                        <\/div>\n                      <\/div>\n                    <\/div>\n                  <\/div>\n                  <div data-colibri-id=\"5091-c184\" class=\"h-accordion-item style-1272 style-local-5091-c184 position-relative h-element\">\n                    <!---->\n                    <a data-open-by-default=\"false\" href=\"#5091-c184\" class=\"h-accordion-item-title d-flex align-items-center h-global-transition\">\n                      <!----><span>19. november BACH IN H\u00c4NDEL: Uvertura, koncert in italijanski dueti<\/span>\n                      <div class=\"h-accordion-item-title-normal-icon h-accordion-item-title-icon h-accordion-item-title-icon-right\"><span class=\"h-svg-icon\"><!--Icon by Icons8 Line Awesome (https:\/\/icons8.com\/line-awesome)--><svg version=\"1.1\" xmlns=\"http:\/\/www.w3.org\/2000\/svg\" xmlns:xlink=\"http:\/\/www.w3.org\/1999\/xlink\" id=\"plus\" viewBox=\"0 0 512 545.5\"><path d=\"M240 112h32v160h160v32H272v160h-32V304H80v-32h160V112z\"><\/path><\/svg><\/span><\/div>\n                      <div class=\"h-accordion-item-title-active-icon h-accordion-item-title-icon h-accordion-item-title-icon-right\"><span class=\"h-svg-icon\"><!--Icon by Icons8 Line Awesome (https:\/\/icons8.com\/line-awesome)--><svg version=\"1.1\" xmlns=\"http:\/\/www.w3.org\/2000\/svg\" xmlns:xlink=\"http:\/\/www.w3.org\/1999\/xlink\" id=\"minus\" viewBox=\"0 0 512 545.5\"><path d=\"M80 272h352v32H80v-32z\"><\/path><\/svg><\/span><\/div>\n                    <\/a>\n                    <div id=\"5091-c184\" class=\"h-accordion-item-content__container\">\n                      <div class=\"w-100 h-y-container h-accordion-item-content\">\n                        <!---->\n                        <div data-colibri-id=\"5091-c185\" class=\"h-text h-text-component style-1273 style-local-5091-c185 position-relative h-element\">\n                          <!---->\n                          <!---->\n                          <div class=\"\">\n                            <p><span style=\"color: rgb(0, 0, 0); font-family: &quot;Open Sans&quot;; font-size: 16px; font-weight: 400;\">Ansambel&nbsp;<\/span><em style=\"color: rgb(0, 0, 0); font-family: &quot;Open Sans&quot;; font-size: 16px; font-weight: 400;\">musica cubicularis<\/em>\n                              <span\n                                style=\"color: rgb(0, 0, 0); font-family: &quot;Open Sans&quot;; font-size: 16px; font-weight: 400;\">&nbsp;Alessandro Ciccolini, violina <\/span>\n                            <\/p>\n                            <p><span style=\"color: rgb(0, 0, 0); font-family: &quot;Open Sans&quot;; font-size: 16px; font-weight: 400;\">pevki Gwendolen Martin in Tanja Vogrin<\/span><\/p>\n                          <\/div>\n                        <\/div>\n                      <\/div>\n                    <\/div>\n                  <\/div>\n                <\/div>\n                <div data-colibri-id=\"5091-c186\" class=\"h-divider style-1275 style-local-5091-c186 position-relative h-element\">\n                  <!----><span class=\"h-divider__line style-1275-line style-local-5091-c186-line style-1275-line style-local-5091-c186-line\"><\/span> <span class=\"h-svg-icon h-divider__icon style-1275-icon style-local-5091-c186-icon\"><!--Icon by Font Awesome (https:\/\/fontawesome.com)-->\n    <svg version=\"1.1\" xmlns=\"http:\/\/www.w3.org\/2000\/svg\" xmlns:xlink=\"http:\/\/www.w3.org\/1999\/xlink\" id=\"music\" viewBox=\"0 0 1536 1896.0833\">\n      <path d=\"M1536 224v1120q0 50-34 89t-86 60.5-103.5 32-96.5 10.5-96.5-10.5-103.5-32-86-60.5-34-89 34-89 86-60.5 103.5-32 96.5-10.5q105 0 192 39V654L640 891v709q0 50-34 89t-86 60.5-103.5 32T320 1792t-96.5-10.5-103.5-32-86-60.5-34-89 34-89 86-60.5 103.5-32T320 1408q105 0 192 39V480q0-31 19-56.5t49-35.5l832-256q12-4 28-4 40 0 68 28t28 68z\"><\/path>\n    <\/svg><\/span> <span class=\"h-divider__line style-1275-line style-local-5091-c186-line style-1275-line style-local-5091-c186-line\"><\/span><\/div>\n                <div data-colibri-id=\"5091-c187\" class=\"h-text h-text-component style-1276 style-local-5091-c187 position-relative h-element\">\n                  <!---->\n                  <!---->\n                  <div class=\"\">\n                    <p>2014<\/p>\n                  <\/div>\n                <\/div>\n              <\/div>\n            <\/div>\n          <\/div>\n        <\/div>\n      <\/div>\n      <div data-colibri-id=\"5091-c188\" class=\"h-row-container gutters-row-lg-2 gutters-row-md-2 gutters-row-0 gutters-row-v-lg-2 gutters-row-v-md-2 gutters-row-v-2 style-1284 style-local-5091-c188 position-relative\">\n        <!---->\n        <div class=\"h-row justify-content-lg-center justify-content-md-center justify-content-center align-items-lg-stretch align-items-md-stretch align-items-stretch gutters-col-lg-2 gutters-col-md-2 gutters-col-0 gutters-col-v-lg-2 gutters-col-v-md-2 gutters-col-v-2\">\n          <!---->\n          <div class=\"h-column h-column-container d-flex h-col-lg-auto h-col-md-auto h-col-auto style-1285-outer style-local-5091-c189-outer\">\n            <div data-colibri-id=\"5091-c189\" class=\"d-flex h-flex-basis h-column__inner h-px-lg-2 h-px-md-2 h-px-2 v-inner-lg-2 v-inner-md-2 v-inner-2 style-1285 style-local-5091-c189 position-relative\">\n              <!---->\n              <!---->\n              <div class=\"w-100 h-y-container h-column__content h-column__v-align flex-basis-100 align-self-lg-start align-self-md-start align-self-start\">\n                <!---->\n                <div data-toggle=\"true\" data-is-preview=\"true\" data-colibri-component=\"accordion\" data-colibri-id=\"5091-c190\" class=\"h-accordion style-1277 style-local-5091-c190 position-relative h-element\">\n                  <!---->\n                  <div data-colibri-id=\"5091-c191\" class=\"h-accordion-item h-accordion-item-first-child style-1278 style-local-5091-c191 position-relative h-element\">\n                    <!---->\n                    <a data-open-by-default=\"false\" href=\"#5091-c191\" class=\"h-accordion-item-title d-flex align-items-center h-global-transition\">\n                      <!----><span>9. marec TELEMANN: Komorna dela<\/span>\n                      <div class=\"h-accordion-item-title-normal-icon h-accordion-item-title-icon h-accordion-item-title-icon-right\"><span class=\"h-svg-icon\"><!--Icon by Icons8 Line Awesome (https:\/\/icons8.com\/line-awesome)--><svg version=\"1.1\" xmlns=\"http:\/\/www.w3.org\/2000\/svg\" xmlns:xlink=\"http:\/\/www.w3.org\/1999\/xlink\" id=\"plus\" viewBox=\"0 0 512 545.5\"><path d=\"M240 112h32v160h160v32H272v160h-32V304H80v-32h160V112z\"><\/path><\/svg><\/span><\/div>\n                      <div class=\"h-accordion-item-title-active-icon h-accordion-item-title-icon h-accordion-item-title-icon-right\"><span class=\"h-svg-icon\"><!--Icon by Icons8 Line Awesome (https:\/\/icons8.com\/line-awesome)--><svg version=\"1.1\" xmlns=\"http:\/\/www.w3.org\/2000\/svg\" xmlns:xlink=\"http:\/\/www.w3.org\/1999\/xlink\" id=\"minus\" viewBox=\"0 0 512 545.5\"><path d=\"M80 272h352v32H80v-32z\"><\/path><\/svg><\/span><\/div>\n                    <\/a>\n                    <div id=\"5091-c191\" class=\"h-accordion-item-content__container\">\n                      <div class=\"w-100 h-y-container h-accordion-item-content\">\n                        <!---->\n                        <div data-colibri-id=\"5091-c192\" class=\"h-text h-text-component style-1279 style-local-5091-c192 position-relative h-element\">\n                          <!---->\n                          <!---->\n                          <div class=\"\">\n                            <p>Georg Philipp Telemann<\/p>\n                            <p>&nbsp;<\/p>\n                            <p>Ansambel&nbsp;<em>musica cubicularis<\/em><\/p>\n                            <p>Maru\u0161a Brezav\u0161\u010dek, kljunasta flavta<\/p>\n                            <p>Ana Beni\u0107, baro\u010dna pre\u010dna flavta<\/p>\n                            <p>Bo\u0161tjan Lipov\u0161ek, naravni rog<\/p>\n                            <p>Paolo Calligaris, baro\u010dni fagot<\/p>\n                            <p>\u017diga Faganel, baro\u010dna violina<\/p>\n                            <p>Gregor Fele, baro\u010dni violon\u010delo<\/p>\n                            <p>Domen Marin\u010di\u010d, viola da gamba<\/p>\n                            <p>Toma\u017e Sev\u0161ek, \u010dembalo<\/p>\n                            <p>Ga\u0161per Ti\u010d, dramski igralec<\/p>\n                          <\/div>\n                        <\/div>\n                      <\/div>\n                    <\/div>\n                  <\/div>\n                  <div data-colibri-id=\"5091-c193\" class=\"h-accordion-item style-1280 style-local-5091-c193 position-relative h-element\">\n                    <!---->\n                    <a data-open-by-default=\"false\" href=\"#5091-c193\" class=\"h-accordion-item-title d-flex align-items-center h-global-transition\">\n                      <!----><span>22. april HAMELN 1284: \u010carobna pi\u0161\u010dal<\/span>\n                      <div class=\"h-accordion-item-title-normal-icon h-accordion-item-title-icon h-accordion-item-title-icon-right\"><span class=\"h-svg-icon\"><!--Icon by Icons8 Line Awesome (https:\/\/icons8.com\/line-awesome)--><svg version=\"1.1\" xmlns=\"http:\/\/www.w3.org\/2000\/svg\" xmlns:xlink=\"http:\/\/www.w3.org\/1999\/xlink\" id=\"plus\" viewBox=\"0 0 512 545.5\"><path d=\"M240 112h32v160h160v32H272v160h-32V304H80v-32h160V112z\"><\/path><\/svg><\/span><\/div>\n                      <div class=\"h-accordion-item-title-active-icon h-accordion-item-title-icon h-accordion-item-title-icon-right\"><span class=\"h-svg-icon\"><!--Icon by Icons8 Line Awesome (https:\/\/icons8.com\/line-awesome)--><svg version=\"1.1\" xmlns=\"http:\/\/www.w3.org\/2000\/svg\" xmlns:xlink=\"http:\/\/www.w3.org\/1999\/xlink\" id=\"minus\" viewBox=\"0 0 512 545.5\"><path d=\"M80 272h352v32H80v-32z\"><\/path><\/svg><\/span><\/div>\n                    <\/a>\n                    <div id=\"5091-c193\" class=\"h-accordion-item-content__container\">\n                      <div class=\"w-100 h-y-container h-accordion-item-content\">\n                        <!---->\n                        <div data-colibri-id=\"5091-c194\" class=\"h-text h-text-component style-1281 style-local-5091-c194 position-relative h-element\">\n                          <!---->\n                          <!---->\n                          <div class=\"\">\n                            <p>Po glasbenih sledeh pripovedi o lovcu na podgane<\/p>\n                            <p>&nbsp;<\/p>\n                            <p>Norbert Rodenkirchen, srednjeve\u0161ke pre\u010dne flavte<\/p>\n                            <p>Tadej Pi\u0161ek, dramski igralec&nbsp;<\/p>\n                          <\/div>\n                        <\/div>\n                      <\/div>\n                    <\/div>\n                  <\/div>\n                  <div data-colibri-id=\"5091-c246\" class=\"h-accordion-item style-1378 style-local-5091-c246 position-relative h-element\">\n                    <!---->\n                    <a data-open-by-default=\"false\" href=\"#5091-c246\" class=\"h-accordion-item-title d-flex align-items-center h-global-transition\">\n                      <!----><span>20. maj ZUPAN: Nem\u0161ke arije<\/span>\n                      <div class=\"h-accordion-item-title-normal-icon h-accordion-item-title-icon h-accordion-item-title-icon-right\"><span class=\"h-svg-icon\"><!--Icon by Icons8 Line Awesome (https:\/\/icons8.com\/line-awesome)--><svg version=\"1.1\" xmlns=\"http:\/\/www.w3.org\/2000\/svg\" xmlns:xlink=\"http:\/\/www.w3.org\/1999\/xlink\" id=\"plus\" viewBox=\"0 0 512 545.5\"><path d=\"M240 112h32v160h160v32H272v160h-32V304H80v-32h160V112z\"><\/path><\/svg><\/span><\/div>\n                      <div class=\"h-accordion-item-title-active-icon h-accordion-item-title-icon h-accordion-item-title-icon-right\"><span class=\"h-svg-icon\"><!--Icon by Icons8 Line Awesome (https:\/\/icons8.com\/line-awesome)--><svg version=\"1.1\" xmlns=\"http:\/\/www.w3.org\/2000\/svg\" xmlns:xlink=\"http:\/\/www.w3.org\/1999\/xlink\" id=\"minus\" viewBox=\"0 0 512 545.5\"><path d=\"M80 272h352v32H80v-32z\"><\/path><\/svg><\/span><\/div>\n                    <\/a>\n                    <div id=\"5091-c246\" class=\"h-accordion-item-content__container\">\n                      <div class=\"w-100 h-y-container h-accordion-item-content\">\n                        <!---->\n                        <div data-colibri-id=\"5091-c247\" class=\"h-text h-text-component style-1379 style-local-5091-c247 position-relative h-element\">\n                          <!---->\n                          <!---->\n                          <div class=\"\">\n                            <p>Jakob Fran\u010di\u0161ek Zupan<\/p>\n                            <p>Anton Toma\u017e Linhart<\/p>\n                            <p>Mauritius P\u00f6hm<\/p>\n                            <p>Amandus Ivan\u010di\u010d<\/p>\n                            <p>Georg Christoph Wagenseil<\/p>\n                            <p>neznani skladatelji<\/p>\n                            <p>&nbsp;<\/p>\n                            <p>Ansambel&nbsp;<em>musica cubicularis<\/em><\/p>\n                            <p>Marta Mo\u010dnik Pirc, sopran<\/p>\n                            <p>Bo\u017eena Angelova in \u017diga Faganel, baro\u010dni violini<\/p>\n                            <p>Bo\u0161tjan Lipov\u0161ek in Jo\u017eek Ro\u0161er, naravna rogova<\/p>\n                            <p>Domen Marin\u010di\u010d, baro\u010dni violon\u010delo<\/p>\n                            <p>Toma\u017e Sev\u0161ek, \u010dembalo, orgelski pozitiv<\/p>\n                          <\/div>\n                        <\/div>\n                      <\/div>\n                    <\/div>\n                  <\/div>\n                  <div data-colibri-id=\"5091-c248\" class=\"h-accordion-item style-1380 style-local-5091-c248 position-relative h-element\">\n                    <!---->\n                    <a data-open-by-default=\"false\" href=\"#5091-c248\" class=\"h-accordion-item-title d-flex align-items-center h-global-transition\">\n                      <!----><span>20. oktober POSCH: Harmonia concertans<\/span>\n                      <div class=\"h-accordion-item-title-normal-icon h-accordion-item-title-icon h-accordion-item-title-icon-right\"><span class=\"h-svg-icon\"><!--Icon by Icons8 Line Awesome (https:\/\/icons8.com\/line-awesome)--><svg version=\"1.1\" xmlns=\"http:\/\/www.w3.org\/2000\/svg\" xmlns:xlink=\"http:\/\/www.w3.org\/1999\/xlink\" id=\"plus\" viewBox=\"0 0 512 545.5\"><path d=\"M240 112h32v160h160v32H272v160h-32V304H80v-32h160V112z\"><\/path><\/svg><\/span><\/div>\n                      <div class=\"h-accordion-item-title-active-icon h-accordion-item-title-icon h-accordion-item-title-icon-right\"><span class=\"h-svg-icon\"><!--Icon by Icons8 Line Awesome (https:\/\/icons8.com\/line-awesome)--><svg version=\"1.1\" xmlns=\"http:\/\/www.w3.org\/2000\/svg\" xmlns:xlink=\"http:\/\/www.w3.org\/1999\/xlink\" id=\"minus\" viewBox=\"0 0 512 545.5\"><path d=\"M80 272h352v32H80v-32z\"><\/path><\/svg><\/span><\/div>\n                    <\/a>\n                    <div id=\"5091-c248\" class=\"h-accordion-item-content__container\">\n                      <div class=\"w-100 h-y-container h-accordion-item-content\">\n                        <!---->\n                        <div data-colibri-id=\"5091-c249\" class=\"h-text h-text-component style-1381 style-local-5091-c249 position-relative h-element\">\n                          <!---->\n                          <!---->\n                          <div class=\"\">\n                            <p>Isaac Posch<\/p>\n                            <p>Georg Prenner<\/p>\n                            <p>Jacobus Handl &#8211; Gallus<\/p>\n                            <p>&nbsp;<\/p>\n                            <p>Ansambel&nbsp;<em>musica cubicularis<\/em><\/p>\n                            <p>Theresa Dlouhy, sopran<\/p>\n                            <p>Tanja Vogrin, sopran, baro\u010dna harfa<\/p>\n                            <p>Barbara Ti\u0161ler, sopran<\/p>\n                            <p>Ulfried Staber, bas<\/p>\n                            <p>Domen Marin\u010di\u010d, \u010dembalo, viola da gamba<\/p>\n                            <p>Toma\u017e Sev\u0161ek, orgelski pozitiv<\/p>\n                          <\/div>\n                        <\/div>\n                      <\/div>\n                    <\/div>\n                  <\/div>\n                  <div data-colibri-id=\"5091-c195\" class=\"h-accordion-item style-1282 style-local-5091-c195 position-relative h-element\">\n                    <!---->\n                    <a data-open-by-default=\"true\" href=\"#5091-c195\" class=\"h-accordion-item-title d-flex align-items-center h-global-transition\">\n                      <!----><span>25. november R. STRAUSS: Romanti\u010dni kvartet<\/span>\n                      <div class=\"h-accordion-item-title-normal-icon h-accordion-item-title-icon h-accordion-item-title-icon-right\"><span class=\"h-svg-icon\"><!--Icon by Icons8 Line Awesome (https:\/\/icons8.com\/line-awesome)--><svg version=\"1.1\" xmlns=\"http:\/\/www.w3.org\/2000\/svg\" xmlns:xlink=\"http:\/\/www.w3.org\/1999\/xlink\" id=\"plus\" viewBox=\"0 0 512 545.5\"><path d=\"M240 112h32v160h160v32H272v160h-32V304H80v-32h160V112z\"><\/path><\/svg><\/span><\/div>\n                      <div class=\"h-accordion-item-title-active-icon h-accordion-item-title-icon h-accordion-item-title-icon-right\"><span class=\"h-svg-icon\"><!--Icon by Icons8 Line Awesome (https:\/\/icons8.com\/line-awesome)--><svg version=\"1.1\" xmlns=\"http:\/\/www.w3.org\/2000\/svg\" xmlns:xlink=\"http:\/\/www.w3.org\/1999\/xlink\" id=\"minus\" viewBox=\"0 0 512 545.5\"><path d=\"M80 272h352v32H80v-32z\"><\/path><\/svg><\/span><\/div>\n                    <\/a>\n                    <div id=\"5091-c195\" class=\"h-accordion-item-content__container\">\n                      <div class=\"w-100 h-y-container h-accordion-item-content\">\n                        <!---->\n                        <div data-colibri-id=\"5091-c196\" class=\"h-text h-text-component style-1283 style-local-5091-c196 position-relative h-element\">\n                          <!---->\n                          <!---->\n                          <div class=\"\">\n                            <p>Richard Strauss<\/p>\n                            <p>Jean Sibelius<\/p>\n                            <p>Richard Wagner<\/p>\n                            <p>August Reinhard<\/p>\n                            <p>Sigfrid Karg-Elert<\/p>\n                            <p>&nbsp;<\/p>\n                            <p>Ansambel&nbsp;<em>musica cubicularis<\/em><\/p>\n                            <p>\u017diva Ciglene\u010dki, violina<\/p>\n                            <p>Domen Marin\u010di\u010d, violon\u010delo<\/p>\n                            <p>Edoardo Torbianelli, zgodovinski klavir<\/p>\n                            <p>Toma\u017e Sev\u0161ek, harmonij<\/p>\n                          <\/div>\n                        <\/div>\n                      <\/div>\n                    <\/div>\n                  <\/div>\n                <\/div>\n                <div data-colibri-id=\"5091-c197\" class=\"h-divider style-1287 style-local-5091-c197 position-relative h-element\">\n                  <!----><span class=\"h-divider__line style-1287-line style-local-5091-c197-line style-1287-line style-local-5091-c197-line\"><\/span> <span class=\"h-svg-icon h-divider__icon style-1287-icon style-local-5091-c197-icon\"><!--Icon by Font Awesome (https:\/\/fontawesome.com)-->\n    <svg version=\"1.1\" xmlns=\"http:\/\/www.w3.org\/2000\/svg\" xmlns:xlink=\"http:\/\/www.w3.org\/1999\/xlink\" id=\"music\" viewBox=\"0 0 1536 1896.0833\">\n      <path d=\"M1536 224v1120q0 50-34 89t-86 60.5-103.5 32-96.5 10.5-96.5-10.5-103.5-32-86-60.5-34-89 34-89 86-60.5 103.5-32 96.5-10.5q105 0 192 39V654L640 891v709q0 50-34 89t-86 60.5-103.5 32T320 1792t-96.5-10.5-103.5-32-86-60.5-34-89 34-89 86-60.5 103.5-32T320 1408q105 0 192 39V480q0-31 19-56.5t49-35.5l832-256q12-4 28-4 40 0 68 28t28 68z\"><\/path>\n    <\/svg><\/span> <span class=\"h-divider__line style-1287-line style-local-5091-c197-line style-1287-line style-local-5091-c197-line\"><\/span><\/div>\n                <div data-colibri-id=\"5091-c198\" class=\"h-text h-text-component style-1288 style-local-5091-c198 position-relative h-element\">\n                  <!---->\n                  <!---->\n                  <div class=\"\">\n                    <p>2013<\/p>\n                  <\/div>\n                <\/div>\n              <\/div>\n            <\/div>\n          <\/div>\n        <\/div>\n      <\/div>\n      <div data-colibri-id=\"5091-c199\" class=\"h-row-container gutters-row-lg-2 gutters-row-md-2 gutters-row-0 gutters-row-v-lg-2 gutters-row-v-md-2 gutters-row-v-2 style-1296 style-local-5091-c199 position-relative\">\n        <!---->\n        <div class=\"h-row justify-content-lg-center justify-content-md-center justify-content-center align-items-lg-stretch align-items-md-stretch align-items-stretch gutters-col-lg-2 gutters-col-md-2 gutters-col-0 gutters-col-v-lg-2 gutters-col-v-md-2 gutters-col-v-2\">\n          <!---->\n          <div class=\"h-column h-column-container d-flex h-col-lg-auto h-col-md-auto h-col-auto style-1297-outer style-local-5091-c200-outer\">\n            <div data-colibri-id=\"5091-c200\" class=\"d-flex h-flex-basis h-column__inner h-px-lg-2 h-px-md-2 h-px-2 v-inner-lg-2 v-inner-md-2 v-inner-2 style-1297 style-local-5091-c200 position-relative\">\n              <!---->\n              <!---->\n              <div class=\"w-100 h-y-container h-column__content h-column__v-align flex-basis-100 align-self-lg-start align-self-md-start align-self-start\">\n                <!---->\n                <div data-toggle=\"true\" data-is-preview=\"true\" data-colibri-component=\"accordion\" data-colibri-id=\"5091-c201\" class=\"h-accordion style-1289 style-local-5091-c201 position-relative h-element\">\n                  <!---->\n                  <div data-colibri-id=\"5091-c202\" class=\"h-accordion-item h-accordion-item-first-child style-1298 style-local-5091-c202 position-relative h-element\">\n                    <!---->\n                    <a data-open-by-default=\"false\" href=\"#5091-c202\" class=\"h-accordion-item-title d-flex align-items-center h-global-transition\">\n                      <!----><span>13. januar O KAJN, KJE JE TVOJ BRAT? <\/span>\n                      <div class=\"h-accordion-item-title-normal-icon h-accordion-item-title-icon h-accordion-item-title-icon-right\"><span class=\"h-svg-icon\"><!--Icon by Icons8 Line Awesome (https:\/\/icons8.com\/line-awesome)--><svg version=\"1.1\" xmlns=\"http:\/\/www.w3.org\/2000\/svg\" xmlns:xlink=\"http:\/\/www.w3.org\/1999\/xlink\" id=\"plus\" viewBox=\"0 0 512 545.5\"><path d=\"M240 112h32v160h160v32H272v160h-32V304H80v-32h160V112z\"><\/path><\/svg><\/span><\/div>\n                      <div class=\"h-accordion-item-title-active-icon h-accordion-item-title-icon h-accordion-item-title-icon-right\"><span class=\"h-svg-icon\"><!--Icon by Icons8 Line Awesome (https:\/\/icons8.com\/line-awesome)--><svg version=\"1.1\" xmlns=\"http:\/\/www.w3.org\/2000\/svg\" xmlns:xlink=\"http:\/\/www.w3.org\/1999\/xlink\" id=\"minus\" viewBox=\"0 0 512 545.5\"><path d=\"M80 272h352v32H80v-32z\"><\/path><\/svg><\/span><\/div>\n                    <\/a>\n                    <div id=\"5091-c202\" class=\"h-accordion-item-content__container\">\n                      <div class=\"w-100 h-y-container h-accordion-item-content\">\n                        <!---->\n                        <div data-colibri-id=\"5091-c203\" class=\"h-text h-text-component style-1299 style-local-5091-c203 position-relative h-element\">\n                          <!---->\n                          <!---->\n                          <div class=\"\">\n                            <p>Duhovni dialogi 17. stoletja <\/p>\n                            <p>\n                              <br>\n                            <\/p>\n                            <p>Adriano Banchieri<\/p>\n                            <p>Gabrielo Puliti<\/p>\n                            <p>Paolo Quagliati<\/p>\n                            <p>Claudio Monteverdi<\/p>\n                            <p>Maurizio Cazzati<\/p>\n                            <p>Michelangelo Rossi<\/p>\n                            <p>Carlo Grossi<\/p>\n                            <p>Girolamo Frescobaldi<\/p>\n                            <p>Giovanni Legrenzi<\/p>\n                            <p>\n                              <br>\n                            <\/p>\n                            <p>Ansambel <em>musica cubicularis<\/em> <\/p>\n                            <p>Monika Mauch, sopran<\/p>\n                            <p>Matthew Baker, basbariton<\/p>\n                            <p>Reinhild Waldek, baroc\u030cna harfa<\/p>\n                            <p>Domen Marinc\u030cic\u030c, c\u030cembalo, viola da gamba<\/p>\n                            <p>Toma\u017e Sev\u0161ek, orgelski pozitiv <\/p>\n                          <\/div>\n                        <\/div>\n                      <\/div>\n                    <\/div>\n                  <\/div>\n                  <div data-colibri-id=\"5091-c204\" class=\"h-accordion-item style-1294 style-local-5091-c204 position-relative h-element\">\n                    <!---->\n                    <a data-open-by-default=\"false\" href=\"#5091-c204\" class=\"h-accordion-item-title d-flex align-items-center h-global-transition\">\n                      <!----><span>18. marec 2013 NEAPELJSKA GLASBA ZA KROMATI\u010cNI  \u010cEMBALO <\/span>\n                      <div class=\"h-accordion-item-title-normal-icon h-accordion-item-title-icon h-accordion-item-title-icon-right\"><span class=\"h-svg-icon\"><!--Icon by Icons8 Line Awesome (https:\/\/icons8.com\/line-awesome)--><svg version=\"1.1\" xmlns=\"http:\/\/www.w3.org\/2000\/svg\" xmlns:xlink=\"http:\/\/www.w3.org\/1999\/xlink\" id=\"plus\" viewBox=\"0 0 512 545.5\"><path d=\"M240 112h32v160h160v32H272v160h-32V304H80v-32h160V112z\"><\/path><\/svg><\/span><\/div>\n                      <div class=\"h-accordion-item-title-active-icon h-accordion-item-title-icon h-accordion-item-title-icon-right\"><span class=\"h-svg-icon\"><!--Icon by Icons8 Line Awesome (https:\/\/icons8.com\/line-awesome)--><svg version=\"1.1\" xmlns=\"http:\/\/www.w3.org\/2000\/svg\" xmlns:xlink=\"http:\/\/www.w3.org\/1999\/xlink\" id=\"minus\" viewBox=\"0 0 512 545.5\"><path d=\"M80 272h352v32H80v-32z\"><\/path><\/svg><\/span><\/div>\n                    <\/a>\n                    <div id=\"5091-c204\" class=\"h-accordion-item-content__container\">\n                      <div class=\"w-100 h-y-container h-accordion-item-content\">\n                        <!---->\n                        <div data-colibri-id=\"5091-c205\" class=\"h-text h-text-component style-1295 style-local-5091-c205 position-relative h-element\">\n                          <!---->\n                          <!---->\n                          <div class=\"\">\n                            <p>Luzzasco Luzzaschi<\/p>\n                            <p>Don Carlo Gesualdo da Venosa<\/p>\n                            <p>Giovanni Maria Trabaci<\/p>\n                            <p>Ascanio Mayone<\/p>\n                            <p>Giovanni Valentini<\/p>\n                            <p>Gioanpietro del Buono<\/p>\n                            <p>Christopher Stembridge<\/p>\n                            <p>\n                              <br>\n                            <\/p>\n                            <p>Christopher Stembridge, kromatic\u030cni c\u030cembalo <\/p>\n                          <\/div>\n                        <\/div>\n                      <\/div>\n                    <\/div>\n                  <\/div>\n                  <div data-colibri-id=\"5091-c206\" class=\"h-accordion-item style-1290 style-local-5091-c206 position-relative h-element\">\n                    <!---->\n                    <a data-open-by-default=\"false\" href=\"#5091-c206\" class=\"h-accordion-item-title d-flex align-items-center h-global-transition\">\n                      <!----><span>28. maj NOVI ORFEJ NA\u0160IH DNI <\/span>\n                      <div class=\"h-accordion-item-title-normal-icon h-accordion-item-title-icon h-accordion-item-title-icon-right\"><span class=\"h-svg-icon\"><!--Icon by Icons8 Line Awesome (https:\/\/icons8.com\/line-awesome)--><svg version=\"1.1\" xmlns=\"http:\/\/www.w3.org\/2000\/svg\" xmlns:xlink=\"http:\/\/www.w3.org\/1999\/xlink\" id=\"plus\" viewBox=\"0 0 512 545.5\"><path d=\"M240 112h32v160h160v32H272v160h-32V304H80v-32h160V112z\"><\/path><\/svg><\/span><\/div>\n                      <div class=\"h-accordion-item-title-active-icon h-accordion-item-title-icon h-accordion-item-title-icon-right\"><span class=\"h-svg-icon\"><!--Icon by Icons8 Line Awesome (https:\/\/icons8.com\/line-awesome)--><svg version=\"1.1\" xmlns=\"http:\/\/www.w3.org\/2000\/svg\" xmlns:xlink=\"http:\/\/www.w3.org\/1999\/xlink\" id=\"minus\" viewBox=\"0 0 512 545.5\"><path d=\"M80 272h352v32H80v-32z\"><\/path><\/svg><\/span><\/div>\n                    <\/a>\n                    <div id=\"5091-c206\" class=\"h-accordion-item-content__container\">\n                      <div class=\"w-100 h-y-container h-accordion-item-content\">\n                        <!---->\n                        <div data-colibri-id=\"5091-c207\" class=\"h-text h-text-component style-1291 style-local-5091-c207 position-relative h-element\">\n                          <!---->\n                          <!---->\n                          <div class=\"\">\n                            <p>Arcangelo Corelli (1653\u20131713)<\/p>\n                            <p>&nbsp;<\/p>\n                            <p>Ansambel <em>musica cubicularis <\/em><\/p>\n                            <p>Bo\u017eena Angelova, baroc\u030cna violina<\/p>\n                            <p>\u017diga Faganel, baroc\u030cna violina<\/p>\n                            <p>Domen Ma<span style=\"font-family: &quot;Open Sans&quot;;\">rin\u010di\u010d, baro\u010dni violon\u010delo<\/span>, viola da gamba<\/p>\n                            <p>Toma\u017e Sev\u0161ek, c\u030cembalo <\/p>\n                          <\/div>\n                        <\/div>\n                      <\/div>\n                    <\/div>\n                  <\/div>\n                  <div data-colibri-id=\"5091-c244\" class=\"h-accordion-item style-1376 style-local-5091-c244 position-relative h-element\">\n                    <!---->\n                    <a data-open-by-default=\"false\" href=\"#5091-c244\" class=\"h-accordion-item-title d-flex align-items-center h-global-transition\">\n                      <!----><span>2. oktober RECITAL VIOLINISTKE MOJCE GAL<\/span>\n                      <div class=\"h-accordion-item-title-normal-icon h-accordion-item-title-icon h-accordion-item-title-icon-right\"><span class=\"h-svg-icon\"><!--Icon by Icons8 Line Awesome (https:\/\/icons8.com\/line-awesome)--><svg version=\"1.1\" xmlns=\"http:\/\/www.w3.org\/2000\/svg\" xmlns:xlink=\"http:\/\/www.w3.org\/1999\/xlink\" id=\"plus\" viewBox=\"0 0 512 545.5\"><path d=\"M240 112h32v160h160v32H272v160h-32V304H80v-32h160V112z\"><\/path><\/svg><\/span><\/div>\n                      <div class=\"h-accordion-item-title-active-icon h-accordion-item-title-icon h-accordion-item-title-icon-right\"><span class=\"h-svg-icon\"><!--Icon by Icons8 Line Awesome (https:\/\/icons8.com\/line-awesome)--><svg version=\"1.1\" xmlns=\"http:\/\/www.w3.org\/2000\/svg\" xmlns:xlink=\"http:\/\/www.w3.org\/1999\/xlink\" id=\"minus\" viewBox=\"0 0 512 545.5\"><path d=\"M80 272h352v32H80v-32z\"><\/path><\/svg><\/span><\/div>\n                    <\/a>\n                    <div id=\"5091-c244\" class=\"h-accordion-item-content__container\">\n                      <div class=\"w-100 h-y-container h-accordion-item-content\">\n                        <!---->\n                        <div data-colibri-id=\"5091-c245\" class=\"h-text h-text-component style-1377 style-local-5091-c245 position-relative h-element\">\n                          <!---->\n                          <!---->\n                          <div class=\"\">\n                            <p>neznani skladatelj<\/p>\n                            <p>Carlo Farina<\/p>\n                            <p>Marco Uccellini<\/p>\n                            <p>Heinrich Ignaz Franz Biber<\/p>\n                            <p>Arcangelo Corelli<\/p>\n                            <p>Francesco Antonio Bonporti<\/p>\n                            <p>&nbsp;<\/p>\n                            <p>Mojca Gal, baroc\u030cna violina<\/p>\n                            <p>Domen Marin\u010di\u010d, baroc\u030cni violonc\u030celo, c\u030cembalo<\/p>\n                            <p>Toma\u017e Sev\u0161ek, orgelski pozitiv, c\u030cembalo <\/p>\n                          <\/div>\n                        <\/div>\n                      <\/div>\n                    <\/div>\n                  <\/div>\n                  <div data-colibri-id=\"5091-c208\" class=\"h-accordion-item style-1292 style-local-5091-c208 position-relative h-element\">\n                    <!---->\n                    <a data-open-by-default=\"false\" href=\"#5091-c208\" class=\"h-accordion-item-title d-flex align-items-center h-global-transition\">\n                      <!----><span>13. november KOT SON\u010cNI \u017dAREK V TEMI <\/span>\n                      <div class=\"h-accordion-item-title-normal-icon h-accordion-item-title-icon h-accordion-item-title-icon-right\"><span class=\"h-svg-icon\"><!--Icon by Icons8 Line Awesome (https:\/\/icons8.com\/line-awesome)--><svg version=\"1.1\" xmlns=\"http:\/\/www.w3.org\/2000\/svg\" xmlns:xlink=\"http:\/\/www.w3.org\/1999\/xlink\" id=\"plus\" viewBox=\"0 0 512 545.5\"><path d=\"M240 112h32v160h160v32H272v160h-32V304H80v-32h160V112z\"><\/path><\/svg><\/span><\/div>\n                      <div class=\"h-accordion-item-title-active-icon h-accordion-item-title-icon h-accordion-item-title-icon-right\"><span class=\"h-svg-icon\"><!--Icon by Icons8 Line Awesome (https:\/\/icons8.com\/line-awesome)--><svg version=\"1.1\" xmlns=\"http:\/\/www.w3.org\/2000\/svg\" xmlns:xlink=\"http:\/\/www.w3.org\/1999\/xlink\" id=\"minus\" viewBox=\"0 0 512 545.5\"><path d=\"M80 272h352v32H80v-32z\"><\/path><\/svg><\/span><\/div>\n                    <\/a>\n                    <div id=\"5091-c208\" class=\"h-accordion-item-content__container\">\n                      <div class=\"w-100 h-y-container h-accordion-item-content\">\n                        <!---->\n                        <div data-colibri-id=\"5091-c209\" class=\"h-text h-text-component style-1293 style-local-5091-c209 position-relative h-element\">\n                          <!---->\n                          <!---->\n                          <div class=\"\">\n                            <p>Tarquinio Merula<\/p>\n                            <p>Biagio Marini<\/p>\n                            <p>Maurizio Cazzati<\/p>\n                            <p>Pietro Paolo Melli<\/p>\n                            <p>Giovanni Antonio Pandolfi Mealli<\/p>\n                            <p>Johann Jakob Walther<\/p>\n                            <p>Dieterich Buxtehude<\/p>\n                            <p>Heinrich Scheidemann<\/p>\n                            <p>\n                              <br>\n                            <\/p>\n                            <p>Ansambel <em>musica cubicularis<\/em>\n                              <br>\n                            <\/p>\n                            <p>William Dongois, cink\n                              <br>\n                            <\/p>\n                            <p>Alice Julien-Laferri\u00e8re, baroc\u030cna violina<\/p>\n                            <p>Domen Marinc\u030cic\u030c, c\u030cembalo, viola da gamba<\/p>\n                            <p>Toma\u017e Sev\u0161ek, orgelski pozitiv, c\u030cembalo<\/p>\n                            <p>Bor Zuljan, arhilutnja <\/p>\n                          <\/div>\n                        <\/div>\n                      <\/div>\n                    <\/div>\n                  <\/div>\n                  <div data-colibri-id=\"5091-c210\" class=\"h-accordion-item style-1300 style-local-5091-c210 position-relative h-element\">\n                    <!---->\n                    <a data-open-by-default=\"false\" href=\"#5091-c210\" class=\"h-accordion-item-title d-flex align-items-center h-global-transition\">\n                      <!----><span>18. december VE\u010cER PRI GROFU IN GROFICI ATTEMS <\/span>\n                      <div class=\"h-accordion-item-title-normal-icon h-accordion-item-title-icon h-accordion-item-title-icon-right\"><span class=\"h-svg-icon\"><!--Icon by Icons8 Line Awesome (https:\/\/icons8.com\/line-awesome)--><svg version=\"1.1\" xmlns=\"http:\/\/www.w3.org\/2000\/svg\" xmlns:xlink=\"http:\/\/www.w3.org\/1999\/xlink\" id=\"plus\" viewBox=\"0 0 512 545.5\"><path d=\"M240 112h32v160h160v32H272v160h-32V304H80v-32h160V112z\"><\/path><\/svg><\/span><\/div>\n                      <div class=\"h-accordion-item-title-active-icon h-accordion-item-title-icon h-accordion-item-title-icon-right\"><span class=\"h-svg-icon\"><!--Icon by Icons8 Line Awesome (https:\/\/icons8.com\/line-awesome)--><svg version=\"1.1\" xmlns=\"http:\/\/www.w3.org\/2000\/svg\" xmlns:xlink=\"http:\/\/www.w3.org\/1999\/xlink\" id=\"minus\" viewBox=\"0 0 512 545.5\"><path d=\"M80 272h352v32H80v-32z\"><\/path><\/svg><\/span><\/div>\n                    <\/a>\n                    <div id=\"5091-c210\" class=\"h-accordion-item-content__container\">\n                      <div class=\"w-100 h-y-container h-accordion-item-content\">\n                        <!---->\n                        <div data-colibri-id=\"5091-c211\" class=\"h-text h-text-component style-1301 style-local-5091-c211 position-relative h-element\">\n                          <!---->\n                          <!---->\n                          <div class=\"\">\n                            <p>Arije in sonate iz dru\u017einskega arhiva v Slovenski Bistrici <\/p>\n                            <p>\n                              <br>\n                            <\/p>\n                            <p>Johann Adolph Hasse <\/p>\n                            <p>neznani skladatelj<\/p>\n                            <p>Giuseppe Sammartini<\/p>\n                            <p>Leonardo Vinci<\/p>\n                            <p>Johann Michael Steinbacher<\/p>\n                            <p>Domenico Natale Sarri<\/p>\n                            <p>\n                              <br>\n                            <\/p>\n                            <p>Ansambel <em>musica cubicularis<\/em><\/p>\n                            <p>Bernarda Bobro, sopran\n                              <br>\n                            <\/p>\n                            <p>Benedek Csalog, baroc\u030cna prec\u030cna flavta<\/p>\n                            <p>Domen Marinc\u030cic\u030c, baroc\u030cni violonc\u030celo<\/p>\n                            <p>Toma\u017e Sev\u0161ek, c\u030cembalo, klavikord <\/p>\n                          <\/div>\n                        <\/div>\n                      <\/div>\n                    <\/div>\n                  <\/div>\n                <\/div>\n                <div data-colibri-id=\"5091-c212\" class=\"h-divider style-1303 style-local-5091-c212 position-relative h-element\">\n                  <!----><span class=\"h-divider__line style-1303-line style-local-5091-c212-line style-1303-line style-local-5091-c212-line\"><\/span> <span class=\"h-svg-icon h-divider__icon style-1303-icon style-local-5091-c212-icon\"><!--Icon by Font Awesome (https:\/\/fontawesome.com)-->\n    <svg version=\"1.1\" xmlns=\"http:\/\/www.w3.org\/2000\/svg\" xmlns:xlink=\"http:\/\/www.w3.org\/1999\/xlink\" id=\"music\" viewBox=\"0 0 1536 1896.0833\">\n      <path d=\"M1536 224v1120q0 50-34 89t-86 60.5-103.5 32-96.5 10.5-96.5-10.5-103.5-32-86-60.5-34-89 34-89 86-60.5 103.5-32 96.5-10.5q105 0 192 39V654L640 891v709q0 50-34 89t-86 60.5-103.5 32T320 1792t-96.5-10.5-103.5-32-86-60.5-34-89 34-89 86-60.5 103.5-32T320 1408q105 0 192 39V480q0-31 19-56.5t49-35.5l832-256q12-4 28-4 40 0 68 28t28 68z\"><\/path>\n    <\/svg><\/span> <span class=\"h-divider__line style-1303-line style-local-5091-c212-line style-1303-line style-local-5091-c212-line\"><\/span><\/div>\n                <div data-colibri-id=\"5091-c213\" class=\"h-text h-text-component style-1304 style-local-5091-c213 position-relative h-element\">\n                  <!---->\n                  <!---->\n                  <div class=\"\">\n                    <p>2012<\/p>\n                  <\/div>\n                <\/div>\n              <\/div>\n            <\/div>\n          <\/div>\n        <\/div>\n      <\/div>\n      <div data-colibri-id=\"5091-c214\" class=\"h-row-container gutters-row-lg-2 gutters-row-md-2 gutters-row-0 gutters-row-v-lg-2 gutters-row-v-md-2 gutters-row-v-2 style-1312 style-local-5091-c214 position-relative\">\n        <!---->\n        <div class=\"h-row justify-content-lg-center justify-content-md-center justify-content-center align-items-lg-stretch align-items-md-stretch align-items-stretch gutters-col-lg-2 gutters-col-md-2 gutters-col-0 gutters-col-v-lg-2 gutters-col-v-md-2 gutters-col-v-2\">\n          <!---->\n          <div class=\"h-column h-column-container d-flex h-col-lg-auto h-col-md-auto h-col-auto style-1313-outer style-local-5091-c215-outer\">\n            <div data-colibri-id=\"5091-c215\" class=\"d-flex h-flex-basis h-column__inner h-px-lg-2 h-px-md-2 h-px-2 v-inner-lg-2 v-inner-md-2 v-inner-2 style-1313 style-local-5091-c215 position-relative\">\n              <!---->\n              <!---->\n              <div class=\"w-100 h-y-container h-column__content h-column__v-align flex-basis-100 align-self-lg-start align-self-md-start align-self-start\">\n                <!---->\n                <div data-toggle=\"true\" data-is-preview=\"true\" data-colibri-component=\"accordion\" data-colibri-id=\"5091-c216\" class=\"h-accordion style-1305 style-local-5091-c216 position-relative h-element\">\n                  <!---->\n                  <div data-colibri-id=\"5091-c217\" class=\"h-accordion-item h-accordion-item-first-child style-1306 style-local-5091-c217 position-relative h-element\">\n                    <!---->\n                    <a data-open-by-default=\"false\" href=\"#5091-c217\" class=\"h-accordion-item-title d-flex align-items-center h-global-transition\">\n                      <!----><span>9. januar LONDON: Devi\u0161ka kraljica<\/span>\n                      <div class=\"h-accordion-item-title-normal-icon h-accordion-item-title-icon h-accordion-item-title-icon-right\"><span class=\"h-svg-icon\"><!--Icon by Icons8 Line Awesome (https:\/\/icons8.com\/line-awesome)--><svg version=\"1.1\" xmlns=\"http:\/\/www.w3.org\/2000\/svg\" xmlns:xlink=\"http:\/\/www.w3.org\/1999\/xlink\" id=\"plus\" viewBox=\"0 0 512 545.5\"><path d=\"M240 112h32v160h160v32H272v160h-32V304H80v-32h160V112z\"><\/path><\/svg><\/span><\/div>\n                      <div class=\"h-accordion-item-title-active-icon h-accordion-item-title-icon h-accordion-item-title-icon-right\"><span class=\"h-svg-icon\"><!--Icon by Icons8 Line Awesome (https:\/\/icons8.com\/line-awesome)--><svg version=\"1.1\" xmlns=\"http:\/\/www.w3.org\/2000\/svg\" xmlns:xlink=\"http:\/\/www.w3.org\/1999\/xlink\" id=\"minus\" viewBox=\"0 0 512 545.5\"><path d=\"M80 272h352v32H80v-32z\"><\/path><\/svg><\/span><\/div>\n                    <\/a>\n                    <div id=\"5091-c217\" class=\"h-accordion-item-content__container\">\n                      <div class=\"w-100 h-y-container h-accordion-item-content\">\n                        <!---->\n                        <div data-colibri-id=\"5091-c218\" class=\"h-text h-text-component style-1307 style-local-5091-c218 position-relative h-element\">\n                          <!---->\n                          <!---->\n                          <div class=\"\">\n                            <p>Ansambel <em>musica cubicularis<\/em> <\/p>\n                            <p>Theresa Dlouhy, sopran\n                              <br>\n                            <\/p>\n                            <p>Joel Frederiksen, basbariton, lutnja<\/p>\n                            <p>Domen Marinc\u030cic\u030c, viola da gamba<\/p>\n                            <p>Toma\u017e Sev\u0161ek, \u010dembalo<\/p>\n                          <\/div>\n                        <\/div>\n                      <\/div>\n                    <\/div>\n                  <\/div>\n                  <div data-colibri-id=\"5091-c219\" class=\"h-accordion-item style-1308 style-local-5091-c219 position-relative h-element\">\n                    <!---->\n                    <a data-open-by-default=\"false\" href=\"#5091-c219\" class=\"h-accordion-item-title d-flex align-items-center h-global-transition\">\n                      <!----><span>13. marec PARIZ: Iz kraljevih soban<\/span>\n                      <div class=\"h-accordion-item-title-normal-icon h-accordion-item-title-icon h-accordion-item-title-icon-right\"><span class=\"h-svg-icon\"><!--Icon by Icons8 Line Awesome (https:\/\/icons8.com\/line-awesome)--><svg version=\"1.1\" xmlns=\"http:\/\/www.w3.org\/2000\/svg\" xmlns:xlink=\"http:\/\/www.w3.org\/1999\/xlink\" id=\"plus\" viewBox=\"0 0 512 545.5\"><path d=\"M240 112h32v160h160v32H272v160h-32V304H80v-32h160V112z\"><\/path><\/svg><\/span><\/div>\n                      <div class=\"h-accordion-item-title-active-icon h-accordion-item-title-icon h-accordion-item-title-icon-right\"><span class=\"h-svg-icon\"><!--Icon by Icons8 Line Awesome (https:\/\/icons8.com\/line-awesome)--><svg version=\"1.1\" xmlns=\"http:\/\/www.w3.org\/2000\/svg\" xmlns:xlink=\"http:\/\/www.w3.org\/1999\/xlink\" id=\"minus\" viewBox=\"0 0 512 545.5\"><path d=\"M80 272h352v32H80v-32z\"><\/path><\/svg><\/span><\/div>\n                    <\/a>\n                    <div id=\"5091-c219\" class=\"h-accordion-item-content__container\">\n                      <div class=\"w-100 h-y-container h-accordion-item-content\">\n                        <!---->\n                        <div data-colibri-id=\"5091-c220\" class=\"h-text h-text-component style-1309 style-local-5091-c220 position-relative h-element\">\n                          <!---->\n                          <!---->\n                          <div class=\"\">\n                            <p>Jean-Marie Leclair<\/p>\n                            <p>Jacques-Martin Hotteterre<\/p>\n                            <p>Jean-Baptiste Lully<\/p>\n                            <p>Michel Blavet<\/p>\n                            <p>Jean-Henry d&#8217;Anglebert<\/p>\n                            <p>Antoine Forqueray<\/p>\n                            <p>Fran\u00e7ois Couperin<\/p>\n                            <p>\n                              <br>\n                            <\/p>\n                            <p>Ansambel <em>musica cubicularis<\/em> <\/p>\n                            <p>Stefano Bet, pre\u010dna flavta<\/p>\n                            <p>Domen Marinc\u030cic\u030c, viola da gamba<\/p>\n                            <p>Toma\u017e Sev\u0161ek, \u010dembalo<\/p>\n                            <p>Tanja Skok, baro\u010dni ples<\/p>\n                          <\/div>\n                        <\/div>\n                      <\/div>\n                    <\/div>\n                  <\/div>\n                  <div data-colibri-id=\"5091-c221\" class=\"h-accordion-item style-1310 style-local-5091-c221 position-relative h-element\">\n                    <!---->\n                    <a data-open-by-default=\"false\" href=\"#5091-c221\" class=\"h-accordion-item-title d-flex align-items-center h-global-transition\">\n                      <!----><span>24. april LEIPZIG: Zimmermannova kavarna<\/span>\n                      <div class=\"h-accordion-item-title-normal-icon h-accordion-item-title-icon h-accordion-item-title-icon-right\"><span class=\"h-svg-icon\"><!--Icon by Icons8 Line Awesome (https:\/\/icons8.com\/line-awesome)--><svg version=\"1.1\" xmlns=\"http:\/\/www.w3.org\/2000\/svg\" xmlns:xlink=\"http:\/\/www.w3.org\/1999\/xlink\" id=\"plus\" viewBox=\"0 0 512 545.5\"><path d=\"M240 112h32v160h160v32H272v160h-32V304H80v-32h160V112z\"><\/path><\/svg><\/span><\/div>\n                      <div class=\"h-accordion-item-title-active-icon h-accordion-item-title-icon h-accordion-item-title-icon-right\"><span class=\"h-svg-icon\"><!--Icon by Icons8 Line Awesome (https:\/\/icons8.com\/line-awesome)--><svg version=\"1.1\" xmlns=\"http:\/\/www.w3.org\/2000\/svg\" xmlns:xlink=\"http:\/\/www.w3.org\/1999\/xlink\" id=\"minus\" viewBox=\"0 0 512 545.5\"><path d=\"M80 272h352v32H80v-32z\"><\/path><\/svg><\/span><\/div>\n                    <\/a>\n                    <div id=\"5091-c221\" class=\"h-accordion-item-content__container\">\n                      <div class=\"w-100 h-y-container h-accordion-item-content\">\n                        <!---->\n                        <div data-colibri-id=\"5091-c222\" class=\"h-text h-text-component style-1311 style-local-5091-c222 position-relative h-element\">\n                          <!---->\n                          <!---->\n                          <div class=\"\">\n                            <p>Johann Sebastian Bach <\/p>\n                            <p>Georg Philipp Telemann<\/p>\n                            <p>\n                              <br>\n                            <\/p>\n                            <p>Ansambel <em>musica cubicularis<\/em> <\/p>\n                            <p>Domen Marin\u010di\u010d, viola da gamba<\/p>\n                            <p>Pavao Ma\u0161i\u0107, \u010dembalo<\/p>\n                            <p>Toma\u017e Sev\u0161ek, \u010dembalo<\/p>\n                          <\/div>\n                        <\/div>\n                      <\/div>\n                    <\/div>\n                  <\/div>\n                  <div data-colibri-id=\"5091-c223\" class=\"h-accordion-item style-1314 style-local-5091-c223 position-relative h-element\">\n                    <!---->\n                    <a data-open-by-default=\"false\" href=\"#5091-c223\" class=\"h-accordion-item-title d-flex align-items-center h-global-transition\">\n                      <!----><span>10. oktober BENETKE: Tri violine<\/span>\n                      <div class=\"h-accordion-item-title-normal-icon h-accordion-item-title-icon h-accordion-item-title-icon-right\"><span class=\"h-svg-icon\"><!--Icon by Icons8 Line Awesome (https:\/\/icons8.com\/line-awesome)--><svg version=\"1.1\" xmlns=\"http:\/\/www.w3.org\/2000\/svg\" xmlns:xlink=\"http:\/\/www.w3.org\/1999\/xlink\" id=\"plus\" viewBox=\"0 0 512 545.5\"><path d=\"M240 112h32v160h160v32H272v160h-32V304H80v-32h160V112z\"><\/path><\/svg><\/span><\/div>\n                      <div class=\"h-accordion-item-title-active-icon h-accordion-item-title-icon h-accordion-item-title-icon-right\"><span class=\"h-svg-icon\"><!--Icon by Icons8 Line Awesome (https:\/\/icons8.com\/line-awesome)--><svg version=\"1.1\" xmlns=\"http:\/\/www.w3.org\/2000\/svg\" xmlns:xlink=\"http:\/\/www.w3.org\/1999\/xlink\" id=\"minus\" viewBox=\"0 0 512 545.5\"><path d=\"M80 272h352v32H80v-32z\"><\/path><\/svg><\/span><\/div>\n                    <\/a>\n                    <div id=\"5091-c223\" class=\"h-accordion-item-content__container\">\n                      <div class=\"w-100 h-y-container h-accordion-item-content\">\n                        <!---->\n                        <div data-colibri-id=\"5091-c224\" class=\"h-text h-text-component style-1315 style-local-5091-c224 position-relative h-element\">\n                          <!---->\n                          <!---->\n                          <div class=\"\">\n                            <p>Ansambel <em>musica cubicularis<\/em><\/p>\n                            <p>Bo\u017eena Angelova, baro\u010dna violina<\/p>\n                            <p>Mojca Gal, baro\u010dna violina<\/p>\n                            <p>\u017diga Faganel, baro\u010dna violina<\/p>\n                            <p>Domen Marin\u010di\u010d, baro\u010dni violon\u010delo<\/p>\n                            <p>Toma\u017e Sev\u0161ek, orgelski pozitiv<\/p>\n                          <\/div>\n                        <\/div>\n                      <\/div>\n                    <\/div>\n                  <\/div>\n                  <div data-colibri-id=\"5091-c225\" class=\"h-accordion-item style-1316 style-local-5091-c225 position-relative h-element\">\n                    <!---->\n                    <a data-open-by-default=\"false\" href=\"#5091-c225\" class=\"h-accordion-item-title d-flex align-items-center h-global-transition\">\n                      <!----><span>12. december DUNAJ: Cesarski val\u010dek<\/span>\n                      <div class=\"h-accordion-item-title-normal-icon h-accordion-item-title-icon h-accordion-item-title-icon-right\"><span class=\"h-svg-icon\"><!--Icon by Icons8 Line Awesome (https:\/\/icons8.com\/line-awesome)--><svg version=\"1.1\" xmlns=\"http:\/\/www.w3.org\/2000\/svg\" xmlns:xlink=\"http:\/\/www.w3.org\/1999\/xlink\" id=\"plus\" viewBox=\"0 0 512 545.5\"><path d=\"M240 112h32v160h160v32H272v160h-32V304H80v-32h160V112z\"><\/path><\/svg><\/span><\/div>\n                      <div class=\"h-accordion-item-title-active-icon h-accordion-item-title-icon h-accordion-item-title-icon-right\"><span class=\"h-svg-icon\"><!--Icon by Icons8 Line Awesome (https:\/\/icons8.com\/line-awesome)--><svg version=\"1.1\" xmlns=\"http:\/\/www.w3.org\/2000\/svg\" xmlns:xlink=\"http:\/\/www.w3.org\/1999\/xlink\" id=\"minus\" viewBox=\"0 0 512 545.5\"><path d=\"M80 272h352v32H80v-32z\"><\/path><\/svg><\/span><\/div>\n                    <\/a>\n                    <div id=\"5091-c225\" class=\"h-accordion-item-content__container\">\n                      <div class=\"w-100 h-y-container h-accordion-item-content\">\n                        <!---->\n                        <div data-colibri-id=\"5091-c226\" class=\"h-text h-text-component style-1317 style-local-5091-c226 position-relative h-element\">\n                          <!---->\n                          <!---->\n                          <div class=\"\">\n                            <p>Johann Strauss<\/p>\n                            <p>Arnold Schoenberg<\/p>\n                            <p>Anton\u00edn Dvo\u0159\u00e1k<\/p>\n                            <p>Bed\u0159ich Smetana<\/p>\n                            <p>Benjamin Ipavec<\/p>\n                            <p>Slavko Premrl<\/p>\n                            <p>\n                              <br>\n                            <\/p>\n                            <p>Ansambel <em>musica cubicularis<\/em><\/p>\n                            <p>\u017diga Faganel, violina<\/p>\n                            <p>\u017diva Ciglene\u010dki, violina<\/p>\n                            <p>Vlatka Peljhan, viola<\/p>\n                            <p>Jerca Novak, flavta<\/p>\n                            <p>Massimiliano Miani, klarinet<\/p>\n                            <p>Domen Marin\u010di\u010d, violon\u010delo<\/p>\n                            <p>Edoardo Torbianelli, zgodovinski klavir<\/p>\n                            <p>Toma\u017e Sev\u0161ek, harmonij<\/p>\n                          <\/div>\n                        <\/div>\n                      <\/div>\n                    <\/div>\n                  <\/div>\n                <\/div>\n                <div data-colibri-id=\"5091-c227\" class=\"h-divider style-1319 style-local-5091-c227 position-relative h-element\">\n                  <!----><span class=\"h-divider__line style-1319-line style-local-5091-c227-line style-1319-line style-local-5091-c227-line\"><\/span> <span class=\"h-svg-icon h-divider__icon style-1319-icon style-local-5091-c227-icon\"><!--Icon by Font Awesome (https:\/\/fontawesome.com)-->\n    <svg version=\"1.1\" xmlns=\"http:\/\/www.w3.org\/2000\/svg\" xmlns:xlink=\"http:\/\/www.w3.org\/1999\/xlink\" id=\"music\" viewBox=\"0 0 1536 1896.0833\">\n      <path d=\"M1536 224v1120q0 50-34 89t-86 60.5-103.5 32-96.5 10.5-96.5-10.5-103.5-32-86-60.5-34-89 34-89 86-60.5 103.5-32 96.5-10.5q105 0 192 39V654L640 891v709q0 50-34 89t-86 60.5-103.5 32T320 1792t-96.5-10.5-103.5-32-86-60.5-34-89 34-89 86-60.5 103.5-32T320 1408q105 0 192 39V480q0-31 19-56.5t49-35.5l832-256q12-4 28-4 40 0 68 28t28 68z\"><\/path>\n    <\/svg><\/span> <span class=\"h-divider__line style-1319-line style-local-5091-c227-line style-1319-line style-local-5091-c227-line\"><\/span><\/div>\n                <div data-colibri-id=\"5091-c228\" class=\"h-text h-text-component style-1320 style-local-5091-c228 position-relative h-element\">\n                  <!---->\n                  <!---->\n                  <div class=\"\">\n                    <p>2011<\/p>\n                  <\/div>\n                <\/div>\n              <\/div>\n            <\/div>\n          <\/div>\n        <\/div>\n      <\/div>\n      <div data-colibri-id=\"5091-c229\" class=\"h-row-container gutters-row-lg-2 gutters-row-md-2 gutters-row-0 gutters-row-v-lg-2 gutters-row-v-md-2 gutters-row-v-2 style-1328 style-local-5091-c229 position-relative\">\n        <!---->\n        <div class=\"h-row justify-content-lg-center justify-content-md-center justify-content-center align-items-lg-stretch align-items-md-stretch align-items-stretch gutters-col-lg-2 gutters-col-md-2 gutters-col-0 gutters-col-v-lg-2 gutters-col-v-md-2 gutters-col-v-2\">\n          <!---->\n          <div class=\"h-column h-column-container d-flex h-col-lg-auto h-col-md-auto h-col-auto style-1329-outer style-local-5091-c230-outer\">\n            <div data-colibri-id=\"5091-c230\" class=\"d-flex h-flex-basis h-column__inner h-px-lg-2 h-px-md-2 h-px-2 v-inner-lg-2 v-inner-md-2 v-inner-2 style-1329 style-local-5091-c230 position-relative\">\n              <!---->\n              <!---->\n              <div class=\"w-100 h-y-container h-column__content h-column__v-align flex-basis-100 align-self-lg-start align-self-md-start align-self-start\">\n                <!---->\n                <div data-toggle=\"true\" data-is-preview=\"true\" data-colibri-component=\"accordion\" data-colibri-id=\"5091-c231\" class=\"h-accordion style-1321 style-local-5091-c231 position-relative h-element\">\n                  <!---->\n                  <div data-colibri-id=\"5091-c232\" class=\"h-accordion-item h-accordion-item-first-child style-1322 style-local-5091-c232 position-relative h-element\">\n                    <!---->\n                    <a data-open-by-default=\"false\" href=\"#5091-c232\" class=\"h-accordion-item-title d-flex align-items-center h-global-transition\">\n                      <!----><span>18. april FRAN\u00c7OIS COUPERIN: LE\u00c7ONS DE T\u00c9N\u00c8BRES<\/span>\n                      <div class=\"h-accordion-item-title-normal-icon h-accordion-item-title-icon h-accordion-item-title-icon-right\"><span class=\"h-svg-icon\"><!--Icon by Icons8 Line Awesome (https:\/\/icons8.com\/line-awesome)--><svg version=\"1.1\" xmlns=\"http:\/\/www.w3.org\/2000\/svg\" xmlns:xlink=\"http:\/\/www.w3.org\/1999\/xlink\" id=\"plus\" viewBox=\"0 0 512 545.5\"><path d=\"M240 112h32v160h160v32H272v160h-32V304H80v-32h160V112z\"><\/path><\/svg><\/span><\/div>\n                      <div class=\"h-accordion-item-title-active-icon h-accordion-item-title-icon h-accordion-item-title-icon-right\"><span class=\"h-svg-icon\"><!--Icon by Icons8 Line Awesome (https:\/\/icons8.com\/line-awesome)--><svg version=\"1.1\" xmlns=\"http:\/\/www.w3.org\/2000\/svg\" xmlns:xlink=\"http:\/\/www.w3.org\/1999\/xlink\" id=\"minus\" viewBox=\"0 0 512 545.5\"><path d=\"M80 272h352v32H80v-32z\"><\/path><\/svg><\/span><\/div>\n                    <\/a>\n                    <div id=\"5091-c232\" class=\"h-accordion-item-content__container\">\n                      <div class=\"w-100 h-y-container h-accordion-item-content\">\n                        <!---->\n                        <div data-colibri-id=\"5091-c233\" class=\"h-text h-text-component style-1323 style-local-5091-c233 position-relative h-element\">\n                          <!---->\n                          <!---->\n                          <div class=\"\">\n                            <p>Ansambel <em>musica cubicularis<\/em> <\/p>\n                            <p>Marta Moc\u030cnik Pirc, sopran<\/p>\n                            <p>Nele Gram\u00df, sopran\n                              <br>\n                            <\/p>\n                            <p>Domen Marinc\u030cic\u030c, viola da gamba<\/p>\n                            <p>Toma\u017e Sev\u0161ek, orgelski pozitiv <\/p>\n                            <p>\n                              <br>\n                            <\/p>\n                            <p>insula memori\u00e6 <\/p>\n                            <p>Ana Monika Pirc, Andrej Kotnik, Katarina Grabnar, Katarina \u0160ter,<\/p>\n                            <p>Klemen Grabnar, Matej Veider, Monja Matko, Petra \u0160ter, Polonca Kastelic<\/p>\n                          <\/div>\n                        <\/div>\n                      <\/div>\n                    <\/div>\n                  <\/div>\n                  <div data-colibri-id=\"5091-c234\" class=\"h-accordion-item style-1324 style-local-5091-c234 position-relative h-element\">\n                    <!---->\n                    <a data-open-by-default=\"false\" href=\"#5091-c234\" class=\"h-accordion-item-title d-flex align-items-center h-global-transition\">\n                      <!----><span>25. maj ITALIJANSKE TRIOSONATE <\/span>\n                      <div class=\"h-accordion-item-title-normal-icon h-accordion-item-title-icon h-accordion-item-title-icon-right\"><span class=\"h-svg-icon\"><!--Icon by Icons8 Line Awesome (https:\/\/icons8.com\/line-awesome)--><svg version=\"1.1\" xmlns=\"http:\/\/www.w3.org\/2000\/svg\" xmlns:xlink=\"http:\/\/www.w3.org\/1999\/xlink\" id=\"plus\" viewBox=\"0 0 512 545.5\"><path d=\"M240 112h32v160h160v32H272v160h-32V304H80v-32h160V112z\"><\/path><\/svg><\/span><\/div>\n                      <div class=\"h-accordion-item-title-active-icon h-accordion-item-title-icon h-accordion-item-title-icon-right\"><span class=\"h-svg-icon\"><!--Icon by Icons8 Line Awesome (https:\/\/icons8.com\/line-awesome)--><svg version=\"1.1\" xmlns=\"http:\/\/www.w3.org\/2000\/svg\" xmlns:xlink=\"http:\/\/www.w3.org\/1999\/xlink\" id=\"minus\" viewBox=\"0 0 512 545.5\"><path d=\"M80 272h352v32H80v-32z\"><\/path><\/svg><\/span><\/div>\n                    <\/a>\n                    <div id=\"5091-c234\" class=\"h-accordion-item-content__container\">\n                      <div class=\"w-100 h-y-container h-accordion-item-content\">\n                        <!---->\n                        <div data-colibri-id=\"5091-c235\" class=\"h-text h-text-component style-1325 style-local-5091-c235 position-relative h-element\">\n                          <!---->\n                          <!---->\n                          <div class=\"\">\n                            <p>Arcangelo Corelli<\/p>\n                            <p>Giuseppe Tartini<\/p>\n                            <p>Francesco Antonio Bonporti<\/p>\n                            <p>Amandus Ivan\u010di\u010d<\/p>\n                            <p>Antonio Vivaldi<\/p>\n                            <p>\n                              <br>\n                            <\/p>\n                            <p>Ansambel <em>musica cubicularis<\/em> <\/p>\n                            <p>Bo\u017eena Angelova, baroc\u030cna violina<\/p>\n                            <p>\u017diga Faganel, baroc\u030cna violina<\/p>\n                            <p>Domen Marinc\u030cic\u030c, baroc\u030cni violonc\u030celo<\/p>\n                            <p>Toma\u017e Sev\u0161ek, c\u030cembalo <\/p>\n                          <\/div>\n                        <\/div>\n                      <\/div>\n                    <\/div>\n                  <\/div>\n                  <div data-colibri-id=\"5091-c236\" class=\"h-accordion-item style-1326 style-local-5091-c236 position-relative h-element\">\n                    <!---->\n                    <a data-open-by-default=\"false\" href=\"#5091-c236\" class=\"h-accordion-item-title d-flex align-items-center h-global-transition\">\n                      <!----><span>30. september VIRTUOZNE RENESAN\u010cNE DIMINUCIJE <\/span>\n                      <div class=\"h-accordion-item-title-normal-icon h-accordion-item-title-icon h-accordion-item-title-icon-right\"><span class=\"h-svg-icon\"><!--Icon by Icons8 Line Awesome (https:\/\/icons8.com\/line-awesome)--><svg version=\"1.1\" xmlns=\"http:\/\/www.w3.org\/2000\/svg\" xmlns:xlink=\"http:\/\/www.w3.org\/1999\/xlink\" id=\"plus\" viewBox=\"0 0 512 545.5\"><path d=\"M240 112h32v160h160v32H272v160h-32V304H80v-32h160V112z\"><\/path><\/svg><\/span><\/div>\n                      <div class=\"h-accordion-item-title-active-icon h-accordion-item-title-icon h-accordion-item-title-icon-right\"><span class=\"h-svg-icon\"><!--Icon by Icons8 Line Awesome (https:\/\/icons8.com\/line-awesome)--><svg version=\"1.1\" xmlns=\"http:\/\/www.w3.org\/2000\/svg\" xmlns:xlink=\"http:\/\/www.w3.org\/1999\/xlink\" id=\"minus\" viewBox=\"0 0 512 545.5\"><path d=\"M80 272h352v32H80v-32z\"><\/path><\/svg><\/span><\/div>\n                    <\/a>\n                    <div id=\"5091-c236\" class=\"h-accordion-item-content__container\">\n                      <div class=\"w-100 h-y-container h-accordion-item-content\">\n                        <!---->\n                        <div data-colibri-id=\"5091-c237\" class=\"h-text h-text-component style-1327 style-local-5091-c237 position-relative h-element\">\n                          <!---->\n                          <!---->\n                          <div class=\"\">\n                            <p>Francesco Petrarca <\/p>\n                            <p>Girolamo Dalla Casa<\/p>\n                            <p>Riccardo Rognoni<\/p>\n                            <p>Andrea Gabrieli<\/p>\n                            <p>Georg Prenner<\/p>\n                            <p>Iacobus Handl \u2013 Gallus<\/p>\n                            <p>Giovanni Bassano<\/p>\n                            <p>Vincenzo Bonizzi<\/p>\n                            <p>Claudio Merulo<\/p>\n                            <p>\n                              <br>\n                            <\/p>\n                            <p>Ansambel <em>musica cubicularis<\/em> <\/p>\n                            <p>Domen Marin\u010di\u010d, viola da gamba\n                              <br>\n                            <\/p>\n                            <p>Toma\u017e Sev\u0161ek, \u010dembalo, orgelski pozitiv<\/p>\n                            <p>Robert Waltl, igralec <\/p>\n                          <\/div>\n                        <\/div>\n                      <\/div>\n                    <\/div>\n                  <\/div>\n                  <div data-colibri-id=\"5091-c238\" class=\"h-accordion-item style-1330 style-local-5091-c238 position-relative h-element\">\n                    <!---->\n                    <a data-open-by-default=\"false\" href=\"#5091-c238\" class=\"h-accordion-item-title d-flex align-items-center h-global-transition\">\n                      <!----><span>16. november KANTATE IN SONATE NEM\u0160KEGA BAROKA<\/span>\n                      <div class=\"h-accordion-item-title-normal-icon h-accordion-item-title-icon h-accordion-item-title-icon-right\"><span class=\"h-svg-icon\"><!--Icon by Icons8 Line Awesome (https:\/\/icons8.com\/line-awesome)--><svg version=\"1.1\" xmlns=\"http:\/\/www.w3.org\/2000\/svg\" xmlns:xlink=\"http:\/\/www.w3.org\/1999\/xlink\" id=\"plus\" viewBox=\"0 0 512 545.5\"><path d=\"M240 112h32v160h160v32H272v160h-32V304H80v-32h160V112z\"><\/path><\/svg><\/span><\/div>\n                      <div class=\"h-accordion-item-title-active-icon h-accordion-item-title-icon h-accordion-item-title-icon-right\"><span class=\"h-svg-icon\"><!--Icon by Icons8 Line Awesome (https:\/\/icons8.com\/line-awesome)--><svg version=\"1.1\" xmlns=\"http:\/\/www.w3.org\/2000\/svg\" xmlns:xlink=\"http:\/\/www.w3.org\/1999\/xlink\" id=\"minus\" viewBox=\"0 0 512 545.5\"><path d=\"M80 272h352v32H80v-32z\"><\/path><\/svg><\/span><\/div>\n                    <\/a>\n                    <div id=\"5091-c238\" class=\"h-accordion-item-content__container\">\n                      <div class=\"w-100 h-y-container h-accordion-item-content\">\n                        <!---->\n                        <div data-colibri-id=\"5091-c239\" class=\"h-text h-text-component style-1331 style-local-5091-c239 position-relative h-element\">\n                          <!---->\n                          <!---->\n                          <div class=\"\">\n                            <p>Georg Philipp Telemann<\/p>\n                            <p>Georg Friedrich H\u00e4ndel<\/p>\n                            <p>Johann Sebastian Bach <\/p>\n                            <p>\n                              <br>\n                            <\/p>\n                            <p>Ansambel <em>musica cubicularis<\/em> <\/p>\n                            <p>Barbara Ti\u0161ler, sopran\n                              <br>\n                            <\/p>\n                            <p>Mateja Bajt, kljunasta flavta<\/p>\n                            <p>\u017diga Faganel, baro\u010dna violina<\/p>\n                            <p>Domen Marin\u010di\u010d, viola da gamba<\/p>\n                            <p>Toma\u017e Sev\u0161ek, \u010dembalo <\/p>\n                          <\/div>\n                        <\/div>\n                      <\/div>\n                    <\/div>\n                  <\/div>\n                <\/div>\n              <\/div>\n            <\/div>\n          <\/div>\n        <\/div>\n      <\/div>\n      <div data-colibri-id=\"5091-c240\" class=\"h-row-container gutters-row-lg-2 gutters-row-md-2 gutters-row-0 gutters-row-v-lg-2 gutters-row-v-md-2 gutters-row-v-2 style-927 style-local-5091-c240 position-relative\">\n        <!---->\n        <div class=\"h-row justify-content-lg-center justify-content-md-center justify-content-center align-items-lg-stretch align-items-md-stretch align-items-stretch gutters-col-lg-2 gutters-col-md-2 gutters-col-0 gutters-col-v-lg-2 gutters-col-v-md-2 gutters-col-v-2\">\n          <!---->\n          <div class=\"h-column h-column-container d-flex h-col-lg-auto h-col-md-auto h-col-auto style-928-outer style-local-5091-c241-outer\">\n            <div data-colibri-id=\"5091-c241\" class=\"d-flex h-flex-basis h-column__inner h-px-lg-2 h-px-md-2 h-px-2 v-inner-lg-2 v-inner-md-2 v-inner-2 style-928 style-local-5091-c241 position-relative\">\n              <!---->\n              <!---->\n              <div class=\"w-100 h-y-container h-column__content h-column__v-align flex-basis-100 align-self-lg-start align-self-md-start align-self-start\">\n                <!---->\n                <div data-colibri-id=\"5091-c242\" class=\"h-x-container style-929 style-local-5091-c242 position-relative h-element\">\n                  <!---->\n                  <div class=\"h-x-container-inner style-dynamic-5091-c242-group style-929-spacing style-local-5091-c242-spacing\"><span class=\"h-button__outer style-930-outer style-local-5091-c243-outer d-inline-flex h-element\"><a h-use-smooth-scroll=\"true\" href=\"https:\/\/hc.zrc-sazu.si\/\"  data-colibri-id=\"5091-c243\" class=\"d-flex w-100 align-items-center h-button justify-content-lg-center justify-content-md-center justify-content-center style-930 style-local-5091-c243 position-relative\"><!----><!----> <span>DOMOV<\/span><\/a>\n                    <\/span>\n                  <\/div>\n                <\/div>\n              <\/div>\n            <\/div>\n          <\/div>\n        <\/div>\n      <\/div>\n    <\/div>\n  <\/div>\n<\/div>","protected":false},"excerpt":{"rendered":"<p>2024 5. marec JOHANN SEBASTIANI: PASIJON PO MATEJU Daniel Johannsen, tenor (Evangelist) Joel Frederiksen, bas (Jezus) B\u00e9n\u00e9dicte Tauran, sopran Aco Aleksander Bi\u0161\u0107evi\u0107, tenor Martin Logar, tenor \ufeffAnsambel musica cubicularis Veronica B\u00f6hm, Mojca Jerman, baro\u010dni violini Domen Marin\u010di\u010d, Christoph Prendl, D\u00e1vid Budai, Cristiano Contadin, viole da gamba Toma\u017e Sev\u0161ek, orgelski pozitiv, \u010dembalo 2023 27. februar LACHRIMAE [&hellip;]<\/p>\n","protected":false},"author":1,"featured_media":4705,"parent":4447,"menu_order":1,"comment_status":"closed","ping_status":"closed","template":"page-templates\/full-width-page.php","meta":{"footnotes":""},"class_list":["post-5091","page","type-page","status-publish","has-post-thumbnail","hentry"],"_links":{"self":[{"href":"https:\/\/hc.zrc-sazu.si\/index.php?rest_route=\/wp\/v2\/pages\/5091","targetHints":{"allow":["GET"]}}],"collection":[{"href":"https:\/\/hc.zrc-sazu.si\/index.php?rest_route=\/wp\/v2\/pages"}],"about":[{"href":"https:\/\/hc.zrc-sazu.si\/index.php?rest_route=\/wp\/v2\/types\/page"}],"author":[{"embeddable":true,"href":"https:\/\/hc.zrc-sazu.si\/index.php?rest_route=\/wp\/v2\/users\/1"}],"replies":[{"embeddable":true,"href":"https:\/\/hc.zrc-sazu.si\/index.php?rest_route=%2Fwp%2Fv2%2Fcomments&post=5091"}],"version-history":[{"count":20,"href":"https:\/\/hc.zrc-sazu.si\/index.php?rest_route=\/wp\/v2\/pages\/5091\/revisions"}],"predecessor-version":[{"id":8450,"href":"https:\/\/hc.zrc-sazu.si\/index.php?rest_route=\/wp\/v2\/pages\/5091\/revisions\/8450"}],"up":[{"embeddable":true,"href":"https:\/\/hc.zrc-sazu.si\/index.php?rest_route=\/wp\/v2\/pages\/4447"}],"wp:featuredmedia":[{"embeddable":true,"href":"https:\/\/hc.zrc-sazu.si\/index.php?rest_route=\/wp\/v2\/media\/4705"}],"wp:attachment":[{"href":"https:\/\/hc.zrc-sazu.si\/index.php?rest_route=%2Fwp%2Fv2%2Fmedia&parent=5091"}],"curies":[{"name":"wp","href":"https:\/\/api.w.org\/{rel}","templated":true}]}}